{"id":46189,"date":"2026-06-18T11:27:36","date_gmt":"2026-06-18T09:27:36","guid":{"rendered":"https:\/\/stiftung-forum-recht.de\/kalender\/lets-talk-about-recht-die-interaktive-gespraechsreihe-in-leipzig\/"},"modified":"2026-09-01T13:41:51","modified_gmt":"2026-09-01T11:41:51","slug":"lets-talk-about-law-2026-issue-4","status":"publish","type":"tribe_events","link":"https:\/\/stiftung-forum-recht.de\/en\/kalender\/lets-talk-about-recht-2026-4\/","title":{"rendered":"\u201eLet\u2019s Talk About Law\u201c \u2013 The interactive discussion series in Leipzig: Law and Emotions \u2013 From a Sense of Justice to the Protection of Feelings"},"content":{"rendered":"<p>The next installment of the interactive discussion series \u201eLet\u2019s Talk About Law\u201c will take place on Wednesday, September 9, 2026, at 7:00 p.m., at the Leipzig office of the Forum Recht Foundation. This time, the topic will be the connection between law and emotions. The guests will be <strong>Dr. Sandra Schn\u00e4delbach<\/strong>, a historian specializing in legal and cultural history, and<strong> Prof. Dr. Johannes Eichenhofer,<\/strong> Professor of Public Law at the University of Leipzig.<\/p>\n<p>In this moderated discussion, the guests will explore the role emotions play in the law. We ask ourselves: What significance do emotions have in the creation and application of the law? What do we mean by \u201esense of justice\u201c? In what ways does our legal system already address emotions, acknowledge them, and protect them\u2014or even protect against them? These and other fascinating questions will be explored in a group discussion. The audience is cordially invited to join the discussion and contribute their own questions and perspectives.<\/p>\n<h2>Guests<\/h2>\n<p><strong>Dr. Sandra Schn\u00e4delbach<\/strong> studied history, theater, film, and television studies, and German language and literature in Cologne and Rome. In her dissertation \u201eDecisive Emotions: The Sense of Justice and Legal Emotionality from the German Empire to the Weimar Republic,\u201c she examined the legal culture of the early 20th century and analyzed the significance of emotions in theories and practices of judgment. After working at the Max Planck Institute for Human Development in Berlin and at the University of Strasbourg, she was a Gisela Eisenreich Fellow at Heinrich Heine University D\u00fcsseldorf. From 2012 to 2026, she worked as an editor and served as the managing editor of *Philosophie Magazin*; she currently works at the German Institute for International and Security Affairs (SWP).<\/p>\n<div id=\"attachment_46790\" style=\"width: 258px\" class=\"wp-caption alignnone\"><img fetchpriority=\"high\" decoding=\"async\" aria-describedby=\"caption-attachment-46790\" class=\"size-medium wp-image-46790\" src=\"https:\/\/stiftung-forum-recht.de\/wp-content\/uploads\/2026\/07\/Sandra_Schnaedelbach_-248x300.jpg\" alt=\"Portrait of Dr. Sandra Schn\u00e4delbach\" width=\"248\" height=\"300\" srcset=\"https:\/\/stiftung-forum-recht.de\/wp-content\/uploads\/2026\/07\/Sandra_Schnaedelbach_-248x300.jpg 248w, https:\/\/stiftung-forum-recht.de\/wp-content\/uploads\/2026\/07\/Sandra_Schnaedelbach_-10x12.jpg 10w, https:\/\/stiftung-forum-recht.de\/wp-content\/uploads\/2026\/07\/Sandra_Schnaedelbach_.jpg 397w\" sizes=\"(max-width: 248px) 100vw, 248px\" \/><p id=\"caption-attachment-46790\" class=\"wp-caption-text\">Photo: Private<\/p><\/div>\n<p><strong>Prof. Dr. Johannes Eichenhofer<\/strong> is a professor of public law at the University of Leipzig. His research focuses on public law issues related to digitalization, migration and integration law, and security law. He also studies the relationship between law and emotions.<\/p>\n<div id=\"attachment_46789\" style=\"width: 249px\" class=\"wp-caption alignnone\"><img decoding=\"async\" aria-describedby=\"caption-attachment-46789\" class=\"wp-image-46789 size-medium\" src=\"https:\/\/stiftung-forum-recht.de\/wp-content\/uploads\/2026\/07\/Profilbild-Johannes-Eichenhofer_Nils-Bornemann-239x300.jpg\" alt=\"Portrait of Johannes Eichenhofer\" width=\"239\" height=\"300\" srcset=\"https:\/\/stiftung-forum-recht.de\/wp-content\/uploads\/2026\/07\/Profilbild-Johannes-Eichenhofer_Nils-Bornemann-239x300.jpg 239w, https:\/\/stiftung-forum-recht.de\/wp-content\/uploads\/2026\/07\/Profilbild-Johannes-Eichenhofer_Nils-Bornemann-814x1024.jpg 814w, https:\/\/stiftung-forum-recht.de\/wp-content\/uploads\/2026\/07\/Profilbild-Johannes-Eichenhofer_Nils-Bornemann-768x966.jpg 768w, https:\/\/stiftung-forum-recht.de\/wp-content\/uploads\/2026\/07\/Profilbild-Johannes-Eichenhofer_Nils-Bornemann-1221x1536.jpg 1221w, https:\/\/stiftung-forum-recht.de\/wp-content\/uploads\/2026\/07\/Profilbild-Johannes-Eichenhofer_Nils-Bornemann-1628x2048.jpg 1628w, https:\/\/stiftung-forum-recht.de\/wp-content\/uploads\/2026\/07\/Profilbild-Johannes-Eichenhofer_Nils-Bornemann-10x12.jpg 10w, https:\/\/stiftung-forum-recht.de\/wp-content\/uploads\/2026\/07\/Profilbild-Johannes-Eichenhofer_Nils-Bornemann-scaled.jpg 2035w\" sizes=\"(max-width: 239px) 100vw, 239px\" \/><p id=\"caption-attachment-46789\" class=\"wp-caption-text\">Photo: Nils Bornemann<\/p><\/div>\n<h3>Moderated by<\/h3>\n<p>This year, the journalist and host will be hosting the Leipzig editions of \u201eLet\u2019s Talk About Law\u201c<strong> Susann B\u00f6ttcher.<\/strong> She is a host on news radio, for podcasts, and on stage. A law graduate, she covers a wide range of topics\u2014from politics and health to business and sports. She can be heard regularly on the Bundesliga program and on the ARD discussion show \u201eMitreden! Deutschland diskutiert.\u201c Most recently, she hosted the ARD Olympic Evening.<\/p>\n<div id=\"attachment_42772\" style=\"width: 235px\" class=\"wp-caption alignnone\"><img decoding=\"async\" aria-describedby=\"caption-attachment-42772\" class=\"size-medium wp-image-42772\" src=\"https:\/\/stiftung-forum-recht.de\/wp-content\/uploads\/2026\/03\/Buehne-Susann-Boettcher_Cut-Portraet-225x300.jpg\" alt=\"Portrait of Susann B\u00f6ttcher\" width=\"225\" height=\"300\" \/><p id=\"caption-attachment-42772\" class=\"wp-caption-text\">Photo: Falko Simon<\/p><\/div>\n<h2>About the Event Series<\/h2>\n<p>Since 2025, the Forum Recht Foundation has been regularly hosting the \u201eLet\u2019s Talk About Recht\u201c discussion series at its venues in Karlsruhe and Leipzig. The guests are prominent figures from various fields of law who discuss their day-to-day work and share their perspectives on current legal topics\u2014ranging from labor law and tenancy law to freedom of speech. The discussions are recorded and subsequently released as a live-on-tape podcast.<\/p>\n<p><a href=\"https:\/\/stiftung-forum-recht.de\/veranstaltungen\/gespraechsreihe-lets-talk-about-recht\/\" target=\"_blank\" rel=\"noopener\">Learn more about the event series here.<\/a><\/p>\n<p>You can listen to the conversation on the Live-On-Tape podcast here, two weeks after the event.<a href=\"https:\/\/stiftung-forum-recht.de\/themen\/podcasts\/live-on-tape-podcast\/\" target=\"_blank\" rel=\"noopener\"> All previous conversations are already online!\u00a0<\/a><\/p>\n<p>Listen to the interview about the series on Schwarzwaldradio from May 5, 2026, featuring Sina Ness, a research associate at the Forum Recht Foundation!<\/p>\n<audio class=\"wp-audio-shortcode\" id=\"audio-46189-1\" preload=\"none\" style=\"width: 100%;\" controls=\"controls\"><source type=\"audio\/wav\" src=\"https:\/\/stiftung-forum-recht.de\/wp-content\/uploads\/2026\/05\/2026_04_30_Schwarzwaldradio_Interview-zu-LTAR-mit-Sina-Ness.wav?_=1\" \/><a href=\"https:\/\/stiftung-forum-recht.de\/wp-content\/uploads\/2026\/05\/2026_04_30_Schwarzwaldradio_Interview-zu-LTAR-mit-Sina-Ness.wav\">https:\/\/stiftung-forum-recht.de\/wp-content\/uploads\/2026\/05\/2026_04_30_Schwarzwaldradio_Interview-zu-LTAR-mit-Sina-Ness.wav<\/a><\/audio>\n<h2>Service<\/h2>\n<p>Admission is free of charge. Registration is not required.<\/p>\n<p>Please note our\u00a0<a href=\"https:\/\/stiftung-forum-recht.de\/barrierefreiheit\/\">Accessibility information for the event venues.\u00a0<\/a><\/p>\n<p>Doors open 20 minutes before the show starts.<\/p>","protected":false},"excerpt":{"rendered":"<p>The next installment of the interactive discussion series \u201eLet\u2019s Talk About Law\u201c will take place on Wednesday, September 9, 2026, at 7:00 p.m., at the Leipzig office of the Forum Recht Foundation. This time, the topic will be\u2026&nbsp;<a href=\"https:\/\/stiftung-forum-recht.de\/en\/kalender\/lets-talk-about-recht-2026-4\/\" class=\"\" rel=\"bookmark\">Read More \u00bb<span class=\"screen-reader-text\">\u201eLet\u2019s Talk About Law\u201c \u2013 The interactive discussion series in Leipzig: Law and Emotions \u2013 From a Sense of Justice to the Protection of Feelings<\/span><\/a><\/p>","protected":false},"author":27,"featured_media":47548,"template":"","meta":{"_acf_changed":false,"neve_meta_sidebar":"","neve_meta_container":"","neve_meta_enable_content_width":"","neve_meta_content_width":0,"neve_meta_title_alignment":"","neve_meta_author_avatar":"","neve_post_elements_order":"","neve_meta_disable_header":"","neve_meta_disable_footer":"","neve_meta_disable_title":"","_themeisle_gutenberg_block_has_review":false,"_tribe_events_status":"","_tribe_events_status_reason":"","_tribe_events_is_hybrid":"","_tribe_events_is_virtual":"","_tribe_events_virtual_video_source":"","_tribe_events_virtual_embed_video":"","_tribe_events_virtual_linked_button_text":"","_tribe_events_virtual_linked_button":"","_tribe_events_virtual_show_embed_at":"","_tribe_events_virtual_show_embed_to":[],"_tribe_events_virtual_show_on_event":"","_tribe_events_virtual_show_on_views":"","_tribe_events_virtual_url":"","footnotes":""},"tags":[],"tribe_events_cat":[130],"class_list":["post-46189","tribe_events","type-tribe_events","status-publish","has-post-thumbnail","hentry","tribe_events_cat-gespraechsreihe-lets-talk-about-recht","cat_gespraechsreihe-lets-talk-about-recht"],"acf":[],"yoast_head":"<!-- This site is optimized with the Yoast SEO plugin v28.3 - https:\/\/yoast.com\/product\/yoast-seo-wordpress\/ -->\n<title>\u201eLet\u2019s Talk About Recht\u201c \u2013 Die interaktive Gespr\u00e4chsreihe in Leipzig: Recht und Emotionen \u2013 vom Rechtsgef\u00fchl bis zum Schutz von Gef\u00fchlen | Stiftung Forum Recht<\/title>\n<meta name=\"description\" content=\"Die Stiftung Forum Recht l\u00e4dt regelm\u00e4\u00dfig zur Gespr\u00e4chsreihe \u201eLet\u2019s Talk About Recht\u201c in die Stiftungstr\u00e4ume nach Karlsruhe und Leipzig ein.\" \/>\n<meta name=\"robots\" content=\"index, follow, max-snippet:-1, max-image-preview:large, max-video-preview:-1\" \/>\n<link rel=\"canonical\" href=\"https:\/\/stiftung-forum-recht.de\/en\/calendar-2\/lets-talk-about-law-2026-issue-4\/\" \/>\n<meta property=\"og:locale\" content=\"en_US\" \/>\n<meta property=\"og:type\" content=\"article\" \/>\n<meta property=\"og:title\" content=\"\u201eLet\u2019s Talk About Recht\u201c \u2013 Die interaktive Gespr\u00e4chsreihe in Leipzig: Recht und Emotionen \u2013 vom Rechtsgef\u00fchl bis zum Schutz von Gef\u00fchlen | Stiftung Forum Recht\" \/>\n<meta property=\"og:description\" content=\"Die Stiftung Forum Recht l\u00e4dt regelm\u00e4\u00dfig zur Gespr\u00e4chsreihe \u201eLet\u2019s Talk About Recht\u201c in die Stiftungstr\u00e4ume nach Karlsruhe und Leipzig ein.\" \/>\n<meta property=\"og:url\" content=\"https:\/\/stiftung-forum-recht.de\/en\/calendar-2\/lets-talk-about-law-2026-issue-4\/\" \/>\n<meta property=\"og:site_name\" content=\"Stiftung Forum Recht\" \/>\n<meta property=\"article:modified_time\" content=\"2026-09-01T11:41:51+00:00\" \/>\n<meta property=\"og:image\" content=\"https:\/\/stiftung-forum-recht.de\/wp-content\/uploads\/2026\/06\/LTAR_Emotionen_Facebook-LinkedIn.png\" \/>\n\t<meta property=\"og:image:width\" content=\"1200\" \/>\n\t<meta property=\"og:image:height\" content=\"630\" \/>\n\t<meta property=\"og:image:type\" content=\"image\/png\" \/>\n<meta name=\"twitter:card\" content=\"summary_large_image\" \/>\n<meta name=\"twitter:label1\" content=\"Est. reading time\" \/>\n\t<meta name=\"twitter:data1\" content=\"3 minutes\" \/>\n<!-- \/ Yoast SEO plugin. -->","yoast_head_json":{"title":"\u201eLet\u2019s Talk About Law\u201c \u2013 The interactive discussion series in Leipzig: Law and Emotions \u2013 From a Sense of Justice to the Protection of Feelings | Forum Recht Foundation","description":"The Forum Recht Foundation regularly hosts the \u201eLet\u2019s Talk About Recht\u201c discussion series at its venues in Karlsruhe and Leipzig.","robots":{"index":"index","follow":"follow","max-snippet":"max-snippet:-1","max-image-preview":"max-image-preview:large","max-video-preview":"max-video-preview:-1"},"canonical":"https:\/\/stiftung-forum-recht.de\/en\/calendar-2\/lets-talk-about-law-2026-issue-4\/","og_locale":"en_US","og_type":"article","og_title":"\u201eLet\u2019s Talk About Recht\u201c \u2013 Die interaktive Gespr\u00e4chsreihe in Leipzig: Recht und Emotionen \u2013 vom Rechtsgef\u00fchl bis zum Schutz von Gef\u00fchlen | Stiftung Forum Recht","og_description":"Die Stiftung Forum Recht l\u00e4dt regelm\u00e4\u00dfig zur Gespr\u00e4chsreihe \u201eLet\u2019s Talk About Recht\u201c in die Stiftungstr\u00e4ume nach Karlsruhe und Leipzig ein.","og_url":"https:\/\/stiftung-forum-recht.de\/en\/calendar-2\/lets-talk-about-law-2026-issue-4\/","og_site_name":"Stiftung Forum Recht","article_modified_time":"2026-09-01T11:41:51+00:00","og_image":[{"width":1200,"height":630,"url":"https:\/\/stiftung-forum-recht.de\/wp-content\/uploads\/2026\/06\/LTAR_Emotionen_Facebook-LinkedIn.png","type":"image\/png"}],"twitter_card":"summary_large_image","twitter_misc":{"Est. reading time":"3 minutes"},"schema":{"@context":"https:\/\/schema.org","@graph":[{"@type":"WebPage","@id":"https:\/\/stiftung-forum-recht.de\/kalender\/lets-talk-about-recht-2026-4\/","url":"https:\/\/stiftung-forum-recht.de\/kalender\/lets-talk-about-recht-2026-4\/","name":"\u201eLet\u2019s Talk About Law\u201c \u2013 The interactive discussion series in Leipzig: Law and Emotions \u2013 From a Sense of Justice to the Protection of Feelings | Forum Recht Foundation","isPartOf":{"@id":"https:\/\/stiftung-forum-recht.de\/#website"},"primaryImageOfPage":{"@id":"https:\/\/stiftung-forum-recht.de\/kalender\/lets-talk-about-recht-2026-4\/#primaryimage"},"image":{"@id":"https:\/\/stiftung-forum-recht.de\/kalender\/lets-talk-about-recht-2026-4\/#primaryimage"},"thumbnailUrl":"https:\/\/stiftung-forum-recht.de\/wp-content\/uploads\/2026\/06\/LTAR_Emotionen_Facebook-LinkedIn.png","datePublished":"2026-06-18T09:27:36+00:00","dateModified":"2026-09-01T11:41:51+00:00","description":"The Forum Recht Foundation regularly hosts the \u201eLet\u2019s Talk About Recht\u201c discussion series at its venues in Karlsruhe and Leipzig.","breadcrumb":{"@id":"https:\/\/stiftung-forum-recht.de\/kalender\/lets-talk-about-recht-2026-4\/#breadcrumb"},"inLanguage":"en-US","potentialAction":[{"@type":"ReadAction","target":["https:\/\/stiftung-forum-recht.de\/kalender\/lets-talk-about-recht-2026-4\/"]}]},{"@type":"ImageObject","inLanguage":"en-US","@id":"https:\/\/stiftung-forum-recht.de\/kalender\/lets-talk-about-recht-2026-4\/#primaryimage","url":"https:\/\/stiftung-forum-recht.de\/wp-content\/uploads\/2026\/06\/LTAR_Emotionen_Facebook-LinkedIn.png","contentUrl":"https:\/\/stiftung-forum-recht.de\/wp-content\/uploads\/2026\/06\/LTAR_Emotionen_Facebook-LinkedIn.png","width":1200,"height":630,"caption":"Foto: Nils Bornemann (Eichenhofer)"},{"@type":"BreadcrumbList","@id":"https:\/\/stiftung-forum-recht.de\/kalender\/lets-talk-about-recht-2026-4\/#breadcrumb","itemListElement":[{"@type":"ListItem","position":1,"name":"Startseite","item":"https:\/\/stiftung-forum-recht.de\/"},{"@type":"ListItem","position":2,"name":"Veranstaltungen","item":"https:\/\/stiftung-forum-recht.de\/events\/"},{"@type":"ListItem","position":3,"name":"\u201eLet\u2019s Talk About Recht\u201c \u2013 Die interaktive Gespr\u00e4chsreihe in Leipzig: Recht und Emotionen \u2013 vom Rechtsgef\u00fchl bis zum Schutz von Gef\u00fchlen"}]},{"@type":"WebSite","@id":"https:\/\/stiftung-forum-recht.de\/#website","url":"https:\/\/stiftung-forum-recht.de\/","name":"Stiftung Forum Recht","description":"THE LAW FORUM","publisher":{"@id":"https:\/\/stiftung-forum-recht.de\/#organization"},"potentialAction":[{"@type":"SearchAction","target":{"@type":"EntryPoint","urlTemplate":"https:\/\/stiftung-forum-recht.de\/?s={search_term_string}"},"query-input":{"@type":"PropertyValueSpecification","valueRequired":true,"valueName":"search_term_string"}}],"inLanguage":"en-US"},{"@type":"Organization","@id":"https:\/\/stiftung-forum-recht.de\/#organization","name":"Stiftung Forum Recht","url":"https:\/\/stiftung-forum-recht.de\/","logo":{"@type":"ImageObject","inLanguage":"en-US","@id":"https:\/\/stiftung-forum-recht.de\/#\/schema\/logo\/image\/","url":"https:\/\/stiftung-forum-recht.de\/wp-content\/uploads\/2020\/10\/sfr-logo-2023.png","contentUrl":"https:\/\/stiftung-forum-recht.de\/wp-content\/uploads\/2020\/10\/sfr-logo-2023.png","width":200,"height":200,"caption":"Stiftung Forum Recht"},"image":{"@id":"https:\/\/stiftung-forum-recht.de\/#\/schema\/logo\/image\/"}}]}},"meta_box":[],"_links":{"self":[{"href":"https:\/\/stiftung-forum-recht.de\/en\/wp-json\/wp\/v2\/tribe_events\/46189","targetHints":{"allow":["GET"]}}],"collection":[{"href":"https:\/\/stiftung-forum-recht.de\/en\/wp-json\/wp\/v2\/tribe_events"}],"about":[{"href":"https:\/\/stiftung-forum-recht.de\/en\/wp-json\/wp\/v2\/types\/tribe_events"}],"author":[{"embeddable":true,"href":"https:\/\/stiftung-forum-recht.de\/en\/wp-json\/wp\/v2\/users\/27"}],"version-history":[{"count":10,"href":"https:\/\/stiftung-forum-recht.de\/en\/wp-json\/wp\/v2\/tribe_events\/46189\/revisions"}],"predecessor-version":[{"id":47757,"href":"https:\/\/stiftung-forum-recht.de\/en\/wp-json\/wp\/v2\/tribe_events\/46189\/revisions\/47757"}],"wp:featuredmedia":[{"embeddable":true,"href":"https:\/\/stiftung-forum-recht.de\/en\/wp-json\/wp\/v2\/media\/47548"}],"wp:attachment":[{"href":"https:\/\/stiftung-forum-recht.de\/en\/wp-json\/wp\/v2\/media?parent=46189"}],"wp:term":[{"taxonomy":"post_tag","embeddable":true,"href":"https:\/\/stiftung-forum-recht.de\/en\/wp-json\/wp\/v2\/tags?post=46189"},{"taxonomy":"tribe_events_cat","embeddable":true,"href":"https:\/\/stiftung-forum-recht.de\/en\/wp-json\/wp\/v2\/tribe_events_cat?post=46189"}],"curies":[{"name":"wp","href":"https:\/\/api.w.org\/{rel}","templated":true}]}}