{"id":41373,"date":"2026-02-05T13:09:15","date_gmt":"2026-02-05T12:09:15","guid":{"rendered":"https:\/\/stiftung-forum-recht.de\/?post_type=tribe_events&#038;p=41373"},"modified":"2026-04-08T15:49:57","modified_gmt":"2026-04-08T13:49:57","slug":"theme-day-2026-federal-constitutional-court","status":"publish","type":"tribe_events","link":"https:\/\/stiftung-forum-recht.de\/en\/kalender\/thementag2026-bundesverfassungsgericht\/","title":{"rendered":"Theme Day on the Federal Constitutional Court | Training for Influencers"},"content":{"rendered":"<div class=\"flex flex-col text-sm pb-25\">\n<article class=\"text-token-text-primary w-full focus:outline-none [--shadow-height:45px] has-data-writing-block:pointer-events-none has-data-writing-block:-mt-(--shadow-height) has-data-writing-block:pt-(--shadow-height) [&amp;:has([data-writing-block])&gt;*]:pointer-events-auto scroll-mt-[calc(var(--header-height)+min(200px,max(70px,20svh)))]\" dir=\"auto\" tabindex=\"-1\" data-turn-id=\"082ba8f5-b831-415b-a1d9-49390aafd611\" data-testid=\"conversation-turn-76\" data-scroll-anchor=\"true\" data-turn=\"assistant\">\n<div class=\"text-base my-auto mx-auto pb-10 [--thread-content-margin:--spacing(4)] @w-sm\/main:[--thread-content-margin:--spacing(6)] @w-lg\/main:[--thread-content-margin:--spacing(16)] px-(--thread-content-margin)\">\n<div class=\"[--thread-content-max-width:40rem] @w-lg\/main:[--thread-content-max-width:48rem] mx-auto max-w-(--thread-content-max-width) flex-1 group\/turn-messages focus-visible:outline-hidden relative flex w-full min-w-0 flex-col agent-turn\" tabindex=\"-1\">\n<div class=\"flex max-w-full flex-col grow\">\n<div class=\"min-h-8 text-message relative flex w-full flex-col items-end gap-2 text-start break-words whitespace-normal [.text-message+&amp;]:mt-1\" dir=\"auto\" data-message-author-role=\"assistant\" data-message-id=\"25fee189-4dc2-44b9-a2e5-7fcfc20db55b\" data-message-model-slug=\"gpt-5-2\">\n<div class=\"flex w-full flex-col gap-1 empty:hidden first:pt-[1px]\">\n<div class=\"markdown prose dark:prose-invert w-full break-words light markdown-new-styling\">\n<p data-start=\"362\" data-end=\"781\">Was sind die Aufgaben des Bundesverfassungsgerichts? Wie arbeitet das h\u00f6chste Gericht f\u00fcr Verfassungsfragen in Deutschland \u2013 und welche Rolle spielt es f\u00fcr Demokratie und Rechtsstaatlichkeit?<br \/>\nDer<strong> Thementag der Stiftung Forum Recht am Freitag, 17. April 2026<\/strong>, bietet fundierte Einblicke in die Arbeit des Bundesverfassungsgerichts und richtet sich an alle, die Recht verst\u00e4ndlich vermitteln oder vertiefen m\u00f6chten.<\/p>\n<h2 data-start=\"783\" data-end=\"839\">Einblicke in das h\u00f6chste deutsche Verfassungsgericht<\/h2>\n<p data-start=\"841\" data-end=\"1212\">Anl\u00e4sslich des <strong data-start=\"856\" data-end=\"905\">75. Geburtstags des Bundesverfassungsgerichts<\/strong> widmet sich der erste Thementag der Stiftung Forum Recht in diesem Jahr dem obersten Gericht f\u00fcr Verfassungsfragen in der Bundesrepublik Deutschland. Die eint\u00e4gige Fortbildung kombiniert einen <strong data-start=\"1099\" data-end=\"1139\">Besuch des Bundesverfassungsgerichts<\/strong> mit einem <strong data-start=\"1150\" data-end=\"1168\">Praxisgespr\u00e4ch<\/strong> sowie <strong data-start=\"1175\" data-end=\"1211\">Fachvortr\u00e4gen und einem Workshop<\/strong>.<\/p>\n<p data-start=\"1214\" data-end=\"1643\">Nach dem gemeinsamen Besuch des Gerichtsgeb\u00e4udes und einem Gespr\u00e4ch mit einer <strong data-start=\"1292\" data-end=\"1358\">in der Rechtspraxis am Bundesverfassungsgericht t\u00e4tigen Person<\/strong> werden am Nachmittag in den R\u00e4umen der Stiftung Forum Recht zentrale Fragen vertieft: Welche Aufgaben hat das Bundesverfassungsgericht? Vor welchen Herausforderungen steht es heute? Und welche Bedeutung hat seine Rechtsprechung f\u00fcr Politik, Gesellschaft und den Alltag der Menschen?<\/p>\n<p data-start=\"1686\" data-end=\"1990\">Die <strong data-start=\"1690\" data-end=\"1729\">Thementage der Stiftung Forum Recht<\/strong> sind eint\u00e4gige Fortbildungen zur rechtlichen Bildung. Sie verbinden Orte des Rechtsstaats mit Fachimpulsen, Praxisgespr\u00e4chen und dialogorientierten Workshopformaten. Ziel ist es, Recht und Rechtsstaatlichkeit verst\u00e4ndlich, erfahrbar und diskutierbar zu machen.<\/p>\n<\/div>\n<\/div>\n<\/div>\n<\/div>\n<\/div>\n<\/div>\n<\/article>\n<\/div>\n<div class=\"elementor-element elementor-element-45b1d64 e-con-full e-flex e-con e-child\" data-particle_enable=\"false\" data-particle-mobile-disabled=\"false\" data-id=\"45b1d64\" data-element_type=\"container\" data-e-type=\"container\">\n<h3>Infos im \u00dcberblick<\/h3>\n<p>Datum: Freitag, 17. April 2026<br \/>\nUhrzeit: 09:00 \u2013 ca. 16:00 Uhr (\u00c4nderungen vorbehalten)<\/p>\n<p>Treffpunkt:<br \/>\nDirekt vor dem Bundesverfassungsgericht<br \/>\nSchlo\u00dfbezirk 3, 76131 Karlsruhe<\/p>\n<p>Weiterer Veranstaltungsort:<br \/>\nStiftung Forum Recht<br \/>\nKarlstra\u00dfe 45A, 76133 Karlsruhe<\/p>\n<p>Anreise:<br \/>\nDie An- und Abreise erfolgt individuell. Ein Reisekostenzuschuss kann nicht gew\u00e4hrt werden.<\/p>\n<p>Zielgruppe:<br \/>\nDie Fortbildung richtet sich an:<br \/>\nMultiplikator:innen aus dem Bildungsbereich (Schule, politische Bildungsarbeit, Volkshochschulen, weitere Bildungseinrichtungen), Personen aus dem sozialen Bereich (z. B. ehrenamtliche Jugendleiter:innen, Sozialarbeiter:innen),<br \/>\nJournalist:innen sowie fachlich interessierte Personen (z. B. Sch\u00f6ff:innen)<\/p>\n<h3>Anmeldung und Teilnahme<\/h3>\n<p>Anmeldung:<br \/>\nEin Anmeldung war bis <strong>einschlie\u00dflich 17. M\u00e4rz 2026<\/strong> \u00fcber das Anmeldeformular auf der Webseite der Stiftung Forum Recht m\u00f6glich. Die Fortbildung ist ausgebucht.<\/p>\n<p>Teilnehmendenzahl:<br \/>\nBegrenzt auf 25 Personen<\/p>\n<p>Kosten:<br \/>\nDie Teilnahme ist <strong>kostenfrei<\/strong>. Das Mittagessen ist selbst zu zahlen.<\/p>\n<p>Weitere Informationen zum Tagesprogramm: <a href=\"https:\/\/stiftung-forum-recht.de\/news\/thementag-bundesverfassungsgericht\/\" target=\"_blank\" rel=\"noopener\">Webseite der Vermittlung der Stiftung Forum Recht<\/a><\/p>\n<\/div>\n","protected":false},"excerpt":{"rendered":"<p>What are the responsibilities of the Federal Constitutional Court? How does Germany\u2019s highest court for constitutional matters operate\u2014and what role does it play in democracy and the rule of law? The Foundation Forum\u2019s theme day\u2026&nbsp;<a href=\"https:\/\/stiftung-forum-recht.de\/en\/kalender\/thementag2026-bundesverfassungsgericht\/\" class=\"\" rel=\"bookmark\">Read More \u00bb<span class=\"screen-reader-text\">Theme Day on the Federal Constitutional Court | Training for Influencers<\/span><\/a><\/p>","protected":false},"author":27,"featured_media":33250,"template":"","meta":{"_acf_changed":false,"neve_meta_sidebar":"","neve_meta_container":"","neve_meta_enable_content_width":"","neve_meta_content_width":0,"neve_meta_title_alignment":"","neve_meta_author_avatar":"","neve_post_elements_order":"","neve_meta_disable_header":"","neve_meta_disable_footer":"","neve_meta_disable_title":"","_themeisle_gutenberg_block_has_review":false,"_tribe_events_status":"","_tribe_events_status_reason":"","_tribe_events_is_hybrid":"","_tribe_events_is_virtual":"","_tribe_events_virtual_video_source":"","_tribe_events_virtual_embed_video":"","_tribe_events_virtual_linked_button_text":"","_tribe_events_virtual_linked_button":"","_tribe_events_virtual_show_embed_at":"","_tribe_events_virtual_show_embed_to":[],"_tribe_events_virtual_show_on_event":"","_tribe_events_virtual_show_on_views":"","_tribe_events_virtual_url":"","footnotes":""},"tags":[155,125,168,154,149,185],"tribe_events_cat":[],"class_list":["post-41373","tribe_events","type-tribe_events","status-publish","has-post-thumbnail","hentry","tag-bundesverfassungsgericht","tag-fortbildung","tag-fortbildung-recht","tag-thementag","tag-vermittlung","tag-vermittlung-und-bildung"],"acf":[],"yoast_head":"<!-- This site is optimized with the Yoast SEO plugin v28.3 - https:\/\/yoast.com\/product\/yoast-seo-wordpress\/ -->\n<title>Thementag zum Bundesverfassungsgericht | Fortbildung f\u00fcr Multiplikator:innen | Stiftung Forum Recht<\/title>\n<meta name=\"description\" content=\"Thementag am Freitag, 17. April 2026, in Karlsruhe: Einblicke in Aufgaben, Arbeit und Herausforderungen des Bundesverfassungsgerichts. Eine Fortbildung der Stiftung Forum Recht. Jetzt informieren!\" \/>\n<meta name=\"robots\" content=\"index, follow, max-snippet:-1, max-image-preview:large, max-video-preview:-1\" \/>\n<link rel=\"canonical\" href=\"https:\/\/stiftung-forum-recht.de\/en\/calendar-2\/theme-day-2026-federal-constitutional-court\/\" \/>\n<meta property=\"og:locale\" content=\"en_US\" \/>\n<meta property=\"og:type\" content=\"article\" \/>\n<meta property=\"og:title\" content=\"Thementag zum Bundesverfassungsgericht | Fortbildung f\u00fcr Multiplikator:innen | Stiftung Forum Recht\" \/>\n<meta property=\"og:description\" content=\"Thementag am Freitag, 17. April 2026, in Karlsruhe: Einblicke in Aufgaben, Arbeit und Herausforderungen des Bundesverfassungsgerichts. Eine Fortbildung der Stiftung Forum Recht. Jetzt informieren!\" \/>\n<meta property=\"og:url\" content=\"https:\/\/stiftung-forum-recht.de\/en\/calendar-2\/theme-day-2026-federal-constitutional-court\/\" \/>\n<meta property=\"og:site_name\" content=\"Stiftung Forum Recht\" \/>\n<meta property=\"article:modified_time\" content=\"2026-04-08T13:49:57+00:00\" \/>\n<meta property=\"og:image\" content=\"https:\/\/stiftung-forum-recht.de\/wp-content\/uploads\/2025\/03\/bild_57036.jpg\" \/>\n\t<meta property=\"og:image:width\" content=\"982\" \/>\n\t<meta property=\"og:image:height\" content=\"655\" \/>\n\t<meta property=\"og:image:type\" content=\"image\/jpeg\" \/>\n<meta name=\"twitter:card\" content=\"summary_large_image\" \/>\n<meta name=\"twitter:label1\" content=\"Est. reading time\" \/>\n\t<meta name=\"twitter:data1\" content=\"2 minutes\" \/>\n<!-- \/ Yoast SEO plugin. -->","yoast_head_json":{"title":"Theme Day on the Federal Constitutional Court | Training for Influencers | Forum Recht Foundation","description":"Theme Day on Friday, April 17, 2026, in Karlsruhe: Insights into the responsibilities, work, and challenges of the Federal Constitutional Court. A training event organized by the Forum Recht Foundation. Find out more now!","robots":{"index":"index","follow":"follow","max-snippet":"max-snippet:-1","max-image-preview":"max-image-preview:large","max-video-preview":"max-video-preview:-1"},"canonical":"https:\/\/stiftung-forum-recht.de\/en\/calendar-2\/theme-day-2026-federal-constitutional-court\/","og_locale":"en_US","og_type":"article","og_title":"Thementag zum Bundesverfassungsgericht | Fortbildung f\u00fcr Multiplikator:innen | Stiftung Forum Recht","og_description":"Thementag am Freitag, 17. April 2026, in Karlsruhe: Einblicke in Aufgaben, Arbeit und Herausforderungen des Bundesverfassungsgerichts. Eine Fortbildung der Stiftung Forum Recht. Jetzt informieren!","og_url":"https:\/\/stiftung-forum-recht.de\/en\/calendar-2\/theme-day-2026-federal-constitutional-court\/","og_site_name":"Stiftung Forum Recht","article_modified_time":"2026-04-08T13:49:57+00:00","og_image":[{"width":982,"height":655,"url":"https:\/\/stiftung-forum-recht.de\/wp-content\/uploads\/2025\/03\/bild_57036.jpg","type":"image\/jpeg"}],"twitter_card":"summary_large_image","twitter_misc":{"Est. reading time":"2 minutes"},"schema":{"@context":"https:\/\/schema.org","@graph":[{"@type":"WebPage","@id":"https:\/\/stiftung-forum-recht.de\/kalender\/thementag2026-bundesverfassungsgericht\/","url":"https:\/\/stiftung-forum-recht.de\/kalender\/thementag2026-bundesverfassungsgericht\/","name":"Theme Day on the Federal Constitutional Court | Training for Influencers | Forum Recht Foundation","isPartOf":{"@id":"https:\/\/stiftung-forum-recht.de\/#website"},"primaryImageOfPage":{"@id":"https:\/\/stiftung-forum-recht.de\/kalender\/thementag2026-bundesverfassungsgericht\/#primaryimage"},"image":{"@id":"https:\/\/stiftung-forum-recht.de\/kalender\/thementag2026-bundesverfassungsgericht\/#primaryimage"},"thumbnailUrl":"https:\/\/stiftung-forum-recht.de\/wp-content\/uploads\/2025\/03\/bild_57036.jpg","datePublished":"2026-02-05T12:09:15+00:00","dateModified":"2026-04-08T13:49:57+00:00","description":"Theme Day on Friday, April 17, 2026, in Karlsruhe: Insights into the responsibilities, work, and challenges of the Federal Constitutional Court. A training event organized by the Forum Recht Foundation. Find out more now!","breadcrumb":{"@id":"https:\/\/stiftung-forum-recht.de\/kalender\/thementag2026-bundesverfassungsgericht\/#breadcrumb"},"inLanguage":"en-US","potentialAction":[{"@type":"ReadAction","target":["https:\/\/stiftung-forum-recht.de\/kalender\/thementag2026-bundesverfassungsgericht\/"]}]},{"@type":"ImageObject","inLanguage":"en-US","@id":"https:\/\/stiftung-forum-recht.de\/kalender\/thementag2026-bundesverfassungsgericht\/#primaryimage","url":"https:\/\/stiftung-forum-recht.de\/wp-content\/uploads\/2025\/03\/bild_57036.jpg","contentUrl":"https:\/\/stiftung-forum-recht.de\/wp-content\/uploads\/2025\/03\/bild_57036.jpg","width":982,"height":655,"caption":"Foto: Bundesverfassungsgericht \u2502 bild_raum stephan baumann, Karlsruhe"},{"@type":"BreadcrumbList","@id":"https:\/\/stiftung-forum-recht.de\/kalender\/thementag2026-bundesverfassungsgericht\/#breadcrumb","itemListElement":[{"@type":"ListItem","position":1,"name":"Startseite","item":"https:\/\/stiftung-forum-recht.de\/"},{"@type":"ListItem","position":2,"name":"Veranstaltungen","item":"https:\/\/stiftung-forum-recht.de\/events\/"},{"@type":"ListItem","position":3,"name":"Thementag zum Bundesverfassungsgericht | Fortbildung f\u00fcr Multiplikator:innen"}]},{"@type":"WebSite","@id":"https:\/\/stiftung-forum-recht.de\/#website","url":"https:\/\/stiftung-forum-recht.de\/","name":"Stiftung Forum Recht","description":"THE LAW FORUM","publisher":{"@id":"https:\/\/stiftung-forum-recht.de\/#organization"},"potentialAction":[{"@type":"SearchAction","target":{"@type":"EntryPoint","urlTemplate":"https:\/\/stiftung-forum-recht.de\/?s={search_term_string}"},"query-input":{"@type":"PropertyValueSpecification","valueRequired":true,"valueName":"search_term_string"}}],"inLanguage":"en-US"},{"@type":"Organization","@id":"https:\/\/stiftung-forum-recht.de\/#organization","name":"Stiftung Forum Recht","url":"https:\/\/stiftung-forum-recht.de\/","logo":{"@type":"ImageObject","inLanguage":"en-US","@id":"https:\/\/stiftung-forum-recht.de\/#\/schema\/logo\/image\/","url":"https:\/\/stiftung-forum-recht.de\/wp-content\/uploads\/2020\/10\/sfr-logo-2023.png","contentUrl":"https:\/\/stiftung-forum-recht.de\/wp-content\/uploads\/2020\/10\/sfr-logo-2023.png","width":200,"height":200,"caption":"Stiftung Forum Recht"},"image":{"@id":"https:\/\/stiftung-forum-recht.de\/#\/schema\/logo\/image\/"}}]}},"meta_box":[],"_links":{"self":[{"href":"https:\/\/stiftung-forum-recht.de\/en\/wp-json\/wp\/v2\/tribe_events\/41373","targetHints":{"allow":["GET"]}}],"collection":[{"href":"https:\/\/stiftung-forum-recht.de\/en\/wp-json\/wp\/v2\/tribe_events"}],"about":[{"href":"https:\/\/stiftung-forum-recht.de\/en\/wp-json\/wp\/v2\/types\/tribe_events"}],"author":[{"embeddable":true,"href":"https:\/\/stiftung-forum-recht.de\/en\/wp-json\/wp\/v2\/users\/27"}],"version-history":[{"count":1,"href":"https:\/\/stiftung-forum-recht.de\/en\/wp-json\/wp\/v2\/tribe_events\/41373\/revisions"}],"predecessor-version":[{"id":43223,"href":"https:\/\/stiftung-forum-recht.de\/en\/wp-json\/wp\/v2\/tribe_events\/41373\/revisions\/43223"}],"wp:featuredmedia":[{"embeddable":true,"href":"https:\/\/stiftung-forum-recht.de\/en\/wp-json\/wp\/v2\/media\/33250"}],"wp:attachment":[{"href":"https:\/\/stiftung-forum-recht.de\/en\/wp-json\/wp\/v2\/media?parent=41373"}],"wp:term":[{"taxonomy":"post_tag","embeddable":true,"href":"https:\/\/stiftung-forum-recht.de\/en\/wp-json\/wp\/v2\/tags?post=41373"},{"taxonomy":"tribe_events_cat","embeddable":true,"href":"https:\/\/stiftung-forum-recht.de\/en\/wp-json\/wp\/v2\/tribe_events_cat?post=41373"}],"curies":[{"name":"wp","href":"https:\/\/api.w.org\/{rel}","templated":true}]}}