{"id":33248,"date":"2025-03-18T16:42:38","date_gmt":"2025-03-18T15:42:38","guid":{"rendered":"https:\/\/stiftung-forum-recht.de\/?page_id=33248"},"modified":"2026-08-10T16:36:12","modified_gmt":"2026-08-10T14:36:12","slug":"city-tours","status":"publish","type":"page","link":"https:\/\/stiftung-forum-recht.de\/en\/stadtrundgaenge\/","title":{"rendered":"monthly City tours"},"content":{"rendered":"<div data-elementor-type=\"wp-page\" data-elementor-id=\"33248\" class=\"elementor elementor-33248\" data-elementor-post-type=\"page\">\n\t\t\t\t<div data-particle_enable=\"false\" data-particle-mobile-disabled=\"false\" class=\"elementor-element elementor-element-6f40a5ad e-con-full slidercontainer e-flex e-con e-parent\" data-id=\"6f40a5ad\" data-element_type=\"container\" data-e-type=\"container\" data-settings=\"{&quot;background_background&quot;:&quot;classic&quot;,&quot;shape_divider_bottom&quot;:&quot;tilt&quot;}\">\n\t\t\t\t<div class=\"elementor-shape elementor-shape-bottom\" aria-hidden=\"true\" data-negative=\"false\">\n\t\t\t<svg xmlns=\"http:\/\/www.w3.org\/2000\/svg\" viewbox=\"0 0 1000 100\" preserveaspectratio=\"none\">\n\t<path class=\"elementor-shape-fill\" d=\"M0,6V0h1000v100L0,6z\"\/>\n<\/svg>\t\t<\/div>\n\t\t\t\t<\/div>\n\t\t\t\t<section data-particle_enable=\"false\" data-particle-mobile-disabled=\"false\" class=\"elementor-section elementor-top-section elementor-element elementor-element-1a288fa elementor-section-content-top elementor-section-boxed elementor-section-height-default elementor-section-height-default\" data-id=\"1a288fa\" data-element_type=\"section\" data-e-type=\"section\">\n\t\t\t\t\t\t<div class=\"elementor-container elementor-column-gap-default\">\n\t\t\t\t\t<div class=\"elementor-column elementor-col-100 elementor-top-column elementor-element elementor-element-eac54be\" data-id=\"eac54be\" data-element_type=\"column\" data-e-type=\"column\">\n\t\t\t<div class=\"elementor-widget-wrap elementor-element-populated\">\n\t\t\t\t\t\t<div class=\"elementor-element elementor-element-8a5c8b5 elementor-widget elementor-widget-heading\" data-id=\"8a5c8b5\" data-element_type=\"widget\" data-e-type=\"widget\" data-widget_type=\"heading.default\">\n\t\t\t\t\t<h1 class=\"elementor-heading-title elementor-size-default\">Recht stadtlich!<\/h1>\t\t\t\t<\/div>\n\t\t\t\t<div class=\"elementor-element elementor-element-62de221 elementor-widget elementor-widget-heading\" data-id=\"62de221\" data-element_type=\"widget\" data-e-type=\"widget\" data-widget_type=\"heading.default\">\n\t\t\t\t\t<h2 class=\"elementor-heading-title elementor-size-default\">A Tour of Karlsruhe and Leipzig<\/h2>\t\t\t\t<\/div>\n\t\t\t\t<div class=\"elementor-element elementor-element-4fc103f elementor-widget-widescreen__width-initial elementor-widget elementor-widget-text-editor\" data-id=\"4fc103f\" data-element_type=\"widget\" data-e-type=\"widget\" data-widget_type=\"text-editor.default\">\n\t\t\t\t\t\t\t\t\t<p><strong>What exactly does the Federal Court of Justice do? What cases does the Federal Administrative Court hear? What was the story again about the Buback assassination and the RAF? <\/strong><strong>And what does the law have to do with our daily lives?<\/strong><\/p>\t\t\t\t\t\t\t\t<\/div>\n\t\t\t\t\t<\/div>\n\t\t<\/div>\n\t\t\t\t\t<\/div>\n\t\t<\/section>\n\t\t\t\t<section data-particle_enable=\"false\" data-particle-mobile-disabled=\"false\" class=\"elementor-section elementor-top-section elementor-element elementor-element-f5ecd83 elementor-section-boxed elementor-section-height-default elementor-section-height-default\" data-id=\"f5ecd83\" data-element_type=\"section\" data-e-type=\"section\">\n\t\t\t\t\t\t<div class=\"elementor-container elementor-column-gap-default\">\n\t\t\t\t\t<div class=\"elementor-column elementor-col-33 elementor-top-column elementor-element elementor-element-aadada6\" data-id=\"aadada6\" data-element_type=\"column\" data-e-type=\"column\">\n\t\t\t<div class=\"elementor-widget-wrap elementor-element-populated\">\n\t\t\t\t\t\t<div class=\"elementor-element elementor-element-ffc84f4 elementor-widget elementor-widget-image\" data-id=\"ffc84f4\" data-element_type=\"widget\" data-e-type=\"widget\" data-widget_type=\"image.default\">\n\t\t\t\t\t\t\t\t\t\t\t\t\t\t\t<img fetchpriority=\"high\" decoding=\"async\" width=\"930\" height=\"620\" src=\"https:\/\/stiftung-forum-recht.de\/wp-content\/uploads\/2026\/08\/2026_07_16_Recht-stadtlich-Leipzig_Foto_Tom_Schulze_SFR_lq-4-e1786372549272-930x620.jpg\" class=\"attachment-neve-blog size-neve-blog wp-image-47211\" alt=\"\" \/>\t\t\t\t\t\t\t\t\t\t\t\t\t\t\t<\/div>\n\t\t\t\t\t<\/div>\n\t\t<\/div>\n\t\t\t\t<div class=\"elementor-column elementor-col-66 elementor-top-column elementor-element elementor-element-ff06995\" data-id=\"ff06995\" data-element_type=\"column\" data-e-type=\"column\">\n\t\t\t<div class=\"elementor-widget-wrap elementor-element-populated\">\n\t\t\t\t\t\t<div class=\"elementor-element elementor-element-2fee525 elementor-widget elementor-widget-text-editor\" data-id=\"2fee525\" data-element_type=\"widget\" data-e-type=\"widget\" data-widget_type=\"text-editor.default\">\n\t\t\t\t\t\t\t\t\t<p>The free city tour answers these and many other questions<strong> \"Quite urban!\"<\/strong> of the Stiftung Forum Recht.<\/p><p>Together, we encounter oddities and scandals\u2014both big and small\u2014and learn <span style=\"color: #000000;\">Courts<\/span> and exciting <span style=\"color: #000000;\">Legal cases<\/span> ... From the most progressive constitution to public art, it\u2019s all here. Follow us on a journey through the history of the rule of law and discover a new side of Karlsruhe and Leipzig:<\/p><p><strong>The city walking tours take place from April through October every second Thursday of the month in Karlsruhe and every third Thursday of the month in Leipzig. They can be booked for groups of ten or more. In Karlsruhe, you can also <a href=\"https:\/\/stiftung-forum-recht.de\/news\/recht-stadtlich-europa-edition\/\" target=\"_blank\" rel=\"noopener\">European Edition of the Tour<\/a> can be booked.\u00a0<\/strong><\/p><p>Have you participated yet? If so, please leave your <a href=\"https:\/\/stiftung-forum-recht.de\/weiterleitung-beteiligungstool-stadtrundgaenge\">Feedback on our investment platform<\/a>!<\/p>\t\t\t\t\t\t\t\t<\/div>\n\t\t\t\t\t<\/div>\n\t\t<\/div>\n\t\t\t\t\t<\/div>\n\t\t<\/section>\n\t\t\t\t<section data-particle_enable=\"false\" data-particle-mobile-disabled=\"false\" class=\"elementor-section elementor-top-section elementor-element elementor-element-7dc798d elementor-section-boxed elementor-section-height-default elementor-section-height-default\" data-id=\"7dc798d\" data-element_type=\"section\" data-e-type=\"section\">\n\t\t\t\t\t\t<div class=\"elementor-container elementor-column-gap-default\">\n\t\t\t\t\t<div class=\"elementor-column elementor-col-50 elementor-top-column elementor-element elementor-element-b0fdb64\" data-id=\"b0fdb64\" data-element_type=\"column\" data-e-type=\"column\">\n\t\t\t<div class=\"elementor-widget-wrap elementor-element-populated\">\n\t\t\t\t\t\t<div class=\"elementor-element elementor-element-7ed2537 elementor-cta--skin-classic elementor-animated-content elementor-bg-transform elementor-bg-transform-zoom-in elementor-widget elementor-widget-call-to-action\" data-id=\"7ed2537\" data-element_type=\"widget\" data-e-type=\"widget\" data-widget_type=\"call-to-action.default\">\n\t\t\t\t\t\t\t<a class=\"elementor-cta\" href=\"https:\/\/stiftung-forum-recht.de\/vermittlung\/recht-stadtlich-leipzig\/\" target=\"_blank\">\n\t\t\t\t\t<div class=\"elementor-cta__bg-wrapper\">\n\t\t\t\t<div class=\"elementor-cta__bg elementor-bg\" style=\"background-image: url(https:\/\/stiftung-forum-recht.de\/wp-content\/uploads\/2026\/08\/2026_07_16_Recht-stadtlich-Leipzig_Foto_Tom_Schulze_SFR_lq-5-1024x682.jpg);\" role=\"img\" aria-label=\"Forum Recht Foundation - City Tour in Leipzig on July 16, 2026 Photo by Tom Schulze, Leipzig, Germany Tel. 0049-172-7997706 www.tom-schulze.com\"><\/div>\n\t\t\t\t<div class=\"elementor-cta__bg-overlay\"><\/div>\n\t\t\t<\/div>\n\t\t\t\t\t\t\t<div class=\"elementor-cta__content\">\n\t\t\t\t\n\t\t\t\t\t\t\t\t\t<h3 class=\"elementor-cta__title elementor-cta__content-item elementor-content-item\">\n\t\t\t\t\t\tQuite urban! in Leipzig \t\t\t\t\t<\/h3>\n\t\t\t\t\n\t\t\t\t\n\t\t\t\t\t\t\t\t\t<div class=\"elementor-cta__button-wrapper elementor-cta__content-item elementor-content-item\">\n\t\t\t\t\t<span class=\"elementor-cta__button elementor-button elementor-size-\">\n\t\t\t\t\t\tYou'll find all the information here!\t\t\t\t\t<\/span>\n\t\t\t\t\t<\/div>\n\t\t\t\t\t\t\t<\/div>\n\t\t\t\t\t\t<\/a>\n\t\t\t\t\t\t<\/div>\n\t\t\t\t\t<\/div>\n\t\t<\/div>\n\t\t\t\t<div class=\"elementor-column elementor-col-50 elementor-top-column elementor-element elementor-element-a33edb9\" data-id=\"a33edb9\" data-element_type=\"column\" data-e-type=\"column\">\n\t\t\t<div class=\"elementor-widget-wrap elementor-element-populated\">\n\t\t\t\t\t\t<div class=\"elementor-element elementor-element-9724d3c elementor-cta--layout-image-above elementor-cta--skin-classic elementor-animated-content elementor-bg-transform elementor-bg-transform-zoom-in elementor-widget elementor-widget-call-to-action\" data-id=\"9724d3c\" data-element_type=\"widget\" data-e-type=\"widget\" data-widget_type=\"call-to-action.default\">\n\t\t\t\t\t\t\t<a class=\"elementor-cta\" href=\"https:\/\/stiftung-forum-recht.de\/vermittlung\/recht-stadtlich-karlsruhe\/\" target=\"_blank\">\n\t\t\t\t\t<div class=\"elementor-cta__bg-wrapper\">\n\t\t\t\t<div class=\"elementor-cta__bg elementor-bg\" style=\"background-image: url(https:\/\/stiftung-forum-recht.de\/wp-content\/uploads\/2026\/04\/26_04_17_Thementag-Bundesverfassungsgericht_Foto_Stiftung-Forum-Recht_hq_11-1024x724.jpg);\" role=\"img\" aria-label=\"Exterior view of the Federal Constitutional Court in Karlsruhe, with a group of visitors in front of the entrance.\"><\/div>\n\t\t\t\t<div class=\"elementor-cta__bg-overlay\"><\/div>\n\t\t\t<\/div>\n\t\t\t\t\t\t\t<div class=\"elementor-cta__content\">\n\t\t\t\t\n\t\t\t\t\t\t\t\t\t<h3 class=\"elementor-cta__title elementor-cta__content-item elementor-content-item\">\n\t\t\t\t\t\tQuite urban! in Karlsruhe\t\t\t\t\t<\/h3>\n\t\t\t\t\n\t\t\t\t\n\t\t\t\t\t\t\t\t\t<div class=\"elementor-cta__button-wrapper elementor-cta__content-item elementor-content-item\">\n\t\t\t\t\t<span class=\"elementor-cta__button elementor-button elementor-size-\">\n\t\t\t\t\t\tHere you'll find all the information\t\t\t\t\t<\/span>\n\t\t\t\t\t<\/div>\n\t\t\t\t\t\t\t<\/div>\n\t\t\t\t\t\t<\/a>\n\t\t\t\t\t\t<\/div>\n\t\t\t\t\t<\/div>\n\t\t<\/div>\n\t\t\t\t\t<\/div>\n\t\t<\/section>\n\t\t\t\t<section data-particle_enable=\"false\" data-particle-mobile-disabled=\"false\" class=\"elementor-section elementor-top-section elementor-element elementor-element-5e8ddc2 elementor-section-boxed elementor-section-height-default elementor-section-height-default\" data-id=\"5e8ddc2\" data-element_type=\"section\" data-e-type=\"section\">\n\t\t\t\t\t\t<div class=\"elementor-container elementor-column-gap-default\">\n\t\t\t\t\t<div class=\"elementor-column elementor-col-50 elementor-top-column elementor-element elementor-element-da06f8d\" data-id=\"da06f8d\" data-element_type=\"column\" data-e-type=\"column\">\n\t\t\t<div class=\"elementor-widget-wrap elementor-element-populated\">\n\t\t\t\t\t\t<div class=\"elementor-element elementor-element-96fefac elementor-widget elementor-widget-heading\" data-id=\"96fefac\" data-element_type=\"widget\" data-e-type=\"widget\" data-widget_type=\"heading.default\">\n\t\t\t\t\t<h2 class=\"elementor-heading-title elementor-size-default\">Quite urban! DIY: A city tour you can take anywhere\u2014and create yourself<\/h2>\t\t\t\t<\/div>\n\t\t\t\t<div class=\"elementor-element elementor-element-a57b1f6 elementor-widget elementor-widget-spacer\" data-id=\"a57b1f6\" data-element_type=\"widget\" data-e-type=\"widget\" data-widget_type=\"spacer.default\">\n\t\t\t\t\t\t\t<div class=\"elementor-spacer\">\n\t\t\t<div class=\"elementor-spacer-inner\"><\/div>\n\t\t<\/div>\n\t\t\t\t\t\t<\/div>\n\t\t\t\t<div class=\"elementor-element elementor-element-b45cfcc elementor-widget elementor-widget-text-editor\" data-id=\"b45cfcc\" data-element_type=\"widget\" data-e-type=\"widget\" data-widget_type=\"text-editor.default\">\n\t\t\t\t\t\t\t\t\t<p>Would you like to bring the \u201eRecht stadtlich!\u201c walking tour to your city?<\/p>\n<p>With \u201eRecht stadtlich! DIY\u201c (DIY = Do it yourself), you can do just that: As a \u201etour guide,\u201c you\u2019ll lead our city tour on your own and help raise awareness of the law and the rule of law in everyday life.<\/p>\n<p>The tour script includes ten stops that can be found in nearly every city and town in Germany\u2014no prior knowledge required, no effort involved, no problem. The interactive tour brings the law and the rule of law to life in an everyday context and invites people of all ages to see the world around them with fresh eyes.<\/p>\n<p>Download the script for free from our website, find suitable locations in your neighborhood and an audience\u2014and let's get started!<\/p>\t\t\t\t\t\t\t\t<\/div>\n\t\t\t\t<div class=\"elementor-element elementor-element-a1494e4 elementor-widget elementor-widget-spacer\" data-id=\"a1494e4\" data-element_type=\"widget\" data-e-type=\"widget\" data-widget_type=\"spacer.default\">\n\t\t\t\t\t\t\t<div class=\"elementor-spacer\">\n\t\t\t<div class=\"elementor-spacer-inner\"><\/div>\n\t\t<\/div>\n\t\t\t\t\t\t<\/div>\n\t\t\t\t\t<\/div>\n\t\t<\/div>\n\t\t\t\t<div class=\"elementor-column elementor-col-50 elementor-top-column elementor-element elementor-element-e7ba6de\" data-id=\"e7ba6de\" data-element_type=\"column\" data-e-type=\"column\">\n\t\t\t<div class=\"elementor-widget-wrap elementor-element-populated\">\n\t\t\t\t\t\t<div class=\"elementor-element elementor-element-25cb5a2 elementor-cta--layout-image-above elementor-cta--skin-classic elementor-animated-content elementor-widget elementor-widget-call-to-action\" data-id=\"25cb5a2\" data-element_type=\"widget\" data-e-type=\"widget\" data-widget_type=\"call-to-action.default\">\n\t\t\t\t\t\t\t<a class=\"elementor-cta\" href=\"https:\/\/stiftung-forum-recht.de\/recht-stadtlich-diy\" target=\"_blank\">\n\t\t\t\t\t<div class=\"elementor-cta__bg-wrapper\">\n\t\t\t\t<div class=\"elementor-cta__bg elementor-bg\" style=\"background-image: url(https:\/\/stiftung-forum-recht.de\/wp-content\/uploads\/2026\/07\/2026_SFR_Recht-stadtlich-DIY_Webbanner_quer-1024x427.jpg);\" role=\"img\" aria-label=\"2026_SFR_City Law DIY_Web Banner_Landscape\"><\/div>\n\t\t\t\t<div class=\"elementor-cta__bg-overlay\"><\/div>\n\t\t\t<\/div>\n\t\t\t\t\t\t\t<div class=\"elementor-cta__content\">\n\t\t\t\t\n\t\t\t\t\t\t\t\t\t<h3 class=\"elementor-cta__title elementor-cta__content-item elementor-content-item\">\n\t\t\t\t\t\tPretty urban! DIY\t\t\t\t\t<\/h3>\n\t\t\t\t\n\t\t\t\t\n\t\t\t\t\t\t\t\t\t<div class=\"elementor-cta__button-wrapper elementor-cta__content-item elementor-content-item\">\n\t\t\t\t\t<span class=\"elementor-cta__button elementor-button elementor-size-\">\n\t\t\t\t\t\tInstructions and script available for download as a PDF\t\t\t\t\t<\/span>\n\t\t\t\t\t<\/div>\n\t\t\t\t\t\t\t<\/div>\n\t\t\t\t\t\t<\/a>\n\t\t\t\t\t\t<\/div>\n\t\t\t\t\t<\/div>\n\t\t<\/div>\n\t\t\t\t\t<\/div>\n\t\t<\/section>\n\t\t\t\t<section data-particle_enable=\"false\" data-particle-mobile-disabled=\"false\" class=\"elementor-section elementor-top-section elementor-element elementor-element-75b5ea1 elementor-hidden-widescreen elementor-hidden-desktop elementor-hidden-laptop elementor-hidden-tablet_extra elementor-hidden-tablet elementor-hidden-mobile elementor-section-boxed elementor-section-height-default elementor-section-height-default\" data-id=\"75b5ea1\" data-element_type=\"section\" data-e-type=\"section\">\n\t\t\t\t\t\t<div class=\"elementor-container elementor-column-gap-default\">\n\t\t\t\t\t<div class=\"elementor-column elementor-col-100 elementor-top-column elementor-element elementor-element-c1640e4\" data-id=\"c1640e4\" data-element_type=\"column\" data-e-type=\"column\">\n\t\t\t<div class=\"elementor-widget-wrap elementor-element-populated\">\n\t\t\t\t\t\t<div class=\"elementor-element elementor-element-360c60f elementor--h-position-center elementor--v-position-middle elementor-arrows-position-inside elementor-pagination-position-inside elementor-widget elementor-widget-slides\" data-id=\"360c60f\" data-element_type=\"widget\" data-e-type=\"widget\" data-settings=\"{&quot;autoplay_speed&quot;:6000,&quot;transition_speed&quot;:489,&quot;navigation&quot;:&quot;both&quot;,&quot;autoplay&quot;:&quot;yes&quot;,&quot;pause_on_hover&quot;:&quot;yes&quot;,&quot;pause_on_interaction&quot;:&quot;yes&quot;,&quot;infinite&quot;:&quot;yes&quot;,&quot;transition&quot;:&quot;slide&quot;}\" data-widget_type=\"slides.default\">\n\t\t\t\t\t\t\t\t\t\t<div class=\"elementor-slides-wrapper elementor-main-swiper swiper\" role=\"region\" aria-roledescription=\"carousel\" aria-label=\"Slider\" dir=\"ltr\" data-animation=\"fadeInUp\">\n\t\t\t\t<div class=\"swiper-wrapper elementor-slides\">\n\t\t\t\t\t\t\t\t\t\t<div class=\"elementor-repeater-item-695f1fb swiper-slide\" role=\"group\" aria-roledescription=\"slide\"><div class=\"swiper-slide-bg\"><\/div><div class=\"swiper-slide-inner\" ><div class=\"swiper-slide-contents\"><div class=\"elementor-slide-heading\">We're back to serve you!<\/div><div class=\"elementor-slide-description\">Our winter break is over! Starting in March, we\u2019ll be available for group bookings again, and starting in April, we\u2019ll resume our monthly guided tours.<\/div><a href=\"https:\/\/stiftung-forum-recht.de\/calendar\/\" class=\"elementor-button elementor-slide-button elementor-size-md\">Check our calendar for all events!<\/a><\/div><\/div><\/div><div class=\"elementor-repeater-item-67ccbdc swiper-slide\" role=\"group\" aria-roledescription=\"slide\"><div class=\"swiper-slide-bg\"><\/div><a class=\"swiper-slide-inner\" href=\"https:\/\/stiftung-forum-recht.de\/kalender\/recht-stadtlich-ein-rundgang-durch-karlsruhe-6\/\"><div class=\"swiper-slide-contents\"><div class=\"elementor-slide-heading\">What do beehives have to do with the law?  <\/div><div class=\"elementor-slide-description\">Find out for yourself! Join us for our first walking tour, \u201eRecht stadtlich!\" on April 10, 2025, from 5:00 p.m. to 7:00 p.m. in Karlsruhe. Participation is free!<\/div><div  class=\"elementor-button elementor-slide-button elementor-size-md\">Mark your calendar!<\/div><\/div><\/a><\/div>\t\t\t\t<\/div>\n\t\t\t\t\t\t\t\t\t\t\t\t\t\t\t<div class=\"elementor-swiper-button elementor-swiper-button-prev\" role=\"button\" tabindex=\"0\" aria-label=\"Previous slide\">\n\t\t\t\t\t\t\t<svg aria-hidden=\"true\" class=\"e-font-icon-svg e-eicon-chevron-left\" viewbox=\"0 0 1000 1000\" xmlns=\"http:\/\/www.w3.org\/2000\/svg\"><path d=\"M646 125C629 125 613 133 604 142L308 442C296 454 292 471 292 487 292 504 296 521 308 533L604 854C617 867 629 875 646 875 663 875 679 871 692 858 704 846 713 829 713 812 713 796 708 779 692 767L438 487 692 225C700 217 708 204 708 187 708 171 704 154 692 142 675 129 663 125 646 125Z\"><\/path><\/svg>\t\t\t\t\t\t<\/div>\n\t\t\t\t\t\t<div class=\"elementor-swiper-button elementor-swiper-button-next\" role=\"button\" tabindex=\"0\" aria-label=\"Next Slide\">\n\t\t\t\t\t\t\t<svg aria-hidden=\"true\" class=\"e-font-icon-svg e-eicon-chevron-right\" viewbox=\"0 0 1000 1000\" xmlns=\"http:\/\/www.w3.org\/2000\/svg\"><path d=\"M696 533C708 521 713 504 713 487 713 471 708 454 696 446L400 146C388 133 375 125 354 125 338 125 325 129 313 142 300 154 292 171 292 187 292 204 296 221 308 233L563 492 304 771C292 783 288 800 288 817 288 833 296 850 308 863 321 871 338 875 354 875 371 875 388 867 400 854L696 533Z\"><\/path><\/svg>\t\t\t\t\t\t<\/div>\n\t\t\t\t\t\t\t\t\t\t\t\t\t\t\t\t<div class=\"swiper-pagination\"><\/div>\n\t\t\t\t\t\t\t\t\t\t\t\t<\/div>\n\t\t\t\t\t\t\t\t<\/div>\n\t\t\t\t\t<\/div>\n\t\t<\/div>\n\t\t\t\t\t<\/div>\n\t\t<\/section>\n\t\t\t\t<\/div>","protected":false},"excerpt":{"rendered":"<p>TRULY URBAN! A Tour of Karlsruhe and Leipzig What exactly does the Federal Court of Justice do? What cases does the Federal Administrative Court hear? What was the story again with the Buback assassination and the RAF? And what does\u2026&nbsp;<a href=\"https:\/\/stiftung-forum-recht.de\/en\/stadtrundgaenge\/\" class=\"\" rel=\"bookmark\">Read More \u00bb<span class=\"screen-reader-text\">monthly City tours<\/span><\/a><\/p>","protected":false},"author":27,"featured_media":47215,"parent":0,"menu_order":1,"comment_status":"closed","ping_status":"closed","template":"","meta":{"_acf_changed":false,"neve_meta_sidebar":"full-width","neve_meta_container":"","neve_meta_enable_content_width":"on","neve_meta_content_width":100,"neve_meta_title_alignment":"","neve_meta_author_avatar":"","neve_post_elements_order":"","neve_meta_disable_header":"","neve_meta_disable_footer":"","neve_meta_disable_title":"","_themeisle_gutenberg_block_has_review":false,"footnotes":""},"class_list":["post-33248","page","type-page","status-publish","has-post-thumbnail","hentry"],"acf":[],"yoast_head":"<!-- This site is optimized with the Yoast SEO plugin v28.3 - https:\/\/yoast.com\/product\/yoast-seo-wordpress\/ -->\n<title>Stadtrundg\u00e4nge | Stiftung Forum Recht<\/title>\n<meta name=\"description\" content=\"Der kostenfreie Stadtrundg\u00e4nge mit der Stiftung Forum Recht finden regelm\u00e4\u00dfig in Leipzig und Karlsruhe statt - sie pr\u00e4sentieren Orte des Rechts. Die F\u00fchrung ist auf Deutsch. Teilnehmende sollten Freude an einem ca. 2,8 km langen Spaziergang mitbringen. Die Wegstrecke ist barrierefrei konzipiert. Das Angebot ist f\u00fcr Gruppen ab 8 Personen auch individuell buchbar.\" \/>\n<meta name=\"robots\" content=\"index, follow, max-snippet:-1, max-image-preview:large, max-video-preview:-1\" \/>\n<link rel=\"canonical\" href=\"https:\/\/stiftung-forum-recht.de\/en\/city-tours\/\" \/>\n<meta property=\"og:locale\" content=\"en_US\" \/>\n<meta property=\"og:type\" content=\"article\" \/>\n<meta property=\"og:title\" content=\"Stadtrundg\u00e4nge | Stiftung Forum Recht\" \/>\n<meta property=\"og:description\" content=\"Der kostenfreie Stadtrundg\u00e4nge mit der Stiftung Forum Recht finden regelm\u00e4\u00dfig in Leipzig und Karlsruhe statt - sie pr\u00e4sentieren Orte des Rechts. Die F\u00fchrung ist auf Deutsch. Teilnehmende sollten Freude an einem ca. 2,8 km langen Spaziergang mitbringen. Die Wegstrecke ist barrierefrei konzipiert. Das Angebot ist f\u00fcr Gruppen ab 8 Personen auch individuell buchbar.\" \/>\n<meta property=\"og:url\" content=\"https:\/\/stiftung-forum-recht.de\/en\/city-tours\/\" \/>\n<meta property=\"og:site_name\" content=\"Stiftung Forum Recht\" \/>\n<meta property=\"article:modified_time\" content=\"2026-08-10T14:36:12+00:00\" \/>\n<meta property=\"og:image\" content=\"https:\/\/stiftung-forum-recht.de\/wp-content\/uploads\/2026\/08\/2026_07_16_Recht-stadtlich-Leipzig_Foto_Tom_Schulze_SFR_lq-8.jpg\" \/>\n\t<meta property=\"og:image:width\" content=\"2000\" \/>\n\t<meta property=\"og:image:height\" content=\"1332\" \/>\n\t<meta property=\"og:image:type\" content=\"image\/jpeg\" \/>\n<meta name=\"twitter:card\" content=\"summary_large_image\" \/>\n<meta name=\"twitter:label1\" content=\"Est. reading time\" \/>\n\t<meta name=\"twitter:data1\" content=\"9 minutes\" \/>\n<!-- \/ Yoast SEO plugin. -->","yoast_head_json":{"title":"City Walks | Forum Recht Foundation","description":"The free city walking tours organized by the Forum Recht Foundation take place regularly in Leipzig and Karlsruhe\u2014they showcase places associated with the law. The tour is conducted in German. Participants should be comfortable with a walk of approximately 2.8 km. The route is designed to be accessible. The tour can also be booked individually for groups of 8 or more people.","robots":{"index":"index","follow":"follow","max-snippet":"max-snippet:-1","max-image-preview":"max-image-preview:large","max-video-preview":"max-video-preview:-1"},"canonical":"https:\/\/stiftung-forum-recht.de\/en\/city-tours\/","og_locale":"en_US","og_type":"article","og_title":"Stadtrundg\u00e4nge | Stiftung Forum Recht","og_description":"Der kostenfreie Stadtrundg\u00e4nge mit der Stiftung Forum Recht finden regelm\u00e4\u00dfig in Leipzig und Karlsruhe statt - sie pr\u00e4sentieren Orte des Rechts. Die F\u00fchrung ist auf Deutsch. Teilnehmende sollten Freude an einem ca. 2,8 km langen Spaziergang mitbringen. Die Wegstrecke ist barrierefrei konzipiert. Das Angebot ist f\u00fcr Gruppen ab 8 Personen auch individuell buchbar.","og_url":"https:\/\/stiftung-forum-recht.de\/en\/city-tours\/","og_site_name":"Stiftung Forum Recht","article_modified_time":"2026-08-10T14:36:12+00:00","og_image":[{"width":2000,"height":1332,"url":"https:\/\/stiftung-forum-recht.de\/wp-content\/uploads\/2026\/08\/2026_07_16_Recht-stadtlich-Leipzig_Foto_Tom_Schulze_SFR_lq-8.jpg","type":"image\/jpeg"}],"twitter_card":"summary_large_image","twitter_misc":{"Est. reading time":"9 minutes"},"schema":{"@context":"https:\/\/schema.org","@graph":[{"@type":"WebPage","@id":"https:\/\/stiftung-forum-recht.de\/stadtrundgaenge\/","url":"https:\/\/stiftung-forum-recht.de\/stadtrundgaenge\/","name":"City Walks | Forum Recht Foundation","isPartOf":{"@id":"https:\/\/stiftung-forum-recht.de\/#website"},"primaryImageOfPage":{"@id":"https:\/\/stiftung-forum-recht.de\/stadtrundgaenge\/#primaryimage"},"image":{"@id":"https:\/\/stiftung-forum-recht.de\/stadtrundgaenge\/#primaryimage"},"thumbnailUrl":"https:\/\/stiftung-forum-recht.de\/wp-content\/uploads\/2026\/08\/2026_07_16_Recht-stadtlich-Leipzig_Foto_Tom_Schulze_SFR_lq-8.jpg","datePublished":"2025-03-18T15:42:38+00:00","dateModified":"2026-08-10T14:36:12+00:00","description":"The free city walking tours organized by the Forum Recht Foundation take place regularly in Leipzig and Karlsruhe\u2014they showcase places associated with the law. The tour is conducted in German. Participants should be comfortable with a walk of approximately 2.8 km. The route is designed to be accessible. The tour can also be booked individually for groups of 8 or more people.","breadcrumb":{"@id":"https:\/\/stiftung-forum-recht.de\/stadtrundgaenge\/#breadcrumb"},"inLanguage":"en-US","potentialAction":[{"@type":"ReadAction","target":["https:\/\/stiftung-forum-recht.de\/stadtrundgaenge\/"]}]},{"@type":"ImageObject","inLanguage":"en-US","@id":"https:\/\/stiftung-forum-recht.de\/stadtrundgaenge\/#primaryimage","url":"https:\/\/stiftung-forum-recht.de\/wp-content\/uploads\/2026\/08\/2026_07_16_Recht-stadtlich-Leipzig_Foto_Tom_Schulze_SFR_lq-8.jpg","contentUrl":"https:\/\/stiftung-forum-recht.de\/wp-content\/uploads\/2026\/08\/2026_07_16_Recht-stadtlich-Leipzig_Foto_Tom_Schulze_SFR_lq-8.jpg","width":2000,"height":1332,"caption":"Stiftung Forum Recht - Stadtrundgang in Leipzig am 16.07.2026 Foto Tom Schulze Leipzig-Germany Tel. 0049-172-7997706 www.tom-schulze.com"},{"@type":"BreadcrumbList","@id":"https:\/\/stiftung-forum-recht.de\/stadtrundgaenge\/#breadcrumb","itemListElement":[{"@type":"ListItem","position":1,"name":"Startseite","item":"https:\/\/stiftung-forum-recht.de\/"},{"@type":"ListItem","position":2,"name":"Stadtrundg\u00e4nge"}]},{"@type":"WebSite","@id":"https:\/\/stiftung-forum-recht.de\/#website","url":"https:\/\/stiftung-forum-recht.de\/","name":"Stiftung Forum Recht","description":"THE LAW FORUM","publisher":{"@id":"https:\/\/stiftung-forum-recht.de\/#organization"},"potentialAction":[{"@type":"SearchAction","target":{"@type":"EntryPoint","urlTemplate":"https:\/\/stiftung-forum-recht.de\/?s={search_term_string}"},"query-input":{"@type":"PropertyValueSpecification","valueRequired":true,"valueName":"search_term_string"}}],"inLanguage":"en-US"},{"@type":"Organization","@id":"https:\/\/stiftung-forum-recht.de\/#organization","name":"Stiftung Forum Recht","url":"https:\/\/stiftung-forum-recht.de\/","logo":{"@type":"ImageObject","inLanguage":"en-US","@id":"https:\/\/stiftung-forum-recht.de\/#\/schema\/logo\/image\/","url":"https:\/\/stiftung-forum-recht.de\/wp-content\/uploads\/2020\/10\/sfr-logo-2023.png","contentUrl":"https:\/\/stiftung-forum-recht.de\/wp-content\/uploads\/2020\/10\/sfr-logo-2023.png","width":200,"height":200,"caption":"Stiftung Forum Recht"},"image":{"@id":"https:\/\/stiftung-forum-recht.de\/#\/schema\/logo\/image\/"}}]}},"meta_box":{"sfr_page_playing_rules":"0"},"_links":{"self":[{"href":"https:\/\/stiftung-forum-recht.de\/en\/wp-json\/wp\/v2\/pages\/33248","targetHints":{"allow":["GET"]}}],"collection":[{"href":"https:\/\/stiftung-forum-recht.de\/en\/wp-json\/wp\/v2\/pages"}],"about":[{"href":"https:\/\/stiftung-forum-recht.de\/en\/wp-json\/wp\/v2\/types\/page"}],"author":[{"embeddable":true,"href":"https:\/\/stiftung-forum-recht.de\/en\/wp-json\/wp\/v2\/users\/27"}],"replies":[{"embeddable":true,"href":"https:\/\/stiftung-forum-recht.de\/en\/wp-json\/wp\/v2\/comments?post=33248"}],"version-history":[{"count":10,"href":"https:\/\/stiftung-forum-recht.de\/en\/wp-json\/wp\/v2\/pages\/33248\/revisions"}],"predecessor-version":[{"id":47235,"href":"https:\/\/stiftung-forum-recht.de\/en\/wp-json\/wp\/v2\/pages\/33248\/revisions\/47235"}],"wp:featuredmedia":[{"embeddable":true,"href":"https:\/\/stiftung-forum-recht.de\/en\/wp-json\/wp\/v2\/media\/47215"}],"wp:attachment":[{"href":"https:\/\/stiftung-forum-recht.de\/en\/wp-json\/wp\/v2\/media?parent=33248"}],"curies":[{"name":"wp","href":"https:\/\/api.w.org\/{rel}","templated":true}]}}