{"id":30861,"date":"2025-01-23T12:17:24","date_gmt":"2025-01-23T11:17:24","guid":{"rendered":"https:\/\/stiftung-forum-recht.de\/?page_id=30861"},"modified":"2026-09-01T09:09:39","modified_gmt":"2026-09-01T07:09:39","slug":"training-courses","status":"publish","type":"page","link":"https:\/\/stiftung-forum-recht.de\/en\/vermittlung\/fortbildungen\/","title":{"rendered":"Education Courses"},"content":{"rendered":"\t\t<div data-elementor-type=\"wp-page\" data-elementor-id=\"30861\" class=\"elementor elementor-30861\" data-elementor-post-type=\"page\">\n\t\t\t\t<div data-particle_enable=\"false\" data-particle-mobile-disabled=\"false\" class=\"elementor-element elementor-element-6f40a5ad e-con-full slidercontainer e-flex e-con e-parent\" data-id=\"6f40a5ad\" data-element_type=\"container\" data-e-type=\"container\" data-settings=\"{&quot;background_background&quot;:&quot;classic&quot;,&quot;shape_divider_bottom&quot;:&quot;tilt&quot;}\">\n\t\t\t\t<div class=\"elementor-shape elementor-shape-bottom\" aria-hidden=\"true\" data-negative=\"false\">\n\t\t\t<svg xmlns=\"http:\/\/www.w3.org\/2000\/svg\" viewBox=\"0 0 1000 100\" preserveAspectRatio=\"none\">\n\t<path class=\"elementor-shape-fill\" d=\"M0,6V0h1000v100L0,6z\"\/>\n<\/svg>\t\t<\/div>\n\t\t\t\t<\/div>\n\t\t\t\t<section data-particle_enable=\"false\" data-particle-mobile-disabled=\"false\" class=\"elementor-section elementor-top-section elementor-element elementor-element-1a288fa elementor-section-content-top elementor-section-boxed elementor-section-height-default elementor-section-height-default\" data-id=\"1a288fa\" data-element_type=\"section\" data-e-type=\"section\">\n\t\t\t\t\t\t<div class=\"elementor-container elementor-column-gap-default\">\n\t\t\t\t\t<div class=\"elementor-column elementor-col-100 elementor-top-column elementor-element elementor-element-eac54be\" data-id=\"eac54be\" data-element_type=\"column\" data-e-type=\"column\">\n\t\t\t<div class=\"elementor-widget-wrap elementor-element-populated\">\n\t\t\t\t\t\t<div class=\"elementor-element elementor-element-8a5c8b5 elementor-widget elementor-widget-heading\" data-id=\"8a5c8b5\" data-element_type=\"widget\" data-e-type=\"widget\" data-widget_type=\"heading.default\">\n\t\t\t\t\t<h1 class=\"elementor-heading-title elementor-size-default\">Fortbildungsangebote der Stiftung Forum Recht <\/h1>\t\t\t\t<\/div>\n\t\t\t\t<div class=\"elementor-element elementor-element-100f16b elementor-widget elementor-widget-heading\" data-id=\"100f16b\" data-element_type=\"widget\" data-e-type=\"widget\" data-widget_type=\"heading.default\">\n\t\t\t\t\t<h2 class=\"elementor-heading-title elementor-size-default\">Weiterbildungen zur Rechts- und Rechtsstaatsvermittlung<\/h2>\t\t\t\t<\/div>\n\t\t\t\t<div class=\"elementor-element elementor-element-4fc103f elementor-widget-widescreen__width-initial elementor-widget elementor-widget-text-editor\" data-id=\"4fc103f\" data-element_type=\"widget\" data-e-type=\"widget\" data-widget_type=\"text-editor.default\">\n\t\t\t\t\t\t\t\t\t<p>Die Stiftung Forum Recht bietet verschiedene kostenfreie Fortbildungsangebote f\u00fcr unterschiedliche Zielgruppen an, darunter Thementage, Foren und Studienreisen. Ziel aller Angebote ist es, die Teilnehmenden in den Bereichen Rechts- und Rechtsstaatsvermittlung zu st\u00e4rken. Sie bieten <strong>praxisnahe Einblicke und vertieftes Wissen<\/strong>, damit die teilnehmenden Multiplikator:innen in ihrer jeweiligen T\u00e4tigkeit kompetent \u00fcber die behandelten Themen informieren und verbreitete Missverst\u00e4ndnisse in ihren Zielgruppen ausr\u00e4umen k\u00f6nnen.<\/p><p>Die\u00a0<strong>Thementage<\/strong>\u00a0sind eint\u00e4gige Veranstaltungen\u00a0und verbinden den\u00a0<strong>Besuch eines relevanten Ortes<\/strong> mit Bezug zu Recht und Rechtsstaatlichkeit mit Praxisgespr\u00e4chen, Fachvortr\u00e4gen und einem Austausch im Workshopformat.\u00a0<\/p><p>Das<strong> Bundesforum <\/strong>bringt Expert:innen aus verschiedenen Arbeitsbereichen des Rechts und der Wissensvermittlung zusammen. Es ist Begegnungsraum, um \u00fcber gelungene Rechts- und Rechtsstaatsvermittlung zu diskutieren. In diesem Jahr findet es erstmals am 27. und 28. November in Leipzig statt.\u00a0<\/p><p>Die\u00a0<strong>Studienreisen<\/strong> bieten ein komplexes Fortbildungsangebot zu Recht und Rechtsstaat. Der Besuch verschiedener Orte des Rechts sowie der Austausch mit Wissenschaft und Praxis stehen im Mittelpunkt. Sie er\u00f6ffnen die M\u00f6glichkeit, das eigene Wissen in einem dichten Programm zu erweitern und Kontakte zu kn\u00fcpfen. <a href=\"https:\/\/stiftung-forum-recht.de\/news\/anmeldestart-fuer-die-studienreise-2026\/\">Die zweite Studienreise zum Thema \u201eInternationales und europ\u00e4isches Recht\u201c<\/a> findet vom 17. bis 25. Oktober statt. Die <a href=\"https:\/\/stiftung-forum-recht.de\/vermittlung\/fortbildungen\/#studienreise\">Bewerbung um einen Platz<\/a> ist schon jetzt m\u00f6glich!\u00a0<\/p><p><strong>Die Teilnahme an den Fortbildungsformaten ist kostenfrei, sofern nicht anders angegeben. Eine Teilnahmebest\u00e4tigung wird ausgestellt.\u00a0<\/strong><\/p>\t\t\t\t\t\t\t\t<\/div>\n\t\t\t\t\t<\/div>\n\t\t<\/div>\n\t\t\t\t\t<\/div>\n\t\t<\/section>\n\t\t<div data-particle_enable=\"false\" data-particle-mobile-disabled=\"false\" class=\"elementor-element elementor-element-96cc27d e-flex e-con-boxed e-con e-parent\" data-id=\"96cc27d\" data-element_type=\"container\" data-e-type=\"container\">\n\t\t\t\t\t<div class=\"e-con-inner\">\n\t\t\t\t<div class=\"elementor-element elementor-element-e4d5b85 elementor-widget elementor-widget-heading\" data-id=\"e4d5b85\" data-element_type=\"widget\" data-e-type=\"widget\" data-widget_type=\"heading.default\">\n\t\t\t\t\t<h2 class=\"elementor-heading-title elementor-size-default\">Kommende Termine f\u00fcr Thementage und Fortbildungsangebote 2026<\/h2>\t\t\t\t<\/div>\n\t\t\t\t\t<\/div>\n\t\t\t\t<\/div>\n\t\t\t\t<section data-particle_enable=\"false\" data-particle-mobile-disabled=\"false\" class=\"elementor-section elementor-top-section elementor-element elementor-element-5aeeb3e elementor-section-boxed elementor-section-height-default elementor-section-height-default\" data-id=\"5aeeb3e\" data-element_type=\"section\" data-e-type=\"section\">\n\t\t\t\t\t\t<div class=\"elementor-container elementor-column-gap-default\">\n\t\t\t\t\t<div class=\"elementor-column elementor-col-50 elementor-top-column elementor-element elementor-element-bc6daf3 elementor-hidden-widescreen elementor-hidden-desktop elementor-hidden-laptop elementor-hidden-tablet_extra elementor-hidden-tablet elementor-hidden-mobile\" data-id=\"bc6daf3\" data-element_type=\"column\" data-e-type=\"column\">\n\t\t\t<div class=\"elementor-widget-wrap elementor-element-populated\">\n\t\t\t\t\t\t<div class=\"elementor-element elementor-element-b0cd705 elementor-widget elementor-widget-heading\" data-id=\"b0cd705\" data-element_type=\"widget\" data-e-type=\"widget\" data-widget_type=\"heading.default\">\n\t\t\t\t\t<h2 class=\"elementor-heading-title elementor-size-default\">Thementag:<\/h2>\t\t\t\t<\/div>\n\t\t\t\t<div class=\"elementor-element elementor-element-152dd13 elementor-widget elementor-widget-heading\" data-id=\"152dd13\" data-element_type=\"widget\" data-e-type=\"widget\" data-widget_type=\"heading.default\">\n\t\t\t\t\t<h2 class=\"elementor-heading-title elementor-size-default\">Justizvollzug\n\n<\/h2>\t\t\t\t<\/div>\n\t\t\t\t<div class=\"elementor-element elementor-element-37f4b89 elementor-widget elementor-widget-spacer\" data-id=\"37f4b89\" data-element_type=\"widget\" data-e-type=\"widget\" data-widget_type=\"spacer.default\">\n\t\t\t\t\t\t\t<div class=\"elementor-spacer\">\n\t\t\t<div class=\"elementor-spacer-inner\"><\/div>\n\t\t<\/div>\n\t\t\t\t\t\t<\/div>\n\t\t\t\t<div class=\"elementor-element elementor-element-2cc8cff elementor-widget elementor-widget-image\" data-id=\"2cc8cff\" data-element_type=\"widget\" data-e-type=\"widget\" data-widget_type=\"image.default\">\n\t\t\t\t\t\t\t\t\t\t\t\t<figure class=\"wp-caption\">\n\t\t\t\t\t\t\t\t\t\t<img fetchpriority=\"high\" decoding=\"async\" width=\"1024\" height=\"682\" src=\"https:\/\/stiftung-forum-recht.de\/wp-content\/uploads\/2025\/04\/jail-4759939_1280-1024x682.jpg\" class=\"attachment-large size-large wp-image-33949\" alt=\"Ein Maschendrahtzaun vor blauem Himmel.\" srcset=\"https:\/\/stiftung-forum-recht.de\/wp-content\/uploads\/2025\/04\/jail-4759939_1280-1024x682.jpg 1024w, https:\/\/stiftung-forum-recht.de\/wp-content\/uploads\/2025\/04\/jail-4759939_1280-300x200.jpg 300w, https:\/\/stiftung-forum-recht.de\/wp-content\/uploads\/2025\/04\/jail-4759939_1280-768x512.jpg 768w, https:\/\/stiftung-forum-recht.de\/wp-content\/uploads\/2025\/04\/jail-4759939_1280-18x12.jpg 18w, https:\/\/stiftung-forum-recht.de\/wp-content\/uploads\/2025\/04\/jail-4759939_1280-930x620.jpg 930w, https:\/\/stiftung-forum-recht.de\/wp-content\/uploads\/2025\/04\/jail-4759939_1280.jpg 1280w\" sizes=\"(max-width: 1024px) 100vw, 1024px\" \/>\t\t\t\t\t\t\t\t\t\t\t<figcaption class=\"widget-image-caption wp-caption-text\">Foto: Till Voigt \/ Pixabay<\/figcaption>\n\t\t\t\t\t\t\t\t\t\t<\/figure>\n\t\t\t\t\t\t\t\t\t<\/div>\n\t\t\t\t<div class=\"elementor-element elementor-element-b9124b8 elementor-widget elementor-widget-heading\" data-id=\"b9124b8\" data-element_type=\"widget\" data-e-type=\"widget\" data-widget_type=\"heading.default\">\n\t\t\t\t\t<h5 class=\"elementor-heading-title elementor-size-default\">Besuch einer JVA in Hamburg, Vortr\u00e4ge &amp; Workshop<\/h5>\t\t\t\t<\/div>\n\t\t\t\t<div class=\"elementor-element elementor-element-e53bd8a elementor-widget elementor-widget-text-editor\" data-id=\"e53bd8a\" data-element_type=\"widget\" data-e-type=\"widget\" data-widget_type=\"text-editor.default\">\n\t\t\t\t\t\t\t\t\t<p><strong>Datum: <\/strong>Freitag, 26. Juni 2026<\/p><p><strong>Uhrzeit:<\/strong> ca. 08:45 bis 16:30 Uhr (\u00c4nderungen vorbehalten)<\/p><p><strong>Ort:<\/strong> Sozialtherapeutische Anstalt Hamburg (Fuhlsb\u00fcttel), Suhrenkamp 92, 22335 Hamburg<\/p><p><strong>Max. Teilnehmendenzahl:<\/strong> 23 Personen\u00a0<\/p><p><strong>Zielgruppe:<\/strong> Die eint\u00e4gige Fortbildung richtet sich an Multiplikator:innen aus dem Bildungsbereich (Schule, politische Bildungsarbeit, Volkshochschule, sonstige Bildungseinrichtungen), aus dem sozialen Bereich (z.B. ehrenamtliche Jugendleiter:innen; Sozialarbeiter:innen) sowie an Journalist:innen und weitere Personen mit fachlicher N\u00e4he zum Themenfeld (z.B. Sch\u00f6ff:innen).<\/p><p>Die Anmeldung war bis Montag, 15. Juni 2026 m\u00f6glich.<\/p><p><strong>Teilnahme:<\/strong> Die Teilnahme an der Fortbildung ist kostenfrei. Das Mittagessen ist jeweils selbst zu zahlen.<\/p>\t\t\t\t\t\t\t\t<\/div>\n\t\t\t\t<div class=\"elementor-element elementor-element-89134b9 elementor-widget elementor-widget-button\" data-id=\"89134b9\" data-element_type=\"widget\" data-e-type=\"widget\" data-widget_type=\"button.default\">\n\t\t\t\t\t\t\t\t\t\t<a class=\"elementor-button elementor-button-link elementor-size-sm\" href=\"https:\/\/stiftung-forum-recht.de\/news\/thementag-justizvollzug-hamburg\/\" target=\"_blank\">\n\t\t\t\t\t\t<span class=\"elementor-button-content-wrapper\">\n\t\t\t\t\t\t\t\t\t<span class=\"elementor-button-text\">Mehr Informationen<\/span>\n\t\t\t\t\t<\/span>\n\t\t\t\t\t<\/a>\n\t\t\t\t\t\t\t\t<\/div>\n\t\t\t\t\t<\/div>\n\t\t<\/div>\n\t\t\t\t<div class=\"elementor-column elementor-col-50 elementor-top-column elementor-element elementor-element-565951c elementor-hidden-widescreen elementor-hidden-desktop elementor-hidden-laptop elementor-hidden-tablet_extra elementor-hidden-tablet elementor-hidden-mobile\" data-id=\"565951c\" data-element_type=\"column\" data-e-type=\"column\">\n\t\t\t<div class=\"elementor-widget-wrap elementor-element-populated\">\n\t\t\t\t\t\t<div class=\"elementor-element elementor-element-44d7bfe elementor-widget elementor-widget-heading\" data-id=\"44d7bfe\" data-element_type=\"widget\" data-e-type=\"widget\" data-widget_type=\"heading.default\">\n\t\t\t\t\t<h2 class=\"elementor-heading-title elementor-size-default\">Fortbildung:<\/h2>\t\t\t\t<\/div>\n\t\t\t\t<div class=\"elementor-element elementor-element-5dffbf1 elementor-widget elementor-widget-heading\" data-id=\"5dffbf1\" data-element_type=\"widget\" data-e-type=\"widget\" data-widget_type=\"heading.default\">\n\t\t\t\t\t<h2 class=\"elementor-heading-title elementor-size-default\">Rechts(staats)vermittlung digital<\/h2>\t\t\t\t<\/div>\n\t\t\t\t<div class=\"elementor-element elementor-element-edbf96e elementor-widget elementor-widget-spacer\" data-id=\"edbf96e\" data-element_type=\"widget\" data-e-type=\"widget\" data-widget_type=\"spacer.default\">\n\t\t\t\t\t\t\t<div class=\"elementor-spacer\">\n\t\t\t<div class=\"elementor-spacer-inner\"><\/div>\n\t\t<\/div>\n\t\t\t\t\t\t<\/div>\n\t\t\t\t<div class=\"elementor-element elementor-element-99809e1 elementor-widget elementor-widget-image\" data-id=\"99809e1\" data-element_type=\"widget\" data-e-type=\"widget\" data-widget_type=\"image.default\">\n\t\t\t\t\t\t\t\t\t\t\t\t<figure class=\"wp-caption\">\n\t\t\t\t\t\t\t\t\t\t<img decoding=\"async\" width=\"1024\" height=\"683\" src=\"https:\/\/stiftung-forum-recht.de\/wp-content\/uploads\/2024\/12\/DSC04160-1024x683.jpg\" class=\"attachment-large size-large wp-image-30112\" alt=\"Szene aus einem Bildungsworkshop. Verschiedene Fotografien liegen auf grauem Boden in den R\u00e4umen der Stiftung Forum Recht. Darum herum stehen ein paar Teilnehmer:innen nachdenklich\" srcset=\"https:\/\/stiftung-forum-recht.de\/wp-content\/uploads\/2024\/12\/DSC04160-1024x683.jpg 1024w, https:\/\/stiftung-forum-recht.de\/wp-content\/uploads\/2024\/12\/DSC04160-300x200.jpg 300w, https:\/\/stiftung-forum-recht.de\/wp-content\/uploads\/2024\/12\/DSC04160-768x512.jpg 768w, https:\/\/stiftung-forum-recht.de\/wp-content\/uploads\/2024\/12\/DSC04160-1536x1024.jpg 1536w, https:\/\/stiftung-forum-recht.de\/wp-content\/uploads\/2024\/12\/DSC04160-2048x1365.jpg 2048w, https:\/\/stiftung-forum-recht.de\/wp-content\/uploads\/2024\/12\/DSC04160-18x12.jpg 18w, https:\/\/stiftung-forum-recht.de\/wp-content\/uploads\/2024\/12\/DSC04160-930x620.jpg 930w\" sizes=\"(max-width: 1024px) 100vw, 1024px\" \/>\t\t\t\t\t\t\t\t\t\t\t<figcaption class=\"widget-image-caption wp-caption-text\">Foto: Stiftung Forum Recht<\/figcaption>\n\t\t\t\t\t\t\t\t\t\t<\/figure>\n\t\t\t\t\t\t\t\t\t<\/div>\n\t\t\t\t<div class=\"elementor-element elementor-element-17bf910 elementor-widget elementor-widget-heading\" data-id=\"17bf910\" data-element_type=\"widget\" data-e-type=\"widget\" data-widget_type=\"heading.default\">\n\t\t\t\t\t<h5 class=\"elementor-heading-title elementor-size-default\">Materialien und Angebote der Stiftung Forum Recht<\/h5>\t\t\t\t<\/div>\n\t\t\t\t<div class=\"elementor-element elementor-element-27f36c8 elementor-widget elementor-widget-text-editor\" data-id=\"27f36c8\" data-element_type=\"widget\" data-e-type=\"widget\" data-widget_type=\"text-editor.default\">\n\t\t\t\t\t\t\t\t\t<p><strong>Datum:<\/strong> Mittwoch, 07. Oktober 2026<\/p><p><strong>Uhrzeit:<\/strong> Angaben folgen<\/p><p><strong>Ort:<\/strong> digital<\/p><p><strong>Max. Teilnehmendenzahl:<\/strong> wird bekannt gegeben<\/p><p><strong>Zielgruppe:<\/strong> Die Fortbildung richtet sich an Multiplikator:innen aus dem Bildungsbereich (Schule, politische Bildungsarbeit, Volkshochschule, sonstige Bildungseinrichtungen), aus dem sozialen Bereich (z.B. ehrenamtliche Jugendleiter:innen; Sozialarbeiter:innen) sowie an Journalist:innen und weitere Personen mit fachlicher N\u00e4he zum Themenfeld (z.B. Sch\u00f6ff:innen).<\/p><p><strong>Anmeldezeitraum:<\/strong> wird bekannt gegeben<\/p><p><strong>Teilnahme:<\/strong> Die Teilnahme an der Fortbildung ist kostenfrei.<\/p>\t\t\t\t\t\t\t\t<\/div>\n\t\t\t\t<div class=\"elementor-element elementor-element-c703157 elementor-hidden-widescreen elementor-hidden-desktop elementor-hidden-laptop elementor-hidden-tablet_extra elementor-hidden-tablet elementor-hidden-mobile elementor-widget elementor-widget-button\" data-id=\"c703157\" data-element_type=\"widget\" data-e-type=\"widget\" data-widget_type=\"button.default\">\n\t\t\t\t\t\t\t\t\t<\/div>\n\t\t\t\t\t<\/div>\n\t\t<\/div>\n\t\t\t\t\t<\/div>\n\t\t<\/section>\n\t\t\t\t<section data-particle_enable=\"false\" data-particle-mobile-disabled=\"false\" class=\"elementor-section elementor-top-section elementor-element elementor-element-031228d elementor-section-boxed elementor-section-height-default elementor-section-height-default\" data-id=\"031228d\" data-element_type=\"section\" data-e-type=\"section\">\n\t\t\t\t\t\t<div class=\"elementor-container elementor-column-gap-default\">\n\t\t\t\t\t<div class=\"elementor-column elementor-col-50 elementor-top-column elementor-element elementor-element-4c23cf0\" data-id=\"4c23cf0\" data-element_type=\"column\" data-e-type=\"column\">\n\t\t\t<div class=\"elementor-widget-wrap elementor-element-populated\">\n\t\t\t\t\t\t<div class=\"elementor-element elementor-element-c224fce elementor-widget elementor-widget-heading\" data-id=\"c224fce\" data-element_type=\"widget\" data-e-type=\"widget\" data-widget_type=\"heading.default\">\n\t\t\t\t\t<h2 class=\"elementor-heading-title elementor-size-default\">Thementag:<\/h2>\t\t\t\t<\/div>\n\t\t\t\t<div class=\"elementor-element elementor-element-b6e7ec8 elementor-widget elementor-widget-heading\" data-id=\"b6e7ec8\" data-element_type=\"widget\" data-e-type=\"widget\" data-widget_type=\"heading.default\">\n\t\t\t\t\t<h2 class=\"elementor-heading-title elementor-size-default\">Arbeitsrecht<\/h2>\t\t\t\t<\/div>\n\t\t\t\t<div class=\"elementor-element elementor-element-ba1ebd5 elementor-widget elementor-widget-spacer\" data-id=\"ba1ebd5\" data-element_type=\"widget\" data-e-type=\"widget\" data-widget_type=\"spacer.default\">\n\t\t\t\t\t\t\t<div class=\"elementor-spacer\">\n\t\t\t<div class=\"elementor-spacer-inner\"><\/div>\n\t\t<\/div>\n\t\t\t\t\t\t<\/div>\n\t\t\t\t<div class=\"elementor-element elementor-element-a418c09 elementor-widget elementor-widget-image\" data-id=\"a418c09\" data-element_type=\"widget\" data-e-type=\"widget\" data-widget_type=\"image.default\">\n\t\t\t\t\t\t\t\t\t\t\t\t<figure class=\"wp-caption\">\n\t\t\t\t\t\t\t\t\t\t<img decoding=\"async\" width=\"1024\" height=\"671\" src=\"https:\/\/stiftung-forum-recht.de\/wp-content\/uploads\/2026\/05\/bundesarbeitsgericht_presse_9-e1779373572639-1024x671.jpg\" class=\"attachment-large size-large wp-image-45448\" alt=\"Au\u00dfenansicht eines modernen Glasbaus in einer Parkanlage mit einer Wasserfl\u00e4che davor.\" srcset=\"https:\/\/stiftung-forum-recht.de\/wp-content\/uploads\/2026\/05\/bundesarbeitsgericht_presse_9-e1779373572639-1024x671.jpg 1024w, https:\/\/stiftung-forum-recht.de\/wp-content\/uploads\/2026\/05\/bundesarbeitsgericht_presse_9-e1779373572639-300x197.jpg 300w, https:\/\/stiftung-forum-recht.de\/wp-content\/uploads\/2026\/05\/bundesarbeitsgericht_presse_9-e1779373572639-768x503.jpg 768w, https:\/\/stiftung-forum-recht.de\/wp-content\/uploads\/2026\/05\/bundesarbeitsgericht_presse_9-e1779373572639-1536x1006.jpg 1536w, https:\/\/stiftung-forum-recht.de\/wp-content\/uploads\/2026\/05\/bundesarbeitsgericht_presse_9-e1779373572639-2048x1341.jpg 2048w, https:\/\/stiftung-forum-recht.de\/wp-content\/uploads\/2026\/05\/bundesarbeitsgericht_presse_9-e1779373572639-18x12.jpg 18w\" sizes=\"(max-width: 1024px) 100vw, 1024px\" \/>\t\t\t\t\t\t\t\t\t\t\t<figcaption class=\"widget-image-caption wp-caption-text\">Foto: BAG<\/figcaption>\n\t\t\t\t\t\t\t\t\t\t<\/figure>\n\t\t\t\t\t\t\t\t\t<\/div>\n\t\t\t\t<div class=\"elementor-element elementor-element-e71b69f elementor-widget elementor-widget-heading\" data-id=\"e71b69f\" data-element_type=\"widget\" data-e-type=\"widget\" data-widget_type=\"heading.default\">\n\t\t\t\t\t<h5 class=\"elementor-heading-title elementor-size-default\">Besuch des Bundesarbeitsgerichts, Vortr\u00e4ge &amp; Workshop<\/h5>\t\t\t\t<\/div>\n\t\t\t\t<div class=\"elementor-element elementor-element-7a5d487 elementor-widget elementor-widget-text-editor\" data-id=\"7a5d487\" data-element_type=\"widget\" data-e-type=\"widget\" data-widget_type=\"text-editor.default\">\n\t\t\t\t\t\t\t\t\t<p><strong>Datum:<\/strong> Freitag, 11. September 2026<\/p><p><strong>Uhrzeit:<\/strong> 08:45 bis 16:30 Uhr\u00a0<\/p><p><strong>Ort:<\/strong> Erfurt<\/p><p><strong>Max. Teilnehmendenzahl:<\/strong> 25 Personen\u00a0<\/p><p><strong>Zielgruppe:<\/strong> Die eint\u00e4gige Fortbildung richtet sich an Multiplikator:innen aus dem Bildungsbereich (Schule, politische Bildungsarbeit, Volkshochschule, sonstige Bildungseinrichtungen), aus dem sozialen Bereich (z.B. ehrenamtliche Jugendleiter:innen; Sozialarbeiter:innen) sowie an Journalist:innen und weitere Personen mit fachlicher N\u00e4he zum Themenfeld (z.B. Sch\u00f6ff:innen).<\/p><p>Die <strong>Anmeldung<\/strong> war bis zum 23. August 2026 m\u00f6glich.\u00a0<\/p><p><strong>Teilnahme:<\/strong> Die Teilnahme an der Fortbildung ist kostenfrei. Das Mittagessen ist jeweils selbst zu zahlen.<\/p>\t\t\t\t\t\t\t\t<\/div>\n\t\t\t\t<div class=\"elementor-element elementor-element-f57cb91 elementor-widget elementor-widget-button\" data-id=\"f57cb91\" data-element_type=\"widget\" data-e-type=\"widget\" data-widget_type=\"button.default\">\n\t\t\t\t\t\t\t\t\t\t<a class=\"elementor-button elementor-button-link elementor-size-sm\" href=\"https:\/\/stiftung-forum-recht.de\/news\/thementag-arbeitsrecht\/\">\n\t\t\t\t\t\t<span class=\"elementor-button-content-wrapper\">\n\t\t\t\t\t\t\t\t\t<span class=\"elementor-button-text\">Mehr Informationen<\/span>\n\t\t\t\t\t<\/span>\n\t\t\t\t\t<\/a>\n\t\t\t\t\t\t\t\t<\/div>\n\t\t\t\t\t<\/div>\n\t\t<\/div>\n\t\t\t\t<div class=\"elementor-column elementor-col-50 elementor-top-column elementor-element elementor-element-c1630d4\" data-id=\"c1630d4\" data-element_type=\"column\" data-e-type=\"column\">\n\t\t\t<div class=\"elementor-widget-wrap elementor-element-populated\">\n\t\t\t\t\t\t<div class=\"elementor-element elementor-element-6258395 elementor-widget elementor-widget-heading\" data-id=\"6258395\" data-element_type=\"widget\" data-e-type=\"widget\" data-widget_type=\"heading.default\">\n\t\t\t\t\t<h2 class=\"elementor-heading-title elementor-size-default\">Fortbildung:<\/h2>\t\t\t\t<\/div>\n\t\t\t\t<div class=\"elementor-element elementor-element-96f4d08 elementor-widget elementor-widget-heading\" data-id=\"96f4d08\" data-element_type=\"widget\" data-e-type=\"widget\" data-widget_type=\"heading.default\">\n\t\t\t\t\t<h2 class=\"elementor-heading-title elementor-size-default\">Rechts(staats)vermittlung digital<\/h2>\t\t\t\t<\/div>\n\t\t\t\t<div class=\"elementor-element elementor-element-f4530e8 elementor-widget elementor-widget-spacer\" data-id=\"f4530e8\" data-element_type=\"widget\" data-e-type=\"widget\" data-widget_type=\"spacer.default\">\n\t\t\t\t\t\t\t<div class=\"elementor-spacer\">\n\t\t\t<div class=\"elementor-spacer-inner\"><\/div>\n\t\t<\/div>\n\t\t\t\t\t\t<\/div>\n\t\t\t\t<div class=\"elementor-element elementor-element-c2cbd0d elementor-widget elementor-widget-image\" data-id=\"c2cbd0d\" data-element_type=\"widget\" data-e-type=\"widget\" data-widget_type=\"image.default\">\n\t\t\t\t\t\t\t\t\t\t\t\t<figure class=\"wp-caption\">\n\t\t\t\t\t\t\t\t\t\t<img decoding=\"async\" width=\"1024\" height=\"683\" src=\"https:\/\/stiftung-forum-recht.de\/wp-content\/uploads\/2024\/12\/DSC04160-1024x683.jpg\" class=\"attachment-large size-large wp-image-30112\" alt=\"Szene aus einem Bildungsworkshop. Verschiedene Fotografien liegen auf grauem Boden in den R\u00e4umen der Stiftung Forum Recht. Darum herum stehen ein paar Teilnehmer:innen nachdenklich\" srcset=\"https:\/\/stiftung-forum-recht.de\/wp-content\/uploads\/2024\/12\/DSC04160-1024x683.jpg 1024w, https:\/\/stiftung-forum-recht.de\/wp-content\/uploads\/2024\/12\/DSC04160-300x200.jpg 300w, https:\/\/stiftung-forum-recht.de\/wp-content\/uploads\/2024\/12\/DSC04160-768x512.jpg 768w, https:\/\/stiftung-forum-recht.de\/wp-content\/uploads\/2024\/12\/DSC04160-1536x1024.jpg 1536w, https:\/\/stiftung-forum-recht.de\/wp-content\/uploads\/2024\/12\/DSC04160-2048x1365.jpg 2048w, https:\/\/stiftung-forum-recht.de\/wp-content\/uploads\/2024\/12\/DSC04160-18x12.jpg 18w, https:\/\/stiftung-forum-recht.de\/wp-content\/uploads\/2024\/12\/DSC04160-930x620.jpg 930w\" sizes=\"(max-width: 1024px) 100vw, 1024px\" \/>\t\t\t\t\t\t\t\t\t\t\t<figcaption class=\"widget-image-caption wp-caption-text\">Foto: Stiftung Forum Recht<\/figcaption>\n\t\t\t\t\t\t\t\t\t\t<\/figure>\n\t\t\t\t\t\t\t\t\t<\/div>\n\t\t\t\t<div class=\"elementor-element elementor-element-5a3d70d elementor-widget elementor-widget-heading\" data-id=\"5a3d70d\" data-element_type=\"widget\" data-e-type=\"widget\" data-widget_type=\"heading.default\">\n\t\t\t\t\t<h5 class=\"elementor-heading-title elementor-size-default\">Materialien und Angebote der Stiftung Forum Recht<\/h5>\t\t\t\t<\/div>\n\t\t\t\t<div class=\"elementor-element elementor-element-2e3ae0c elementor-widget elementor-widget-text-editor\" data-id=\"2e3ae0c\" data-element_type=\"widget\" data-e-type=\"widget\" data-widget_type=\"text-editor.default\">\n\t\t\t\t\t\t\t\t\t<p><strong>Datum:<\/strong> Mittwoch, 07. Oktober 2026<\/p><p><strong>Uhrzeit:<\/strong> 16:00 bis 17:30 Uhr\u00a0<\/p><p><strong>Ort:<\/strong> digital<\/p><p><strong>Zielgruppe:<\/strong> Die Fortbildung richtet sich an Multiplikator:innen aus dem Bildungsbereich (Schule, politische Bildungsarbeit, Volkshochschule, sonstige Bildungseinrichtungen), aus dem sozialen Bereich (z.B. ehrenamtliche Jugendleiter:innen; Sozialarbeiter:innen) sowie an Journalist:innen und weitere Personen mit fachlicher N\u00e4he zum Themenfeld (z.B. Sch\u00f6ff:innen).<\/p><p><strong>Anmeldezeitraum:<\/strong>\u00a001. September bis 07. Oktober<\/p><p><strong>Teilnahme:<\/strong> Die Teilnahme an der Fortbildung ist kostenfrei und die Teilnehmendenzahl ist nicht begrenzt.<\/p>\t\t\t\t\t\t\t\t<\/div>\n\t\t\t\t<div class=\"elementor-element elementor-element-d69c45f elementor-widget elementor-widget-button\" data-id=\"d69c45f\" data-element_type=\"widget\" data-e-type=\"widget\" data-widget_type=\"button.default\">\n\t\t\t\t\t\t\t\t\t\t<a class=\"elementor-button elementor-button-link elementor-size-sm\" href=\"https:\/\/stiftung-forum-recht.de\/news\/vermittlung\/fortbildung-rechtsstaatsvermittlung-digital-im-ueberlick\/\">\n\t\t\t\t\t\t<span class=\"elementor-button-content-wrapper\">\n\t\t\t\t\t\t\t\t\t<span class=\"elementor-button-text\">Mehr Informationen &amp; Anmeldung<\/span>\n\t\t\t\t\t<\/span>\n\t\t\t\t\t<\/a>\n\t\t\t\t\t\t\t\t<\/div>\n\t\t\t\t\t<\/div>\n\t\t<\/div>\n\t\t\t\t\t<\/div>\n\t\t<\/section>\n\t\t\t\t<section data-particle_enable=\"false\" data-particle-mobile-disabled=\"false\" class=\"elementor-section elementor-top-section elementor-element elementor-element-85db182 elementor-section-boxed elementor-section-height-default elementor-section-height-default\" data-id=\"85db182\" data-element_type=\"section\" data-e-type=\"section\">\n\t\t\t\t\t\t<div class=\"elementor-container elementor-column-gap-default\">\n\t\t\t\t\t<div class=\"elementor-column elementor-col-100 elementor-top-column elementor-element elementor-element-5227715\" data-id=\"5227715\" data-element_type=\"column\" data-e-type=\"column\">\n\t\t\t<div class=\"elementor-widget-wrap elementor-element-populated\">\n\t\t\t\t\t\t<div class=\"elementor-element elementor-element-cc46660 elementor-widget-divider--view-line elementor-widget elementor-widget-divider\" data-id=\"cc46660\" data-element_type=\"widget\" data-e-type=\"widget\" data-widget_type=\"divider.default\">\n\t\t\t\t\t\t\t<div class=\"elementor-divider\">\n\t\t\t<span class=\"elementor-divider-separator\">\n\t\t\t\t\t\t<\/span>\n\t\t<\/div>\n\t\t\t\t\t\t<\/div>\n\t\t\t\t<div class=\"elementor-element elementor-element-b03e745 elementor-widget elementor-widget-spacer\" data-id=\"b03e745\" data-element_type=\"widget\" data-e-type=\"widget\" data-widget_type=\"spacer.default\">\n\t\t\t\t\t\t\t<div class=\"elementor-spacer\">\n\t\t\t<div class=\"elementor-spacer-inner\"><\/div>\n\t\t<\/div>\n\t\t\t\t\t\t<\/div>\n\t\t\t\t\t<\/div>\n\t\t<\/div>\n\t\t\t\t\t<\/div>\n\t\t<\/section>\n\t\t\t\t<section data-particle_enable=\"false\" data-particle-mobile-disabled=\"false\" class=\"elementor-section elementor-top-section elementor-element elementor-element-1d6b3b2 elementor-section-boxed elementor-section-height-default elementor-section-height-default\" data-id=\"1d6b3b2\" data-element_type=\"section\" data-e-type=\"section\">\n\t\t\t\t\t\t<div class=\"elementor-container elementor-column-gap-default\">\n\t\t\t\t\t<div class=\"elementor-column elementor-col-50 elementor-top-column elementor-element elementor-element-a673456\" data-id=\"a673456\" data-element_type=\"column\" data-e-type=\"column\">\n\t\t\t<div class=\"elementor-widget-wrap elementor-element-populated\">\n\t\t\t\t\t\t<div class=\"elementor-element elementor-element-b54606e elementor-widget elementor-widget-menu-anchor\" data-id=\"b54606e\" data-element_type=\"widget\" data-e-type=\"widget\" data-widget_type=\"menu-anchor.default\">\n\t\t\t\t\t\t\t<div class=\"elementor-menu-anchor\" id=\"studienreise\"><\/div>\n\t\t\t\t\t\t<\/div>\n\t\t\t\t<div class=\"elementor-element elementor-element-5ce1815 elementor-widget elementor-widget-heading\" data-id=\"5ce1815\" data-element_type=\"widget\" data-e-type=\"widget\" data-widget_type=\"heading.default\">\n\t\t\t\t\t<h2 class=\"elementor-heading-title elementor-size-default\">Studienreise \u201eInternationales<\/h2>\t\t\t\t<\/div>\n\t\t\t\t<div class=\"elementor-element elementor-element-3418616 elementor-widget elementor-widget-heading\" data-id=\"3418616\" data-element_type=\"widget\" data-e-type=\"widget\" data-widget_type=\"heading.default\">\n\t\t\t\t\t<h2 class=\"elementor-heading-title elementor-size-default\"> und europ\u00e4isches Recht\u201c<\/h2>\t\t\t\t<\/div>\n\t\t\t\t<div class=\"elementor-element elementor-element-dd05143 elementor-widget elementor-widget-spacer\" data-id=\"dd05143\" data-element_type=\"widget\" data-e-type=\"widget\" data-widget_type=\"spacer.default\">\n\t\t\t\t\t\t\t<div class=\"elementor-spacer\">\n\t\t\t<div class=\"elementor-spacer-inner\"><\/div>\n\t\t<\/div>\n\t\t\t\t\t\t<\/div>\n\t\t\t\t<div class=\"elementor-element elementor-element-6e1da19 elementor-widget elementor-widget-image\" data-id=\"6e1da19\" data-element_type=\"widget\" data-e-type=\"widget\" data-widget_type=\"image.default\">\n\t\t\t\t\t\t\t\t\t\t\t\t<figure class=\"wp-caption\">\n\t\t\t\t\t\t\t\t\t\t<img loading=\"lazy\" decoding=\"async\" width=\"1024\" height=\"683\" src=\"https:\/\/stiftung-forum-recht.de\/wp-content\/uploads\/2025\/06\/2025_03_28_Thementag_Menschenrechtsschutz_Europa_Strassburg_SFR-79-1024x683.jpg\" class=\"attachment-large size-large wp-image-37510\" alt=\"Menschengruppe wartet im \u00f6ffentlichen Raum\" srcset=\"https:\/\/stiftung-forum-recht.de\/wp-content\/uploads\/2025\/06\/2025_03_28_Thementag_Menschenrechtsschutz_Europa_Strassburg_SFR-79-1024x683.jpg 1024w, https:\/\/stiftung-forum-recht.de\/wp-content\/uploads\/2025\/06\/2025_03_28_Thementag_Menschenrechtsschutz_Europa_Strassburg_SFR-79-300x200.jpg 300w, https:\/\/stiftung-forum-recht.de\/wp-content\/uploads\/2025\/06\/2025_03_28_Thementag_Menschenrechtsschutz_Europa_Strassburg_SFR-79-768x512.jpg 768w, https:\/\/stiftung-forum-recht.de\/wp-content\/uploads\/2025\/06\/2025_03_28_Thementag_Menschenrechtsschutz_Europa_Strassburg_SFR-79-1536x1024.jpg 1536w, https:\/\/stiftung-forum-recht.de\/wp-content\/uploads\/2025\/06\/2025_03_28_Thementag_Menschenrechtsschutz_Europa_Strassburg_SFR-79-2048x1365.jpg 2048w, https:\/\/stiftung-forum-recht.de\/wp-content\/uploads\/2025\/06\/2025_03_28_Thementag_Menschenrechtsschutz_Europa_Strassburg_SFR-79-18x12.jpg 18w, https:\/\/stiftung-forum-recht.de\/wp-content\/uploads\/2025\/06\/2025_03_28_Thementag_Menschenrechtsschutz_Europa_Strassburg_SFR-79-930x620.jpg 930w\" sizes=\"(max-width: 1024px) 100vw, 1024px\" \/>\t\t\t\t\t\t\t\t\t\t\t<figcaption class=\"widget-image-caption wp-caption-text\">Foto: Stiftung Forum Recht<\/figcaption>\n\t\t\t\t\t\t\t\t\t\t<\/figure>\n\t\t\t\t\t\t\t\t\t<\/div>\n\t\t\t\t<div class=\"elementor-element elementor-element-5c6011b elementor-widget elementor-widget-heading\" data-id=\"5c6011b\" data-element_type=\"widget\" data-e-type=\"widget\" data-widget_type=\"heading.default\">\n\t\t\t\t\t<h5 class=\"elementor-heading-title elementor-size-default\">Fortbildung mit Stationen in Karlsruhe, Stra\u00dfburg, Luxemburg, Br\u00fcssel und Den Haag<\/h5>\t\t\t\t<\/div>\n\t\t\t\t<div class=\"elementor-element elementor-element-2c0b4a8 elementor-widget elementor-widget-text-editor\" data-id=\"2c0b4a8\" data-element_type=\"widget\" data-e-type=\"widget\" data-widget_type=\"text-editor.default\">\n\t\t\t\t\t\t\t\t\t<p><strong>Datum:<\/strong> Samstag, 17. Oktober bis Sonntag, 25. Oktober 2026<\/p><p><strong>Ort:<\/strong> Karlsruhe, Stra\u00dfburg, Luxemburg, Br\u00fcssel und Den Haag<\/p><p><strong>Zielgruppe: <\/strong>Die neunt\u00e4gige Studienreise richtet sich Die Fortbildung richtet sich an Multiplikator:innen aus dem Bildungsbereich (Schule, politische Bildungsarbeit, VHS, sonstige Bildungseinrichtungen), aus dem sozialen Bereich (z.B. ehrenamtliche Jugendleiter:innen, Sozialarbeiter:innen) sowie an Medienschaffende, Entscheidungstr\u00e4ger:innen, (Kommunal-)Politiker:innen und fachlich interessierte Personen (z.B. Sch\u00f6ff:innen).\u00a0<\/p><p>Eine <strong>Bewerbung <\/strong>um die Teilnahme war bis zum 09. August 2026 m\u00f6glich.\u00a0<\/p><p><strong>Max. Teilnehmendenzahl:<\/strong> Die Teilnehmendenzahl ist auf 25 Personen begrenzt.<\/p><p><strong>Teilnahme:<\/strong> Die Teilnahme ist bezuschusst, es f\u00e4llt ein Eigenbeitrag von voraussichtlich ca. 450,00 \u20ac (im geteilten Zweibettzimmer) an. Die Reise beginnt in Karlsruhe und endet in Den Haag.<\/p>\t\t\t\t\t\t\t\t<\/div>\n\t\t\t\t<div class=\"elementor-element elementor-element-11e7106 elementor-widget elementor-widget-button\" data-id=\"11e7106\" data-element_type=\"widget\" data-e-type=\"widget\" data-widget_type=\"button.default\">\n\t\t\t\t\t\t\t\t\t\t<a class=\"elementor-button elementor-button-link elementor-size-sm\" href=\"https:\/\/stiftung-forum-recht.de\/unkategorisiert\/anmeldestart-fuer-die-studienreise-2026\/\">\n\t\t\t\t\t\t<span class=\"elementor-button-content-wrapper\">\n\t\t\t\t\t\t\t\t\t<span class=\"elementor-button-text\">Mehr Informationen<\/span>\n\t\t\t\t\t<\/span>\n\t\t\t\t\t<\/a>\n\t\t\t\t\t\t\t\t<\/div>\n\t\t\t\t\t<\/div>\n\t\t<\/div>\n\t\t\t\t<div class=\"elementor-column elementor-col-50 elementor-top-column elementor-element elementor-element-10d95cd\" data-id=\"10d95cd\" data-element_type=\"column\" data-e-type=\"column\">\n\t\t\t<div class=\"elementor-widget-wrap elementor-element-populated\">\n\t\t\t\t\t\t<div class=\"elementor-element elementor-element-ef2ce80 elementor-widget elementor-widget-heading\" data-id=\"ef2ce80\" data-element_type=\"widget\" data-e-type=\"widget\" data-widget_type=\"heading.default\">\n\t\t\t\t\t<h2 class=\"elementor-heading-title elementor-size-default\">Bundesforum<\/h2>\t\t\t\t<\/div>\n\t\t\t\t<div class=\"elementor-element elementor-element-bec5f9c elementor-widget elementor-widget-heading\" data-id=\"bec5f9c\" data-element_type=\"widget\" data-e-type=\"widget\" data-widget_type=\"heading.default\">\n\t\t\t\t\t<h2 class=\"elementor-heading-title elementor-size-default\">Rechts- und Rechtsstaatsvermittlung <\/h2>\t\t\t\t<\/div>\n\t\t\t\t<div class=\"elementor-element elementor-element-304e284 elementor-widget elementor-widget-spacer\" data-id=\"304e284\" data-element_type=\"widget\" data-e-type=\"widget\" data-widget_type=\"spacer.default\">\n\t\t\t\t\t\t\t<div class=\"elementor-spacer\">\n\t\t\t<div class=\"elementor-spacer-inner\"><\/div>\n\t\t<\/div>\n\t\t\t\t\t\t<\/div>\n\t\t\t\t<div class=\"elementor-element elementor-element-cd44f28 elementor-widget elementor-widget-image\" data-id=\"cd44f28\" data-element_type=\"widget\" data-e-type=\"widget\" data-widget_type=\"image.default\">\n\t\t\t\t\t\t\t\t\t\t\t\t<figure class=\"wp-caption\">\n\t\t\t\t\t\t\t\t\t\t<img loading=\"lazy\" decoding=\"async\" width=\"1024\" height=\"683\" src=\"https:\/\/stiftung-forum-recht.de\/wp-content\/uploads\/2024\/05\/2023_06_02_PK_Stiftung_Forum_Recht_Foto_StiftunForumRecht-9-1024x683.jpg\" class=\"attachment-large size-large wp-image-23702\" alt=\"Zwei Mini-Grundgesetze, Kekse und vier Notizbl\u00f6cke der Stiftung Forum Recht liegen auf einem Stehtisch, der im Raum steht.\" srcset=\"https:\/\/stiftung-forum-recht.de\/wp-content\/uploads\/2024\/05\/2023_06_02_PK_Stiftung_Forum_Recht_Foto_StiftunForumRecht-9-1024x683.jpg 1024w, https:\/\/stiftung-forum-recht.de\/wp-content\/uploads\/2024\/05\/2023_06_02_PK_Stiftung_Forum_Recht_Foto_StiftunForumRecht-9-300x200.jpg 300w, https:\/\/stiftung-forum-recht.de\/wp-content\/uploads\/2024\/05\/2023_06_02_PK_Stiftung_Forum_Recht_Foto_StiftunForumRecht-9-768x512.jpg 768w, https:\/\/stiftung-forum-recht.de\/wp-content\/uploads\/2024\/05\/2023_06_02_PK_Stiftung_Forum_Recht_Foto_StiftunForumRecht-9-1536x1024.jpg 1536w, https:\/\/stiftung-forum-recht.de\/wp-content\/uploads\/2024\/05\/2023_06_02_PK_Stiftung_Forum_Recht_Foto_StiftunForumRecht-9-2048x1365.jpg 2048w, https:\/\/stiftung-forum-recht.de\/wp-content\/uploads\/2024\/05\/2023_06_02_PK_Stiftung_Forum_Recht_Foto_StiftunForumRecht-9-930x620.jpg 930w\" sizes=\"(max-width: 1024px) 100vw, 1024px\" \/>\t\t\t\t\t\t\t\t\t\t\t<figcaption class=\"widget-image-caption wp-caption-text\">Foto: Stiftung Forum Recht<\/figcaption>\n\t\t\t\t\t\t\t\t\t\t<\/figure>\n\t\t\t\t\t\t\t\t\t<\/div>\n\t\t\t\t<div class=\"elementor-element elementor-element-c04c5a8 elementor-widget elementor-widget-heading\" data-id=\"c04c5a8\" data-element_type=\"widget\" data-e-type=\"widget\" data-widget_type=\"heading.default\">\n\t\t\t\t\t<h5 class=\"elementor-heading-title elementor-size-default\">Perspektiven Verbinden. Wissen teilen. <\/h5>\t\t\t\t<\/div>\n\t\t\t\t<div class=\"elementor-element elementor-element-f36681f elementor-widget elementor-widget-text-editor\" data-id=\"f36681f\" data-element_type=\"widget\" data-e-type=\"widget\" data-widget_type=\"text-editor.default\">\n\t\t\t\t\t\t\t\t\t<p><strong>Datum:<\/strong> Freitag, 27.\u00a0 und Samstag, 28. November 2026<\/p><p><strong>Uhrzeit:<\/strong> Angaben folgen<\/p><p><strong>Ort:<\/strong> Hochschule f\u00fcr Technik, Wirtschaft und Kultur, Leipzig, Trefftz-Bau, Gustav-Freytag-Stra\u00dfe 43-45, 04277 Leipzig<\/p><p><strong>Zielgruppe:<\/strong> Jurist:innen aus der gesamten Rechtspflege sowie professionelle Vermittler:innen aus der politischen Bildung, Schulen, der Sozialen Arbeit und der Forschung<\/p><p>Interessierte sind herzlich eingeladen, sich mit eigenen Workshop-Ideen einzubringen. Die offizielle Anmeldung f\u00fcr Teilnehmende startet hier am <strong>01. Juni 2026<\/strong>.\u00a0<\/p><p>F\u00fcr das Bundesforum vergibt unser\u00a0<a href=\"https:\/\/forum-recht-foerderverein.de\/\">F\u00f6rderverein FORUM RECHT e.V.<\/a>\u00a0sechs Stipendien. Eine Bewerbung ist \u00fcber das <a href=\"https:\/\/stiftung-forum-recht.de\/unkategorisiert\/bundesforum-2026-anmeldung\/\">Anmeldeformular zum Bundesforum<\/a> m\u00f6glich. Wir danken unserem F\u00f6rderverein f\u00fcr die Unterst\u00fctzung!<\/p>\t\t\t\t\t\t\t\t<\/div>\n\t\t\t\t<div class=\"elementor-element elementor-element-6fda3fb elementor-widget elementor-widget-button\" data-id=\"6fda3fb\" data-element_type=\"widget\" data-e-type=\"widget\" data-widget_type=\"button.default\">\n\t\t\t\t\t\t\t\t\t\t<a class=\"elementor-button elementor-button-link elementor-size-sm\" href=\"https:\/\/stiftung-forum-recht.de\/news\/vermittlung\/bundesforum-2026-cfc\/\" target=\"_blank\">\n\t\t\t\t\t\t<span class=\"elementor-button-content-wrapper\">\n\t\t\t\t\t\t\t\t\t<span class=\"elementor-button-text\">Call for Contributions bis 28. Juni 2026<\/span>\n\t\t\t\t\t<\/span>\n\t\t\t\t\t<\/a>\n\t\t\t\t\t\t\t\t<\/div>\n\t\t\t\t<div class=\"elementor-element elementor-element-4a14dca elementor-widget elementor-widget-spacer\" data-id=\"4a14dca\" data-element_type=\"widget\" data-e-type=\"widget\" data-widget_type=\"spacer.default\">\n\t\t\t\t\t\t\t<div class=\"elementor-spacer\">\n\t\t\t<div class=\"elementor-spacer-inner\"><\/div>\n\t\t<\/div>\n\t\t\t\t\t\t<\/div>\n\t\t\t\t<div class=\"elementor-element elementor-element-94248d7 elementor-widget elementor-widget-button\" data-id=\"94248d7\" data-element_type=\"widget\" data-e-type=\"widget\" data-widget_type=\"button.default\">\n\t\t\t\t\t\t\t\t\t\t<a class=\"elementor-button elementor-button-link elementor-size-sm\" href=\"https:\/\/stiftung-forum-recht.de\/news\/bundesforum-2026\/\" target=\"_blank\">\n\t\t\t\t\t\t<span class=\"elementor-button-content-wrapper\">\n\t\t\t\t\t\t\t\t\t<span class=\"elementor-button-text\">Informationen zum Programm<\/span>\n\t\t\t\t\t<\/span>\n\t\t\t\t\t<\/a>\n\t\t\t\t\t\t\t\t<\/div>\n\t\t\t\t\t<\/div>\n\t\t<\/div>\n\t\t\t\t\t<\/div>\n\t\t<\/section>\n\t\t\t\t<section data-particle_enable=\"false\" data-particle-mobile-disabled=\"false\" class=\"elementor-section elementor-top-section elementor-element elementor-element-cbf3d64 elementor-section-boxed elementor-section-height-default elementor-section-height-default\" data-id=\"cbf3d64\" data-element_type=\"section\" data-e-type=\"section\">\n\t\t\t\t\t\t<div class=\"elementor-container elementor-column-gap-default\">\n\t\t\t\t\t<div class=\"elementor-column elementor-col-100 elementor-top-column elementor-element elementor-element-a8dd1e4\" data-id=\"a8dd1e4\" data-element_type=\"column\" data-e-type=\"column\">\n\t\t\t<div class=\"elementor-widget-wrap elementor-element-populated\">\n\t\t\t\t\t\t<div class=\"elementor-element elementor-element-4d0c56e elementor-widget-divider--view-line elementor-widget elementor-widget-divider\" data-id=\"4d0c56e\" data-element_type=\"widget\" data-e-type=\"widget\" data-widget_type=\"divider.default\">\n\t\t\t\t\t\t\t<div class=\"elementor-divider\">\n\t\t\t<span class=\"elementor-divider-separator\">\n\t\t\t\t\t\t<\/span>\n\t\t<\/div>\n\t\t\t\t\t\t<\/div>\n\t\t\t\t<div class=\"elementor-element elementor-element-9a7c1fe elementor-widget elementor-widget-spacer\" data-id=\"9a7c1fe\" data-element_type=\"widget\" data-e-type=\"widget\" data-widget_type=\"spacer.default\">\n\t\t\t\t\t\t\t<div class=\"elementor-spacer\">\n\t\t\t<div class=\"elementor-spacer-inner\"><\/div>\n\t\t<\/div>\n\t\t\t\t\t\t<\/div>\n\t\t\t\t\t<\/div>\n\t\t<\/div>\n\t\t\t\t\t<\/div>\n\t\t<\/section>\n\t\t\t\t<section data-particle_enable=\"false\" data-particle-mobile-disabled=\"false\" class=\"elementor-section elementor-top-section elementor-element elementor-element-a258ebc elementor-section-boxed elementor-section-height-default elementor-section-height-default\" data-id=\"a258ebc\" data-element_type=\"section\" data-e-type=\"section\">\n\t\t\t\t\t\t<div class=\"elementor-container elementor-column-gap-default\">\n\t\t\t\t\t<div class=\"elementor-column elementor-col-50 elementor-top-column elementor-element elementor-element-560dd38 elementor-hidden-widescreen elementor-hidden-desktop elementor-hidden-laptop elementor-hidden-tablet_extra elementor-hidden-tablet elementor-hidden-mobile\" data-id=\"560dd38\" data-element_type=\"column\" data-e-type=\"column\">\n\t\t\t<div class=\"elementor-widget-wrap elementor-element-populated\">\n\t\t\t\t\t\t<div class=\"elementor-element elementor-element-c70e8f8 elementor-widget elementor-widget-menu-anchor\" data-id=\"c70e8f8\" data-element_type=\"widget\" data-e-type=\"widget\" data-widget_type=\"menu-anchor.default\">\n\t\t\t\t\t\t\t<div class=\"elementor-menu-anchor\" id=\"bundesforum\"><\/div>\n\t\t\t\t\t\t<\/div>\n\t\t\t\t<div class=\"elementor-element elementor-element-19a66d4 elementor-widget elementor-widget-heading\" data-id=\"19a66d4\" data-element_type=\"widget\" data-e-type=\"widget\" data-widget_type=\"heading.default\">\n\t\t\t\t\t<h2 class=\"elementor-heading-title elementor-size-default\">Bundesforum<\/h2>\t\t\t\t<\/div>\n\t\t\t\t<div class=\"elementor-element elementor-element-cad2cbf elementor-widget elementor-widget-heading\" data-id=\"cad2cbf\" data-element_type=\"widget\" data-e-type=\"widget\" data-widget_type=\"heading.default\">\n\t\t\t\t\t<h2 class=\"elementor-heading-title elementor-size-default\">Rechts- und Rechtsstaatsvermittlung <\/h2>\t\t\t\t<\/div>\n\t\t\t\t<div class=\"elementor-element elementor-element-0b8dffd elementor-widget elementor-widget-spacer\" data-id=\"0b8dffd\" data-element_type=\"widget\" data-e-type=\"widget\" data-widget_type=\"spacer.default\">\n\t\t\t\t\t\t\t<div class=\"elementor-spacer\">\n\t\t\t<div class=\"elementor-spacer-inner\"><\/div>\n\t\t<\/div>\n\t\t\t\t\t\t<\/div>\n\t\t\t\t<div class=\"elementor-element elementor-element-54e59de elementor-widget elementor-widget-image\" data-id=\"54e59de\" data-element_type=\"widget\" data-e-type=\"widget\" data-widget_type=\"image.default\">\n\t\t\t\t\t\t\t\t\t\t\t\t<figure class=\"wp-caption\">\n\t\t\t\t\t\t\t\t\t\t<img loading=\"lazy\" decoding=\"async\" width=\"1024\" height=\"683\" src=\"https:\/\/stiftung-forum-recht.de\/wp-content\/uploads\/2024\/05\/2023_06_02_PK_Stiftung_Forum_Recht_Foto_StiftunForumRecht-9-1024x683.jpg\" class=\"attachment-large size-large wp-image-23702\" alt=\"Zwei Mini-Grundgesetze, Kekse und vier Notizbl\u00f6cke der Stiftung Forum Recht liegen auf einem Stehtisch, der im Raum steht.\" srcset=\"https:\/\/stiftung-forum-recht.de\/wp-content\/uploads\/2024\/05\/2023_06_02_PK_Stiftung_Forum_Recht_Foto_StiftunForumRecht-9-1024x683.jpg 1024w, https:\/\/stiftung-forum-recht.de\/wp-content\/uploads\/2024\/05\/2023_06_02_PK_Stiftung_Forum_Recht_Foto_StiftunForumRecht-9-300x200.jpg 300w, https:\/\/stiftung-forum-recht.de\/wp-content\/uploads\/2024\/05\/2023_06_02_PK_Stiftung_Forum_Recht_Foto_StiftunForumRecht-9-768x512.jpg 768w, https:\/\/stiftung-forum-recht.de\/wp-content\/uploads\/2024\/05\/2023_06_02_PK_Stiftung_Forum_Recht_Foto_StiftunForumRecht-9-1536x1024.jpg 1536w, https:\/\/stiftung-forum-recht.de\/wp-content\/uploads\/2024\/05\/2023_06_02_PK_Stiftung_Forum_Recht_Foto_StiftunForumRecht-9-2048x1365.jpg 2048w, https:\/\/stiftung-forum-recht.de\/wp-content\/uploads\/2024\/05\/2023_06_02_PK_Stiftung_Forum_Recht_Foto_StiftunForumRecht-9-930x620.jpg 930w\" sizes=\"(max-width: 1024px) 100vw, 1024px\" \/>\t\t\t\t\t\t\t\t\t\t\t<figcaption class=\"widget-image-caption wp-caption-text\">Foto: Stiftung Forum Recht<\/figcaption>\n\t\t\t\t\t\t\t\t\t\t<\/figure>\n\t\t\t\t\t\t\t\t\t<\/div>\n\t\t\t\t<div class=\"elementor-element elementor-element-19bc051 elementor-widget elementor-widget-heading\" data-id=\"19bc051\" data-element_type=\"widget\" data-e-type=\"widget\" data-widget_type=\"heading.default\">\n\t\t\t\t\t<h5 class=\"elementor-heading-title elementor-size-default\">Perspektiven Verbinden. Wissen teilen. <\/h5>\t\t\t\t<\/div>\n\t\t\t\t<div class=\"elementor-element elementor-element-be0109a elementor-widget elementor-widget-text-editor\" data-id=\"be0109a\" data-element_type=\"widget\" data-e-type=\"widget\" data-widget_type=\"text-editor.default\">\n\t\t\t\t\t\t\t\t\t<p><strong>Datum:<\/strong> 27.\u00a0 und 28. November 2026<\/p><p><strong>Uhrzeit:<\/strong> Angaben folgen<\/p><p><strong>Ort:<\/strong> HTWK Leipzig<\/p><p><strong>Zielgruppe:<\/strong> Jurist:innen aus der gesamten Rechtspflege sowie professionelle Vermittler:innen aus der politischen Bildung, Schulen, der Sozialen Arbeit und der Forschung<\/p><p>Interessierte sind herzlich eingeladen, sich mit eigenen Workshop-Ideen einzubringen. Den Call for Contributions sowie weitere Informationen finden Sie in K\u00fcrze auf der Webseite zur Konferenz.<\/p>\t\t\t\t\t\t\t\t<\/div>\n\t\t\t\t<div class=\"elementor-element elementor-element-8828354 elementor-hidden-widescreen elementor-hidden-desktop elementor-hidden-laptop elementor-hidden-tablet_extra elementor-hidden-tablet elementor-hidden-mobile elementor-widget elementor-widget-button\" data-id=\"8828354\" data-element_type=\"widget\" data-e-type=\"widget\" data-widget_type=\"button.default\">\n\t\t\t\t\t\t\t\t\t<\/div>\n\t\t\t\t\t<\/div>\n\t\t<\/div>\n\t\t\t\t<div class=\"elementor-column elementor-col-50 elementor-top-column elementor-element elementor-element-5531cfe elementor-hidden-widescreen elementor-hidden-desktop elementor-hidden-laptop elementor-hidden-tablet_extra elementor-hidden-tablet elementor-hidden-mobile\" data-id=\"5531cfe\" data-element_type=\"column\" data-e-type=\"column\">\n\t\t\t<div class=\"elementor-widget-wrap elementor-element-populated\">\n\t\t\t\t\t\t<div class=\"elementor-element elementor-element-b63fc5f elementor-widget elementor-widget-heading\" data-id=\"b63fc5f\" data-element_type=\"widget\" data-e-type=\"widget\" data-widget_type=\"heading.default\">\n\t\t\t\t\t<h2 class=\"elementor-heading-title elementor-size-default\">Ein Thementag<\/h2>\t\t\t\t<\/div>\n\t\t\t\t<div class=\"elementor-element elementor-element-49efe24 elementor-widget elementor-widget-heading\" data-id=\"49efe24\" data-element_type=\"widget\" data-e-type=\"widget\" data-widget_type=\"heading.default\">\n\t\t\t\t\t<h2 class=\"elementor-heading-title elementor-size-default\">in Nordrhein-Westfalen<\/h2>\t\t\t\t<\/div>\n\t\t\t\t<div class=\"elementor-element elementor-element-7e6e881 elementor-widget elementor-widget-spacer\" data-id=\"7e6e881\" data-element_type=\"widget\" data-e-type=\"widget\" data-widget_type=\"spacer.default\">\n\t\t\t\t\t\t\t<div class=\"elementor-spacer\">\n\t\t\t<div class=\"elementor-spacer-inner\"><\/div>\n\t\t<\/div>\n\t\t\t\t\t\t<\/div>\n\t\t\t\t<div class=\"elementor-element elementor-element-9813053 elementor-widget elementor-widget-image\" data-id=\"9813053\" data-element_type=\"widget\" data-e-type=\"widget\" data-widget_type=\"image.default\">\n\t\t\t\t\t\t\t\t\t\t\t\t<figure class=\"wp-caption\">\n\t\t\t\t\t\t\t\t\t\t<img loading=\"lazy\" decoding=\"async\" width=\"1024\" height=\"683\" src=\"https:\/\/stiftung-forum-recht.de\/wp-content\/uploads\/2026\/02\/2024_07_17_Junge-Verfassungsgespraeche_Workshop_Mike-Abmaier-51-2-1024x683.jpg\" class=\"attachment-large size-large wp-image-41311\" alt=\"Eine junge Mitarbeiterin der Stiftung h\u00e4lt ein kleines Grundgesetz in der Hand und erl\u00e4utert dessen Aspekte.\" srcset=\"https:\/\/stiftung-forum-recht.de\/wp-content\/uploads\/2026\/02\/2024_07_17_Junge-Verfassungsgespraeche_Workshop_Mike-Abmaier-51-2-1024x683.jpg 1024w, https:\/\/stiftung-forum-recht.de\/wp-content\/uploads\/2026\/02\/2024_07_17_Junge-Verfassungsgespraeche_Workshop_Mike-Abmaier-51-2-300x200.jpg 300w, https:\/\/stiftung-forum-recht.de\/wp-content\/uploads\/2026\/02\/2024_07_17_Junge-Verfassungsgespraeche_Workshop_Mike-Abmaier-51-2-768x513.jpg 768w, https:\/\/stiftung-forum-recht.de\/wp-content\/uploads\/2026\/02\/2024_07_17_Junge-Verfassungsgespraeche_Workshop_Mike-Abmaier-51-2-1536x1025.jpg 1536w, https:\/\/stiftung-forum-recht.de\/wp-content\/uploads\/2026\/02\/2024_07_17_Junge-Verfassungsgespraeche_Workshop_Mike-Abmaier-51-2-18x12.jpg 18w, https:\/\/stiftung-forum-recht.de\/wp-content\/uploads\/2026\/02\/2024_07_17_Junge-Verfassungsgespraeche_Workshop_Mike-Abmaier-51-2-930x620.jpg 930w, https:\/\/stiftung-forum-recht.de\/wp-content\/uploads\/2026\/02\/2024_07_17_Junge-Verfassungsgespraeche_Workshop_Mike-Abmaier-51-2.jpg 2002w\" sizes=\"(max-width: 1024px) 100vw, 1024px\" \/>\t\t\t\t\t\t\t\t\t\t\t<figcaption class=\"widget-image-caption wp-caption-text\">Foto: Mike Abmaier<\/figcaption>\n\t\t\t\t\t\t\t\t\t\t<\/figure>\n\t\t\t\t\t\t\t\t\t<\/div>\n\t\t\t\t<div class=\"elementor-element elementor-element-8550d2c elementor-widget elementor-widget-heading\" data-id=\"8550d2c\" data-element_type=\"widget\" data-e-type=\"widget\" data-widget_type=\"heading.default\">\n\t\t\t\t\t<h5 class=\"elementor-heading-title elementor-size-default\">Fortbildung f\u00fcr Multiplikator:innen <\/h5>\t\t\t\t<\/div>\n\t\t\t\t<div class=\"elementor-element elementor-element-2b51c57 elementor-widget elementor-widget-text-editor\" data-id=\"2b51c57\" data-element_type=\"widget\" data-e-type=\"widget\" data-widget_type=\"text-editor.default\">\n\t\t\t\t\t\t\t\t\t<p><strong>Datum: <\/strong>folgt<\/p><p><strong>Uhrzeit:<\/strong> Angaben folgen<\/p><p><strong>Ort:<\/strong> NRW<\/p><p><strong>Max. Teilnehmendenzahl:<\/strong> 23 Personen\u00a0<\/p><p><strong>Zielgruppe:<\/strong> Die eint\u00e4gige Fortbildung richtet sich an Multiplikator:innen aus dem Bildungsbereich (Schule, politische Bildungsarbeit, Volkshochschule, sonstige Bildungseinrichtungen), aus dem sozialen Bereich (z.B. ehrenamtliche Jugendleiter:innen; Sozialarbeiter:innen) sowie an Journalist:innen und weitere Personen mit fachlicher N\u00e4he zum Themenfeld (z.B. Sch\u00f6ff:innen).<\/p><p><strong>Anmeldezeitraum:<\/strong> wird bekannt gegeben<\/p><p><strong>Teilnahme:<\/strong> Die Teilnahme an der Fortbildung ist kostenfrei. Das Mittagessen ist jeweils selbst zu zahlen.<\/p>\t\t\t\t\t\t\t\t<\/div>\n\t\t\t\t<div class=\"elementor-element elementor-element-76b4e15 elementor-hidden-widescreen elementor-hidden-desktop elementor-hidden-laptop elementor-hidden-tablet_extra elementor-hidden-tablet elementor-hidden-mobile elementor-widget elementor-widget-button\" data-id=\"76b4e15\" data-element_type=\"widget\" data-e-type=\"widget\" data-widget_type=\"button.default\">\n\t\t\t\t\t\t\t\t\t<\/div>\n\t\t\t\t\t<\/div>\n\t\t<\/div>\n\t\t\t\t\t<\/div>\n\t\t<\/section>\n\t\t<div data-particle_enable=\"false\" data-particle-mobile-disabled=\"false\" class=\"elementor-element elementor-element-5facd7f elementor-hidden-widescreen elementor-hidden-desktop elementor-hidden-laptop elementor-hidden-tablet_extra elementor-hidden-tablet elementor-hidden-mobile e-flex e-con-boxed e-con e-parent\" data-id=\"5facd7f\" data-element_type=\"container\" data-e-type=\"container\">\n\t\t\t\t\t<div class=\"e-con-inner\">\n\t\t\t\t<div class=\"elementor-element elementor-element-b64bc96 elementor-widget elementor-widget-spacer\" data-id=\"b64bc96\" data-element_type=\"widget\" data-e-type=\"widget\" data-widget_type=\"spacer.default\">\n\t\t\t\t\t\t\t<div class=\"elementor-spacer\">\n\t\t\t<div class=\"elementor-spacer-inner\"><\/div>\n\t\t<\/div>\n\t\t\t\t\t\t<\/div>\n\t\t\t\t<div class=\"elementor-element elementor-element-4e99342 elementor-widget elementor-widget-heading\" data-id=\"4e99342\" data-element_type=\"widget\" data-e-type=\"widget\" data-widget_type=\"heading.default\">\n\t\t\t\t\t<h2 class=\"elementor-heading-title elementor-size-default\">Vergangene Thementage und Fortbildungsangebote<\/h2>\t\t\t\t<\/div>\n\t\t\t\t\t<\/div>\n\t\t\t\t<\/div>\n\t\t\t\t<section data-particle_enable=\"false\" data-particle-mobile-disabled=\"false\" class=\"elementor-section elementor-top-section elementor-element elementor-element-81b2615 elementor-hidden-widescreen elementor-hidden-desktop elementor-hidden-laptop elementor-hidden-tablet_extra elementor-hidden-tablet elementor-hidden-mobile elementor-section-boxed elementor-section-height-default elementor-section-height-default\" data-id=\"81b2615\" data-element_type=\"section\" data-e-type=\"section\">\n\t\t\t\t\t\t<div class=\"elementor-container elementor-column-gap-default\">\n\t\t\t\t\t<div class=\"elementor-column elementor-col-50 elementor-top-column elementor-element elementor-element-56abbf5\" data-id=\"56abbf5\" data-element_type=\"column\" data-e-type=\"column\">\n\t\t\t<div class=\"elementor-widget-wrap elementor-element-populated\">\n\t\t\t\t\t\t<div class=\"elementor-element elementor-element-c61466f elementor-widget elementor-widget-heading\" data-id=\"c61466f\" data-element_type=\"widget\" data-e-type=\"widget\" data-widget_type=\"heading.default\">\n\t\t\t\t\t<h2 class=\"elementor-heading-title elementor-size-default\">Thementag:<\/h2>\t\t\t\t<\/div>\n\t\t\t\t<div class=\"elementor-element elementor-element-8799fcf elementor-widget elementor-widget-heading\" data-id=\"8799fcf\" data-element_type=\"widget\" data-e-type=\"widget\" data-widget_type=\"heading.default\">\n\t\t\t\t\t<h2 class=\"elementor-heading-title elementor-size-default\">Bundesverfassungsgericht\n\n<\/h2>\t\t\t\t<\/div>\n\t\t\t\t<div class=\"elementor-element elementor-element-b13c3c2 elementor-widget elementor-widget-spacer\" data-id=\"b13c3c2\" data-element_type=\"widget\" data-e-type=\"widget\" data-widget_type=\"spacer.default\">\n\t\t\t\t\t\t\t<div class=\"elementor-spacer\">\n\t\t\t<div class=\"elementor-spacer-inner\"><\/div>\n\t\t<\/div>\n\t\t\t\t\t\t<\/div>\n\t\t\t\t<div class=\"elementor-element elementor-element-5a4281d elementor-widget elementor-widget-image\" data-id=\"5a4281d\" data-element_type=\"widget\" data-e-type=\"widget\" data-widget_type=\"image.default\">\n\t\t\t\t\t\t\t\t\t\t\t\t<figure class=\"wp-caption\">\n\t\t\t\t\t\t\t\t\t\t<img loading=\"lazy\" decoding=\"async\" width=\"982\" height=\"655\" src=\"https:\/\/stiftung-forum-recht.de\/wp-content\/uploads\/2025\/03\/bild_57036.jpg\" class=\"attachment-large size-large wp-image-33250\" alt=\"Au\u00dfenansicht des modernen Glasbaus des Karlsruher Bundesverfassungsgerichts\" srcset=\"https:\/\/stiftung-forum-recht.de\/wp-content\/uploads\/2025\/03\/bild_57036.jpg 982w, https:\/\/stiftung-forum-recht.de\/wp-content\/uploads\/2025\/03\/bild_57036-300x200.jpg 300w, https:\/\/stiftung-forum-recht.de\/wp-content\/uploads\/2025\/03\/bild_57036-768x512.jpg 768w, https:\/\/stiftung-forum-recht.de\/wp-content\/uploads\/2025\/03\/bild_57036-18x12.jpg 18w, https:\/\/stiftung-forum-recht.de\/wp-content\/uploads\/2025\/03\/bild_57036-930x620.jpg 930w\" sizes=\"(max-width: 982px) 100vw, 982px\" \/>\t\t\t\t\t\t\t\t\t\t\t<figcaption class=\"widget-image-caption wp-caption-text\">Foto: Till Voigt \/ Pixabay<\/figcaption>\n\t\t\t\t\t\t\t\t\t\t<\/figure>\n\t\t\t\t\t\t\t\t\t<\/div>\n\t\t\t\t<div class=\"elementor-element elementor-element-b8b4145 elementor-widget elementor-widget-heading\" data-id=\"b8b4145\" data-element_type=\"widget\" data-e-type=\"widget\" data-widget_type=\"heading.default\">\n\t\t\t\t\t<h5 class=\"elementor-heading-title elementor-size-default\">Besuch des Bundesverfassungsgerichts in Karlsruhe, Vortr\u00e4ge &amp; Workshop<\/h5>\t\t\t\t<\/div>\n\t\t\t\t<div class=\"elementor-element elementor-element-06d18b9 elementor-widget elementor-widget-text-editor\" data-id=\"06d18b9\" data-element_type=\"widget\" data-e-type=\"widget\" data-widget_type=\"text-editor.default\">\n\t\t\t\t\t\t\t\t\t<p><strong>Datum: <\/strong>17. April 2026<\/p><p><strong>Uhrzeit:<\/strong> 9:00 &#8211; ca. 16:00 Uhr (\u00c4nderungen vorbehalten!)<\/p><p><strong>Ort:<\/strong> Karlsruhe\u00a0<\/p><p><strong>Max. Teilnehmendenzahl:<\/strong> 25 Personen\u00a0<\/p><p><strong>Zielgruppe:<\/strong> Die eint\u00e4gige Fortbildung richtet sich an Multiplikator:innen aus dem Bildungsbereich (Schule, politische Bildungsarbeit, Volkshochschule, sonstige Bildungseinrichtungen), aus dem sozialen Bereich (z.B. ehrenamtliche Jugendleiter:innen; Sozialarbeiter:innen) sowie an Journalist:innen und weitere Personen mit fachlicher N\u00e4he zum Themenfeld (z.B. Sch\u00f6ff:innen).<\/p><p><strong>Anmeldeschluss:<\/strong> 17. M\u00e4rz 2026<\/p>\t\t\t\t\t\t\t\t<\/div>\n\t\t\t\t<div class=\"elementor-element elementor-element-eddf433 elementor-widget elementor-widget-button\" data-id=\"eddf433\" data-element_type=\"widget\" data-e-type=\"widget\" data-widget_type=\"button.default\">\n\t\t\t\t\t\t\t\t\t\t<a class=\"elementor-button elementor-button-link elementor-size-sm\" href=\"https:\/\/stiftung-forum-recht.de\/news\/thementag-bundesverfassungsgericht\/\">\n\t\t\t\t\t\t<span class=\"elementor-button-content-wrapper\">\n\t\t\t\t\t\t\t\t\t<span class=\"elementor-button-text\">Mehr Informationen &amp; Anmeldung<\/span>\n\t\t\t\t\t<\/span>\n\t\t\t\t\t<\/a>\n\t\t\t\t\t\t\t\t<\/div>\n\t\t\t\t\t<\/div>\n\t\t<\/div>\n\t\t\t\t<div class=\"elementor-column elementor-col-50 elementor-top-column elementor-element elementor-element-85a39d3\" data-id=\"85a39d3\" data-element_type=\"column\" data-e-type=\"column\">\n\t\t\t<div class=\"elementor-widget-wrap elementor-element-populated\">\n\t\t\t\t\t\t<div class=\"elementor-element elementor-element-3aca45c elementor-widget elementor-widget-heading\" data-id=\"3aca45c\" data-element_type=\"widget\" data-e-type=\"widget\" data-widget_type=\"heading.default\">\n\t\t\t\t\t<h2 class=\"elementor-heading-title elementor-size-default\">Studienreise:<\/h2>\t\t\t\t<\/div>\n\t\t\t\t<div class=\"elementor-element elementor-element-88b2a02 elementor-widget elementor-widget-heading\" data-id=\"88b2a02\" data-element_type=\"widget\" data-e-type=\"widget\" data-widget_type=\"heading.default\">\n\t\t\t\t\t<h2 class=\"elementor-heading-title elementor-size-default\">Rechtsstaat in Deutschland\n\n<\/h2>\t\t\t\t<\/div>\n\t\t\t\t<div class=\"elementor-element elementor-element-f038ab3 elementor-widget elementor-widget-spacer\" data-id=\"f038ab3\" data-element_type=\"widget\" data-e-type=\"widget\" data-widget_type=\"spacer.default\">\n\t\t\t\t\t\t\t<div class=\"elementor-spacer\">\n\t\t\t<div class=\"elementor-spacer-inner\"><\/div>\n\t\t<\/div>\n\t\t\t\t\t\t<\/div>\n\t\t\t\t<div class=\"elementor-element elementor-element-a7198b8 elementor-widget elementor-widget-image\" data-id=\"a7198b8\" data-element_type=\"widget\" data-e-type=\"widget\" data-widget_type=\"image.default\">\n\t\t\t\t\t\t\t\t\t\t\t\t<figure class=\"wp-caption\">\n\t\t\t\t\t\t\t\t\t\t<img loading=\"lazy\" decoding=\"async\" width=\"854\" height=\"564\" src=\"https:\/\/stiftung-forum-recht.de\/wp-content\/uploads\/2025\/01\/Bild-von-Till-Voigt-auf-Pixabay-e1737715352213.jpg\" class=\"attachment-large size-large wp-image-30950\" alt=\"Au\u00dfenansicht des klassizistischen Bundesverwaltungsgerichtsgeb\u00e4udes in Leipzig.\" srcset=\"https:\/\/stiftung-forum-recht.de\/wp-content\/uploads\/2025\/01\/Bild-von-Till-Voigt-auf-Pixabay-e1737715352213.jpg 854w, https:\/\/stiftung-forum-recht.de\/wp-content\/uploads\/2025\/01\/Bild-von-Till-Voigt-auf-Pixabay-e1737715352213-300x198.jpg 300w, https:\/\/stiftung-forum-recht.de\/wp-content\/uploads\/2025\/01\/Bild-von-Till-Voigt-auf-Pixabay-e1737715352213-768x507.jpg 768w, https:\/\/stiftung-forum-recht.de\/wp-content\/uploads\/2025\/01\/Bild-von-Till-Voigt-auf-Pixabay-e1737715352213-18x12.jpg 18w\" sizes=\"(max-width: 854px) 100vw, 854px\" \/>\t\t\t\t\t\t\t\t\t\t\t<figcaption class=\"widget-image-caption wp-caption-text\">Foto: Till Voigt \/ Pixabay<\/figcaption>\n\t\t\t\t\t\t\t\t\t\t<\/figure>\n\t\t\t\t\t\t\t\t\t<\/div>\n\t\t\t\t<div class=\"elementor-element elementor-element-61e548a elementor-widget elementor-widget-heading\" data-id=\"61e548a\" data-element_type=\"widget\" data-e-type=\"widget\" data-widget_type=\"heading.default\">\n\t\t\t\t\t<h5 class=\"elementor-heading-title elementor-size-default\">Das Programm entlang der Route Karlsruhe \u2013 Berlin besteht aus Fachvortr\u00e4gen, Austauschformaten und dem Besuch von Einrichtungen vor Ort.<\/h5>\t\t\t\t<\/div>\n\t\t\t\t<div class=\"elementor-element elementor-element-c99e965 elementor-widget elementor-widget-text-editor\" data-id=\"c99e965\" data-element_type=\"widget\" data-e-type=\"widget\" data-widget_type=\"text-editor.default\">\n\t\t\t\t\t\t\t\t\t<p><strong>Datum: <\/strong>19. bis 25. Oktober 2025<\/p><p><strong>Mehrt\u00e4giges Angebot<\/strong> inkl. Transport &amp; \u00dcbernachtung (mit Eigenbeitrag)<\/p><p><strong>Zielgruppe:<\/strong> Die Fortbildung richtet sich an Multiplikator:innen aus dem Bildungsbereich (Schule, politische Bildungsarbeit, VHS, sonstige Bildungseinrichtungen), aus dem sozialen Bereich (z.B. ehrenamtliche Jugendleiter:innen; Sozialarbeiter:innen), Studierende sowie an Journalist:innen und fachlich interessierte Personen (z.B. Sch\u00f6ff:innen).\u00a0<\/p>\t\t\t\t\t\t\t\t<\/div>\n\t\t\t\t<div class=\"elementor-element elementor-element-02be51a elementor-hidden-widescreen elementor-hidden-desktop elementor-hidden-laptop elementor-hidden-tablet_extra elementor-hidden-tablet elementor-hidden-mobile elementor-widget elementor-widget-button\" data-id=\"02be51a\" data-element_type=\"widget\" data-e-type=\"widget\" data-widget_type=\"button.default\">\n\t\t\t\t\t\t\t\t\t<\/div>\n\t\t\t\t\t<\/div>\n\t\t<\/div>\n\t\t\t\t\t<\/div>\n\t\t<\/section>\n\t\t\t\t<section data-particle_enable=\"false\" data-particle-mobile-disabled=\"false\" class=\"elementor-section elementor-top-section elementor-element elementor-element-f5ecd83 elementor-hidden-widescreen elementor-hidden-desktop elementor-hidden-laptop elementor-hidden-tablet_extra elementor-hidden-tablet elementor-hidden-mobile elementor-section-boxed elementor-section-height-default elementor-section-height-default\" data-id=\"f5ecd83\" data-element_type=\"section\" data-e-type=\"section\">\n\t\t\t\t\t\t<div class=\"elementor-container elementor-column-gap-default\">\n\t\t\t\t\t<div class=\"elementor-column elementor-col-50 elementor-top-column elementor-element elementor-element-86b7ff2\" data-id=\"86b7ff2\" data-element_type=\"column\" data-e-type=\"column\">\n\t\t\t<div class=\"elementor-widget-wrap elementor-element-populated\">\n\t\t\t\t\t\t<div class=\"elementor-element elementor-element-7266390 elementor-widget elementor-widget-heading\" data-id=\"7266390\" data-element_type=\"widget\" data-e-type=\"widget\" data-widget_type=\"heading.default\">\n\t\t\t\t\t<h2 class=\"elementor-heading-title elementor-size-default\">Thementag: <\/h2>\t\t\t\t<\/div>\n\t\t\t\t<div class=\"elementor-element elementor-element-d32f777 elementor-widget elementor-widget-heading\" data-id=\"d32f777\" data-element_type=\"widget\" data-e-type=\"widget\" data-widget_type=\"heading.default\">\n\t\t\t\t\t<h2 class=\"elementor-heading-title elementor-size-default\">Justizvollzug in Deutschland\n\n<\/h2>\t\t\t\t<\/div>\n\t\t\t\t<div class=\"elementor-element elementor-element-02c135e elementor-widget elementor-widget-image\" data-id=\"02c135e\" data-element_type=\"widget\" data-e-type=\"widget\" data-widget_type=\"image.default\">\n\t\t\t\t\t\t\t\t\t\t\t\t<figure class=\"wp-caption\">\n\t\t\t\t\t\t\t\t\t\t\t<a href=\"https:\/\/stiftung-forum-recht.de\/unkategorisiert\/thementag-justizvollzug\/\">\n\t\t\t\t\t\t\t<img fetchpriority=\"high\" decoding=\"async\" width=\"1024\" height=\"682\" src=\"https:\/\/stiftung-forum-recht.de\/wp-content\/uploads\/2025\/04\/jail-4759939_1280-1024x682.jpg\" class=\"attachment-large size-large wp-image-33949\" alt=\"Ein Maschendrahtzaun vor blauem Himmel.\" srcset=\"https:\/\/stiftung-forum-recht.de\/wp-content\/uploads\/2025\/04\/jail-4759939_1280-1024x682.jpg 1024w, https:\/\/stiftung-forum-recht.de\/wp-content\/uploads\/2025\/04\/jail-4759939_1280-300x200.jpg 300w, https:\/\/stiftung-forum-recht.de\/wp-content\/uploads\/2025\/04\/jail-4759939_1280-768x512.jpg 768w, https:\/\/stiftung-forum-recht.de\/wp-content\/uploads\/2025\/04\/jail-4759939_1280-18x12.jpg 18w, https:\/\/stiftung-forum-recht.de\/wp-content\/uploads\/2025\/04\/jail-4759939_1280-930x620.jpg 930w, https:\/\/stiftung-forum-recht.de\/wp-content\/uploads\/2025\/04\/jail-4759939_1280.jpg 1280w\" sizes=\"(max-width: 1024px) 100vw, 1024px\" \/>\t\t\t\t\t\t\t\t<\/a>\n\t\t\t\t\t\t\t\t\t\t\t<figcaption class=\"widget-image-caption wp-caption-text\">  Thementag Justizvollzug in Halle\/Saale<\/figcaption>\n\t\t\t\t\t\t\t\t\t\t<\/figure>\n\t\t\t\t\t\t\t\t\t<\/div>\n\t\t\t\t<div class=\"elementor-element elementor-element-ab65af7 elementor-widget elementor-widget-spacer\" data-id=\"ab65af7\" data-element_type=\"widget\" data-e-type=\"widget\" data-widget_type=\"spacer.default\">\n\t\t\t\t\t\t\t<div class=\"elementor-spacer\">\n\t\t\t<div class=\"elementor-spacer-inner\"><\/div>\n\t\t<\/div>\n\t\t\t\t\t\t<\/div>\n\t\t\t\t<div class=\"elementor-element elementor-element-c7dc956 elementor-widget elementor-widget-heading\" data-id=\"c7dc956\" data-element_type=\"widget\" data-e-type=\"widget\" data-widget_type=\"heading.default\">\n\t\t\t\t\t<h5 class=\"elementor-heading-title elementor-size-default\">Besuch der Justizvollzugsanstalt Halle und der Gedenkst\u00e4tte \u201eRoter Ochse\u201c<\/h5>\t\t\t\t<\/div>\n\t\t\t\t<div class=\"elementor-element elementor-element-043a378 elementor-widget elementor-widget-text-editor\" data-id=\"043a378\" data-element_type=\"widget\" data-e-type=\"widget\" data-widget_type=\"text-editor.default\">\n\t\t\t\t\t\t\t\t\t<p><strong>Datum: <\/strong>Donnerstag, 05. Juni 2025<\/p><p><strong>Uhrzeit:<\/strong> 08:45 &#8211; 16:30 Uhr (Selbstanreise)<\/p><p><strong>Ort:<\/strong> JVA Halle, Am Kirchtor 20, 06108 Halle\/Saale<\/p><p><strong>Zielgruppe: <\/strong>Die eint\u00e4gige Fortbildung richtet sich an Multiplikator:innen aus dem Bildungsbereich (Schule, politische Bildungsarbeit, Volkshochschule, sonstige Bildungseinrichtungen), aus dem sozialen Bereich (z.B. ehrenamtliche Jugendleiter:innen; Sozialarbeiter:innen) sowie an Journalist:innen und weitere Personen mit fachlicher N\u00e4he zum Themenfeld (z.B. Sch\u00f6ff:innen).<\/p>\t\t\t\t\t\t\t\t<\/div>\n\t\t\t\t<div class=\"elementor-element elementor-element-be8f6be elementor-hidden-widescreen elementor-hidden-desktop elementor-hidden-laptop elementor-hidden-tablet_extra elementor-hidden-tablet elementor-hidden-mobile elementor-widget elementor-widget-button\" data-id=\"be8f6be\" data-element_type=\"widget\" data-e-type=\"widget\" data-widget_type=\"button.default\">\n\t\t\t\t\t\t\t\t\t<\/div>\n\t\t\t\t\t<\/div>\n\t\t<\/div>\n\t\t\t\t<div class=\"elementor-column elementor-col-50 elementor-top-column elementor-element elementor-element-aadada6\" data-id=\"aadada6\" data-element_type=\"column\" data-e-type=\"column\">\n\t\t\t<div class=\"elementor-widget-wrap elementor-element-populated\">\n\t\t\t\t\t\t<div class=\"elementor-element elementor-element-b6db2c5 elementor-widget elementor-widget-heading\" data-id=\"b6db2c5\" data-element_type=\"widget\" data-e-type=\"widget\" data-widget_type=\"heading.default\">\n\t\t\t\t\t<h2 class=\"elementor-heading-title elementor-size-default\">Thementag: <\/h2>\t\t\t\t<\/div>\n\t\t\t\t<div class=\"elementor-element elementor-element-513b959 elementor-widget elementor-widget-heading\" data-id=\"513b959\" data-element_type=\"widget\" data-e-type=\"widget\" data-widget_type=\"heading.default\">\n\t\t\t\t\t<h2 class=\"elementor-heading-title elementor-size-default\">Menschenrechtsschutz in Europa<\/h2>\t\t\t\t<\/div>\n\t\t\t\t<div class=\"elementor-element elementor-element-ffc84f4 elementor-widget elementor-widget-image\" data-id=\"ffc84f4\" data-element_type=\"widget\" data-e-type=\"widget\" data-widget_type=\"image.default\">\n\t\t\t\t\t\t\t\t\t\t\t\t<figure class=\"wp-caption\">\n\t\t\t\t\t\t\t\t\t\t<img loading=\"lazy\" decoding=\"async\" width=\"1024\" height=\"682\" src=\"https:\/\/stiftung-forum-recht.de\/wp-content\/uploads\/2025\/01\/g1biyhquapxr4-1024x682.jpg\" class=\"attachment-large size-large wp-image-30903\" alt=\"Das moderne, runde Geb\u00e4ude des Europ\u00e4ischen Gerichtshofs f\u00fcr Menschenrechte.\" srcset=\"https:\/\/stiftung-forum-recht.de\/wp-content\/uploads\/2025\/01\/g1biyhquapxr4-1024x682.jpg 1024w, https:\/\/stiftung-forum-recht.de\/wp-content\/uploads\/2025\/01\/g1biyhquapxr4-300x200.jpg 300w, https:\/\/stiftung-forum-recht.de\/wp-content\/uploads\/2025\/01\/g1biyhquapxr4-768x511.jpg 768w, https:\/\/stiftung-forum-recht.de\/wp-content\/uploads\/2025\/01\/g1biyhquapxr4-18x12.jpg 18w, https:\/\/stiftung-forum-recht.de\/wp-content\/uploads\/2025\/01\/g1biyhquapxr4-930x620.jpg 930w, https:\/\/stiftung-forum-recht.de\/wp-content\/uploads\/2025\/01\/g1biyhquapxr4.jpg 1200w\" sizes=\"(max-width: 1024px) 100vw, 1024px\" \/>\t\t\t\t\t\t\t\t\t\t\t<figcaption class=\"widget-image-caption wp-caption-text\">Foto: Council of Europe<\/figcaption>\n\t\t\t\t\t\t\t\t\t\t<\/figure>\n\t\t\t\t\t\t\t\t\t<\/div>\n\t\t\t\t<div class=\"elementor-element elementor-element-2f0590a elementor-widget elementor-widget-spacer\" data-id=\"2f0590a\" data-element_type=\"widget\" data-e-type=\"widget\" data-widget_type=\"spacer.default\">\n\t\t\t\t\t\t\t<div class=\"elementor-spacer\">\n\t\t\t<div class=\"elementor-spacer-inner\"><\/div>\n\t\t<\/div>\n\t\t\t\t\t\t<\/div>\n\t\t\t\t<div class=\"elementor-element elementor-element-f357297 elementor-widget elementor-widget-heading\" data-id=\"f357297\" data-element_type=\"widget\" data-e-type=\"widget\" data-widget_type=\"heading.default\">\n\t\t\t\t\t<h5 class=\"elementor-heading-title elementor-size-default\">Besuch des Europ\u00e4ischen Gerichtshofs f\u00fcr Menschenrechte und Europarats in Stra\u00dfburg &amp; Workshop<\/h5>\t\t\t\t<\/div>\n\t\t\t\t<div class=\"elementor-element elementor-element-2bf5d78 elementor-widget elementor-widget-text-editor\" data-id=\"2bf5d78\" data-element_type=\"widget\" data-e-type=\"widget\" data-widget_type=\"text-editor.default\">\n\t\t\t\t\t\t\t\t\t<p><strong>Datum: <\/strong>Freitag, 28. M\u00e4rz 2025<\/p><p><strong>Uhrzeit:<\/strong> 9:00 &#8211; 16:00 Uhr<\/p><p><strong>Ort:<\/strong> Karlsruhe\u00a0<\/p><p><strong>Zielgruppe:<\/strong> Die eint\u00e4gige Fortbildung richtet sich an Multiplikator:innen aus dem Bildungsbereich (Schule, politische Bildungsarbeit, Volkshochschule, sonstige Bildungseinrichtungen), aus dem sozialen Bereich (z.B. ehrenamtliche Jugendleiter:innen; Sozialarbeiter:innen) sowie an Journalist:innen und weitere Personen mit fachlicher N\u00e4he zum Themenfeld (z.B. Sch\u00f6ff:innen).<\/p>\t\t\t\t\t\t\t\t<\/div>\n\t\t\t\t<div class=\"elementor-element elementor-element-3e4d801 elementor-hidden-widescreen elementor-hidden-desktop elementor-hidden-laptop elementor-hidden-tablet_extra elementor-hidden-tablet elementor-hidden-mobile elementor-widget elementor-widget-button\" data-id=\"3e4d801\" data-element_type=\"widget\" data-e-type=\"widget\" data-widget_type=\"button.default\">\n\t\t\t\t\t\t\t\t\t<\/div>\n\t\t\t\t\t<\/div>\n\t\t<\/div>\n\t\t\t\t\t<\/div>\n\t\t<\/section>\n\t\t<div data-particle_enable=\"false\" data-particle-mobile-disabled=\"false\" class=\"elementor-element elementor-element-ea71550 e-flex e-con-boxed e-con e-parent\" data-id=\"ea71550\" data-element_type=\"container\" data-e-type=\"container\">\n\t\t\t\t\t<div class=\"e-con-inner\">\n\t\t\t\t<div class=\"elementor-element elementor-element-9047fd8 elementor-widget elementor-widget-spacer\" data-id=\"9047fd8\" data-element_type=\"widget\" data-e-type=\"widget\" data-widget_type=\"spacer.default\">\n\t\t\t\t\t\t\t<div class=\"elementor-spacer\">\n\t\t\t<div class=\"elementor-spacer-inner\"><\/div>\n\t\t<\/div>\n\t\t\t\t\t\t<\/div>\n\t\t\t\t\t<\/div>\n\t\t\t\t<\/div>\n\t\t<div data-particle_enable=\"false\" data-particle-mobile-disabled=\"false\" class=\"elementor-element elementor-element-4573cd0 e-flex e-con-boxed e-con e-parent\" data-id=\"4573cd0\" data-element_type=\"container\" data-e-type=\"container\">\n\t\t\t\t\t<div class=\"e-con-inner\">\n\t\t\t\t<div class=\"elementor-element elementor-element-fa45e84 elementor-widget elementor-widget-heading\" data-id=\"fa45e84\" data-element_type=\"widget\" data-e-type=\"widget\" data-widget_type=\"heading.default\">\n\t\t\t\t\t<h2 class=\"elementor-heading-title elementor-size-default\">R\u00fcckblick auf vergangene Fortbildungsangebote<\/h2>\t\t\t\t<\/div>\n\t\t\t\t<div class=\"elementor-element elementor-element-e63d90f elementor-widget elementor-widget-text-editor\" data-id=\"e63d90f\" data-element_type=\"widget\" data-e-type=\"widget\" data-widget_type=\"text-editor.default\">\n\t\t\t\t\t\t\t\t\t<p>Hier erhalten Sie Eindr\u00fccke vergangener Thementage und Fortbildungen.\u00a0<\/p>\t\t\t\t\t\t\t\t<\/div>\n\t\t\t\t<div class=\"elementor-element elementor-element-e6253db elementor-grid-1 elementor-posts--thumbnail-right elementor-grid-tablet-2 elementor-grid-mobile-1 elementor-widget elementor-widget-posts\" data-id=\"e6253db\" data-element_type=\"widget\" data-e-type=\"widget\" data-settings=\"{&quot;classic_columns&quot;:&quot;1&quot;,&quot;classic_columns_tablet&quot;:&quot;2&quot;,&quot;classic_columns_mobile&quot;:&quot;1&quot;,&quot;classic_row_gap&quot;:{&quot;unit&quot;:&quot;px&quot;,&quot;size&quot;:35,&quot;sizes&quot;:[]},&quot;classic_row_gap_widescreen&quot;:{&quot;unit&quot;:&quot;px&quot;,&quot;size&quot;:&quot;&quot;,&quot;sizes&quot;:[]},&quot;classic_row_gap_laptop&quot;:{&quot;unit&quot;:&quot;px&quot;,&quot;size&quot;:&quot;&quot;,&quot;sizes&quot;:[]},&quot;classic_row_gap_tablet_extra&quot;:{&quot;unit&quot;:&quot;px&quot;,&quot;size&quot;:&quot;&quot;,&quot;sizes&quot;:[]},&quot;classic_row_gap_tablet&quot;:{&quot;unit&quot;:&quot;px&quot;,&quot;size&quot;:&quot;&quot;,&quot;sizes&quot;:[]},&quot;classic_row_gap_mobile&quot;:{&quot;unit&quot;:&quot;px&quot;,&quot;size&quot;:&quot;&quot;,&quot;sizes&quot;:[]}}\" data-widget_type=\"posts.classic\">\n\t\t\t\t<div class=\"elementor-widget-container\">\n\t\t\t\t\t\t\t<div class=\"elementor-posts-container elementor-posts elementor-posts--skin-classic elementor-grid\" role=\"list\">\n\t\t\t\t<article class=\"elementor-post elementor-grid-item post-44126 post type-post status-publish format-standard has-post-thumbnail hentry category-fortbildungen category-news category-vermittlung tag-fortbildungen tag-sfrnews tag-thementag tag-vermittlung\" role=\"listitem\">\n\t\t\t\t<a class=\"elementor-post__thumbnail__link\" href=\"https:\/\/stiftung-forum-recht.de\/en\/news\/das-war-der-erste-thementag-zum-bundesverfassungsgericht\/\" tabindex=\"-1\" >\n\t\t\t<div class=\"elementor-post__thumbnail\"><img loading=\"lazy\" decoding=\"async\" width=\"930\" height=\"620\" src=\"https:\/\/stiftung-forum-recht.de\/wp-content\/uploads\/2026\/04\/26_04_17_Thementag-Bundesverfassungsgericht_Foto_Stiftung-Forum-Recht_hq_11-930x620.jpg\" class=\"attachment-neve-blog size-neve-blog wp-image-44128\" alt=\"Au\u00dfenansicht des Bundesverfassungsgerichts in Karlsruhe mit einer Gruppe Besuchender vor dem Eingang.\" srcset=\"https:\/\/stiftung-forum-recht.de\/wp-content\/uploads\/2026\/04\/26_04_17_Thementag-Bundesverfassungsgericht_Foto_Stiftung-Forum-Recht_hq_11-930x620.jpg 930w, https:\/\/stiftung-forum-recht.de\/wp-content\/uploads\/2026\/04\/26_04_17_Thementag-Bundesverfassungsgericht_Foto_Stiftung-Forum-Recht_hq_11-18x12.jpg 18w\" sizes=\"(max-width: 930px) 100vw, 930px\" \/><\/div>\n\t\t<\/a>\n\t\t\t\t<div class=\"elementor-post__text\">\n\t\t\t\t<h3 class=\"elementor-post__title\">\n\t\t\t<a href=\"https:\/\/stiftung-forum-recht.de\/en\/news\/das-war-der-erste-thementag-zum-bundesverfassungsgericht\/\" >\n\t\t\t\tR\u00fcckblick: Thementag Bundesverfassungsgericht\t\t\t<\/a>\n\t\t<\/h3>\n\t\t\t\t<div class=\"elementor-post__meta-data\">\n\t\t\t\t\t<span class=\"elementor-post-date\">\n\t\t\t21. April 2026\t\t<\/span>\n\t\t\t\t<\/div>\n\t\t\t\t<div class=\"elementor-post__excerpt\">\n\t\t\t<p>Am 17. April f\u00fchrte uns der erste Thementag 2026 zum Karlsruher Bundesverfassungsgericht. Die Fortbildung f\u00fcr Multiplikatoren vereinte eine F\u00fchrung durch das imposante Geb\u00e4ude, informative Vortr\u00e4ge und einen Workshop. <\/p>\n\t\t<\/div>\n\t\t\n\t\t<a class=\"elementor-post__read-more\" href=\"https:\/\/stiftung-forum-recht.de\/en\/news\/das-war-der-erste-thementag-zum-bundesverfassungsgericht\/\" aria-label=\"Read more about R\u00fcckblick: Thementag Bundesverfassungsgericht\" tabindex=\"-1\" >\n\t\t\tWeiterlesen \u00bb\t\t<\/a>\n\n\t\t\t\t<\/div>\n\t\t\t\t<\/article>\n\t\t\t\t<article class=\"elementor-post elementor-grid-item post-40092 post type-post status-publish format-standard has-post-thumbnail hentry category-fortbildungen category-news category-vermittlung tag-fortbildung tag-rechtsstaat tag-sfrnews tag-studienreise tag-vermittlung\" role=\"listitem\">\n\t\t\t\t<a class=\"elementor-post__thumbnail__link\" href=\"https:\/\/stiftung-forum-recht.de\/en\/news\/rueckblick-auf-die-studienreise\/\" tabindex=\"-1\" >\n\t\t\t<div class=\"elementor-post__thumbnail\"><img loading=\"lazy\" decoding=\"async\" width=\"930\" height=\"620\" src=\"https:\/\/stiftung-forum-recht.de\/wp-content\/uploads\/2025\/12\/2025_10_24_Studienreise_Berlin_Foto_SFR-13-930x620.jpg\" class=\"attachment-neve-blog size-neve-blog wp-image-40093\" alt=\"\" srcset=\"https:\/\/stiftung-forum-recht.de\/wp-content\/uploads\/2025\/12\/2025_10_24_Studienreise_Berlin_Foto_SFR-13-930x620.jpg 930w, https:\/\/stiftung-forum-recht.de\/wp-content\/uploads\/2025\/12\/2025_10_24_Studienreise_Berlin_Foto_SFR-13-300x200.jpg 300w, https:\/\/stiftung-forum-recht.de\/wp-content\/uploads\/2025\/12\/2025_10_24_Studienreise_Berlin_Foto_SFR-13-1024x683.jpg 1024w, https:\/\/stiftung-forum-recht.de\/wp-content\/uploads\/2025\/12\/2025_10_24_Studienreise_Berlin_Foto_SFR-13-768x512.jpg 768w, https:\/\/stiftung-forum-recht.de\/wp-content\/uploads\/2025\/12\/2025_10_24_Studienreise_Berlin_Foto_SFR-13-1536x1024.jpg 1536w, https:\/\/stiftung-forum-recht.de\/wp-content\/uploads\/2025\/12\/2025_10_24_Studienreise_Berlin_Foto_SFR-13-2048x1365.jpg 2048w, https:\/\/stiftung-forum-recht.de\/wp-content\/uploads\/2025\/12\/2025_10_24_Studienreise_Berlin_Foto_SFR-13-18x12.jpg 18w\" sizes=\"(max-width: 930px) 100vw, 930px\" \/><\/div>\n\t\t<\/a>\n\t\t\t\t<div class=\"elementor-post__text\">\n\t\t\t\t<h3 class=\"elementor-post__title\">\n\t\t\t<a href=\"https:\/\/stiftung-forum-recht.de\/en\/news\/rueckblick-auf-die-studienreise\/\" >\n\t\t\t\tR\u00fcckblick Studienreise 2025\t\t\t<\/a>\n\t\t<\/h3>\n\t\t\t\t<div class=\"elementor-post__meta-data\">\n\t\t\t\t\t<span class=\"elementor-post-date\">\n\t\t\t18. December 2025\t\t<\/span>\n\t\t\t\t<\/div>\n\t\t\t\t<div class=\"elementor-post__excerpt\">\n\t\t\t<p>Die ersten Studienreise zum Thema \u201eRechtsstaat in Deutschland\u201c der Stiftung Forum Recht fand vom 19. bis 25. Oktober 2025 statt. Der \u201erote Faden\u201c der Reise war der Rechtsstaat in seiner gesamten Dimension \u2013 von der Vergangenheit bis zur Gegenwart.<\/p>\n\t\t<\/div>\n\t\t\n\t\t<a class=\"elementor-post__read-more\" href=\"https:\/\/stiftung-forum-recht.de\/en\/news\/rueckblick-auf-die-studienreise\/\" aria-label=\"Read more about R\u00fcckblick Studienreise 2025\" tabindex=\"-1\" >\n\t\t\tWeiterlesen \u00bb\t\t<\/a>\n\n\t\t\t\t<\/div>\n\t\t\t\t<\/article>\n\t\t\t\t<article class=\"elementor-post elementor-grid-item post-34200 post type-post status-publish format-standard has-post-thumbnail hentry category-fortbildungen category-news category-vermittlung tag-fortbildung tag-multiplikator tag-rechtsstaat tag-sfrnews tag-thementage\" role=\"listitem\">\n\t\t\t\t<a class=\"elementor-post__thumbnail__link\" href=\"https:\/\/stiftung-forum-recht.de\/en\/news\/recap-thementag-menschenrechtsschutz-in-europa\/\" tabindex=\"-1\" >\n\t\t\t<div class=\"elementor-post__thumbnail\"><img loading=\"lazy\" decoding=\"async\" width=\"930\" height=\"620\" src=\"https:\/\/stiftung-forum-recht.de\/wp-content\/uploads\/2025\/04\/2025_03_28_Thementag_Menschenrechtsschutz_Europa_Strassburg_SFR-53_Startbild-930x620.jpg\" class=\"attachment-neve-blog size-neve-blog wp-image-34202\" alt=\"Blick in den Sitzungssaal des EGMR\" srcset=\"https:\/\/stiftung-forum-recht.de\/wp-content\/uploads\/2025\/04\/2025_03_28_Thementag_Menschenrechtsschutz_Europa_Strassburg_SFR-53_Startbild-930x620.jpg 930w, https:\/\/stiftung-forum-recht.de\/wp-content\/uploads\/2025\/04\/2025_03_28_Thementag_Menschenrechtsschutz_Europa_Strassburg_SFR-53_Startbild-300x200.jpg 300w, https:\/\/stiftung-forum-recht.de\/wp-content\/uploads\/2025\/04\/2025_03_28_Thementag_Menschenrechtsschutz_Europa_Strassburg_SFR-53_Startbild-1024x683.jpg 1024w, https:\/\/stiftung-forum-recht.de\/wp-content\/uploads\/2025\/04\/2025_03_28_Thementag_Menschenrechtsschutz_Europa_Strassburg_SFR-53_Startbild-768x512.jpg 768w, https:\/\/stiftung-forum-recht.de\/wp-content\/uploads\/2025\/04\/2025_03_28_Thementag_Menschenrechtsschutz_Europa_Strassburg_SFR-53_Startbild-1536x1024.jpg 1536w, https:\/\/stiftung-forum-recht.de\/wp-content\/uploads\/2025\/04\/2025_03_28_Thementag_Menschenrechtsschutz_Europa_Strassburg_SFR-53_Startbild-2048x1365.jpg 2048w, https:\/\/stiftung-forum-recht.de\/wp-content\/uploads\/2025\/04\/2025_03_28_Thementag_Menschenrechtsschutz_Europa_Strassburg_SFR-53_Startbild-18x12.jpg 18w\" sizes=\"(max-width: 930px) 100vw, 930px\" \/><\/div>\n\t\t<\/a>\n\t\t\t\t<div class=\"elementor-post__text\">\n\t\t\t\t<h3 class=\"elementor-post__title\">\n\t\t\t<a href=\"https:\/\/stiftung-forum-recht.de\/en\/news\/recap-thementag-menschenrechtsschutz-in-europa\/\" >\n\t\t\t\tDas war der Thementag in Stra\u00dfburg\t\t\t<\/a>\n\t\t<\/h3>\n\t\t\t\t<div class=\"elementor-post__meta-data\">\n\t\t\t\t\t<span class=\"elementor-post-date\">\n\t\t\t14. April 2025\t\t<\/span>\n\t\t\t\t<\/div>\n\t\t\t\t<div class=\"elementor-post__excerpt\">\n\t\t\t<p>Der Thementag \u201eMenschenrechtsschutz in Europa\u201c f\u00fchrte die Teilnehmenden am Freitag, 28. M\u00e4rz 2025 zum Europ\u00e4ischen Gerichtshof f\u00fcr Menschenrechte und zum Europarat in Stra\u00dfburg. <\/p>\n\t\t<\/div>\n\t\t\n\t\t<a class=\"elementor-post__read-more\" href=\"https:\/\/stiftung-forum-recht.de\/en\/news\/recap-thementag-menschenrechtsschutz-in-europa\/\" aria-label=\"Read more about Das war der Thementag in Stra\u00dfburg\" tabindex=\"-1\" >\n\t\t\tWeiterlesen \u00bb\t\t<\/a>\n\n\t\t\t\t<\/div>\n\t\t\t\t<\/article>\n\t\t\t\t<article class=\"elementor-post elementor-grid-item post-30109 post type-post status-publish format-standard has-post-thumbnail hentry category-fortbildungen category-news category-vermittlung tag-fortbildung tag-multiplikator tag-rechtsstaat tag-sfrnews tag-thementage\" role=\"listitem\">\n\t\t\t\t<a class=\"elementor-post__thumbnail__link\" href=\"https:\/\/stiftung-forum-recht.de\/en\/news\/im-rueckblick-thementage-justizvollzug\/\" tabindex=\"-1\" >\n\t\t\t<div class=\"elementor-post__thumbnail\"><img loading=\"lazy\" decoding=\"async\" width=\"930\" height=\"620\" src=\"https:\/\/stiftung-forum-recht.de\/wp-content\/uploads\/2024\/12\/DSC04160-930x620.jpg\" class=\"attachment-neve-blog size-neve-blog wp-image-30112\" alt=\"Szene aus einem Bildungsworkshop. Verschiedene Fotografien liegen auf grauem Boden in den R\u00e4umen der Stiftung Forum Recht. Darum herum stehen ein paar Teilnehmer:innen nachdenklich\" srcset=\"https:\/\/stiftung-forum-recht.de\/wp-content\/uploads\/2024\/12\/DSC04160-930x620.jpg 930w, https:\/\/stiftung-forum-recht.de\/wp-content\/uploads\/2024\/12\/DSC04160-300x200.jpg 300w, https:\/\/stiftung-forum-recht.de\/wp-content\/uploads\/2024\/12\/DSC04160-1024x683.jpg 1024w, https:\/\/stiftung-forum-recht.de\/wp-content\/uploads\/2024\/12\/DSC04160-768x512.jpg 768w, https:\/\/stiftung-forum-recht.de\/wp-content\/uploads\/2024\/12\/DSC04160-1536x1024.jpg 1536w, https:\/\/stiftung-forum-recht.de\/wp-content\/uploads\/2024\/12\/DSC04160-2048x1365.jpg 2048w, https:\/\/stiftung-forum-recht.de\/wp-content\/uploads\/2024\/12\/DSC04160-18x12.jpg 18w\" sizes=\"(max-width: 930px) 100vw, 930px\" \/><\/div>\n\t\t<\/a>\n\t\t\t\t<div class=\"elementor-post__text\">\n\t\t\t\t<h3 class=\"elementor-post__title\">\n\t\t\t<a href=\"https:\/\/stiftung-forum-recht.de\/en\/news\/im-rueckblick-thementage-justizvollzug\/\" >\n\t\t\t\tThementage zum Justizvollzug\t\t\t<\/a>\n\t\t<\/h3>\n\t\t\t\t<div class=\"elementor-post__meta-data\">\n\t\t\t\t\t<span class=\"elementor-post-date\">\n\t\t\t11. December 2024\t\t<\/span>\n\t\t\t\t<\/div>\n\t\t\t\t<div class=\"elementor-post__excerpt\">\n\t\t\t<p>Die Auftaktveranstaltungen zum neuen Fortbildungsangebot \u201eThementage&#8220; boten am 29. November sowie 06. Dezember 2024 spannende Einblicke in den Justizvollzug in Bruchsal und D\u00fcsseldorf. <\/p>\n\t\t<\/div>\n\t\t\n\t\t<a class=\"elementor-post__read-more\" href=\"https:\/\/stiftung-forum-recht.de\/en\/news\/im-rueckblick-thementage-justizvollzug\/\" aria-label=\"Read more about Thementage zum Justizvollzug\" tabindex=\"-1\" >\n\t\t\tWeiterlesen \u00bb\t\t<\/a>\n\n\t\t\t\t<\/div>\n\t\t\t\t<\/article>\n\t\t\t\t<\/div>\n\t\t\n\t\t\t\t\t\t<\/div>\n\t\t\t\t<\/div>\n\t\t\t\t\t<\/div>\n\t\t\t\t<\/div>\n\t\t\t\t<section data-particle_enable=\"false\" data-particle-mobile-disabled=\"false\" class=\"elementor-section elementor-top-section elementor-element elementor-element-30c7865 elementor-hidden-widescreen elementor-hidden-desktop elementor-hidden-laptop elementor-hidden-tablet_extra elementor-hidden-tablet elementor-hidden-mobile elementor-section-boxed elementor-section-height-default elementor-section-height-default\" data-id=\"30c7865\" data-element_type=\"section\" data-e-type=\"section\">\n\t\t\t\t\t\t<div class=\"elementor-container elementor-column-gap-default\">\n\t\t\t\t\t<div class=\"elementor-column elementor-col-100 elementor-top-column elementor-element elementor-element-5b99533\" data-id=\"5b99533\" data-element_type=\"column\" data-e-type=\"column\">\n\t\t\t<div class=\"elementor-widget-wrap elementor-element-populated\">\n\t\t\t\t\t\t<div class=\"elementor-element elementor-element-9a03853 elementor-widget elementor-widget-menu-anchor\" data-id=\"9a03853\" data-element_type=\"widget\" data-e-type=\"widget\" data-widget_type=\"menu-anchor.default\">\n\t\t\t\t\t\t\t<div class=\"elementor-menu-anchor\" id=\"jetztanmelden\"><\/div>\n\t\t\t\t\t\t<\/div>\n\t\t\t\t<div class=\"elementor-element elementor-element-33e8ae2 elementor-widget elementor-widget-heading\" data-id=\"33e8ae2\" data-element_type=\"widget\" data-e-type=\"widget\" data-widget_type=\"heading.default\">\n\t\t\t\t\t<h2 class=\"elementor-heading-title elementor-size-default\">ANmeldung<\/h2>\t\t\t\t<\/div>\n\t\t\t\t<div class=\"elementor-element elementor-element-2fc9fcc elementor-widget elementor-widget-text-editor\" data-id=\"2fc9fcc\" data-element_type=\"widget\" data-e-type=\"widget\" data-widget_type=\"text-editor.default\">\n\t\t\t\t\t\t\t\t\t<p>F\u00fcr R\u00fcckfragen oder Ihre Anmeldung zu einer unserer Fortbildungen schreiben Sie uns gerne eine Email an <strong><a href=\"mailto:vermittlung@stiftung-forum-recht.de\">vermittlung@stiftung-forum-recht.de<\/a> <\/strong>oder nutzen Sie das folgende Kontaktformular.\u00a0<\/p>\t\t\t\t\t\t\t\t<\/div>\n\t\t\t\t<div class=\"elementor-element elementor-element-3f5dc44 elementor-widget-tablet_extra__width-initial elementor-widget-tablet__width-initial elementor-widget-mobile__width-initial elementor-widget elementor-widget-content_form_contact\" data-id=\"3f5dc44\" data-element_type=\"widget\" data-e-type=\"widget\" data-widget_type=\"content_form_contact.default\">\n\t\t\t\t<div class=\"elementor-widget-container\">\n\t\t\t\t\t<form action=\"https:\/\/stiftung-forum-recht.de\/wp-admin\/admin-post.php\" method=\"post\" name=\"content-form-3f5dc44\" id=\"content-form-3f5dc44\" class=\"ti-cf-module content-form content-form-contact content_form_contact\"><input type=\"hidden\" id=\"_wpnonce_contact\" name=\"_wpnonce_contact\" value=\"6241018cd1\" \/><input type=\"hidden\" name=\"_wp_http_referer\" value=\"\/vermittlung\/fortbildungen\/\" \/><input type=\"hidden\" name=\"action\" value=\"content_form_submit\" \/><input type=\"hidden\" name=\"form-type\" value=\"contact\" \/><input type=\"hidden\" name=\"form-builder\" value=\"elementor\" \/><input type=\"hidden\" name=\"post-id\" value=\"30861\" \/><input type=\"hidden\" name=\"form-id\" value=\"3f5dc44\" \/><fieldset class=&quot;content-form-field-text elementor-column elementor-col-100&quot;><label for=\"data[3f5dc44][name]\" >Name<span class=\"required-mark\"> *<\/span><\/label><input type=\"text\" name=\"data[3f5dc44][name]\" id=\"data[3f5dc44][name]\" required=required  placeholder=\"Name, Vorname\"><\/fieldset><fieldset class=&quot;content-form-field-email elementor-column elementor-col-100&quot;><label for=\"data[3f5dc44][email]\" >Email<span class=\"required-mark\"> *<\/span><\/label><input type=\"text\" name=\"data[3f5dc44][email]\" id=\"data[3f5dc44][email]\" required=required  placeholder=\"Email\"><\/fieldset><fieldset class=&quot;content-form-field-text elementor-column elementor-col-100&quot;><label for=\"data[3f5dc44][telefonnummer]\" >Telefonnummer<\/label><input type=\"text\" name=\"data[3f5dc44][telefonnummer]\" id=\"data[3f5dc44][telefonnummer]\"   placeholder=\"+49 1234 56789\"><\/fieldset><fieldset class=&quot;content-form-field-text elementor-column elementor-col-100&quot;><label for=\"data[3f5dc44][funktion-unternehmen-schule-einrichtung]\" >Funktion &amp; Unternehmen\/Schule\/Einrichtung<span class=\"required-mark\"> *<\/span><\/label><input type=\"text\" name=\"data[3f5dc44][funktion-unternehmen-schule-einrichtung]\" id=\"data[3f5dc44][funktion-unternehmen-schule-einrichtung]\" required=required  placeholder=\"z.B. Jugendsozialarbeiter:in\/P\u00e4dagogisches Schulzentrum\/Deutschlehrer Gymnasium M\u00fchlheim\"><\/fieldset><fieldset class=&quot;content-form-field-checkbox elementor-column elementor-col-100&quot;><label class=\"checkbox-input\" for=\"data[3f5dc44][ich-melde-mich-hiermit-verbindlich-fuer-die-fortbildung-in-der-jva-duesseldorf-am-29-11-2024-an]\" >Ich melde mich hiermit verbindlich f\u00fcr die Fortbildung in der JVA D\u00fcsseldorf am 29.11.2024 an!<input type=\"checkbox\" name=\"data[3f5dc44][ich-melde-mich-hiermit-verbindlich-fuer-die-fortbildung-in-der-jva-duesseldorf-am-29-11-2024-an]\" id=\"data[3f5dc44][ich-melde-mich-hiermit-verbindlich-fuer-die-fortbildung-in-der-jva-duesseldorf-am-29-11-2024-an]\"  ><\/label><\/fieldset><fieldset class=&quot;content-form-field-checkbox elementor-column elementor-col-100&quot;><label class=\"checkbox-input\" for=\"data[3f5dc44][ich-melde-mich-hiermit-verbindlich-fuer-die-fortbildung-in-der-jva-bruchsal-am-06-12-2024-an]\" >Ich melde mich hiermit verbindlich f\u00fcr die Fortbildung in der JVA Bruchsal am 06.12.2024 an!<input type=\"checkbox\" name=\"data[3f5dc44][ich-melde-mich-hiermit-verbindlich-fuer-die-fortbildung-in-der-jva-bruchsal-am-06-12-2024-an]\" id=\"data[3f5dc44][ich-melde-mich-hiermit-verbindlich-fuer-die-fortbildung-in-der-jva-bruchsal-am-06-12-2024-an]\"  ><\/label><\/fieldset><fieldset class=&quot;content-form-field-textarea elementor-column elementor-col-100&quot;><label for=\"data[3f5dc44][message]\" >ggf. Nachricht<\/label><textarea name=\"data[3f5dc44][message]\" id=\"data[3f5dc44][message]\"   placeholder=\"Hier bitte spezielle Bed\u00fcrfnisse und Interessen nennen!\" cols=\"30\" rows=\"5\"><\/textarea><\/fieldset><fieldset class=\"submit-form contact\"><button type=\"submit\" name=\"submit\"  value=\"submit-contact-3f5dc44\" class=\"\">Anfrage absenden!<\/button><\/fieldset><\/form>\t\t\t\t<\/div>\n\t\t\t\t<\/div>\n\t\t\t\t<div class=\"elementor-element elementor-element-46f184d elementor-widget-tablet_extra__width-initial elementor-widget-tablet__width-initial elementor-widget-mobile__width-initial elementor-widget elementor-widget-content_form_contact\" data-id=\"46f184d\" data-element_type=\"widget\" data-e-type=\"widget\" data-widget_type=\"content_form_contact.default\">\n\t\t\t\t<div class=\"elementor-widget-container\">\n\t\t\t\t\t<form action=\"https:\/\/stiftung-forum-recht.de\/wp-admin\/admin-post.php\" method=\"post\" name=\"content-form-46f184d\" id=\"content-form-46f184d\" class=\"ti-cf-module content-form content-form-contact content_form_contact\"><input type=\"hidden\" id=\"_wpnonce_contact\" name=\"_wpnonce_contact\" value=\"76ca23d1c4\" \/><input type=\"hidden\" name=\"_wp_http_referer\" value=\"\/vermittlung\/fortbildungen\/\" \/><input type=\"hidden\" name=\"action\" value=\"content_form_submit\" \/><input type=\"hidden\" name=\"form-type\" value=\"contact\" \/><input type=\"hidden\" name=\"form-builder\" value=\"elementor\" \/><input type=\"hidden\" name=\"post-id\" value=\"30861\" \/><input type=\"hidden\" name=\"form-id\" value=\"46f184d\" \/><fieldset class=&quot;content-form-field-text elementor-column elementor-col-100&quot;><label for=\"data[46f184d][name]\" >Name<span class=\"required-mark\"> *<\/span><\/label><input type=\"text\" name=\"data[46f184d][name]\" id=\"data[46f184d][name]\" required=required  placeholder=\"Name, Vorname\"><\/fieldset><fieldset class=&quot;content-form-field-email elementor-column elementor-col-100&quot;><label for=\"data[46f184d][email]\" >Email<span class=\"required-mark\"> *<\/span><\/label><input type=\"text\" name=\"data[46f184d][email]\" id=\"data[46f184d][email]\" required=required  placeholder=\"Email\"><\/fieldset><fieldset class=&quot;content-form-field-text elementor-column elementor-col-100&quot;><label for=\"data[46f184d][telefonnummer]\" >Telefonnummer<\/label><input type=\"text\" name=\"data[46f184d][telefonnummer]\" id=\"data[46f184d][telefonnummer]\"   placeholder=\"+49 1234 56789\"><\/fieldset><fieldset class=&quot;content-form-field-text elementor-column elementor-col-100&quot;><label for=\"data[46f184d][funktion-unternehmen-schule-einrichtung]\" >Funktion &amp; Unternehmen\/Schule\/Einrichtung<span class=\"required-mark\"> *<\/span><\/label><input type=\"text\" name=\"data[46f184d][funktion-unternehmen-schule-einrichtung]\" id=\"data[46f184d][funktion-unternehmen-schule-einrichtung]\" required=required  placeholder=\"z.B. Jugendsozialarbeiter:in\/P\u00e4dagogisches Schulzentrum\/Deutschlehrer Gymnasium M\u00fchlheim\"><\/fieldset><fieldset class=&quot;content-form-field-checkbox elementor-column elementor-col-100&quot;><label class=\"checkbox-input\" for=\"data[46f184d][ich-melde-mich-hiermit-verbindlich-fuer-die-fortbildung-in-der-jva-duesseldorf-am-29-11-2024-an]\" >Ich melde mich hiermit verbindlich f\u00fcr die Fortbildung in der JVA D\u00fcsseldorf am 29.11.2024 an!<input type=\"checkbox\" name=\"data[46f184d][ich-melde-mich-hiermit-verbindlich-fuer-die-fortbildung-in-der-jva-duesseldorf-am-29-11-2024-an]\" id=\"data[46f184d][ich-melde-mich-hiermit-verbindlich-fuer-die-fortbildung-in-der-jva-duesseldorf-am-29-11-2024-an]\"  ><\/label><\/fieldset><fieldset class=&quot;content-form-field-checkbox elementor-column elementor-col-100&quot;><label class=\"checkbox-input\" for=\"data[46f184d][ich-melde-mich-hiermit-verbindlich-fuer-die-fortbildung-in-der-jva-bruchsal-am-06-12-2024-an]\" >Ich melde mich hiermit verbindlich f\u00fcr die Fortbildung in der JVA Bruchsal am 06.12.2024 an!<input type=\"checkbox\" name=\"data[46f184d][ich-melde-mich-hiermit-verbindlich-fuer-die-fortbildung-in-der-jva-bruchsal-am-06-12-2024-an]\" id=\"data[46f184d][ich-melde-mich-hiermit-verbindlich-fuer-die-fortbildung-in-der-jva-bruchsal-am-06-12-2024-an]\"  ><\/label><\/fieldset><fieldset class=&quot;content-form-field-textarea elementor-column elementor-col-100&quot;><label for=\"data[46f184d][message]\" >ggf. Nachricht<\/label><textarea name=\"data[46f184d][message]\" id=\"data[46f184d][message]\"   placeholder=\"Hier bitte spezielle Bed\u00fcrfnisse und Interessen nennen!\" cols=\"30\" rows=\"5\"><\/textarea><\/fieldset><fieldset class=\"submit-form contact\"><button type=\"submit\" name=\"submit\"  value=\"submit-contact-46f184d\" class=\"\">Anfrage absenden!<\/button><\/fieldset><\/form>\t\t\t\t<\/div>\n\t\t\t\t<\/div>\n\t\t\t\t\t<\/div>\n\t\t<\/div>\n\t\t\t\t\t<\/div>\n\t\t<\/section>\n\t\t\t\t<\/div>\n\t\t","protected":false},"excerpt":{"rendered":"<p>Professional Development Programs Offered by the Forum Recht Foundation: Training Programs on Teaching Law and the Rule of Law The Forum Recht Foundation offers a variety of free professional development programs for different target groups, including theme days, forums, and study tours. The goal of all these programs\u2026&nbsp;<a href=\"https:\/\/stiftung-forum-recht.de\/en\/news\/im-rueckblick-thementage-justizvollzug\/\" class=\"\" rel=\"bookmark\">Read More \u00bb<span class=\"screen-reader-text\">Theme days on the prison system<\/span><\/a><\/p>","protected":false},"author":27,"featured_media":30112,"parent":11764,"menu_order":1,"comment_status":"closed","ping_status":"closed","template":"","meta":{"_acf_changed":false,"neve_meta_sidebar":"full-width","neve_meta_container":"","neve_meta_enable_content_width":"on","neve_meta_content_width":100,"neve_meta_title_alignment":"","neve_meta_author_avatar":"","neve_post_elements_order":"","neve_meta_disable_header":"","neve_meta_disable_footer":"","neve_meta_disable_title":"","_themeisle_gutenberg_block_has_review":false,"footnotes":""},"class_list":["post-30861","page","type-page","status-publish","has-post-thumbnail","hentry"],"acf":[],"yoast_head":"<!-- This site is optimized with the Yoast SEO plugin v28.3 - https:\/\/yoast.com\/product\/yoast-seo-wordpress\/ -->\n<title>Fortbildungen | Stiftung Forum Recht<\/title>\n<meta name=\"description\" content=\"Mit den kostenfreien Thementagen bietet die Stiftung Forum Recht Fortbildungsveranstaltung f\u00fcr Multiplikator:innen aus dem Bildungsbereich (Schule, politische Bildung, VHS, sonstige Bildungseinrichtungen), dem sozialen Bereich (z.B. ehrenamtliche Jugendleiter:innen; Sozialarbeiter:innen) und dem Bereich Journalismus an. Die Veranstaltungen verbinden den Besuch eines Ortes, der mit einem Aspekt von Recht und Rechtsstaatlichkeit in Verbindung steht, mit Gespr\u00e4chen mit Praktiker:innen, Fachvortr\u00e4gen und dem Austausch im Workshopformat.\" \/>\n<meta name=\"robots\" content=\"index, follow, max-snippet:-1, max-image-preview:large, max-video-preview:-1\" \/>\n<link rel=\"canonical\" href=\"https:\/\/stiftung-forum-recht.de\/en\/education\/training-courses\/\" \/>\n<meta property=\"og:locale\" content=\"en_US\" \/>\n<meta property=\"og:type\" content=\"article\" \/>\n<meta property=\"og:title\" content=\"Fortbildungen | Stiftung Forum Recht\" \/>\n<meta property=\"og:description\" content=\"Mit den kostenfreien Thementagen bietet die Stiftung Forum Recht Fortbildungsveranstaltung f\u00fcr Multiplikator:innen aus dem Bildungsbereich (Schule, politische Bildung, VHS, sonstige Bildungseinrichtungen), dem sozialen Bereich (z.B. ehrenamtliche Jugendleiter:innen; Sozialarbeiter:innen) und dem Bereich Journalismus an. Die Veranstaltungen verbinden den Besuch eines Ortes, der mit einem Aspekt von Recht und Rechtsstaatlichkeit in Verbindung steht, mit Gespr\u00e4chen mit Praktiker:innen, Fachvortr\u00e4gen und dem Austausch im Workshopformat.\" \/>\n<meta property=\"og:url\" content=\"https:\/\/stiftung-forum-recht.de\/en\/education\/training-courses\/\" \/>\n<meta property=\"og:site_name\" content=\"Stiftung Forum Recht\" \/>\n<meta property=\"article:modified_time\" content=\"2026-09-01T07:09:39+00:00\" \/>\n<meta property=\"og:image\" content=\"https:\/\/stiftung-forum-recht.de\/wp-content\/uploads\/2024\/12\/DSC04160-scaled.jpg\" \/>\n\t<meta property=\"og:image:width\" content=\"2560\" \/>\n\t<meta property=\"og:image:height\" content=\"1707\" \/>\n\t<meta property=\"og:image:type\" content=\"image\/jpeg\" \/>\n<meta name=\"twitter:card\" content=\"summary_large_image\" \/>\n<meta name=\"twitter:label1\" content=\"Est. reading time\" \/>\n\t<meta name=\"twitter:data1\" content=\"9 minutes\" \/>\n<!-- \/ Yoast SEO plugin. -->","yoast_head_json":{"title":"Professional Development | Forum Recht Foundation","description":"Through its free themed days, the Forum Recht Foundation offers professional development events for multipliers in the fields of education (schools, civic education, adult education centers, and other educational institutions), social services (e.g., volunteer youth leaders and social workers), and journalism. The events combine a visit to a site associated with an aspect of law and the rule of law with discussions with practitioners, expert presentations, and exchanges in a workshop format.","robots":{"index":"index","follow":"follow","max-snippet":"max-snippet:-1","max-image-preview":"max-image-preview:large","max-video-preview":"max-video-preview:-1"},"canonical":"https:\/\/stiftung-forum-recht.de\/en\/education\/training-courses\/","og_locale":"en_US","og_type":"article","og_title":"Fortbildungen | Stiftung Forum Recht","og_description":"Mit den kostenfreien Thementagen bietet die Stiftung Forum Recht Fortbildungsveranstaltung f\u00fcr Multiplikator:innen aus dem Bildungsbereich (Schule, politische Bildung, VHS, sonstige Bildungseinrichtungen), dem sozialen Bereich (z.B. ehrenamtliche Jugendleiter:innen; Sozialarbeiter:innen) und dem Bereich Journalismus an. Die Veranstaltungen verbinden den Besuch eines Ortes, der mit einem Aspekt von Recht und Rechtsstaatlichkeit in Verbindung steht, mit Gespr\u00e4chen mit Praktiker:innen, Fachvortr\u00e4gen und dem Austausch im Workshopformat.","og_url":"https:\/\/stiftung-forum-recht.de\/en\/education\/training-courses\/","og_site_name":"Stiftung Forum Recht","article_modified_time":"2026-09-01T07:09:39+00:00","og_image":[{"width":2560,"height":1707,"url":"https:\/\/stiftung-forum-recht.de\/wp-content\/uploads\/2024\/12\/DSC04160-scaled.jpg","type":"image\/jpeg"}],"twitter_card":"summary_large_image","twitter_misc":{"Est. reading time":"9 minutes"},"schema":{"@context":"https:\/\/schema.org","@graph":[{"@type":"WebPage","@id":"https:\/\/stiftung-forum-recht.de\/vermittlung\/fortbildungen\/","url":"https:\/\/stiftung-forum-recht.de\/vermittlung\/fortbildungen\/","name":"Professional Development | Forum Recht Foundation","isPartOf":{"@id":"https:\/\/stiftung-forum-recht.de\/#website"},"primaryImageOfPage":{"@id":"https:\/\/stiftung-forum-recht.de\/vermittlung\/fortbildungen\/#primaryimage"},"image":{"@id":"https:\/\/stiftung-forum-recht.de\/vermittlung\/fortbildungen\/#primaryimage"},"thumbnailUrl":"https:\/\/stiftung-forum-recht.de\/wp-content\/uploads\/2024\/12\/DSC04160-scaled.jpg","datePublished":"2025-01-23T11:17:24+00:00","dateModified":"2026-09-01T07:09:39+00:00","description":"Through its free themed days, the Forum Recht Foundation offers professional development events for multipliers in the fields of education (schools, civic education, adult education centers, and other educational institutions), social services (e.g., volunteer youth leaders and social workers), and journalism. The events combine a visit to a site associated with an aspect of law and the rule of law with discussions with practitioners, expert presentations, and exchanges in a workshop format.","breadcrumb":{"@id":"https:\/\/stiftung-forum-recht.de\/vermittlung\/fortbildungen\/#breadcrumb"},"inLanguage":"en-US","potentialAction":[{"@type":"ReadAction","target":["https:\/\/stiftung-forum-recht.de\/vermittlung\/fortbildungen\/"]}]},{"@type":"ImageObject","inLanguage":"en-US","@id":"https:\/\/stiftung-forum-recht.de\/vermittlung\/fortbildungen\/#primaryimage","url":"https:\/\/stiftung-forum-recht.de\/wp-content\/uploads\/2024\/12\/DSC04160-scaled.jpg","contentUrl":"https:\/\/stiftung-forum-recht.de\/wp-content\/uploads\/2024\/12\/DSC04160-scaled.jpg","width":2560,"height":1707,"caption":"Workshop in den R\u00e4umen der Stiftung Forum Recht, Foto: Stiftung Forum Recht"},{"@type":"BreadcrumbList","@id":"https:\/\/stiftung-forum-recht.de\/vermittlung\/fortbildungen\/#breadcrumb","itemListElement":[{"@type":"ListItem","position":1,"name":"Startseite","item":"https:\/\/stiftung-forum-recht.de\/"},{"@type":"ListItem","position":2,"name":"Vermittlung","item":"https:\/\/stiftung-forum-recht.de\/?page_id=11764"},{"@type":"ListItem","position":3,"name":"Fortbildungen"}]},{"@type":"WebSite","@id":"https:\/\/stiftung-forum-recht.de\/#website","url":"https:\/\/stiftung-forum-recht.de\/","name":"Stiftung Forum Recht","description":"THE LAW FORUM","publisher":{"@id":"https:\/\/stiftung-forum-recht.de\/#organization"},"potentialAction":[{"@type":"SearchAction","target":{"@type":"EntryPoint","urlTemplate":"https:\/\/stiftung-forum-recht.de\/?s={search_term_string}"},"query-input":{"@type":"PropertyValueSpecification","valueRequired":true,"valueName":"search_term_string"}}],"inLanguage":"en-US"},{"@type":"Organization","@id":"https:\/\/stiftung-forum-recht.de\/#organization","name":"Stiftung Forum Recht","url":"https:\/\/stiftung-forum-recht.de\/","logo":{"@type":"ImageObject","inLanguage":"en-US","@id":"https:\/\/stiftung-forum-recht.de\/#\/schema\/logo\/image\/","url":"https:\/\/stiftung-forum-recht.de\/wp-content\/uploads\/2020\/10\/sfr-logo-2023.png","contentUrl":"https:\/\/stiftung-forum-recht.de\/wp-content\/uploads\/2020\/10\/sfr-logo-2023.png","width":200,"height":200,"caption":"Stiftung Forum Recht"},"image":{"@id":"https:\/\/stiftung-forum-recht.de\/#\/schema\/logo\/image\/"}}]}},"meta_box":{"sfr_page_playing_rules":""},"_links":{"self":[{"href":"https:\/\/stiftung-forum-recht.de\/en\/wp-json\/wp\/v2\/pages\/30861","targetHints":{"allow":["GET"]}}],"collection":[{"href":"https:\/\/stiftung-forum-recht.de\/en\/wp-json\/wp\/v2\/pages"}],"about":[{"href":"https:\/\/stiftung-forum-recht.de\/en\/wp-json\/wp\/v2\/types\/page"}],"author":[{"embeddable":true,"href":"https:\/\/stiftung-forum-recht.de\/en\/wp-json\/wp\/v2\/users\/27"}],"replies":[{"embeddable":true,"href":"https:\/\/stiftung-forum-recht.de\/en\/wp-json\/wp\/v2\/comments?post=30861"}],"version-history":[{"count":10,"href":"https:\/\/stiftung-forum-recht.de\/en\/wp-json\/wp\/v2\/pages\/30861\/revisions"}],"predecessor-version":[{"id":47733,"href":"https:\/\/stiftung-forum-recht.de\/en\/wp-json\/wp\/v2\/pages\/30861\/revisions\/47733"}],"up":[{"embeddable":true,"href":"https:\/\/stiftung-forum-recht.de\/en\/wp-json\/wp\/v2\/pages\/11764"}],"wp:featuredmedia":[{"embeddable":true,"href":"https:\/\/stiftung-forum-recht.de\/en\/wp-json\/wp\/v2\/media\/30112"}],"wp:attachment":[{"href":"https:\/\/stiftung-forum-recht.de\/en\/wp-json\/wp\/v2\/media?parent=30861"}],"curies":[{"name":"wp","href":"https:\/\/api.w.org\/{rel}","templated":true}]}}