{"id":23131,"date":"2024-05-07T10:32:34","date_gmt":"2024-05-07T08:32:34","guid":{"rendered":"https:\/\/stiftung-forum-recht.de\/?page_id=23131"},"modified":"2026-08-24T11:36:21","modified_gmt":"2026-08-24T09:36:21","slug":"quite-urban-karlsruhe","status":"publish","type":"page","link":"https:\/\/stiftung-forum-recht.de\/en\/vermittlung\/recht-stadtlich-karlsruhe\/","title":{"rendered":"Quite urban! in Karlsruhe"},"content":{"rendered":"\t\t<div data-elementor-type=\"wp-page\" data-elementor-id=\"23131\" class=\"elementor elementor-23131\" data-elementor-post-type=\"page\">\n\t\t\t\t<div data-particle_enable=\"false\" data-particle-mobile-disabled=\"false\" class=\"elementor-element elementor-element-6f40a5ad e-con-full slidercontainer e-flex e-con e-parent\" data-id=\"6f40a5ad\" data-element_type=\"container\" data-e-type=\"container\" data-settings=\"{&quot;background_background&quot;:&quot;classic&quot;,&quot;shape_divider_bottom&quot;:&quot;tilt&quot;}\">\n\t\t\t\t<div class=\"elementor-shape elementor-shape-bottom\" aria-hidden=\"true\" data-negative=\"false\">\n\t\t\t<svg xmlns=\"http:\/\/www.w3.org\/2000\/svg\" viewBox=\"0 0 1000 100\" preserveAspectRatio=\"none\">\n\t<path class=\"elementor-shape-fill\" d=\"M0,6V0h1000v100L0,6z\"\/>\n<\/svg>\t\t<\/div>\n\t\t\t\t<\/div>\n\t\t\t\t<section data-particle_enable=\"false\" data-particle-mobile-disabled=\"false\" class=\"elementor-section elementor-top-section elementor-element elementor-element-1a288fa elementor-section-content-top elementor-section-boxed elementor-section-height-default elementor-section-height-default\" data-id=\"1a288fa\" data-element_type=\"section\" data-e-type=\"section\">\n\t\t\t\t\t\t<div class=\"elementor-container elementor-column-gap-default\">\n\t\t\t\t\t<div class=\"elementor-column elementor-col-100 elementor-top-column elementor-element elementor-element-eac54be\" data-id=\"eac54be\" data-element_type=\"column\" data-e-type=\"column\">\n\t\t\t<div class=\"elementor-widget-wrap elementor-element-populated\">\n\t\t\t\t\t\t<div class=\"elementor-element elementor-element-8a5c8b5 elementor-widget elementor-widget-heading\" data-id=\"8a5c8b5\" data-element_type=\"widget\" data-e-type=\"widget\" data-widget_type=\"heading.default\">\n\t\t\t\t\t<h1 class=\"elementor-heading-title elementor-size-default\">RECHT STADTLICH!<\/h1>\t\t\t\t<\/div>\n\t\t\t\t<div class=\"elementor-element elementor-element-62de221 elementor-widget elementor-widget-heading\" data-id=\"62de221\" data-element_type=\"widget\" data-e-type=\"widget\" data-widget_type=\"heading.default\">\n\t\t\t\t\t<h2 class=\"elementor-heading-title elementor-size-default\">Ein RUndgang durch Karlsruhe<br><\/h2>\t\t\t\t<\/div>\n\t\t\t\t<div class=\"elementor-element elementor-element-4fc103f elementor-widget-widescreen__width-initial elementor-widget elementor-widget-text-editor\" data-id=\"4fc103f\" data-element_type=\"widget\" data-e-type=\"widget\" data-widget_type=\"text-editor.default\">\n\t\t\t\t\t\t\t\t\t<p><strong>Was macht eigentlich der Bundesgerichtshof? Wie war das nochmal mit dem Buback-Attentat und der RAF? <\/strong><strong>Und was hat das Recht mit unserem Alltag zu tun?<\/strong><\/p>\t\t\t\t\t\t\t\t<\/div>\n\t\t\t\t\t<\/div>\n\t\t<\/div>\n\t\t\t\t\t<\/div>\n\t\t<\/section>\n\t\t\t\t<section data-particle_enable=\"false\" data-particle-mobile-disabled=\"false\" class=\"elementor-section elementor-top-section elementor-element elementor-element-f5ecd83 elementor-section-boxed elementor-section-height-default elementor-section-height-default\" data-id=\"f5ecd83\" data-element_type=\"section\" data-e-type=\"section\">\n\t\t\t\t\t\t<div class=\"elementor-container elementor-column-gap-default\">\n\t\t\t\t\t<div class=\"elementor-column elementor-col-33 elementor-top-column elementor-element elementor-element-aadada6\" data-id=\"aadada6\" data-element_type=\"column\" data-e-type=\"column\">\n\t\t\t<div class=\"elementor-widget-wrap elementor-element-populated\">\n\t\t\t\t\t\t<div class=\"elementor-element elementor-element-a9edab4 elementor-widget elementor-widget-image\" data-id=\"a9edab4\" data-element_type=\"widget\" data-e-type=\"widget\" data-widget_type=\"image.default\">\n\t\t\t\t\t\t\t\t\t\t\t\t\t\t\t<img fetchpriority=\"high\" decoding=\"async\" width=\"1440\" height=\"1440\" src=\"https:\/\/stiftung-forum-recht.de\/wp-content\/uploads\/2026\/04\/2026_SFR_SRG_Kachel-Karlsruhe-1.png\" class=\"attachment-full size-full wp-image-43125\" alt=\"Flyer mit Terminen der Stadtrundg\u00e4nge als Bild.\" srcset=\"https:\/\/stiftung-forum-recht.de\/wp-content\/uploads\/2026\/04\/2026_SFR_SRG_Kachel-Karlsruhe-1.png 1440w, https:\/\/stiftung-forum-recht.de\/wp-content\/uploads\/2026\/04\/2026_SFR_SRG_Kachel-Karlsruhe-1-300x300.png 300w, https:\/\/stiftung-forum-recht.de\/wp-content\/uploads\/2026\/04\/2026_SFR_SRG_Kachel-Karlsruhe-1-1024x1024.png 1024w, https:\/\/stiftung-forum-recht.de\/wp-content\/uploads\/2026\/04\/2026_SFR_SRG_Kachel-Karlsruhe-1-150x150.png 150w, https:\/\/stiftung-forum-recht.de\/wp-content\/uploads\/2026\/04\/2026_SFR_SRG_Kachel-Karlsruhe-1-768x768.png 768w, https:\/\/stiftung-forum-recht.de\/wp-content\/uploads\/2026\/04\/2026_SFR_SRG_Kachel-Karlsruhe-1-12x12.png 12w\" sizes=\"(max-width: 1440px) 100vw, 1440px\" \/>\t\t\t\t\t\t\t\t\t\t\t\t\t\t\t<\/div>\n\t\t\t\t\t<\/div>\n\t\t<\/div>\n\t\t\t\t<div class=\"elementor-column elementor-col-66 elementor-top-column elementor-element elementor-element-ff06995\" data-id=\"ff06995\" data-element_type=\"column\" data-e-type=\"column\">\n\t\t\t<div class=\"elementor-widget-wrap elementor-element-populated\">\n\t\t\t\t\t\t<div class=\"elementor-element elementor-element-2fee525 elementor-widget elementor-widget-text-editor\" data-id=\"2fee525\" data-element_type=\"widget\" data-e-type=\"widget\" data-widget_type=\"text-editor.default\">\n\t\t\t\t\t\t\t\t\t<p>Diese und viele weitere Fragen beantwortet der <strong>kostenfreie thematische Stadtrundgang \u201eRecht stadtlich!\u201c<\/strong> der Stiftung Forum Recht.<\/p><p>Gemeinsam begegnen wir Karlsruher Kuriosit\u00e4ten, gro\u00dfen und kleinen Skandalen der F\u00e4cherstadt und lernen <span style=\"color: #000000;\">Gerichte<\/span> sowie spannende <span style=\"color: #000000;\">Rechtsf\u00e4lle<\/span> kennen. Von der fortschrittlichsten Verfassung bis hin zu Kunst im \u00f6ffentlichen Raum ist bei <strong>\u201eRecht stadtlich!\u201c<\/strong> alles dabei.<\/p><p>Folgen Sie uns auf den Spuren des Rechtsstaates und lernen Sie Karlsruhe von einer neuen Seite kennen.<\/p><p><strong>Die Stadtrundg\u00e4nge finden von April bis Oktober jeden zweiten Donnerstag im Monat jeweils 17:00 bis 19:00 Uhr in Karlsruhe statt! <\/strong>2026 findet der Maitermin bereits am Samstag, 9. Mai um 11:00 als Europa-Edition im Rahmen des <a href=\"http:\/\/www.karlsruhe.de\/europatag\" target=\"_blank\" rel=\"noopener\">Europatags<\/a> statt.\u00a0<\/p><p><a href=\"https:\/\/stiftung-forum-recht.de\/news\/recht-stadtlich-europa-edition\/\" target=\"_blank\" rel=\"noopener\"><span style=\"color: #e35a1d;\"><strong>Europa-Edition:<\/strong><\/span><\/a> Seit 2025<span data-offset-key=\"ef5u2-0-0\"> k\u00f6nnen Sie in Karlsruhe f\u00fcr Gruppen ab zehn Personen neben der Standartversion zudem die Europa-Edition des Stadtrundgangs buchen \u2013 der Spaziergang f\u00fchrt an \u00e4hnliche <\/span><span id=\"decorator-corrected-entity-id-10\" data-entity-key=\"10\" data-offset-key=\"ef5u2-1-0\"><span data-offset-key=\"ef5u2-1-0\">Orte wie<\/span><\/span><span data-offset-key=\"ef5u2-2-0\"> die <\/span><span id=\"decorator-corrected-entity-id-12\" data-entity-key=\"12\" data-offset-key=\"ef5u2-3-0\"><span data-offset-key=\"ef5u2-3-0\">Standard-F\u00fchrung<\/span><\/span><span data-offset-key=\"ef5u2-4-0\">, jedoch stehen Europa und das europ\u00e4ische Recht thematisch im Mittelpunkt. Eine\u00a0 Entscheidungshilfe finden Sie im Abschnitt <a href=\"#europaedition\">\u201eWas ist die Europa-Edition\u201c<\/a>.\u00a0<\/span><\/p>\t\t\t\t\t\t\t\t<\/div>\n\t\t\t\t\t<\/div>\n\t\t<\/div>\n\t\t\t\t\t<\/div>\n\t\t<\/section>\n\t\t<div data-particle_enable=\"false\" data-particle-mobile-disabled=\"false\" class=\"elementor-element elementor-element-834dae9 e-grid e-con-boxed e-con e-parent\" data-id=\"834dae9\" data-element_type=\"container\" data-e-type=\"container\">\n\t\t\t\t\t<div class=\"e-con-inner\">\n\t\t<div data-particle_enable=\"false\" data-particle-mobile-disabled=\"false\" class=\"elementor-element elementor-element-f5c9d0b e-flex e-con-boxed e-con e-child\" data-id=\"f5c9d0b\" data-element_type=\"container\" data-e-type=\"container\">\n\t\t\t\t\t<div class=\"e-con-inner\">\n\t\t\t\t<div class=\"elementor-element elementor-element-1b864eb elementor-widget elementor-widget-heading\" data-id=\"1b864eb\" data-element_type=\"widget\" data-e-type=\"widget\" data-widget_type=\"heading.default\">\n\t\t\t\t\t<h2 class=\"elementor-heading-title elementor-size-default\">Teilnehmen<\/h2>\t\t\t\t<\/div>\n\t\t\t\t<div class=\"elementor-element elementor-element-73bdc76 elementor-widget elementor-widget-n-accordion\" data-id=\"73bdc76\" data-element_type=\"widget\" data-e-type=\"widget\" data-settings=\"{&quot;default_state&quot;:&quot;all_collapsed&quot;,&quot;max_items_expended&quot;:&quot;one&quot;,&quot;n_accordion_animation_duration&quot;:{&quot;unit&quot;:&quot;ms&quot;,&quot;size&quot;:400,&quot;sizes&quot;:[]}}\" data-widget_type=\"nested-accordion.default\">\n\t\t\t\t\t\t\t<div class=\"e-n-accordion\" aria-label=\"Accordion. Open links with Enter or Space, close with Escape, and navigate with Arrow Keys\">\n\t\t\t\t\t\t<details id=\"e-n-accordion-item-1210\" class=\"e-n-accordion-item\" >\n\t\t\t\t<summary class=\"e-n-accordion-item-title\" data-accordion-index=\"1\" tabindex=\"0\" aria-expanded=\"false\" aria-controls=\"e-n-accordion-item-1210\" >\n\t\t\t\t\t<span class='e-n-accordion-item-title-header'><div class=\"e-n-accordion-item-title-text\"> Wann finden die Stadtrundg\u00e4nge statt? <\/div><\/span>\n\t\t\t\t\t\t\t<span class='e-n-accordion-item-title-icon'>\n\t\t\t<span class='e-opened' ><svg aria-hidden=\"true\" class=\"e-font-icon-svg e-fas-minus\" viewBox=\"0 0 448 512\" xmlns=\"http:\/\/www.w3.org\/2000\/svg\"><path d=\"M416 208H32c-17.67 0-32 14.33-32 32v32c0 17.67 14.33 32 32 32h384c17.67 0 32-14.33 32-32v-32c0-17.67-14.33-32-32-32z\"><\/path><\/svg><\/span>\n\t\t\t<span class='e-closed'><svg aria-hidden=\"true\" class=\"e-font-icon-svg e-fas-plus\" viewBox=\"0 0 448 512\" xmlns=\"http:\/\/www.w3.org\/2000\/svg\"><path d=\"M416 208H272V64c0-17.67-14.33-32-32-32h-32c-17.67 0-32 14.33-32 32v144H32c-17.67 0-32 14.33-32 32v32c0 17.67 14.33 32 32 32h144v144c0 17.67 14.33 32 32 32h32c17.67 0 32-14.33 32-32V304h144c17.67 0 32-14.33 32-32v-32c0-17.67-14.33-32-32-32z\"><\/path><\/svg><\/span>\n\t\t<\/span>\n\n\t\t\t\t\t\t<\/summary>\n\t\t\t\t<div data-particle_enable=\"false\" data-particle-mobile-disabled=\"false\" role=\"region\" aria-labelledby=\"e-n-accordion-item-1210\" class=\"elementor-element elementor-element-2646ad3 e-con-full e-flex e-con e-child\" data-id=\"2646ad3\" data-element_type=\"container\" data-e-type=\"container\">\n\t\t\t\t<div class=\"elementor-element elementor-element-dbff1f1 elementor-widget elementor-widget-text-editor\" data-id=\"dbff1f1\" data-element_type=\"widget\" data-e-type=\"widget\" data-widget_type=\"text-editor.default\">\n\t\t\t\t\t\t\t\t\t<p>Die Free Walking Tour mit der Stiftung Forum Recht findet <strong>immer am zweiten Donnerstag im Monat um 17:00 Uhr in Karlsruhe <\/strong>statt.\u00a0<\/p><p><strong>Termine f\u00fcr 2026 in Karlsruhe:\u00a0<\/strong><br \/>Donnerstag, 09. April<\/p><p>Samstag, 09. Mai (Europa-Edition um 11:00)*<br \/>Samstag, 16. Mai (Sondertermin f\u00fcr Kurzrundg\u00e4nge 11:00 &#8211; 12:00 Uhr und 15:00 &#8211; 16:00 Uhr, im Rahmen des Tages der offenen T\u00fcr des Bundesverfassungsgerichts, Treffpunkt vor dem Bundesverfassungsgericht, Schlo\u00dfbezirk 3, 76131 Karlsruhe)<\/p><p>Donnerstag, 11. Juni, 17:00 Uhr\u00a0<br \/>Donnerstag, 09. Juli, 17:00 Uhr\u00a0<br \/>Donnerstag, 13. August, 17:00 Uhr\u00a0<br \/>Donnerstag, 10. September, 17:00 Uhr\u00a0<br \/>Donnerstag, 08. Oktober, 17:00 Uhr\u00a0<\/p><p><strong>*Achtung:<\/strong> Am Donnerstag, den 14. Mai, findet kein Stadtrundgang statt. Wir bieten den Mairundgang schon am Samstag, den 09. Mai, um 11:00 Uhr, im Rahmen der <a href=\"http:\/\/www.karlsruhe.de\/europatag\" target=\"_blank\" rel=\"noopener\">Europawochen Karlsruhe<\/a> in der Spezialedition als \u201eEuropa-Stadtrundgang\u201c an.<\/p><p>F\u00fcr mehr Informationen zu einem bestimmten Termin nutzen Sie bitte unseren <a href=\"https:\/\/stiftung-forum-recht.de\/kalender\/\" target=\"_blank\" rel=\"noopener\">Kalender<\/a>.<\/p>\t\t\t\t\t\t\t\t<\/div>\n\t\t\t\t<\/div>\n\t\t\t\t\t<\/details>\n\t\t\t\t\t\t<details id=\"e-n-accordion-item-1211\" class=\"e-n-accordion-item\" >\n\t\t\t\t<summary class=\"e-n-accordion-item-title\" data-accordion-index=\"2\" tabindex=\"-1\" aria-expanded=\"false\" aria-controls=\"e-n-accordion-item-1211\" >\n\t\t\t\t\t<span class='e-n-accordion-item-title-header'><div class=\"e-n-accordion-item-title-text\"> Wie lange dauern sie?  <\/div><\/span>\n\t\t\t\t\t\t\t<span class='e-n-accordion-item-title-icon'>\n\t\t\t<span class='e-opened' ><svg aria-hidden=\"true\" class=\"e-font-icon-svg e-fas-minus\" viewBox=\"0 0 448 512\" xmlns=\"http:\/\/www.w3.org\/2000\/svg\"><path d=\"M416 208H32c-17.67 0-32 14.33-32 32v32c0 17.67 14.33 32 32 32h384c17.67 0 32-14.33 32-32v-32c0-17.67-14.33-32-32-32z\"><\/path><\/svg><\/span>\n\t\t\t<span class='e-closed'><svg aria-hidden=\"true\" class=\"e-font-icon-svg e-fas-plus\" viewBox=\"0 0 448 512\" xmlns=\"http:\/\/www.w3.org\/2000\/svg\"><path d=\"M416 208H272V64c0-17.67-14.33-32-32-32h-32c-17.67 0-32 14.33-32 32v144H32c-17.67 0-32 14.33-32 32v32c0 17.67 14.33 32 32 32h144v144c0 17.67 14.33 32 32 32h32c17.67 0 32-14.33 32-32V304h144c17.67 0 32-14.33 32-32v-32c0-17.67-14.33-32-32-32z\"><\/path><\/svg><\/span>\n\t\t<\/span>\n\n\t\t\t\t\t\t<\/summary>\n\t\t\t\t<div data-particle_enable=\"false\" data-particle-mobile-disabled=\"false\" role=\"region\" aria-labelledby=\"e-n-accordion-item-1211\" class=\"elementor-element elementor-element-c915306 e-con-full e-flex e-con e-child\" data-id=\"c915306\" data-element_type=\"container\" data-e-type=\"container\">\n\t\t\t\t<div class=\"elementor-element elementor-element-6143af1 elementor-widget elementor-widget-text-editor\" data-id=\"6143af1\" data-element_type=\"widget\" data-e-type=\"widget\" data-widget_type=\"text-editor.default\">\n\t\t\t\t\t\t\t\t\t<p>Sie dauert rund zwei Stunden.<\/p>\t\t\t\t\t\t\t\t<\/div>\n\t\t\t\t<\/div>\n\t\t\t\t\t<\/details>\n\t\t\t\t\t\t<details id=\"e-n-accordion-item-1212\" class=\"e-n-accordion-item\" >\n\t\t\t\t<summary class=\"e-n-accordion-item-title\" data-accordion-index=\"3\" tabindex=\"-1\" aria-expanded=\"false\" aria-controls=\"e-n-accordion-item-1212\" >\n\t\t\t\t\t<span class='e-n-accordion-item-title-header'><div class=\"e-n-accordion-item-title-text\"> Was kostet die Teilnahme?  <\/div><\/span>\n\t\t\t\t\t\t\t<span class='e-n-accordion-item-title-icon'>\n\t\t\t<span class='e-opened' ><svg aria-hidden=\"true\" class=\"e-font-icon-svg e-fas-minus\" viewBox=\"0 0 448 512\" xmlns=\"http:\/\/www.w3.org\/2000\/svg\"><path d=\"M416 208H32c-17.67 0-32 14.33-32 32v32c0 17.67 14.33 32 32 32h384c17.67 0 32-14.33 32-32v-32c0-17.67-14.33-32-32-32z\"><\/path><\/svg><\/span>\n\t\t\t<span class='e-closed'><svg aria-hidden=\"true\" class=\"e-font-icon-svg e-fas-plus\" viewBox=\"0 0 448 512\" xmlns=\"http:\/\/www.w3.org\/2000\/svg\"><path d=\"M416 208H272V64c0-17.67-14.33-32-32-32h-32c-17.67 0-32 14.33-32 32v144H32c-17.67 0-32 14.33-32 32v32c0 17.67 14.33 32 32 32h144v144c0 17.67 14.33 32 32 32h32c17.67 0 32-14.33 32-32V304h144c17.67 0 32-14.33 32-32v-32c0-17.67-14.33-32-32-32z\"><\/path><\/svg><\/span>\n\t\t<\/span>\n\n\t\t\t\t\t\t<\/summary>\n\t\t\t\t<div data-particle_enable=\"false\" data-particle-mobile-disabled=\"false\" role=\"region\" aria-labelledby=\"e-n-accordion-item-1212\" class=\"elementor-element elementor-element-4a35309 e-con-full e-flex e-con e-child\" data-id=\"4a35309\" data-element_type=\"container\" data-e-type=\"container\">\n\t\t\t\t<div class=\"elementor-element elementor-element-3c33c2f elementor-widget elementor-widget-text-editor\" data-id=\"3c33c2f\" data-element_type=\"widget\" data-e-type=\"widget\" data-widget_type=\"text-editor.default\">\n\t\t\t\t\t\t\t\t\tDer Rundgang ist kostenfrei. Eine Anmeldung ist nicht erforderlich.\u00a0\t\t\t\t\t\t\t\t<\/div>\n\t\t\t\t<\/div>\n\t\t\t\t\t<\/details>\n\t\t\t\t\t\t<details id=\"e-n-accordion-item-1213\" class=\"e-n-accordion-item\" >\n\t\t\t\t<summary class=\"e-n-accordion-item-title\" data-accordion-index=\"4\" tabindex=\"-1\" aria-expanded=\"false\" aria-controls=\"e-n-accordion-item-1213\" >\n\t\t\t\t\t<span class='e-n-accordion-item-title-header'><div class=\"e-n-accordion-item-title-text\"> Sind die Rundg\u00e4nge barrierefrei?  <\/div><\/span>\n\t\t\t\t\t\t\t<span class='e-n-accordion-item-title-icon'>\n\t\t\t<span class='e-opened' ><svg aria-hidden=\"true\" class=\"e-font-icon-svg e-fas-minus\" viewBox=\"0 0 448 512\" xmlns=\"http:\/\/www.w3.org\/2000\/svg\"><path d=\"M416 208H32c-17.67 0-32 14.33-32 32v32c0 17.67 14.33 32 32 32h384c17.67 0 32-14.33 32-32v-32c0-17.67-14.33-32-32-32z\"><\/path><\/svg><\/span>\n\t\t\t<span class='e-closed'><svg aria-hidden=\"true\" class=\"e-font-icon-svg e-fas-plus\" viewBox=\"0 0 448 512\" xmlns=\"http:\/\/www.w3.org\/2000\/svg\"><path d=\"M416 208H272V64c0-17.67-14.33-32-32-32h-32c-17.67 0-32 14.33-32 32v144H32c-17.67 0-32 14.33-32 32v32c0 17.67 14.33 32 32 32h144v144c0 17.67 14.33 32 32 32h32c17.67 0 32-14.33 32-32V304h144c17.67 0 32-14.33 32-32v-32c0-17.67-14.33-32-32-32z\"><\/path><\/svg><\/span>\n\t\t<\/span>\n\n\t\t\t\t\t\t<\/summary>\n\t\t\t\t<div data-particle_enable=\"false\" data-particle-mobile-disabled=\"false\" role=\"region\" aria-labelledby=\"e-n-accordion-item-1213\" class=\"elementor-element elementor-element-cbbbeec e-con-full e-flex e-con e-child\" data-id=\"cbbbeec\" data-element_type=\"container\" data-e-type=\"container\">\n\t\t\t\t<div class=\"elementor-element elementor-element-8feff02 elementor-widget elementor-widget-text-editor\" data-id=\"8feff02\" data-element_type=\"widget\" data-e-type=\"widget\" data-widget_type=\"text-editor.default\">\n\t\t\t\t\t\t\t\t\t<p>Der Rundgang ist barrierearm. Der Weg bietet abgesenkte Bordsteinkanten f\u00fcr Rollstuhlfahrer:innen. Teilnehmende sollten Freude an einem ca. 2,8 km langen Spaziergang mitbringen. Bitte beachten Sie, dass wir keine zus\u00e4tzliche Unterst\u00fctzung f\u00fcr seh- und h\u00f6rbeeintr\u00e4chtigte Personen anbieten. F\u00fcr etwa 30 G\u00e4ste stehen Kopfh\u00f6rer zur Verf\u00fcgung und die Stimme der Reiseleitung wird mit einem Mikrophon verst\u00e4rkt. Auch m\u00fcssen Sie durch das st\u00e4dtische Umfeld mit zahlreichen sensorischen Reizen auf dem Rundgang rechnen.\u00a0<br \/>Wenn Sie dazu detaillierte Fragen haben, z\u00f6gern Sie bitte nicht, uns zu kontaktieren: <strong><a href=\"mailto:rundgang-karlsruhe@stiftung-forum-recht.de\">rundgang-karlsruhe(at)stiftung-forum-recht.de<\/a><\/strong>. Sie finden daf\u00fcr weiter unten auch ein Formular.<\/p>\t\t\t\t\t\t\t\t<\/div>\n\t\t\t\t<\/div>\n\t\t\t\t\t<\/details>\n\t\t\t\t\t\t<details id=\"e-n-accordion-item-1214\" class=\"e-n-accordion-item\" >\n\t\t\t\t<summary class=\"e-n-accordion-item-title\" data-accordion-index=\"5\" tabindex=\"-1\" aria-expanded=\"false\" aria-controls=\"e-n-accordion-item-1214\" >\n\t\t\t\t\t<span class='e-n-accordion-item-title-header'><div class=\"e-n-accordion-item-title-text\"> Welche Sprache spricht die \u201eReiseleitung\"? <\/div><\/span>\n\t\t\t\t\t\t\t<span class='e-n-accordion-item-title-icon'>\n\t\t\t<span class='e-opened' ><svg aria-hidden=\"true\" class=\"e-font-icon-svg e-fas-minus\" viewBox=\"0 0 448 512\" xmlns=\"http:\/\/www.w3.org\/2000\/svg\"><path d=\"M416 208H32c-17.67 0-32 14.33-32 32v32c0 17.67 14.33 32 32 32h384c17.67 0 32-14.33 32-32v-32c0-17.67-14.33-32-32-32z\"><\/path><\/svg><\/span>\n\t\t\t<span class='e-closed'><svg aria-hidden=\"true\" class=\"e-font-icon-svg e-fas-plus\" viewBox=\"0 0 448 512\" xmlns=\"http:\/\/www.w3.org\/2000\/svg\"><path d=\"M416 208H272V64c0-17.67-14.33-32-32-32h-32c-17.67 0-32 14.33-32 32v144H32c-17.67 0-32 14.33-32 32v32c0 17.67 14.33 32 32 32h144v144c0 17.67 14.33 32 32 32h32c17.67 0 32-14.33 32-32V304h144c17.67 0 32-14.33 32-32v-32c0-17.67-14.33-32-32-32z\"><\/path><\/svg><\/span>\n\t\t<\/span>\n\n\t\t\t\t\t\t<\/summary>\n\t\t\t\t<div data-particle_enable=\"false\" data-particle-mobile-disabled=\"false\" role=\"region\" aria-labelledby=\"e-n-accordion-item-1214\" class=\"elementor-element elementor-element-84fdca1 e-con-full e-flex e-con e-child\" data-id=\"84fdca1\" data-element_type=\"container\" data-e-type=\"container\">\n\t\t\t\t<div class=\"elementor-element elementor-element-09a3b83 elementor-widget elementor-widget-text-editor\" data-id=\"09a3b83\" data-element_type=\"widget\" data-e-type=\"widget\" data-widget_type=\"text-editor.default\">\n\t\t\t\t\t\t\t\t\t<p>Sofern nicht anders ver\u00f6ffentlicht, sprechen die\u00a0\u201eReiseleiter:innen&#8220; Deutsch.\u00a0<\/p>\t\t\t\t\t\t\t\t<\/div>\n\t\t\t\t<\/div>\n\t\t\t\t\t<\/details>\n\t\t\t\t\t\t<details id=\"e-n-accordion-item-1215\" class=\"e-n-accordion-item\" >\n\t\t\t\t<summary class=\"e-n-accordion-item-title\" data-accordion-index=\"6\" tabindex=\"-1\" aria-expanded=\"false\" aria-controls=\"e-n-accordion-item-1215\" >\n\t\t\t\t\t<span class='e-n-accordion-item-title-header'><div class=\"e-n-accordion-item-title-text\"> Wo beginnt und endet die Tour?  <\/div><\/span>\n\t\t\t\t\t\t\t<span class='e-n-accordion-item-title-icon'>\n\t\t\t<span class='e-opened' ><svg aria-hidden=\"true\" class=\"e-font-icon-svg e-fas-minus\" viewBox=\"0 0 448 512\" xmlns=\"http:\/\/www.w3.org\/2000\/svg\"><path d=\"M416 208H32c-17.67 0-32 14.33-32 32v32c0 17.67 14.33 32 32 32h384c17.67 0 32-14.33 32-32v-32c0-17.67-14.33-32-32-32z\"><\/path><\/svg><\/span>\n\t\t\t<span class='e-closed'><svg aria-hidden=\"true\" class=\"e-font-icon-svg e-fas-plus\" viewBox=\"0 0 448 512\" xmlns=\"http:\/\/www.w3.org\/2000\/svg\"><path d=\"M416 208H272V64c0-17.67-14.33-32-32-32h-32c-17.67 0-32 14.33-32 32v144H32c-17.67 0-32 14.33-32 32v32c0 17.67 14.33 32 32 32h144v144c0 17.67 14.33 32 32 32h32c17.67 0 32-14.33 32-32V304h144c17.67 0 32-14.33 32-32v-32c0-17.67-14.33-32-32-32z\"><\/path><\/svg><\/span>\n\t\t<\/span>\n\n\t\t\t\t\t\t<\/summary>\n\t\t\t\t<div data-particle_enable=\"false\" data-particle-mobile-disabled=\"false\" role=\"region\" aria-labelledby=\"e-n-accordion-item-1215\" class=\"elementor-element elementor-element-d32604a e-con-full e-flex e-con e-child\" data-id=\"d32604a\" data-element_type=\"container\" data-e-type=\"container\">\n\t\t\t\t<div class=\"elementor-element elementor-element-a2ad4a4 elementor-widget elementor-widget-text-editor\" data-id=\"a2ad4a4\" data-element_type=\"widget\" data-e-type=\"widget\" data-widget_type=\"text-editor.default\">\n\t\t\t\t\t\t\t\t\t<p>Wir treffen uns um 17:00 vor der Tourist-Information Karlsruhe am Marktplatz. Kaiserstra\u00dfe 72-74, 76133 Karlsruhe. Bitte halten Sie nach einem orangen Schirm Ausschau!<\/p><p>Endpunkt ist die Stiftung Forum Recht: Karlstra\u00dfe 45 A, 76133 Karlsruhe.<\/p>\t\t\t\t\t\t\t\t<\/div>\n\t\t\t\t<\/div>\n\t\t\t\t\t<\/details>\n\t\t\t\t\t\t<details id=\"e-n-accordion-item-1216\" class=\"e-n-accordion-item\" >\n\t\t\t\t<summary class=\"e-n-accordion-item-title\" data-accordion-index=\"7\" tabindex=\"-1\" aria-expanded=\"false\" aria-controls=\"e-n-accordion-item-1216\" >\n\t\t\t\t\t<span class='e-n-accordion-item-title-header'><div class=\"e-n-accordion-item-title-text\"> Findet sie auch bei Regen statt?  <\/div><\/span>\n\t\t\t\t\t\t\t<span class='e-n-accordion-item-title-icon'>\n\t\t\t<span class='e-opened' ><svg aria-hidden=\"true\" class=\"e-font-icon-svg e-fas-minus\" viewBox=\"0 0 448 512\" xmlns=\"http:\/\/www.w3.org\/2000\/svg\"><path d=\"M416 208H32c-17.67 0-32 14.33-32 32v32c0 17.67 14.33 32 32 32h384c17.67 0 32-14.33 32-32v-32c0-17.67-14.33-32-32-32z\"><\/path><\/svg><\/span>\n\t\t\t<span class='e-closed'><svg aria-hidden=\"true\" class=\"e-font-icon-svg e-fas-plus\" viewBox=\"0 0 448 512\" xmlns=\"http:\/\/www.w3.org\/2000\/svg\"><path d=\"M416 208H272V64c0-17.67-14.33-32-32-32h-32c-17.67 0-32 14.33-32 32v144H32c-17.67 0-32 14.33-32 32v32c0 17.67 14.33 32 32 32h144v144c0 17.67 14.33 32 32 32h32c17.67 0 32-14.33 32-32V304h144c17.67 0 32-14.33 32-32v-32c0-17.67-14.33-32-32-32z\"><\/path><\/svg><\/span>\n\t\t<\/span>\n\n\t\t\t\t\t\t<\/summary>\n\t\t\t\t<div data-particle_enable=\"false\" data-particle-mobile-disabled=\"false\" role=\"region\" aria-labelledby=\"e-n-accordion-item-1216\" class=\"elementor-element elementor-element-876ec0b e-con-full e-flex e-con e-child\" data-id=\"876ec0b\" data-element_type=\"container\" data-e-type=\"container\">\n\t\t\t\t<div class=\"elementor-element elementor-element-1aac874 elementor-widget elementor-widget-text-editor\" data-id=\"1aac874\" data-element_type=\"widget\" data-e-type=\"widget\" data-widget_type=\"text-editor.default\">\n\t\t\t\t\t\t\t\t\t<p>Ein paar Tropfen sollten uns nicht bremsen, aber sind Sturm, Hagel und Unwetter vorausgesagt, teilen wir witterungsbedingte \u00c4nderungen hier auf der Website und auf unseren Social Media Kan\u00e4le mit. Bitte bringen Sie dem Wetter entsprechende Kleidung mit.<\/p>\t\t\t\t\t\t\t\t<\/div>\n\t\t\t\t<\/div>\n\t\t\t\t\t<\/details>\n\t\t\t\t\t\t<details id=\"e-n-accordion-item-1217\" class=\"e-n-accordion-item\" >\n\t\t\t\t<summary class=\"e-n-accordion-item-title\" data-accordion-index=\"8\" tabindex=\"-1\" aria-expanded=\"false\" aria-controls=\"e-n-accordion-item-1217\" >\n\t\t\t\t\t<span class='e-n-accordion-item-title-header'><div class=\"e-n-accordion-item-title-text\"> Hinweis zu Fotoaufnahmen <\/div><\/span>\n\t\t\t\t\t\t\t<span class='e-n-accordion-item-title-icon'>\n\t\t\t<span class='e-opened' ><svg aria-hidden=\"true\" class=\"e-font-icon-svg e-fas-minus\" viewBox=\"0 0 448 512\" xmlns=\"http:\/\/www.w3.org\/2000\/svg\"><path d=\"M416 208H32c-17.67 0-32 14.33-32 32v32c0 17.67 14.33 32 32 32h384c17.67 0 32-14.33 32-32v-32c0-17.67-14.33-32-32-32z\"><\/path><\/svg><\/span>\n\t\t\t<span class='e-closed'><svg aria-hidden=\"true\" class=\"e-font-icon-svg e-fas-plus\" viewBox=\"0 0 448 512\" xmlns=\"http:\/\/www.w3.org\/2000\/svg\"><path d=\"M416 208H272V64c0-17.67-14.33-32-32-32h-32c-17.67 0-32 14.33-32 32v144H32c-17.67 0-32 14.33-32 32v32c0 17.67 14.33 32 32 32h144v144c0 17.67 14.33 32 32 32h32c17.67 0 32-14.33 32-32V304h144c17.67 0 32-14.33 32-32v-32c0-17.67-14.33-32-32-32z\"><\/path><\/svg><\/span>\n\t\t<\/span>\n\n\t\t\t\t\t\t<\/summary>\n\t\t\t\t<div data-particle_enable=\"false\" data-particle-mobile-disabled=\"false\" role=\"region\" aria-labelledby=\"e-n-accordion-item-1217\" class=\"elementor-element elementor-element-357425e e-con-full e-flex e-con e-child\" data-id=\"357425e\" data-element_type=\"container\" data-e-type=\"container\">\n\t\t\t\t<div class=\"elementor-element elementor-element-611eeb1 elementor-widget elementor-widget-text-editor\" data-id=\"611eeb1\" data-element_type=\"widget\" data-e-type=\"widget\" data-widget_type=\"text-editor.default\">\n\t\t\t\t\t\t\t\t\t<p>W\u00e4hrend des Stadtrundgangs am Do, <strong>13. August 2026,<\/strong> werden Foto- und ggf. Videoaufnahmen angefertigt. Die Aufnahmen k\u00f6nnen zur Berichterstattung \u00fcber die Veranstaltung, f\u00fcr die \u00d6ffentlichkeitsarbeit, auf unseren Social-Media-Kan\u00e4len, auf unserer Website sowie in Print- und Werbematerialien ver\u00f6ffentlicht werden. Au\u00dferdem ist eine Weitergabe an Dritte (Kooperationspartner, Pressezwecke) m\u00f6glich. Mit der Teilnahme am Rundgang erkl\u00e4ren Sie sich damit einverstanden, dass Bildaufnahmen von Ihnen angefertigt werden und diese in den o. g. Medien ver\u00f6ffentlicht werden. Sollten Sie nicht w\u00fcnschen, dass Sie auf Foto- oder Videoaufnahmen erkennbar abgebildet werden, informieren Sie bitte vor Beginn der Veranstaltung den:die Fotograf:in oder eine Mitarbeitende des Veranstaltungsteams. Wir werden dies bei der Ver\u00f6ffentlichung der Aufnahmen ber\u00fccksichtigen. Die Einwilligung kann jederzeit widerrufen werden.<\/p><p><a href=\"https:\/\/stiftung-forum-recht.de\/wp-content\/uploads\/2026\/07\/2025_10_08_Informationen-zur-Erhebung-und-Verarbeitung-personenbezogener-Daten.pdf\" target=\"_blank\" rel=\"noopener\">Informationen zur Erhebung und Verarbeitung personenbezogener Daten<\/a><\/p>\t\t\t\t\t\t\t\t<\/div>\n\t\t\t\t<\/div>\n\t\t\t\t\t<\/details>\n\t\t\t\t\t<\/div>\n\t\t\t\t\t\t<\/div>\n\t\t<div data-particle_enable=\"false\" data-particle-mobile-disabled=\"false\" class=\"elementor-element elementor-element-3e74707 e-con-full e-flex e-con e-child\" data-id=\"3e74707\" data-element_type=\"container\" data-e-type=\"container\">\n\t\t\t\t<div class=\"elementor-element elementor-element-c35dc0b elementor-widget elementor-widget-spacer\" data-id=\"c35dc0b\" data-element_type=\"widget\" data-e-type=\"widget\" data-widget_type=\"spacer.default\">\n\t\t\t\t\t\t\t<div class=\"elementor-spacer\">\n\t\t\t<div class=\"elementor-spacer-inner\"><\/div>\n\t\t<\/div>\n\t\t\t\t\t\t<\/div>\n\t\t\t\t<div class=\"elementor-element elementor-element-024d7f1 elementor-widget elementor-widget-menu-anchor\" data-id=\"024d7f1\" data-element_type=\"widget\" data-e-type=\"widget\" data-widget_type=\"menu-anchor.default\">\n\t\t\t\t\t\t\t<div class=\"elementor-menu-anchor\" id=\"europaedition\"><\/div>\n\t\t\t\t\t\t<\/div>\n\t\t\t\t<div class=\"elementor-element elementor-element-782aa34 elementor-widget elementor-widget-heading\" data-id=\"782aa34\" data-element_type=\"widget\" data-e-type=\"widget\" data-widget_type=\"heading.default\">\n\t\t\t\t\t<h2 class=\"elementor-heading-title elementor-size-default\">Was ist die Europa-Edition?<\/h2>\t\t\t\t<\/div>\n\t\t\t\t<div class=\"elementor-element elementor-element-c6f4c7a elementor-widget elementor-widget-n-accordion\" data-id=\"c6f4c7a\" data-element_type=\"widget\" data-e-type=\"widget\" data-settings=\"{&quot;default_state&quot;:&quot;all_collapsed&quot;,&quot;max_items_expended&quot;:&quot;one&quot;,&quot;n_accordion_animation_duration&quot;:{&quot;unit&quot;:&quot;ms&quot;,&quot;size&quot;:400,&quot;sizes&quot;:[]}}\" data-widget_type=\"nested-accordion.default\">\n\t\t\t\t\t\t\t<div class=\"e-n-accordion\" aria-label=\"Accordion. Open links with Enter or Space, close with Escape, and navigate with Arrow Keys\">\n\t\t\t\t\t\t<details id=\"e-n-accordion-item-2080\" class=\"e-n-accordion-item\" >\n\t\t\t\t<summary class=\"e-n-accordion-item-title\" data-accordion-index=\"1\" tabindex=\"0\" aria-expanded=\"false\" aria-controls=\"e-n-accordion-item-2080\" >\n\t\t\t\t\t<span class='e-n-accordion-item-title-header'><div class=\"e-n-accordion-item-title-text\"> Erl\u00e4uterung <\/div><\/span>\n\t\t\t\t\t\t\t<span class='e-n-accordion-item-title-icon'>\n\t\t\t<span class='e-opened' ><svg aria-hidden=\"true\" class=\"e-font-icon-svg e-fas-minus\" viewBox=\"0 0 448 512\" xmlns=\"http:\/\/www.w3.org\/2000\/svg\"><path d=\"M416 208H32c-17.67 0-32 14.33-32 32v32c0 17.67 14.33 32 32 32h384c17.67 0 32-14.33 32-32v-32c0-17.67-14.33-32-32-32z\"><\/path><\/svg><\/span>\n\t\t\t<span class='e-closed'><svg aria-hidden=\"true\" class=\"e-font-icon-svg e-fas-plus\" viewBox=\"0 0 448 512\" xmlns=\"http:\/\/www.w3.org\/2000\/svg\"><path d=\"M416 208H272V64c0-17.67-14.33-32-32-32h-32c-17.67 0-32 14.33-32 32v144H32c-17.67 0-32 14.33-32 32v32c0 17.67 14.33 32 32 32h144v144c0 17.67 14.33 32 32 32h32c17.67 0 32-14.33 32-32V304h144c17.67 0 32-14.33 32-32v-32c0-17.67-14.33-32-32-32z\"><\/path><\/svg><\/span>\n\t\t<\/span>\n\n\t\t\t\t\t\t<\/summary>\n\t\t\t\t<div data-particle_enable=\"false\" data-particle-mobile-disabled=\"false\" role=\"region\" aria-labelledby=\"e-n-accordion-item-2080\" class=\"elementor-element elementor-element-620d05e e-con-full e-flex e-con e-child\" data-id=\"620d05e\" data-element_type=\"container\" data-e-type=\"container\">\n\t\t\t\t<div class=\"elementor-element elementor-element-7bbac3b elementor-widget elementor-widget-text-editor\" data-id=\"7bbac3b\" data-element_type=\"widget\" data-e-type=\"widget\" data-widget_type=\"text-editor.default\">\n\t\t\t\t\t\t\t\t\t<p>Wenn Sie in Karlsruhe den Stadtrundgang f\u00fcr eine Gruppe buchen m\u00f6chten, werden Sie gefragt, ob Sie \u201eRecht stadtlich!\u201c in der<strong> Standard-Version<\/strong> oder<strong> Europa-Edition <\/strong>erleben m\u00f6chten. Im zweiten Fall stehen Europa und das europ\u00e4ische Recht thematisch im Mittelpunkt der Stadtf\u00fchrung und die aufgesuchten Orte sind entsprechend beeinflusst. Die Standard-Version befasst sich mit kuriosen und historischen Rechtsf\u00e4llen und f\u00fchrt Sie an Pl\u00e4tze im Stadtbild, an welchen Recht im Alltag erlebbar wird. Hier finden Sie <strong><a href=\"https:\/\/stiftung-forum-recht.de\/news\/recht-stadtlich-europa-edition\/\" target=\"_blank\" rel=\"noopener\">mehr Informationen zur Europa-Edition<\/a><\/strong>.\u00a0<\/p><p>Zu den festen Terminen in unserem<strong><a href=\"https:\/\/stiftung-forum-recht.de\/kalender\/\"> Kalender<\/a> <\/strong>bieten wir stets die Standard-Version an.\u00a0<\/p>\t\t\t\t\t\t\t\t<\/div>\n\t\t\t\t<\/div>\n\t\t\t\t\t<\/details>\n\t\t\t\t\t\t<details id=\"e-n-accordion-item-2081\" class=\"e-n-accordion-item\" >\n\t\t\t\t<summary class=\"e-n-accordion-item-title\" data-accordion-index=\"2\" tabindex=\"-1\" aria-expanded=\"false\" aria-controls=\"e-n-accordion-item-2081\" >\n\t\t\t\t\t<span class='e-n-accordion-item-title-header'><div class=\"e-n-accordion-item-title-text\"> Entscheidungshilfen <\/div><\/span>\n\t\t\t\t\t\t\t<span class='e-n-accordion-item-title-icon'>\n\t\t\t<span class='e-opened' ><svg aria-hidden=\"true\" class=\"e-font-icon-svg e-fas-minus\" viewBox=\"0 0 448 512\" xmlns=\"http:\/\/www.w3.org\/2000\/svg\"><path d=\"M416 208H32c-17.67 0-32 14.33-32 32v32c0 17.67 14.33 32 32 32h384c17.67 0 32-14.33 32-32v-32c0-17.67-14.33-32-32-32z\"><\/path><\/svg><\/span>\n\t\t\t<span class='e-closed'><svg aria-hidden=\"true\" class=\"e-font-icon-svg e-fas-plus\" viewBox=\"0 0 448 512\" xmlns=\"http:\/\/www.w3.org\/2000\/svg\"><path d=\"M416 208H272V64c0-17.67-14.33-32-32-32h-32c-17.67 0-32 14.33-32 32v144H32c-17.67 0-32 14.33-32 32v32c0 17.67 14.33 32 32 32h144v144c0 17.67 14.33 32 32 32h32c17.67 0 32-14.33 32-32V304h144c17.67 0 32-14.33 32-32v-32c0-17.67-14.33-32-32-32z\"><\/path><\/svg><\/span>\n\t\t<\/span>\n\n\t\t\t\t\t\t<\/summary>\n\t\t\t\t<div data-particle_enable=\"false\" data-particle-mobile-disabled=\"false\" role=\"region\" aria-labelledby=\"e-n-accordion-item-2081\" class=\"elementor-element elementor-element-cfa5ee3 e-con-full e-flex e-con e-child\" data-id=\"cfa5ee3\" data-element_type=\"container\" data-e-type=\"container\">\n\t\t\t\t<div class=\"elementor-element elementor-element-896af61 elementor-widget elementor-widget-text-editor\" data-id=\"896af61\" data-element_type=\"widget\" data-e-type=\"widget\" data-widget_type=\"text-editor.default\">\n\t\t\t\t\t\t\t\t\t<p><strong>SIE INTERESSIEREN SICH F\u00dcR \u2026<\/strong><\/p>\t\t\t\t\t\t\t\t<\/div>\n\t\t\t\t<div class=\"elementor-element elementor-element-708e786 elementor-icon-list--layout-traditional elementor-list-item-link-full_width elementor-widget elementor-widget-icon-list\" data-id=\"708e786\" data-element_type=\"widget\" data-e-type=\"widget\" data-widget_type=\"icon-list.default\">\n\t\t\t\t\t\t\t<ul class=\"elementor-icon-list-items\">\n\t\t\t\t\t\t\t<li class=\"elementor-icon-list-item\">\n\t\t\t\t\t\t\t\t\t\t\t<span class=\"elementor-icon-list-icon\">\n\t\t\t\t\t\t\t<svg aria-hidden=\"true\" class=\"e-font-icon-svg e-fas-arrow-alt-circle-right\" viewBox=\"0 0 512 512\" xmlns=\"http:\/\/www.w3.org\/2000\/svg\"><path d=\"M256 8c137 0 248 111 248 248S393 504 256 504 8 393 8 256 119 8 256 8zM140 300h116v70.9c0 10.7 13 16.1 20.5 8.5l114.3-114.9c4.7-4.7 4.7-12.2 0-16.9l-114.3-115c-7.6-7.6-20.5-2.2-20.5 8.5V212H140c-6.6 0-12 5.4-12 12v64c0 6.6 5.4 12 12 12z\"><\/path><\/svg>\t\t\t\t\t\t<\/span>\n\t\t\t\t\t\t\t\t\t\t<span class=\"elementor-icon-list-text\">... Karlsruhe &amp; deutsches Recht allgemein? \u2192 Standardrundgang<\/span>\n\t\t\t\t\t\t\t\t\t<\/li>\n\t\t\t\t\t\t\t\t<li class=\"elementor-icon-list-item\">\n\t\t\t\t\t\t\t\t\t\t\t<span class=\"elementor-icon-list-icon\">\n\t\t\t\t\t\t\t<svg aria-hidden=\"true\" class=\"e-font-icon-svg e-far-arrow-alt-circle-right\" viewBox=\"0 0 512 512\" xmlns=\"http:\/\/www.w3.org\/2000\/svg\"><path d=\"M504 256C504 119 393 8 256 8S8 119 8 256s111 248 248 248 248-111 248-248zm-448 0c0-110.5 89.5-200 200-200s200 89.5 200 200-89.5 200-200 200S56 366.5 56 256zm72 20v-40c0-6.6 5.4-12 12-12h116v-67c0-10.7 12.9-16 20.5-8.5l99 99c4.7 4.7 4.7 12.3 0 17l-99 99c-7.6 7.6-20.5 2.2-20.5-8.5v-67H140c-6.6 0-12-5.4-12-12z\"><\/path><\/svg>\t\t\t\t\t\t<\/span>\n\t\t\t\t\t\t\t\t\t\t<span class=\"elementor-icon-list-text\">... die Rolle Deutschlands in der EU \/ europ\u00e4ische Politik? \u2192 Europa-Edition<\/span>\n\t\t\t\t\t\t\t\t\t<\/li>\n\t\t\t\t\t\t\t\t<li class=\"elementor-icon-list-item\">\n\t\t\t\t\t\t\t\t\t\t\t<span class=\"elementor-icon-list-icon\">\n\t\t\t\t\t\t\t<svg aria-hidden=\"true\" class=\"e-font-icon-svg e-fas-arrow-alt-circle-right\" viewBox=\"0 0 512 512\" xmlns=\"http:\/\/www.w3.org\/2000\/svg\"><path d=\"M256 8c137 0 248 111 248 248S393 504 256 504 8 393 8 256 119 8 256 8zM140 300h116v70.9c0 10.7 13 16.1 20.5 8.5l114.3-114.9c4.7-4.7 4.7-12.2 0-16.9l-114.3-115c-7.6-7.6-20.5-2.2-20.5 8.5V212H140c-6.6 0-12 5.4-12 12v64c0 6.6 5.4 12 12 12z\"><\/path><\/svg>\t\t\t\t\t\t<\/span>\n\t\t\t\t\t\t\t\t\t\t<span class=\"elementor-icon-list-text\">... eine spannende Exkursion f\u00fcr Schulklassen? \u2192 beide m\u00f6glich aber Standardrundgang ist voraussetzungs\u00e4rmer<\/span>\n\t\t\t\t\t\t\t\t\t<\/li>\n\t\t\t\t\t\t\t\t<li class=\"elementor-icon-list-item\">\n\t\t\t\t\t\t\t\t\t\t\t<span class=\"elementor-icon-list-icon\">\n\t\t\t\t\t\t\t<svg aria-hidden=\"true\" class=\"e-font-icon-svg e-far-arrow-alt-circle-right\" viewBox=\"0 0 512 512\" xmlns=\"http:\/\/www.w3.org\/2000\/svg\"><path d=\"M504 256C504 119 393 8 256 8S8 119 8 256s111 248 248 248 248-111 248-248zm-448 0c0-110.5 89.5-200 200-200s200 89.5 200 200-89.5 200-200 200S56 366.5 56 256zm72 20v-40c0-6.6 5.4-12 12-12h116v-67c0-10.7 12.9-16 20.5-8.5l99 99c4.7 4.7 4.7 12.3 0 17l-99 99c-7.6 7.6-20.5 2.2-20.5-8.5v-67H140c-6.6 0-12-5.4-12-12z\"><\/path><\/svg>\t\t\t\t\t\t<\/span>\n\t\t\t\t\t\t\t\t\t\t<span class=\"elementor-icon-list-text\">... eine Einf\u00fchrung f\u00fcr neue Karlsruher:innen? \u2192 Standardrundgang<\/span>\n\t\t\t\t\t\t\t\t\t<\/li>\n\t\t\t\t\t\t\t\t<li class=\"elementor-icon-list-item\">\n\t\t\t\t\t\t\t\t\t\t\t<span class=\"elementor-icon-list-icon\">\n\t\t\t\t\t\t\t<svg aria-hidden=\"true\" class=\"e-font-icon-svg e-fas-arrow-alt-circle-right\" viewBox=\"0 0 512 512\" xmlns=\"http:\/\/www.w3.org\/2000\/svg\"><path d=\"M256 8c137 0 248 111 248 248S393 504 256 504 8 393 8 256 119 8 256 8zM140 300h116v70.9c0 10.7 13 16.1 20.5 8.5l114.3-114.9c4.7-4.7 4.7-12.2 0-16.9l-114.3-115c-7.6-7.6-20.5-2.2-20.5 8.5V212H140c-6.6 0-12 5.4-12 12v64c0 6.6 5.4 12 12 12z\"><\/path><\/svg>\t\t\t\t\t\t<\/span>\n\t\t\t\t\t\t\t\t\t\t<span class=\"elementor-icon-list-text\">... ein Angebot zu einem fixen Termin, weil Sie zum Beispiel auf Klassenfahrt oder Betriebsausflug in Leipzig oder Karlsruhe sind \u2192 beides m\u00f6glich, ab zehn Teilnehmenden<\/span>\n\t\t\t\t\t\t\t\t\t<\/li>\n\t\t\t\t\t\t<\/ul>\n\t\t\t\t\t\t<\/div>\n\t\t\t\t<\/div>\n\t\t\t\t\t<\/details>\n\t\t\t\t\t<\/div>\n\t\t\t\t\t\t<\/div>\n\t\t\t\t<div class=\"elementor-element elementor-element-8030cdb elementor-widget elementor-widget-spacer\" data-id=\"8030cdb\" data-element_type=\"widget\" data-e-type=\"widget\" data-widget_type=\"spacer.default\">\n\t\t\t\t\t\t\t<div class=\"elementor-spacer\">\n\t\t\t<div class=\"elementor-spacer-inner\"><\/div>\n\t\t<\/div>\n\t\t\t\t\t\t<\/div>\n\t\t\t\t<\/div>\n\t\t\t\t\t<\/div>\n\t\t\t\t<\/div>\n\t\t\t\t<div class=\"elementor-element elementor-element-0b28b1e elementor-widget elementor-widget-image\" data-id=\"0b28b1e\" data-element_type=\"widget\" data-e-type=\"widget\" data-widget_type=\"image.default\">\n\t\t\t\t\t\t\t\t\t\t\t\t<figure class=\"wp-caption\">\n\t\t\t\t\t\t\t\t\t\t\t<a href=\"https:\/\/stiftung-forum-recht.de\/wp-content\/uploads\/2025\/05\/2025_04_09_Recht-stadtlich_Karlsruhe1_SFR_-10-scaled.jpg\" data-elementor-open-lightbox=\"yes\" data-elementor-lightbox-title=\"Stadtrundgang Karlsruhe Stiftung Forum Recht 2025 &quot;Recht stadtlich!&quot;\" data-elementor-lightbox-description=\"2025_04_09_Recht stadtlich_Karlsruhe#1_SFR_ (10)\" data-e-action-hash=\"#elementor-action%3Aaction%3Dlightbox%26settings%3DeyJpZCI6MzUxNDksInVybCI6Imh0dHBzOlwvXC9zdGlmdHVuZy1mb3J1bS1yZWNodC5kZVwvd3AtY29udGVudFwvdXBsb2Fkc1wvMjAyNVwvMDVcLzIwMjVfMDRfMDlfUmVjaHQtc3RhZHRsaWNoX0thcmxzcnVoZTFfU0ZSXy0xMC1zY2FsZWQuanBnIn0%3D\">\n\t\t\t\t\t\t\t<img decoding=\"async\" width=\"768\" height=\"1152\" src=\"https:\/\/stiftung-forum-recht.de\/wp-content\/uploads\/2025\/05\/2025_04_09_Recht-stadtlich_Karlsruhe1_SFR_-10-768x1152.jpg\" class=\"attachment-medium_large size-medium_large wp-image-35149\" alt=\"Eine Gruppe beim Stadtrundgang durch Karlsruhe im Park.\" srcset=\"https:\/\/stiftung-forum-recht.de\/wp-content\/uploads\/2025\/05\/2025_04_09_Recht-stadtlich_Karlsruhe1_SFR_-10-768x1152.jpg 768w, https:\/\/stiftung-forum-recht.de\/wp-content\/uploads\/2025\/05\/2025_04_09_Recht-stadtlich_Karlsruhe1_SFR_-10-200x300.jpg 200w, https:\/\/stiftung-forum-recht.de\/wp-content\/uploads\/2025\/05\/2025_04_09_Recht-stadtlich_Karlsruhe1_SFR_-10-683x1024.jpg 683w, https:\/\/stiftung-forum-recht.de\/wp-content\/uploads\/2025\/05\/2025_04_09_Recht-stadtlich_Karlsruhe1_SFR_-10-1024x1536.jpg 1024w, https:\/\/stiftung-forum-recht.de\/wp-content\/uploads\/2025\/05\/2025_04_09_Recht-stadtlich_Karlsruhe1_SFR_-10-1365x2048.jpg 1365w, https:\/\/stiftung-forum-recht.de\/wp-content\/uploads\/2025\/05\/2025_04_09_Recht-stadtlich_Karlsruhe1_SFR_-10-8x12.jpg 8w, https:\/\/stiftung-forum-recht.de\/wp-content\/uploads\/2025\/05\/2025_04_09_Recht-stadtlich_Karlsruhe1_SFR_-10-scaled.jpg 1707w\" sizes=\"(max-width: 768px) 100vw, 768px\" \/>\t\t\t\t\t\t\t\t<\/a>\n\t\t\t\t\t\t\t\t\t\t\t<figcaption class=\"widget-image-caption wp-caption-text\">Mitarbeiter:innen der Stiftung Forum Recht laden zu einem ganz besonderen Blick auf die Stadt ein. Foto: Stiftung Forum Recht<\/figcaption>\n\t\t\t\t\t\t\t\t\t\t<\/figure>\n\t\t\t\t\t\t\t\t\t<\/div>\n\t\t\t\t\t<\/div>\n\t\t\t\t<\/div>\n\t\t\t\t<section data-particle_enable=\"false\" data-particle-mobile-disabled=\"false\" class=\"elementor-section elementor-top-section elementor-element elementor-element-75b5ea1 elementor-hidden-widescreen elementor-hidden-desktop elementor-hidden-laptop elementor-hidden-tablet_extra elementor-hidden-tablet elementor-hidden-mobile elementor-section-boxed elementor-section-height-default elementor-section-height-default\" data-id=\"75b5ea1\" data-element_type=\"section\" data-e-type=\"section\">\n\t\t\t\t\t\t<div class=\"elementor-container elementor-column-gap-default\">\n\t\t\t\t\t<div class=\"elementor-column elementor-col-100 elementor-top-column elementor-element elementor-element-c1640e4\" data-id=\"c1640e4\" data-element_type=\"column\" data-e-type=\"column\">\n\t\t\t<div class=\"elementor-widget-wrap elementor-element-populated\">\n\t\t\t\t\t\t<div class=\"elementor-element elementor-element-360c60f elementor--h-position-center elementor--v-position-middle elementor-arrows-position-inside elementor-pagination-position-inside elementor-widget elementor-widget-slides\" data-id=\"360c60f\" data-element_type=\"widget\" data-e-type=\"widget\" data-settings=\"{&quot;autoplay_speed&quot;:6000,&quot;transition_speed&quot;:489,&quot;navigation&quot;:&quot;both&quot;,&quot;autoplay&quot;:&quot;yes&quot;,&quot;pause_on_hover&quot;:&quot;yes&quot;,&quot;pause_on_interaction&quot;:&quot;yes&quot;,&quot;infinite&quot;:&quot;yes&quot;,&quot;transition&quot;:&quot;slide&quot;}\" data-widget_type=\"slides.default\">\n\t\t\t\t\t\t\t\t\t\t<div class=\"elementor-slides-wrapper elementor-main-swiper swiper\" role=\"region\" aria-roledescription=\"carousel\" aria-label=\"Slider\" dir=\"ltr\" data-animation=\"fadeInUp\">\n\t\t\t\t<div class=\"swiper-wrapper elementor-slides\">\n\t\t\t\t\t\t\t\t\t\t<div class=\"elementor-repeater-item-67ccbdc swiper-slide\" role=\"group\" aria-roledescription=\"slide\"><div class=\"swiper-slide-bg\"><\/div><div class=\"swiper-slide-inner\" ><div class=\"swiper-slide-contents\"><div class=\"elementor-slide-heading\">Wir machen Winterpause<\/div><div class=\"elementor-slide-description\">Ab April 2026 findet der Rundgang \u201eRecht stadtlich!\" wieder zu regelm\u00e4\u00dfigen Terminen in Karlsruhe statt. Buchungen f\u00fcr Gruppen ab zehn Personen sind wieder ab M\u00e4rz m\u00f6glich.<\/div><\/div><\/div><\/div>\t\t\t\t<\/div>\n\t\t\t\t\t\t\t<\/div>\n\t\t\t\t\t\t\t\t<\/div>\n\t\t\t\t\t<\/div>\n\t\t<\/div>\n\t\t\t\t\t<\/div>\n\t\t<\/section>\n\t\t\t\t<section data-particle_enable=\"false\" data-particle-mobile-disabled=\"false\" class=\"elementor-section elementor-top-section elementor-element elementor-element-33e47a5 elementor-hidden-widescreen elementor-hidden-desktop elementor-hidden-laptop elementor-hidden-tablet_extra elementor-hidden-tablet elementor-hidden-mobile elementor-section-boxed elementor-section-height-default elementor-section-height-default\" data-id=\"33e47a5\" data-element_type=\"section\" data-e-type=\"section\">\n\t\t\t\t\t\t<div class=\"elementor-container elementor-column-gap-default\">\n\t\t\t\t\t<div class=\"elementor-column elementor-col-100 elementor-top-column elementor-element elementor-element-4d2b9f2\" data-id=\"4d2b9f2\" data-element_type=\"column\" data-e-type=\"column\">\n\t\t\t<div class=\"elementor-widget-wrap elementor-element-populated\">\n\t\t\t\t\t\t<div class=\"elementor-element elementor-element-cf2a616 elementor--h-position-center elementor--v-position-middle elementor-arrows-position-inside elementor-pagination-position-inside elementor-widget elementor-widget-slides\" data-id=\"cf2a616\" data-element_type=\"widget\" data-e-type=\"widget\" data-settings=\"{&quot;autoplay_speed&quot;:6000,&quot;transition_speed&quot;:489,&quot;navigation&quot;:&quot;both&quot;,&quot;autoplay&quot;:&quot;yes&quot;,&quot;pause_on_hover&quot;:&quot;yes&quot;,&quot;pause_on_interaction&quot;:&quot;yes&quot;,&quot;infinite&quot;:&quot;yes&quot;,&quot;transition&quot;:&quot;slide&quot;}\" data-widget_type=\"slides.default\">\n\t\t\t\t\t\t\t\t\t\t<div class=\"elementor-slides-wrapper elementor-main-swiper swiper\" role=\"region\" aria-roledescription=\"carousel\" aria-label=\"Slider\" dir=\"ltr\" data-animation=\"fadeInUp\">\n\t\t\t\t<div class=\"swiper-wrapper elementor-slides\">\n\t\t\t\t\t\t\t\t\t\t<div class=\"elementor-repeater-item-6b1cf71 swiper-slide\" role=\"group\" aria-roledescription=\"slide\"><div class=\"swiper-slide-bg\"><\/div><a class=\"swiper-slide-inner\" href=\"https:\/\/stiftung-forum-recht.de\/kalender\/recht-stadtlich-ein-rundgang-durch-karlsruhe-8\/\"><div class=\"swiper-slide-contents\"><div class=\"elementor-slide-heading\">Wie war das nochmal mit dem Buback-Attentat und der RAF?<\/div><div class=\"elementor-slide-description\">Wir erkl\u00e4ren es! Bei unserem Rundgang \u201eRecht stadtlich!\" am 09. Oktober 2025, 17.00 bis 19:00 Uhr in Karlsruhe. Die Teilnahme ist kostenfrei!<\/div><div  class=\"elementor-button elementor-slide-button elementor-size-md\">Termin eintragen!<\/div><\/div><\/a><\/div><div class=\"elementor-repeater-item-67ccbdc swiper-slide\" role=\"group\" aria-roledescription=\"slide\"><div class=\"swiper-slide-bg\"><\/div><div class=\"swiper-slide-inner\" ><div class=\"swiper-slide-contents\"><div class=\"elementor-slide-heading\">Wir machen Winterpause<\/div><div class=\"elementor-slide-description\">Ab April 2026 findet der Rundgang \u201eRecht stadtlich!\" wieder zu regelm\u00e4\u00dfigen Terminen in Karlsruhe statt. Buchungen f\u00fcr Gruppen ab zehn Personen sind wieder ab M\u00e4rz m\u00f6glich.<\/div><\/div><\/div><\/div>\t\t\t\t<\/div>\n\t\t\t\t\t\t\t\t\t\t\t\t\t\t\t<div class=\"elementor-swiper-button elementor-swiper-button-prev\" role=\"button\" tabindex=\"0\" aria-label=\"Vorheriges Dia\">\n\t\t\t\t\t\t\t<svg aria-hidden=\"true\" class=\"e-font-icon-svg e-eicon-chevron-left\" viewBox=\"0 0 1000 1000\" xmlns=\"http:\/\/www.w3.org\/2000\/svg\"><path d=\"M646 125C629 125 613 133 604 142L308 442C296 454 292 471 292 487 292 504 296 521 308 533L604 854C617 867 629 875 646 875 663 875 679 871 692 858 704 846 713 829 713 812 713 796 708 779 692 767L438 487 692 225C700 217 708 204 708 187 708 171 704 154 692 142 675 129 663 125 646 125Z\"><\/path><\/svg>\t\t\t\t\t\t<\/div>\n\t\t\t\t\t\t<div class=\"elementor-swiper-button elementor-swiper-button-next\" role=\"button\" tabindex=\"0\" aria-label=\"N\u00e4chste Folie\">\n\t\t\t\t\t\t\t<svg aria-hidden=\"true\" class=\"e-font-icon-svg e-eicon-chevron-right\" viewBox=\"0 0 1000 1000\" xmlns=\"http:\/\/www.w3.org\/2000\/svg\"><path d=\"M696 533C708 521 713 504 713 487 713 471 708 454 696 446L400 146C388 133 375 125 354 125 338 125 325 129 313 142 300 154 292 171 292 187 292 204 296 221 308 233L563 492 304 771C292 783 288 800 288 817 288 833 296 850 308 863 321 871 338 875 354 875 371 875 388 867 400 854L696 533Z\"><\/path><\/svg>\t\t\t\t\t\t<\/div>\n\t\t\t\t\t\t\t\t\t\t\t\t\t\t\t\t<div class=\"swiper-pagination\"><\/div>\n\t\t\t\t\t\t\t\t\t\t\t\t<\/div>\n\t\t\t\t\t\t\t\t<\/div>\n\t\t\t\t\t<\/div>\n\t\t<\/div>\n\t\t\t\t\t<\/div>\n\t\t<\/section>\n\t\t\t\t<section data-particle_enable=\"false\" data-particle-mobile-disabled=\"false\" class=\"elementor-section elementor-top-section elementor-element elementor-element-5e8ddc2 elementor-section-boxed elementor-section-height-default elementor-section-height-default\" data-id=\"5e8ddc2\" data-element_type=\"section\" data-e-type=\"section\">\n\t\t\t\t\t\t<div class=\"elementor-container elementor-column-gap-default\">\n\t\t\t\t\t<div class=\"elementor-column elementor-col-100 elementor-top-column elementor-element elementor-element-da06f8d\" data-id=\"da06f8d\" data-element_type=\"column\" data-e-type=\"column\">\n\t\t\t<div class=\"elementor-widget-wrap elementor-element-populated\">\n\t\t\t\t\t\t<div class=\"elementor-element elementor-element-c524939 elementor-hidden-widescreen elementor-hidden-desktop elementor-hidden-laptop elementor-hidden-tablet_extra elementor-hidden-tablet elementor-hidden-mobile elementor--h-position-center elementor--v-position-middle elementor-arrows-position-inside elementor-pagination-position-inside elementor-widget elementor-widget-slides\" data-id=\"c524939\" data-element_type=\"widget\" data-e-type=\"widget\" data-settings=\"{&quot;autoplay_speed&quot;:6000,&quot;transition_speed&quot;:489,&quot;navigation&quot;:&quot;both&quot;,&quot;autoplay&quot;:&quot;yes&quot;,&quot;pause_on_hover&quot;:&quot;yes&quot;,&quot;pause_on_interaction&quot;:&quot;yes&quot;,&quot;infinite&quot;:&quot;yes&quot;,&quot;transition&quot;:&quot;slide&quot;}\" data-widget_type=\"slides.default\">\n\t\t\t\t\t\t\t\t\t\t<div class=\"elementor-slides-wrapper elementor-main-swiper swiper\" role=\"region\" aria-roledescription=\"carousel\" aria-label=\"Slider\" dir=\"ltr\" data-animation=\"fadeInUp\">\n\t\t\t\t<div class=\"swiper-wrapper elementor-slides\">\n\t\t\t\t\t\t\t\t\t\t<div class=\"elementor-repeater-item-6f33381 swiper-slide\" role=\"group\" aria-roledescription=\"slide\"><div class=\"swiper-slide-bg\"><\/div><a class=\"swiper-slide-inner\" href=\"https:\/\/stiftung-forum-recht.de\/kalender\/recht-stadtlich-ein-rundgang-durch-karlsruhe-9\/\"><div class=\"swiper-slide-contents\"><div class=\"elementor-slide-heading\">Was hat es mit dem Platz der Grundrechte auf sich?<\/div><div class=\"elementor-slide-description\">Erfahren Sie es! Bei unserem Rundgang \u201eRecht stadtlich!\" am 10. Juli 2025, 17.00 bis 19:00 Uhr in Karlsruhe. Die Teilnahme ist kostenfrei!<\/div><div  class=\"elementor-button elementor-slide-button elementor-size-md\">Termin eintragen!<\/div><\/div><\/a><\/div><div class=\"elementor-repeater-item-67ccbdc swiper-slide\" role=\"group\" aria-roledescription=\"slide\"><div class=\"swiper-slide-bg\"><\/div><a class=\"swiper-slide-inner\" href=\"https:\/\/stiftung-forum-recht.de\/kalender\/recht-stadtlich-ein-rundgang-durch-karlsruhe-6\/\"><div class=\"swiper-slide-contents\"><div class=\"elementor-slide-heading\">Wie wahrscheinlich wird ein Fahrraddiebstahl aufgekl\u00e4rt?<\/div><div class=\"elementor-slide-description\">Erfahren Sie es! Bei unserem ersten Rundgang \u201eRecht stadtlich!\" am 14. August 2025, 17.00 bis 19:00 Uhr in Karlsruhe. Die Teilnahme ist kostenfrei!<\/div><div  class=\"elementor-button elementor-slide-button elementor-size-md\">Termin eintragen!<\/div><\/div><\/a><\/div><div class=\"elementor-repeater-item-ed61333 swiper-slide\" role=\"group\" aria-roledescription=\"slide\"><div class=\"swiper-slide-bg\"><\/div><a class=\"swiper-slide-inner\" href=\"https:\/\/stiftung-forum-recht.de\/kalender\/recht-stadtlich-ein-rundgang-durch-karlsruhe-7\/\"><div class=\"swiper-slide-contents\"><div class=\"elementor-slide-heading\">Was macht eigentlich der Bundesgerichtshof?<\/div><div class=\"elementor-slide-description\">Kriegen Sie es raus! Bei unserem Rundgang \u201eRecht stadtlich!\" am 11. September 2025, 17.00 bis 19:00 Uhr in Karlsruhe. Die Teilnahme ist kostenfrei!<\/div><div  class=\"elementor-button elementor-slide-button elementor-size-md\">Termin eintragen!<\/div><\/div><\/a><\/div><div class=\"elementor-repeater-item-6b1cf71 swiper-slide\" role=\"group\" aria-roledescription=\"slide\"><div class=\"swiper-slide-bg\"><\/div><a class=\"swiper-slide-inner\" href=\"https:\/\/stiftung-forum-recht.de\/kalender\/recht-stadtlich-ein-rundgang-durch-karlsruhe-8\/\"><div class=\"swiper-slide-contents\"><div class=\"elementor-slide-heading\">Wie war das nochmal mit dem Buback-Attentat und der RAF?<\/div><div class=\"elementor-slide-description\">Wir erkl\u00e4ren es! Bei unserem Rundgang \u201eRecht stadtlich!\" am 09. Oktober 2025, 17.00 bis 19:00 Uhr in Karlsruhe. Die Teilnahme ist kostenfrei!<\/div><div  class=\"elementor-button elementor-slide-button elementor-size-md\">Termin eintragen!<\/div><\/div><\/a><\/div>\t\t\t\t<\/div>\n\t\t\t\t\t\t\t\t\t\t\t\t\t\t\t<div class=\"elementor-swiper-button elementor-swiper-button-prev\" role=\"button\" tabindex=\"0\" aria-label=\"Vorheriges Dia\">\n\t\t\t\t\t\t\t<svg aria-hidden=\"true\" class=\"e-font-icon-svg e-eicon-chevron-left\" viewBox=\"0 0 1000 1000\" xmlns=\"http:\/\/www.w3.org\/2000\/svg\"><path d=\"M646 125C629 125 613 133 604 142L308 442C296 454 292 471 292 487 292 504 296 521 308 533L604 854C617 867 629 875 646 875 663 875 679 871 692 858 704 846 713 829 713 812 713 796 708 779 692 767L438 487 692 225C700 217 708 204 708 187 708 171 704 154 692 142 675 129 663 125 646 125Z\"><\/path><\/svg>\t\t\t\t\t\t<\/div>\n\t\t\t\t\t\t<div class=\"elementor-swiper-button elementor-swiper-button-next\" role=\"button\" tabindex=\"0\" aria-label=\"N\u00e4chste Folie\">\n\t\t\t\t\t\t\t<svg aria-hidden=\"true\" class=\"e-font-icon-svg e-eicon-chevron-right\" viewBox=\"0 0 1000 1000\" xmlns=\"http:\/\/www.w3.org\/2000\/svg\"><path d=\"M696 533C708 521 713 504 713 487 713 471 708 454 696 446L400 146C388 133 375 125 354 125 338 125 325 129 313 142 300 154 292 171 292 187 292 204 296 221 308 233L563 492 304 771C292 783 288 800 288 817 288 833 296 850 308 863 321 871 338 875 354 875 371 875 388 867 400 854L696 533Z\"><\/path><\/svg>\t\t\t\t\t\t<\/div>\n\t\t\t\t\t\t\t\t\t\t\t\t\t\t\t\t<div class=\"swiper-pagination\"><\/div>\n\t\t\t\t\t\t\t\t\t\t\t\t<\/div>\n\t\t\t\t\t\t\t\t<\/div>\n\t\t\t\t<div class=\"elementor-element elementor-element-a1494e4 elementor-widget elementor-widget-spacer\" data-id=\"a1494e4\" data-element_type=\"widget\" data-e-type=\"widget\" data-widget_type=\"spacer.default\">\n\t\t\t\t\t\t\t<div class=\"elementor-spacer\">\n\t\t\t<div class=\"elementor-spacer-inner\"><\/div>\n\t\t<\/div>\n\t\t\t\t\t\t<\/div>\n\t\t\t\t\t<\/div>\n\t\t<\/div>\n\t\t\t\t\t<\/div>\n\t\t<\/section>\n\t\t\t\t<section data-particle_enable=\"false\" data-particle-mobile-disabled=\"false\" class=\"elementor-section elementor-top-section elementor-element elementor-element-30c7865 elementor-section-boxed elementor-section-height-default elementor-section-height-default\" data-id=\"30c7865\" data-element_type=\"section\" data-e-type=\"section\">\n\t\t\t\t\t\t<div class=\"elementor-container elementor-column-gap-default\">\n\t\t\t\t\t<div class=\"elementor-column elementor-col-50 elementor-top-column elementor-element elementor-element-5b99533\" data-id=\"5b99533\" data-element_type=\"column\" data-e-type=\"column\">\n\t\t\t<div class=\"elementor-widget-wrap elementor-element-populated\">\n\t\t\t\t\t\t<div class=\"elementor-element elementor-element-33e8ae2 elementor-widget elementor-widget-heading\" data-id=\"33e8ae2\" data-element_type=\"widget\" data-e-type=\"widget\" data-widget_type=\"heading.default\">\n\t\t\t\t\t<h2 class=\"elementor-heading-title elementor-size-default\">Kontakt<\/h2>\t\t\t\t<\/div>\n\t\t\t\t<div class=\"elementor-element elementor-element-cba9851 elementor-widget elementor-widget-menu-anchor\" data-id=\"cba9851\" data-element_type=\"widget\" data-e-type=\"widget\" data-widget_type=\"menu-anchor.default\">\n\t\t\t\t\t\t\t<div class=\"elementor-menu-anchor\" id=\"AnmeldungStadtrundgaengeKarlsruhe\"><\/div>\n\t\t\t\t\t\t<\/div>\n\t\t\t\t<div class=\"elementor-element elementor-element-2fc9fcc elementor-widget elementor-widget-text-editor\" data-id=\"2fc9fcc\" data-element_type=\"widget\" data-e-type=\"widget\" data-widget_type=\"text-editor.default\">\n\t\t\t\t\t\t\t\t\t<p><strong>Wir bieten ab M\u00e4rz 2026 im Rahmen unserer Kapazit\u00e4ten wieder individuelle Rundg\u00e4nge f\u00fcr Gruppen ab zehn Personen in Karlsruhe und Leipzig an.<\/strong> Sie m\u00f6chten einen Termin f\u00fcr einen Rundgang in Karlsruhe vereinbaren oder haben allgemeine Fragen? Schreiben Sie uns gerne eine Email an <strong><a href=\"mailto:rundgang-karlsruhe@stiftung-forum-recht.de\">rundgang-karlsruhe(at)stiftung-forum-recht.de<\/a><\/strong><strong><a href=\"mailto:rundgang-leipzig@stiftung-forum-recht.de\">\u00a0<\/a><\/strong>oder nutzen Sie das Formular. Bitte beachten Sie: Eine Anmeldung f\u00fcr die regul\u00e4ren Termine ist nicht notwendig!<\/p>\t\t\t\t\t\t\t\t<\/div>\n\t\t\t\t<div class=\"elementor-element elementor-element-a818953 elementor-widget elementor-widget-text-editor\" data-id=\"a818953\" data-element_type=\"widget\" data-e-type=\"widget\" data-widget_type=\"text-editor.default\">\n\t\t\t\t\t\t\t\t\t<p>Weitere Informationen finden Sie in unserer <a href=\"https:\/\/stiftung-forum-recht.de\/datenschutzerklaerung\/\" target=\"_blank\" rel=\"noopener\">Datenschutzerkl\u00e4rung<\/a>.<\/p>\t\t\t\t\t\t\t\t<\/div>\n\t\t\t\t<div class=\"elementor-element elementor-element-3d739e8 eael-gravity-form-button-custom elementor-widget elementor-widget-eael-gravity-form\" data-id=\"3d739e8\" data-element_type=\"widget\" data-e-type=\"widget\" data-widget_type=\"eael-gravity-form.default\">\n\t\t\t\t\t\t\t\t<div class=\"eael-contact-form eael-gravity-form eael-contact-form-align-default\">\n\t\t        <script>\nvar gform;gform||(document.addEventListener(\"gform_main_scripts_loaded\",function(){gform.scriptsLoaded=!0}),document.addEventListener(\"gform\/theme\/scripts_loaded\",function(){gform.themeScriptsLoaded=!0}),window.addEventListener(\"DOMContentLoaded\",function(){gform.domLoaded=!0}),gform={domLoaded:!1,scriptsLoaded:!1,themeScriptsLoaded:!1,isFormEditor:()=>\"function\"==typeof InitializeEditor,callIfLoaded:function(o){return!(!gform.domLoaded||!gform.scriptsLoaded||!gform.themeScriptsLoaded&&!gform.isFormEditor()||(gform.isFormEditor()&&console.warn(\"The use of gform.initializeOnLoaded() is deprecated in the form editor context and will be removed in Gravity Forms 3.1.\"),o(),0))},initializeOnLoaded:function(o){gform.callIfLoaded(o)||(document.addEventListener(\"gform_main_scripts_loaded\",()=>{gform.scriptsLoaded=!0,gform.callIfLoaded(o)}),document.addEventListener(\"gform\/theme\/scripts_loaded\",()=>{gform.themeScriptsLoaded=!0,gform.callIfLoaded(o)}),window.addEventListener(\"DOMContentLoaded\",()=>{gform.domLoaded=!0,gform.callIfLoaded(o)}))},hooks:{action:{},filter:{}},addAction:function(o,r,e,t){gform.addHook(\"action\",o,r,e,t)},addFilter:function(o,r,e,t){gform.addHook(\"filter\",o,r,e,t)},doAction:function(o){gform.doHook(\"action\",o,arguments)},applyFilters:function(o){return gform.doHook(\"filter\",o,arguments)},removeAction:function(o,r){gform.removeHook(\"action\",o,r)},removeFilter:function(o,r,e){gform.removeHook(\"filter\",o,r,e)},addHook:function(o,r,e,t,n){null==gform.hooks[o][r]&&(gform.hooks[o][r]=[]);var d=gform.hooks[o][r];null==n&&(n=r+\"_\"+d.length),gform.hooks[o][r].push({tag:n,callable:e,priority:t=null==t?10:t})},doHook:function(r,o,e){var t;if(e=Array.prototype.slice.call(e,1),null!=gform.hooks[r][o]&&((o=gform.hooks[r][o]).sort(function(o,r){return o.priority-r.priority}),o.forEach(function(o){\"function\"!=typeof(t=o.callable)&&(t=window[t]),\"action\"==r?t.apply(null,e):e[0]=t.apply(null,e)})),\"filter\"==r)return e[0]},removeHook:function(o,r,t,n){var e;null!=gform.hooks[o][r]&&(e=(e=gform.hooks[o][r]).filter(function(o,r,e){return!!(null!=n&&n!=o.tag||null!=t&&t!=o.priority)}),gform.hooks[o][r]=e)}});\n<\/script>\n\n                <div class='gf_browser_gecko gform_wrapper gform-theme gform-theme--foundation gform-theme--framework gform-theme--orbital' data-form-theme='orbital' data-form-index='0' id='gform_wrapper_6' ><style>#gform_wrapper_6[data-form-index=\"0\"].gform-theme{--gf-color-primary: #204ce5;--gf-color-primary-rgb: 32, 76, 229;--gf-color-primary-contrast: #fff;--gf-color-primary-contrast-rgb: 255, 255, 255;--gf-color-primary-darker: #001AB3;--gf-color-primary-lighter: #527EFF;--gf-color-secondary: #fff;--gf-color-secondary-rgb: 255, 255, 255;--gf-color-secondary-contrast: #112337;--gf-color-secondary-contrast-rgb: 17, 35, 55;--gf-color-secondary-darker: #F5F5F5;--gf-color-secondary-lighter: #FFFFFF;--gf-color-out-ctrl-light: rgba(17, 35, 55, 0.1);--gf-color-out-ctrl-light-rgb: 17, 35, 55;--gf-color-out-ctrl-light-darker: rgba(104, 110, 119, 0.35);--gf-color-out-ctrl-light-lighter: #F5F5F5;--gf-color-out-ctrl-dark: #585e6a;--gf-color-out-ctrl-dark-rgb: 88, 94, 106;--gf-color-out-ctrl-dark-darker: #112337;--gf-color-out-ctrl-dark-lighter: rgba(17, 35, 55, 0.65);--gf-color-in-ctrl: #fff;--gf-color-in-ctrl-rgb: 255, 255, 255;--gf-color-in-ctrl-contrast: #112337;--gf-color-in-ctrl-contrast-rgb: 17, 35, 55;--gf-color-in-ctrl-darker: #F5F5F5;--gf-color-in-ctrl-lighter: #FFFFFF;--gf-color-in-ctrl-primary: #204ce5;--gf-color-in-ctrl-primary-rgb: 32, 76, 229;--gf-color-in-ctrl-primary-contrast: #fff;--gf-color-in-ctrl-primary-contrast-rgb: 255, 255, 255;--gf-color-in-ctrl-primary-darker: #001AB3;--gf-color-in-ctrl-primary-lighter: #527EFF;--gf-color-in-ctrl-light: rgba(17, 35, 55, 0.1);--gf-color-in-ctrl-light-rgb: 17, 35, 55;--gf-color-in-ctrl-light-darker: rgba(104, 110, 119, 0.35);--gf-color-in-ctrl-light-lighter: #F5F5F5;--gf-color-in-ctrl-dark: #585e6a;--gf-color-in-ctrl-dark-rgb: 88, 94, 106;--gf-color-in-ctrl-dark-darker: #112337;--gf-color-in-ctrl-dark-lighter: rgba(17, 35, 55, 0.65);--gf-radius: 3px;--gf-font-size-secondary: 14px;--gf-font-size-tertiary: 13px;--gf-icon-ctrl-number: url(\"data:image\/svg+xml,%3Csvg width='8' height='14' viewBox='0 0 8 14' fill='none' xmlns='http:\/\/www.w3.org\/2000\/svg'%3E%3Cpath fill-rule='evenodd' clip-rule='evenodd' d='M4 0C4.26522 5.96046e-08 4.51957 0.105357 4.70711 0.292893L7.70711 3.29289C8.09763 3.68342 8.09763 4.31658 7.70711 4.70711C7.31658 5.09763 6.68342 5.09763 6.29289 4.70711L4 2.41421L1.70711 4.70711C1.31658 5.09763 0.683417 5.09763 0.292893 4.70711C-0.0976311 4.31658 -0.097631 3.68342 0.292893 3.29289L3.29289 0.292893C3.48043 0.105357 3.73478 0 4 0ZM0.292893 9.29289C0.683417 8.90237 1.31658 8.90237 1.70711 9.29289L4 11.5858L6.29289 9.29289C6.68342 8.90237 7.31658 8.90237 7.70711 9.29289C8.09763 9.68342 8.09763 10.3166 7.70711 10.7071L4.70711 13.7071C4.31658 14.0976 3.68342 14.0976 3.29289 13.7071L0.292893 10.7071C-0.0976311 10.3166 -0.0976311 9.68342 0.292893 9.29289Z' fill='rgba(17, 35, 55, 0.65)'\/%3E%3C\/svg%3E\");--gf-icon-ctrl-select: url(\"data:image\/svg+xml,%3Csvg width='10' height='6' viewBox='0 0 10 6' fill='none' xmlns='http:\/\/www.w3.org\/2000\/svg'%3E%3Cpath fill-rule='evenodd' clip-rule='evenodd' d='M0.292893 0.292893C0.683417 -0.097631 1.31658 -0.097631 1.70711 0.292893L5 3.58579L8.29289 0.292893C8.68342 -0.0976311 9.31658 -0.0976311 9.70711 0.292893C10.0976 0.683417 10.0976 1.31658 9.70711 1.70711L5.70711 5.70711C5.31658 6.09763 4.68342 6.09763 4.29289 5.70711L0.292893 1.70711C-0.0976311 1.31658 -0.0976311 0.683418 0.292893 0.292893Z' fill='rgba(17, 35, 55, 0.65)'\/%3E%3C\/svg%3E\");--gf-icon-ctrl-search: url(\"data:image\/svg+xml,%3Csvg width='640' height='640' xmlns='http:\/\/www.w3.org\/2000\/svg'%3E%3Cpath d='M256 128c-70.692 0-128 57.308-128 128 0 70.691 57.308 128 128 128 70.691 0 128-57.309 128-128 0-70.692-57.309-128-128-128zM64 256c0-106.039 85.961-192 192-192s192 85.961 192 192c0 41.466-13.146 79.863-35.498 111.248l154.125 154.125c12.496 12.496 12.496 32.758 0 45.254s-32.758 12.496-45.254 0L367.248 412.502C335.862 434.854 297.467 448 256 448c-106.039 0-192-85.962-192-192z' fill='rgba(17, 35, 55, 0.65)'\/%3E%3C\/svg%3E\");--gf-label-space-y-secondary: var(--gf-label-space-y-md-secondary);--gf-ctrl-border-color: #686e77;--gf-ctrl-size: var(--gf-ctrl-size-md);--gf-ctrl-label-color-primary: #112337;--gf-ctrl-label-color-secondary: #112337;--gf-ctrl-choice-size: var(--gf-ctrl-choice-size-md);--gf-ctrl-checkbox-check-size: var(--gf-ctrl-checkbox-check-size-md);--gf-ctrl-radio-check-size: var(--gf-ctrl-radio-check-size-md);--gf-ctrl-btn-font-size: var(--gf-ctrl-btn-font-size-md);--gf-ctrl-btn-padding-x: var(--gf-ctrl-btn-padding-x-md);--gf-ctrl-btn-size: var(--gf-ctrl-btn-size-md);--gf-ctrl-btn-border-color-secondary: #686e77;--gf-ctrl-btn-bg-color-hover-tertiary: #EBEBEB;--gf-field-img-choice-size: var(--gf-field-img-choice-size-md);--gf-field-img-choice-card-space: var(--gf-field-img-choice-card-space-md);--gf-field-img-choice-check-ind-size: var(--gf-field-img-choice-check-ind-size-md);--gf-field-img-choice-check-ind-icon-size: var(--gf-field-img-choice-check-ind-icon-size-md);--gf-field-pg-steps-number-color: rgba(17, 35, 55, 0.8);}<\/style>\n                        <div class='gform_heading'>\n                            <h2 class=\"gform_title\">Nachricht \u201eRecht stadtlich!\u201c in Karlsruhe<\/h2>\n                            <p class='gform_description'><\/p>\n\t\t\t\t\t\t\t<p class='gform_required_legend'>&quot;<span class=\"gfield_required gfield_required_asterisk\">*<\/span>&quot; indicates required fields<\/p>\n                        <\/div><form method='post' enctype='multipart\/form-data'  id='gform_6'  action='\/en\/wp-json\/wp\/v2\/pages\/23131' data-formid='6' novalidate>\n                        <div class='gform-body gform_body'><div id='gform_fields_6' class='gform_fields top_label form_sublabel_below description_below validation_below'><div id=\"field_6_21\" class=\"gfield gfield--type-honeypot gform_validation_container field_sublabel_below gfield--has-description field_description_below field_validation_below gfield_visibility_visible\"  ><label class='gfield_label gform-field-label' for='input_6_21'><span class='gform-field-label__text'>Comments<\/span><\/label><div class='ginput_container'><input name='input_21' id='input_6_21' type='text' value='' autocomplete='new-password'\/><\/div><div class='gfield_description' id='gfield_description_6_21'>This field is for validation purposes and should be left unchanged.<\/div><\/div><fieldset id=\"field_6_3\" class=\"gfield gfield--type-name gfield--input-type-name gfield--width-full gfield_contains_required field_sublabel_below gfield--no-description field_description_below field_validation_below gfield_visibility_visible\"  ><legend class='gfield_label gform-field-label gfield_label_before_complex' ><span class='gform-field-label__text'>Vorname, Nachname, ggf. Titel<\/span><span class=\"gfield_required\"><span class=\"gfield_required gfield_required_asterisk\">*<\/span><\/span><\/legend><div class='ginput_complex ginput_container ginput_container--name no_prefix has_first_name no_middle_name has_last_name no_suffix gf_name_has_2 ginput_container_name gform-grid-row' id='input_6_3'>\n                            \n                            <span id='input_6_3_3_container' class='name_first gform-grid-col gform-grid-col--size-auto' >\n                                                    <input type='text' name='input_3.3' id='input_6_3_3' value=''   aria-required='true'     \/>\n                                                    <label for='input_6_3_3' class='gform-field-label gform-field-label--type-sub '>First<\/label>\n                                                <\/span>\n                            \n                            <span id='input_6_3_6_container' class='name_last gform-grid-col gform-grid-col--size-auto' >\n                                                    <input type='text' name='input_3.6' id='input_6_3_6' value=''   aria-required='true'     \/>\n                                                    <label for='input_6_3_6' class='gform-field-label gform-field-label--type-sub '>Last<\/label>\n                                                <\/span>\n                            \n                        <\/div><\/fieldset><div id=\"field_6_4\" class=\"gfield gfield--type-email gfield--input-type-email gfield--width-full gfield_contains_required field_sublabel_below gfield--no-description field_description_below field_validation_below gfield_visibility_visible\"  ><label class='gfield_label gform-field-label' for='input_6_4'><span class='gform-field-label__text'>E-Mail<\/span><span class=\"gfield_required\"><span class=\"gfield_required gfield_required_asterisk\">*<\/span><\/span><\/label><div class='ginput_container ginput_container_email'>\n                            <input name='input_4' id='input_6_4' type='email' value='' class='large'    aria-required=\"true\" aria-invalid=\"false\"  \/>\n                        <\/div><\/div><div id=\"field_6_5\" class=\"gfield gfield--type-phone gfield--input-type-phone gfield--phone-format-international gfield--width-full gfield_contains_required field_sublabel_below gfield--no-description field_description_below field_validation_below gfield_visibility_visible\"  ><label class='gfield_label gform-field-label' for='input_6_5'><span class='gform-field-label__text'>Telefonnummer<\/span><span class=\"gfield_required\"><span class=\"gfield_required gfield_required_asterisk\">*<\/span><\/span><\/label><div class='ginput_container ginput_container_phone'><input name='input_5' id='input_6_5' type='tel' value='' class='large'  placeholder='+49 1234 56789' aria-required=\"true\" aria-invalid=\"false\"    \/><\/div><\/div><div id=\"field_6_8\" class=\"gfield gfield--type-text gfield--input-type-text gfield--width-full gfield_contains_required field_sublabel_below gfield--has-description field_description_below field_validation_below gfield_visibility_visible\"  ><label class='gfield_label gform-field-label' for='input_6_8'><span class='gform-field-label__text'>Art der Gruppe (Unternehmen\/Schule\/Einrichtung)<\/span><span class=\"gfield_required\"><span class=\"gfield_required gfield_required_asterisk\">*<\/span><\/span><\/label><div class='ginput_container ginput_container_text'><input name='input_8' id='input_6_8' type='text' value='' class='large'  aria-describedby=\"gfield_description_6_8\"   aria-required=\"true\" aria-invalid=\"false\"   \/><\/div><div class='gfield_description' id='gfield_description_6_8'>z.B. Jugendsozialarbeiter:in\/P\u00e4dagogisches Schulzentrum\/Deutschlehrer Gymnasium M\u00fchlheim<\/div><\/div><div id=\"field_6_11\" class=\"gfield gfield--type-text gfield--input-type-text gfield--width-full gfield_contains_required field_sublabel_below gfield--has-description field_description_below field_validation_below gfield_visibility_visible\"  ><label class='gfield_label gform-field-label' for='input_6_11'><span class='gform-field-label__text'>Gruppengr\u00f6\u00dfe<\/span><span class=\"gfield_required\"><span class=\"gfield_required gfield_required_asterisk\">*<\/span><\/span><\/label><div class='ginput_container ginput_container_text'><input name='input_11' id='input_6_11' type='text' value='' class='large'  aria-describedby=\"gfield_description_6_11\"   aria-required=\"true\" aria-invalid=\"false\"   \/><\/div><div class='gfield_description' id='gfield_description_6_11'>z.B. 10 -12 Personen, darunter 1 Rollstuhlfahrer:in<\/div><\/div><div id=\"field_6_17\" class=\"gfield gfield--type-select gfield--input-type-select gfield--width-full gfield_contains_required field_sublabel_below gfield--no-description field_description_below field_validation_below gfield_visibility_visible\"  ><label class='gfield_label gform-field-label' for='input_6_17'><span class='gform-field-label__text'>F\u00fcr welche Variante des Stadtrundganges interessieren Sie sich?<\/span><span class=\"gfield_required\"><span class=\"gfield_required gfield_required_asterisk\">*<\/span><\/span><\/label><div class='ginput_container ginput_container_select'><select name='input_17' id='input_6_17' class='large gfield_select'    aria-required=\"true\" aria-invalid=\"false\" ><option value='Standard-Rundgang \u201eRecht stadtlich\u201c' >Standard-Rundgang \u201eRecht stadtlich\u201c<\/option><option value='Europa-Edition \u201eRecht stadtlich\u201c' >Europa-Edition \u201eRecht stadtlich\u201c<\/option><\/select><\/div><\/div><div id=\"field_6_16\" class=\"gfield gfield--type-text gfield--input-type-text gfield--width-full field_sublabel_below gfield--no-description field_description_below field_validation_below gfield_visibility_visible\"  ><label class='gfield_label gform-field-label' for='input_6_16'><span class='gform-field-label__text'>Bitte geben Sie hier unbedingt drei Wunschtermine oder einen Wunschzeitraum an.<\/span><\/label><div class='ginput_container ginput_container_text'><input name='input_16' id='input_6_16' type='text' value='' class='large'      aria-invalid=\"false\"   \/><\/div><\/div><div id=\"field_6_14\" class=\"gfield gfield--type-date gfield--input-type-date gfield--input-type-datepicker gfield--datepicker-default-icon gfield--width-third field_sublabel_below gfield--no-description field_description_below field_validation_below gfield_visibility_visible\"  ><label class='gfield_label gform-field-label' for='input_6_14'><span class='gform-field-label__text'>Datum<\/span><\/label><div class='ginput_container ginput_container_date'>\n\t\t\t\t\t<input\n\t\t\t\t\tplaceholder='dd\/mm\/yyyy'\n\t\t\t\t\tid='input_6_14'\n\t\t\t\t\tclass='datepicker gform-datepicker dmy datepicker_with_icon gdatepicker_with_icon'\n\t\t\t\t\ttype='text'\n\t\t\t\t\tname='input_14'\n\t\t\t\t\tvalue=''\n\t\t\t\t\t \n\t\t\t\t\taria-invalid=\"false\" \n\t\t\t\t\t\n\t\t\t\t\t \n\t\t\t\t\t\n\t\t\t\t\tdata-mask=\"99\/99\/9999\"\n\t\t\t\t\t\/>\n\t\t\t\t<kbd id='keyboardHint_input_6_14' hidden class='down'><\/kbd>\n\t\t\t\t<button type='button' id='datepicker_toggle_input_6_14' class='gform-datepicker-toggle gform-datepicker-toggle--default accCalendar aria-date-picker gform-button gform-theme-button gform-theme-button--simple gform-theme-button--simple-in-ctrl' aria-expanded='false' aria-controls='input_6_14' aria-label='Datum: Choose date on calendar' >\n\t\t\t\t\t\t\t<span class=\"gform-calendar-icon gform-datepicker-toggle-icon gform-datepicker-toggle-icon--default dashicons dashicons-calendar-alt\" aria-hidden=\"true\"><\/span>\n\t\t\t\t\t\t<\/button>\n\t\t\t<\/div><\/div><div id=\"field_6_13\" class=\"gfield gfield--type-date gfield--input-type-date gfield--input-type-datepicker gfield--datepicker-default-icon gfield--width-third field_sublabel_below gfield--no-description field_description_below field_validation_below gfield_visibility_visible\"  ><label class='gfield_label gform-field-label' for='input_6_13'><span class='gform-field-label__text'>Datum<\/span><\/label><div class='ginput_container ginput_container_date'>\n\t\t\t\t\t<input\n\t\t\t\t\tplaceholder='dd\/mm\/yyyy'\n\t\t\t\t\tid='input_6_13'\n\t\t\t\t\tclass='datepicker gform-datepicker dmy datepicker_with_icon gdatepicker_with_icon'\n\t\t\t\t\ttype='text'\n\t\t\t\t\tname='input_13'\n\t\t\t\t\tvalue=''\n\t\t\t\t\t \n\t\t\t\t\taria-invalid=\"false\" \n\t\t\t\t\t\n\t\t\t\t\t \n\t\t\t\t\t\n\t\t\t\t\tdata-mask=\"99\/99\/9999\"\n\t\t\t\t\t\/>\n\t\t\t\t<kbd id='keyboardHint_input_6_13' hidden class='down'><\/kbd>\n\t\t\t\t<button type='button' id='datepicker_toggle_input_6_13' class='gform-datepicker-toggle gform-datepicker-toggle--default accCalendar aria-date-picker gform-button gform-theme-button gform-theme-button--simple gform-theme-button--simple-in-ctrl' aria-expanded='false' aria-controls='input_6_13' aria-label='Datum: Choose date on calendar' >\n\t\t\t\t\t\t\t<span class=\"gform-calendar-icon gform-datepicker-toggle-icon gform-datepicker-toggle-icon--default dashicons dashicons-calendar-alt\" aria-hidden=\"true\"><\/span>\n\t\t\t\t\t\t<\/button>\n\t\t\t<\/div><\/div><div id=\"field_6_15\" class=\"gfield gfield--type-date gfield--input-type-date gfield--input-type-datepicker gfield--datepicker-default-icon gfield--width-third field_sublabel_below gfield--no-description field_description_below field_validation_below gfield_visibility_visible\"  ><label class='gfield_label gform-field-label' for='input_6_15'><span class='gform-field-label__text'>Datum<\/span><\/label><div class='ginput_container ginput_container_date'>\n\t\t\t\t\t<input\n\t\t\t\t\tplaceholder='dd\/mm\/yyyy'\n\t\t\t\t\tid='input_6_15'\n\t\t\t\t\tclass='datepicker gform-datepicker dmy datepicker_with_icon gdatepicker_with_icon'\n\t\t\t\t\ttype='text'\n\t\t\t\t\tname='input_15'\n\t\t\t\t\tvalue=''\n\t\t\t\t\t \n\t\t\t\t\taria-invalid=\"false\" \n\t\t\t\t\t\n\t\t\t\t\t \n\t\t\t\t\t\n\t\t\t\t\tdata-mask=\"99\/99\/9999\"\n\t\t\t\t\t\/>\n\t\t\t\t<kbd id='keyboardHint_input_6_15' hidden class='down'><\/kbd>\n\t\t\t\t<button type='button' id='datepicker_toggle_input_6_15' class='gform-datepicker-toggle gform-datepicker-toggle--default accCalendar aria-date-picker gform-button gform-theme-button gform-theme-button--simple gform-theme-button--simple-in-ctrl' aria-expanded='false' aria-controls='input_6_15' aria-label='Datum: Choose date on calendar' >\n\t\t\t\t\t\t\t<span class=\"gform-calendar-icon gform-datepicker-toggle-icon gform-datepicker-toggle-icon--default dashicons dashicons-calendar-alt\" aria-hidden=\"true\"><\/span>\n\t\t\t\t\t\t<\/button>\n\t\t\t<\/div><\/div><div id=\"field_6_10\" class=\"gfield gfield--type-textarea gfield--input-type-textarea gfield--width-full field_sublabel_below gfield--no-description field_description_below field_validation_below gfield_visibility_visible\"  ><label class='gfield_label gform-field-label' for='input_6_10'><span class='gform-field-label__text'>Platz f\u00fcr Ihre Fragen. Hier bitte auch spezielle Bed\u00fcrfnisse der Gruppe nennen!<\/span><\/label><div class='ginput_container ginput_container_textarea'><textarea name='input_10' id='input_6_10' class='textarea large'      aria-invalid=\"false\"   rows='10' cols='50'><\/textarea><\/div><\/div><fieldset id=\"field_6_20\" class=\"gfield gfield--type-consent gfield--type-choice gfield--input-type-consent gfield_contains_required field_sublabel_below gfield--no-description field_description_below field_validation_below gfield_visibility_visible gfield--choice-align-vertical\"  ><legend class='gfield_label gform-field-label gfield_label_before_complex' ><span class='gform-field-label__text'>Datenschutzhinweis<\/span><span class=\"gfield_required\"><span class=\"gfield_required gfield_required_asterisk\">*<\/span><\/span><\/legend><div class='ginput_container ginput_container_consent'><input name='input_20.1' id='input_6_20_1' type='checkbox' value='1'   aria-required=\"true\" aria-invalid=\"false\"   \/> <label class=\"gform-field-label gform-field-label--type-inline gfield_consent_label\" for='input_6_20_1' ><span class='gform-field-label__text'>Ich bin mit der Speicherung und Verarbeitung meiner Daten zum Zweck meiner Anfrage einverstanden.<\/span><\/label><input type='hidden' name='input_20.2' value='Ich bin mit der Speicherung und Verarbeitung meiner Daten zum Zweck meiner Anfrage einverstanden.' class='gform_hidden' \/><input type='hidden' name='input_20.3' value='9' class='gform_hidden' \/><\/div><\/fieldset><\/div><\/div>\n        <div class='gform-footer gform_footer top_label'> <button type='submit' id='gform_submit_button_6' class='gform_button button' onclick='gform.submission.handleButtonClick(this);' data-submission-type='submit' >Nachricht absenden!<\/button> \n            <input type='hidden' class='gform_hidden' name='gform_submission_method' data-js='gform_submission_method_6' value='postback' \/>\n            <input type='hidden' class='gform_hidden' name='gform_theme' data-js='gform_theme_6' id='gform_theme_6' value='orbital' \/>\n            <input type='hidden' class='gform_hidden' name='gform_style_settings' data-js='gform_style_settings_6' id='gform_style_settings_6' value='' \/>\n            <input type='hidden' class='gform_hidden' name='is_submit_6' value='1' \/>\n            <input type='hidden' class='gform_hidden' name='gform_submit' value='6' \/>\n            \n            <input type='hidden' class='gform_hidden' name='gform_currency' data-currency='EUR' value='JYDhvrniYpdRDL482kkZAXC3eN42RgTMbocf0nGc4+H2r9wURpAShdsgs6DQH\/+rD9XWZdBvb1BY1hQ1MyLqI43UfZ6A58iui5qPb3QfwnCUa0g=' \/>\n            <input type='hidden' class='gform_hidden' name='gform_unique_id' value='' \/>\n            <input type='hidden' class='gform_hidden' name='state_6' value='WyJ7XCIxN1wiOltcImIzYTk5MDQ1ODk0ODlmNDEzODUwYmExNzU2MmVlZjU0XCIsXCI3NTdiN2FmYmYwNWY4ZTZiY2M1MmFlZTJlN2UwZDFlNVwiXSxcIjIwLjFcIjpcImZkMGMxNmVlM2IzMTg2N2RjZDBjNDRlMmY2YzhjOGJiXCIsXCIyMC4yXCI6XCJhZjIzMzUwNzAwNGQ3NmY2Y2Q2ZTA1NjE1NTA4NTc3ZVwiLFwiMjAuM1wiOlwiNTk2ZTIyMmI4MDNkNGM4ZjZiNTNlNDg1MzdhOWFhMDlcIixcImdmb3JtX3N1Ym1pc3Npb25fbWV0aG9kXCI6W1wiNzgwYzA3NWM2YjUwZTEzMzhmNjIwMTE1NGMzNGFiZmFcIixcIjMzMjM1NGRjYTRhODFjNmExNmZmZjQwYmJjMGNiMWRhXCJdLFwiZ2Zvcm1fdGhlbWVcIjpcIjM4MGUwYTk5Zjc2YzE0YzU5ODVkNDY0YTA2NjU3NmJhXCIsXCJnZm9ybV9zdHlsZV9zZXR0aW5nc1wiOlwiODczY2I0YmU5NDA0YTFjYTVjNGY3ODFiYTA4N2NiMTVcIixcImZvcm1faWRcIjpcImZkM2VlY2NiZDBjZDFkNzRkNjE3YTkzNjdhNDJiNTk2XCIsXCJ1cmxcIjpcIjc0YjExYjM5YzlmNDI1NzgzZTY0NmFiOTE5NjkzN2FjXCIsXCJzdGF0ZV90aW1lc3RhbXBcIjpcImYwNWZiNzRlMzk2MGYwZDA2N2I5NmM1NmZmZTI0Y2FjXCJ9IiwiODQ0Y2Q2NGQyODVmMzc0NDIxZjBjMmI2MmMxMDRhNzAiLDE3ODg2MTcxMDRd' \/>\n            <input type='hidden' autocomplete='off' class='gform_hidden' name='gform_target_page_number_6' id='gform_target_page_number_6' value='0' \/>\n            <input type='hidden' autocomplete='off' class='gform_hidden' name='gform_source_page_number_6' id='gform_source_page_number_6' value='1' \/>\n            <input type='hidden' name='gform_field_values' value='' \/>\n            \n        <\/div>\n                        <p style=\"display: none !important;\" class=\"akismet-fields-container\" data-prefix=\"ak_\"><label>&#916;<textarea name=\"ak_hp_textarea\" cols=\"45\" rows=\"8\" maxlength=\"100\"><\/textarea><\/label><input type=\"hidden\" id=\"ak_js_1\" name=\"ak_js\" value=\"42\"\/><script>\ndocument.getElementById( \"ak_js_1\" ).setAttribute( \"value\", ( new Date() ).getTime() );\n<\/script>\n<\/p><\/form>\n                        <\/div>\t\t\t<\/div>\n\n            <script type=\"text\/javascript\">\n                var gf_global = {\"gf_currency_config\":{\"name\":\"Euro\",\"symbol_left\":\"\",\"symbol_right\":\"&#8364;\",\"symbol_padding\":\" \",\"thousand_separator\":\".\",\"decimal_separator\":\",\",\"decimals\":2,\"code\":\"EUR\"},\"base_url\":\"https:\\\/\\\/stiftung-forum-recht.de\\\/wp-content\\\/plugins\\\/gravityforms\",\"number_formats\":[],\"version_hash\":\"b8787fe7507e7ed9dabd5e75c918c515\",\"countries\":{\"AF\":\"Afghanistan\",\"AX\":\"\\u00c5land Islands\",\"AL\":\"Albania\",\"DZ\":\"Algeria\",\"AS\":\"American Samoa\",\"AD\":\"Andorra\",\"AO\":\"Angola\",\"AI\":\"Anguilla\",\"AQ\":\"Antarctica\",\"AG\":\"Antigua and Barbuda\",\"AR\":\"Argentina\",\"AM\":\"Armenia\",\"AW\":\"Aruba\",\"AU\":\"Australia\",\"AT\":\"Austria\",\"AZ\":\"Azerbaijan\",\"BS\":\"Bahamas\",\"BH\":\"Bahrain\",\"BD\":\"Bangladesh\",\"BB\":\"Barbados\",\"BY\":\"Belarus\",\"BE\":\"Belgium\",\"BZ\":\"Belize\",\"BJ\":\"Benin\",\"BM\":\"Bermuda\",\"BT\":\"Bhutan\",\"BO\":\"Bolivia\",\"BQ\":\"Bonaire, Sint Eustatius and Saba\",\"BA\":\"Bosnia and Herzegovina\",\"BW\":\"Botswana\",\"BV\":\"Bouvet Island\",\"BR\":\"Brazil\",\"IO\":\"British Indian Ocean Territory\",\"BN\":\"Brunei Darussalam\",\"BG\":\"Bulgaria\",\"BF\":\"Burkina Faso\",\"BI\":\"Burundi\",\"CV\":\"Cabo Verde\",\"KH\":\"Cambodia\",\"CM\":\"Cameroon\",\"CA\":\"Canada\",\"KY\":\"Cayman Islands\",\"CF\":\"Central African Republic\",\"TD\":\"Chad\",\"CL\":\"Chile\",\"CN\":\"China\",\"CX\":\"Christmas Island\",\"CC\":\"Cocos Islands\",\"CO\":\"Colombia\",\"KM\":\"Comoros\",\"CD\":\"Congo, Democratic Republic of the\",\"CG\":\"Congo\",\"CK\":\"Cook Islands\",\"CR\":\"Costa Rica\",\"CI\":\"C\\u00f4te d'Ivoire\",\"HR\":\"Croatia\",\"CU\":\"Cuba\",\"CW\":\"Cura\\u00e7ao\",\"CY\":\"Cyprus\",\"CZ\":\"Czechia\",\"DK\":\"Denmark\",\"DJ\":\"Djibouti\",\"DM\":\"Dominica\",\"DO\":\"Dominican Republic\",\"EC\":\"Ecuador\",\"EG\":\"Egypt\",\"SV\":\"El Salvador\",\"GQ\":\"Equatorial Guinea\",\"ER\":\"Eritrea\",\"EE\":\"Estonia\",\"SZ\":\"Eswatini\",\"ET\":\"Ethiopia\",\"FK\":\"Falkland Islands\",\"FO\":\"Faroe Islands\",\"FJ\":\"Fiji\",\"FI\":\"Finland\",\"FR\":\"France\",\"GF\":\"French Guiana\",\"PF\":\"French Polynesia\",\"TF\":\"French Southern Territories\",\"GA\":\"Gabon\",\"GM\":\"Gambia\",\"GE\":\"Georgia\",\"DE\":\"Germany\",\"GH\":\"Ghana\",\"GI\":\"Gibraltar\",\"GR\":\"Greece\",\"GL\":\"Greenland\",\"GD\":\"Grenada\",\"GP\":\"Guadeloupe\",\"GU\":\"Guam\",\"GT\":\"Guatemala\",\"GG\":\"Guernsey\",\"GN\":\"Guinea\",\"GW\":\"Guinea-Bissau\",\"GY\":\"Guyana\",\"HT\":\"Haiti\",\"HM\":\"Heard Island and McDonald Islands\",\"VA\":\"Holy See\",\"HN\":\"Honduras\",\"HK\":\"Hong Kong\",\"HU\":\"Hungary\",\"IS\":\"Iceland\",\"IN\":\"India\",\"ID\":\"Indonesia\",\"IR\":\"Iran\",\"IQ\":\"Iraq\",\"IE\":\"Ireland\",\"IM\":\"Isle of Man\",\"IL\":\"Israel\",\"IT\":\"Italy\",\"JM\":\"Jamaica\",\"JP\":\"Japan\",\"JE\":\"Jersey\",\"JO\":\"Jordan\",\"KZ\":\"Kazakhstan\",\"KE\":\"Kenya\",\"KI\":\"Kiribati\",\"KP\":\"Korea, Democratic People's Republic of\",\"KR\":\"Korea, Republic of\",\"KW\":\"Kuwait\",\"KG\":\"Kyrgyzstan\",\"LA\":\"Lao People's Democratic Republic\",\"LV\":\"Latvia\",\"LB\":\"Lebanon\",\"LS\":\"Lesotho\",\"LR\":\"Liberia\",\"LY\":\"Libya\",\"LI\":\"Liechtenstein\",\"LT\":\"Lithuania\",\"LU\":\"Luxembourg\",\"MO\":\"Macao\",\"MG\":\"Madagascar\",\"MW\":\"Malawi\",\"MY\":\"Malaysia\",\"MV\":\"Maldives\",\"ML\":\"Mali\",\"MT\":\"Malta\",\"MH\":\"Marshall Islands\",\"MQ\":\"Martinique\",\"MR\":\"Mauritania\",\"MU\":\"Mauritius\",\"YT\":\"Mayotte\",\"MX\":\"Mexico\",\"FM\":\"Micronesia\",\"MD\":\"Moldova\",\"MC\":\"Monaco\",\"MN\":\"Mongolia\",\"ME\":\"Montenegro\",\"MS\":\"Montserrat\",\"MA\":\"Morocco\",\"MZ\":\"Mozambique\",\"MM\":\"Myanmar\",\"NA\":\"Namibia\",\"NR\":\"Nauru\",\"NP\":\"Nepal\",\"NL\":\"Netherlands\",\"NC\":\"New Caledonia\",\"NZ\":\"New Zealand\",\"NI\":\"Nicaragua\",\"NE\":\"Niger\",\"NG\":\"Nigeria\",\"NU\":\"Niue\",\"NF\":\"Norfolk Island\",\"MK\":\"North Macedonia\",\"MP\":\"Northern Mariana Islands\",\"NO\":\"Norway\",\"OM\":\"Oman\",\"PK\":\"Pakistan\",\"PW\":\"Palau\",\"PS\":\"Palestine, State of\",\"PA\":\"Panama\",\"PG\":\"Papua New Guinea\",\"PY\":\"Paraguay\",\"PE\":\"Peru\",\"PH\":\"Philippines\",\"PN\":\"Pitcairn\",\"PL\":\"Poland\",\"PT\":\"Portugal\",\"PR\":\"Puerto Rico\",\"QA\":\"Qatar\",\"RE\":\"R\\u00e9union\",\"RO\":\"Romania\",\"RU\":\"Russian Federation\",\"RW\":\"Rwanda\",\"BL\":\"Saint Barth\\u00e9lemy\",\"SH\":\"Saint Helena, Ascension and Tristan da Cunha\",\"KN\":\"Saint Kitts and Nevis\",\"LC\":\"Saint Lucia\",\"MF\":\"Saint Martin\",\"PM\":\"Saint Pierre and Miquelon\",\"VC\":\"Saint Vincent and the Grenadines\",\"WS\":\"Samoa\",\"SM\":\"San Marino\",\"ST\":\"Sao Tome and Principe\",\"SA\":\"Saudi Arabia\",\"SN\":\"Senegal\",\"RS\":\"Serbia\",\"SC\":\"Seychelles\",\"SL\":\"Sierra Leone\",\"SG\":\"Singapore\",\"SX\":\"Sint Maarten\",\"SK\":\"Slovakia\",\"SI\":\"Slovenia\",\"SB\":\"Solomon Islands\",\"SO\":\"Somalia\",\"ZA\":\"South Africa\",\"GS\":\"South Georgia and the South Sandwich Islands\",\"SS\":\"South Sudan\",\"ES\":\"Spain\",\"LK\":\"Sri Lanka\",\"SD\":\"Sudan\",\"SR\":\"Suriname\",\"SJ\":\"Svalbard and Jan Mayen\",\"SE\":\"Sweden\",\"CH\":\"Switzerland\",\"SY\":\"Syria Arab Republic\",\"TW\":\"Taiwan\",\"TJ\":\"Tajikistan\",\"TZ\":\"Tanzania, the United Republic of\",\"TH\":\"Thailand\",\"TL\":\"Timor-Leste\",\"TG\":\"Togo\",\"TK\":\"Tokelau\",\"TO\":\"Tonga\",\"TT\":\"Trinidad and Tobago\",\"TN\":\"Tunisia\",\"TR\":\"T\\u00fcrkiye\",\"TM\":\"Turkmenistan\",\"TC\":\"Turks and Caicos Islands\",\"TV\":\"Tuvalu\",\"UG\":\"Uganda\",\"UA\":\"Ukraine\",\"AE\":\"United Arab Emirates\",\"GB\":\"United Kingdom\",\"US\":\"United States\",\"UY\":\"Uruguay\",\"UM\":\"US Minor Outlying Islands\",\"UZ\":\"Uzbekistan\",\"VU\":\"Vanuatu\",\"VE\":\"Venezuela\",\"VN\":\"Viet Nam\",\"VG\":\"Virgin Islands, British\",\"VI\":\"Virgin Islands, U.S.\",\"WF\":\"Wallis and Futuna\",\"EH\":\"Western Sahara\",\"YE\":\"Yemen\",\"ZM\":\"Zambia\",\"ZW\":\"Zimbabwe\"},\"strings\":{\"newRowAdded\":\"New row added.\",\"rowRemoved\":\"Row removed\",\"formSaved\":\"The form has been saved.  The content contains the link to return and complete the form.\"}};\t\t\t\tvar gf_vars = {\"active\":\"Active\",\"inactive\":\"Inactive\",\"save\":\"Save\",\"update\":\"Update\",\"previousLabel\":\"Previous\",\"selectFormat\":\"Select a format\",\"column\":\"Column\",\"editToViewAll\":\"5 of %d items shown. Edit field to view all\",\"selectAll\":\"Select All\",\"enterValue\":\"Enter a value\",\"formTitle\":\"Untitled Form\",\"formDescription\":\"We would love to hear from you! Please fill out this form and we will get in touch with you shortly.\",\"formConfirmationMessage\":\"Thanks for contacting us! We will get in touch with you shortly.\",\"submitButtonText\":\"Submit Button Text\",\"submitImageAltText\":\"Submit Image Alt Text\",\"buttonText\":\"Submit\",\"pageButtonText\":\"Button Text\",\"nextPageButtonAltText\":\"Next Image Alt Text\",\"previousPageButtonAltText\":\"Previous Image Alt Text\",\"next_page_button\":\"Next\",\"previous_page_button\":\"Previous\",\"buttonDescription\":\"The submit button for this form\",\"loading\":\"Loading...\",\"thisFieldIf\":\"this field if\",\"thisSectionIf\":\"this section if\",\"thisPage\":\"this page if\",\"thisFormButton\":\"this form button if\",\"show\":\"Show\",\"hide\":\"Hide\",\"enable\":\"Enable\",\"disable\":\"Disable\",\"enabled\":\"Enabled\",\"disabled\":\"Disabled\",\"configure\":\"Configure\",\"conditional_logic_text\":\"Conditional Logic\",\"conditional_logic_desc\":\"Conditional logic allows you to change what the user sees depending on the fields they select.\",\"conditional_logic_a11y\":\"Adding conditional logic to the form submit button could cause usability problems for some users and negatively impact the accessibility of your form. Learn more about button conditional logic in our <a href=\\\"https:\\\/\\\/docs.gravityforms.com\\\/field-accessibility-warning\\\/\\\" target=\\\"_blank\\\" rel=\\\"noopener\\\">documentation<span class=\\\"screen-reader-text\\\">(opens in a new tab)<\\\/span>&nbsp;<span class=\\\"gform-icon gform-icon--external-link\\\" aria-hidden=\\\"true\\\"><\\\/span><\\\/a>.\",\"page\":\"Page\",\"next_button\":\"Next Button\",\"button\":\"Submit Button\",\"all\":\"All\",\"any\":\"Any\",\"ofTheFollowingMatch\":\"of the following match:\",\"is\":\"is\",\"isNot\":\"is not\",\"greaterThan\":\"greater than\",\"lessThan\":\"less than\",\"contains\":\"contains\",\"startsWith\":\"starts with\",\"endsWith\":\"ends with\",\"emptyChoice\":\"Empty (no choices selected)\",\"alertLegacyMode\":\"This form has legacy markup enabled and doesn\\u2019t support field resizing within the editor. Please disable legacy markup in the form settings to enable live resizing.\",\"thisConfirmation\":\"Use this confirmation if\",\"thisNotification\":\"Send this notification if\",\"confirmationSave\":\"Save\",\"confirmationSaving\":\"Saving...\",\"confirmationAreYouSure\":\"Are you sure you wish to cancel these changes?\",\"confirmationIssueSaving\":\"There was an issue saving this confirmation.\",\"confirmationConfirmDelete\":\"Are you sure you wish to delete this confirmation?\",\"confirmationIssueDeleting\":\"There was an issue deleting this confirmation.\",\"confirmationConfirmDiscard\":\"There are unsaved changes to the current confirmation. Would you like to discard these changes?\",\"confirmationDefaultName\":\"Untitled Confirmation\",\"confirmationDefaultMessage\":\"Thanks for contacting us! We will get in touch with you shortly.\",\"confirmationInvalidPageSelection\":\"Please select a page.\",\"confirmationInvalidRedirect\":\"Please enter a URL.\",\"confirmationInvalidName\":\"Please enter a confirmation name.\",\"confirmationDeleteField\":\"Deleting this field will also delete all entry data associated with it. 'Cancel' to abort. 'OK' to delete.\",\"confirmationDeleteDisplayField\":\"You're about to delete this field. 'Cancel' to stop. 'OK' to delete\",\"confirmationDeleteDisplayFieldTitle\":\"Warning\",\"conditionalLogicDependency\":\"This form contains {type} conditional logic dependent upon this field. Deleting this field will deactivate those conditional logic rules and also delete all entry data associated with the field. 'Cancel' to abort. 'OK' to delete.\",\"conditionalLogicDependencyChoice\":\"This form contains {type} conditional logic dependent upon this choice. Are you sure you want to delete this choice? 'Cancel' to abort. 'OK' to delete.\",\"conditionalLogicDependencyChoiceEdit\":\"This form contains {type} conditional logic dependent upon this choice. Are you sure you want to modify this choice? 'Cancel' to abort. 'OK' to continue.\",\"conditionalLogicDependencyAdminOnly\":\"This form contains {type} conditional logic dependent upon this field. Are you sure you want to mark this field as Administrative? 'Cancel' to abort. 'OK' to continue.\",\"conditionalLogicRichTextEditorWarning\":\"This form contains conditional logic dependent upon this field. This will no longer work if the Rich Text Editor is enabled.  Are you sure you want to enable the Rich Text Editor?  'Cancel' to abort. 'OK' to continue.\",\"conditionalLogicTypeButton\":\"button\",\"conditionalLogicTypeConfirmation\":\"confirmation\",\"conditionalLogicTypeNotification\":\"notification\",\"conditionalLogicTypeNoficationRouting\":\"notification routing\",\"conditionalLogicTypeField\":\"field\",\"conditionalLogicTypeFeed\":\"feed\",\"conditionalLogicWarningTitle\":\"Conditional Logic Warning\",\"mergeTagsText\":\"Insert Merge Tags\",\"baseUrl\":\"https:\\\/\\\/stiftung-forum-recht.de\\\/wp-content\\\/plugins\\\/gravityforms\",\"gf_currency_config\":{\"name\":\"Euro\",\"symbol_left\":\"\",\"symbol_right\":\"&#8364;\",\"symbol_padding\":\" \",\"thousand_separator\":\".\",\"decimal_separator\":\",\",\"decimals\":2,\"code\":\"EUR\"},\"otherChoiceValue\":\"Other\",\"isFormTrash\":false,\"currentlyAddingField\":false,\"visibilityOptions\":[{\"label\":\"Visible\",\"value\":\"visible\",\"description\":\"Default option. The field is visible when viewing the form.\"},{\"label\":\"Hidden\",\"value\":\"hidden\",\"description\":\"The field is hidden when viewing the form. Useful when you require the functionality of this field but do not want the user to be able to see this field.\"},{\"label\":\"Administrative\",\"value\":\"administrative\",\"description\":\"The field is only visible when administering submitted entries. The field is not visible or functional when viewing the form.\"}],\"addFieldFilter\":\"Add a condition\",\"removeFieldFilter\":\"Remove a condition\",\"filterAndAny\":\"{0} of the following match:\",\"customChoices\":\"Custom Choices\",\"predefinedChoices\":\"Predefined Choices\",\"fieldLabelAriaLabel\":\"{field_label} - {field_type}, jump to this field&#039;s settings\",\"fieldCanBeAddedTitle\":\"Field Limit\",\"fieldCanBeAddedMessage\":\"A form can only contain one {field_type} field.\",\"fieldCanBeAddedProductTitle\":\"Missing Product field\",\"fieldCanBeAddedProduct\":\"You must add a Product field to the form first.\",\"fieldForbiddenInRepeaterTitle\":\"Unrepeatable Field\",\"fieldForbiddenInRepeater\":\"{field_type} fields are not supported in Repeaters.\",\"legacyMarkupTitle\":\"Unsupported Markup\",\"fieldCanBeAddedMultipleChoice\":\"You cannot add a Multiple Choice field to a form that uses legacy markup. Please edit the form settings and turn off Legacy Markup.\",\"fieldCanBeAddedImageChoice\":\"You cannot add an Image Choice field to a form that uses legacy markup. Please edit the form settings and turn off Legacy Markup.\",\"FieldAjaxonErrorTitle\":\"Error\",\"StartAddFieldAjaxonError\":\"Ajax error while adding field. Please refresh the page and try again.\",\"StartChangeInputTypeAjaxonError\":\"Ajax error while changing input type. Please refresh the page and try again.\",\"MissingNameCustomChoicesTitle\":\"Missing Name\",\"MissingNameCustomChoices\":\"Please give this custom choice a name.\",\"DuplicateNameCustomChoicesTitle\":\"Duplicate Name\",\"DuplicateNameCustomChoices\":\"This custom choice name is already in use. Please enter another name.\",\"DuplicateTitleMessageTitle\":\"Duplicate Title\",\"DuplicateTitleMessage\":\"The form title you have entered is already taken. Please enter a unique form title.\",\"ValidateFormMissingFormTitleTitle\":\"Missing Form Title\",\"ValidateFormMissingFormTitle\":\"Please enter a Title for this form. When adding the form to a page or post, you will have the option to hide the title.\",\"ValidateFormEmptyPageTitle\":\"Empty Page\",\"ValidateFormEmptyPage\":\"This form currently has one or more pages without any fields. Blank pages are a result of Page Breaks that are positioned as the first or last field in the form or right after each other. Please adjust the Page Breaks.\",\"ValidateFormMissingProductLabelTitle\":\"Missing Product Label\",\"ValidateFormMissingProductLabel\":\"This form has a Product field with a blank label. Please enter a label for every Product field.\",\"ValidateFormMissingProductFieldTitle\":\"Missing Product field\",\"ValidateFormMissingProductField\":\"This form has an Option field without a Product field. You must add a Product field to your form.\",\"FormulaIsValidTitle\":\"Success\",\"FormulaIsValid\":\"The formula appears to be valid.\",\"FormulaIsInvalid\":\"There appears to be a problem with the formula.\",\"DeleteFormTitle\":\"Confirm\",\"DeleteForm\":\"You are about to move this form to the trash. &#039;Cancel&#039; to abort. &#039;OK&#039; to delete.\",\"DeleteCustomChoice\":\"Delete this custom choice list? &#039;Cancel&#039; to abort. &#039;OK&#039; to delete.\",\"FieldAdded\":\"&nbsp;field added to form\",\"nameFieldDefaultPrefixes\":[{\"text\":\"Dr.\",\"value\":\"Dr.\"},{\"text\":\"Miss\",\"value\":\"Miss\"},{\"text\":\"Mr.\",\"value\":\"Mr.\"},{\"text\":\"Mrs.\",\"value\":\"Mrs.\"},{\"text\":\"Ms.\",\"value\":\"Ms.\"},{\"text\":\"Mx.\",\"value\":\"Mx.\"},{\"text\":\"Prof.\",\"value\":\"Prof.\"},{\"text\":\"Rev.\",\"value\":\"Rev.\"}]};\t\t\t<\/script>\n\n            <script type=\"text\/javascript\">\n                \/* EA Gravity Forms - ensure GF's per-form post-render event dispatches\n                 * even when the widget's render context prevents GF's standard\n                 * GFFormDisplay::footer_init_scripts() per-form trigger from executing.\n                 * Without this, third-party GF add-ons (e.g. Gravity Forms reCAPTCHA\n                 * Add-On v2.2.2+) that hook into `gform\/post_render` to register\n                 * submission filters will never fire, breaking v3 token population.\n                 *\/\n                ( function () {\n                    var formId = 6;\n                    if ( typeof window.gform === 'undefined'\n                         || typeof window.gform.initializeOnLoaded !== 'function' ) {\n                        return;\n                    }\n                    window.gform.initializeOnLoaded( function () {\n                        var flag = '__eaelGfPostRenderFired_' + formId;\n                        if ( window[ flag ] ) { return; }\n                        if ( window.gform && window.gform.core\n                             && typeof window.gform.core.triggerPostRenderEvents === 'function' ) {\n                            window[ flag ] = true;\n                            window.gform.core.triggerPostRenderEvents( formId, 1 );\n                        }\n                    } );\n                } )();\n            <\/script>\n            \t\t\t\t<\/div>\n\t\t\t\t\t<\/div>\n\t\t<\/div>\n\t\t\t\t<div class=\"elementor-column elementor-col-50 elementor-top-column elementor-element elementor-element-5bb511b\" data-id=\"5bb511b\" data-element_type=\"column\" data-e-type=\"column\">\n\t\t\t<div class=\"elementor-widget-wrap elementor-element-populated\">\n\t\t\t\t\t\t<div class=\"elementor-element elementor-element-d3ad630 elementor-widget elementor-widget-image\" data-id=\"d3ad630\" data-element_type=\"widget\" data-e-type=\"widget\" data-widget_type=\"image.default\">\n\t\t\t\t\t\t\t\t\t\t\t\t<figure class=\"wp-caption\">\n\t\t\t\t\t\t\t\t\t\t<img decoding=\"async\" width=\"1024\" height=\"683\" src=\"https:\/\/stiftung-forum-recht.de\/wp-content\/uploads\/2025\/04\/2024_04_22_Stadtrundgang_Karlsruhe_Foto_SFR-4-bearbeitet-1024x683.jpg\" class=\"attachment-large size-large wp-image-34727\" alt=\"Eine junge Frau und ein junger Mann vor der Pyramide auf dem Karlsruher Marktplatz.\" srcset=\"https:\/\/stiftung-forum-recht.de\/wp-content\/uploads\/2025\/04\/2024_04_22_Stadtrundgang_Karlsruhe_Foto_SFR-4-bearbeitet-1024x683.jpg 1024w, https:\/\/stiftung-forum-recht.de\/wp-content\/uploads\/2025\/04\/2024_04_22_Stadtrundgang_Karlsruhe_Foto_SFR-4-bearbeitet-300x200.jpg 300w, https:\/\/stiftung-forum-recht.de\/wp-content\/uploads\/2025\/04\/2024_04_22_Stadtrundgang_Karlsruhe_Foto_SFR-4-bearbeitet-768x512.jpg 768w, https:\/\/stiftung-forum-recht.de\/wp-content\/uploads\/2025\/04\/2024_04_22_Stadtrundgang_Karlsruhe_Foto_SFR-4-bearbeitet-1536x1024.jpg 1536w, https:\/\/stiftung-forum-recht.de\/wp-content\/uploads\/2025\/04\/2024_04_22_Stadtrundgang_Karlsruhe_Foto_SFR-4-bearbeitet-2048x1366.jpg 2048w, https:\/\/stiftung-forum-recht.de\/wp-content\/uploads\/2025\/04\/2024_04_22_Stadtrundgang_Karlsruhe_Foto_SFR-4-bearbeitet-18x12.jpg 18w, https:\/\/stiftung-forum-recht.de\/wp-content\/uploads\/2025\/04\/2024_04_22_Stadtrundgang_Karlsruhe_Foto_SFR-4-bearbeitet-930x620.jpg 930w\" sizes=\"(max-width: 1024px) 100vw, 1024px\" \/>\t\t\t\t\t\t\t\t\t\t\t<figcaption class=\"widget-image-caption wp-caption-text\">Treffpunkt in Karlsruhe ist die Tourist-Information in der Kaiserstra\u00dfe. Von dort aus geht es u.a. zur Pyramide auf dem Marktplatz. Was hat sie mit Recht zutun? <\/figcaption>\n\t\t\t\t\t\t\t\t\t\t<\/figure>\n\t\t\t\t\t\t\t\t\t<\/div>\n\t\t\t\t<div class=\"elementor-element elementor-element-2735e80 elementor-widget elementor-widget-image\" data-id=\"2735e80\" data-element_type=\"widget\" data-e-type=\"widget\" data-widget_type=\"image.default\">\n\t\t\t\t\t\t\t\t\t\t\t\t<figure class=\"wp-caption\">\n\t\t\t\t\t\t\t\t\t\t<img loading=\"lazy\" decoding=\"async\" width=\"683\" height=\"1024\" src=\"https:\/\/stiftung-forum-recht.de\/wp-content\/uploads\/2025\/04\/2025_04_09_Recht-stadtlich_Karlsruhe1_SFR_-20-683x1024.jpg\" class=\"attachment-large size-large wp-image-34682\" alt=\"Eine Gruppe beim Stadtrundgang durch Karlsruhe im Park.\" srcset=\"https:\/\/stiftung-forum-recht.de\/wp-content\/uploads\/2025\/04\/2025_04_09_Recht-stadtlich_Karlsruhe1_SFR_-20-683x1024.jpg 683w, https:\/\/stiftung-forum-recht.de\/wp-content\/uploads\/2025\/04\/2025_04_09_Recht-stadtlich_Karlsruhe1_SFR_-20-200x300.jpg 200w, https:\/\/stiftung-forum-recht.de\/wp-content\/uploads\/2025\/04\/2025_04_09_Recht-stadtlich_Karlsruhe1_SFR_-20-768x1152.jpg 768w, https:\/\/stiftung-forum-recht.de\/wp-content\/uploads\/2025\/04\/2025_04_09_Recht-stadtlich_Karlsruhe1_SFR_-20-1024x1536.jpg 1024w, https:\/\/stiftung-forum-recht.de\/wp-content\/uploads\/2025\/04\/2025_04_09_Recht-stadtlich_Karlsruhe1_SFR_-20-1365x2048.jpg 1365w, https:\/\/stiftung-forum-recht.de\/wp-content\/uploads\/2025\/04\/2025_04_09_Recht-stadtlich_Karlsruhe1_SFR_-20-8x12.jpg 8w, https:\/\/stiftung-forum-recht.de\/wp-content\/uploads\/2025\/04\/2025_04_09_Recht-stadtlich_Karlsruhe1_SFR_-20-scaled.jpg 1707w\" sizes=\"(max-width: 683px) 100vw, 683px\" \/>\t\t\t\t\t\t\t\t\t\t\t<figcaption class=\"widget-image-caption wp-caption-text\">\u201eRecht stadtlich!\u201c: Bitte folgen Sie dem orangenen Regenschirm!<\/figcaption>\n\t\t\t\t\t\t\t\t\t\t<\/figure>\n\t\t\t\t\t\t\t\t\t<\/div>\n\t\t\t\t<div class=\"elementor-element elementor-element-5929a26 elementor-widget elementor-widget-image\" data-id=\"5929a26\" data-element_type=\"widget\" data-e-type=\"widget\" data-widget_type=\"image.default\">\n\t\t\t\t\t\t\t\t\t\t\t\t<figure class=\"wp-caption\">\n\t\t\t\t\t\t\t\t\t\t<img decoding=\"async\" src=\"https:\/\/stiftung-forum-recht.de\/wp-content\/uploads\/elementor\/thumbs\/2025_04_09_Recht-stadtlich_Karlsruhe1_SFR_-19-scaled-r5oxxv7t4olgp83swxt1zyct75i39wepp8dsr9bhns.jpg\" title=\"Stadtrundgang Karlsruhe Stiftung Forum Recht 2025 \u201eRecht stadtlich!\u201c\" alt=\"Stadtrundgang Karlsruhe Stiftung Forum Recht 2025 &quot;Recht stadtlich!&quot;\" loading=\"lazy\" \/>\t\t\t\t\t\t\t\t\t\t\t<figcaption class=\"widget-image-caption wp-caption-text\">Unterhaltsame Anekdoten \u00fcber das Recht im Stadtraum gibt es an jeder Station - Zwischenfragen sind erw\u00fcnscht! Fotos: Stiftung Forum Recht<\/figcaption>\n\t\t\t\t\t\t\t\t\t\t<\/figure>\n\t\t\t\t\t\t\t\t\t<\/div>\n\t\t\t\t<div class=\"elementor-element elementor-element-600841f elementor-widget elementor-widget-spacer\" data-id=\"600841f\" data-element_type=\"widget\" data-e-type=\"widget\" data-widget_type=\"spacer.default\">\n\t\t\t\t\t\t\t<div class=\"elementor-spacer\">\n\t\t\t<div class=\"elementor-spacer-inner\"><\/div>\n\t\t<\/div>\n\t\t\t\t\t\t<\/div>\n\t\t\t\t<div class=\"elementor-element elementor-element-8e0db91 elementor-widescreen-align-left elementor-widget elementor-widget-button\" data-id=\"8e0db91\" data-element_type=\"widget\" data-e-type=\"widget\" data-widget_type=\"button.default\">\n\t\t\t\t\t\t\t\t\t\t<a class=\"elementor-button elementor-button-link elementor-size-sm\" href=\"https:\/\/stiftung-forum-recht.de\/news\/recht-stadtlich-im-gesprach\/\">\n\t\t\t\t\t\t<span class=\"elementor-button-content-wrapper\">\n\t\t\t\t\t\t\t\t\t<span class=\"elementor-button-text\">Lesen Sie das Interview zur Stadtf\u00fchrung!<\/span>\n\t\t\t\t\t<\/span>\n\t\t\t\t\t<\/a>\n\t\t\t\t\t\t\t\t<\/div>\n\t\t\t\t\t<\/div>\n\t\t<\/div>\n\t\t\t\t\t<\/div>\n\t\t<\/section>\n\t\t\t\t<\/div>\n\t\t","protected":false},"excerpt":{"rendered":"<p>RECHT STADTLICH! Ein RUndgang durch Karlsruhe Was macht eigentlich der Bundesgerichtshof? Wie war das nochmal mit dem Buback-Attentat und der RAF? Und was hat das Recht mit unserem Alltag zu&hellip;&nbsp;<a href=\"https:\/\/stiftung-forum-recht.de\/en\/vermittlung\/recht-stadtlich-karlsruhe\/\" class=\"\" rel=\"bookmark\">Read More \u00bb<span class=\"screen-reader-text\">Quite urban! in Karlsruhe<\/span><\/a><\/p>","protected":false},"author":27,"featured_media":24644,"parent":11764,"menu_order":1,"comment_status":"closed","ping_status":"closed","template":"","meta":{"_acf_changed":false,"neve_meta_sidebar":"full-width","neve_meta_container":"","neve_meta_enable_content_width":"on","neve_meta_content_width":100,"neve_meta_title_alignment":"","neve_meta_author_avatar":"","neve_post_elements_order":"","neve_meta_disable_header":"","neve_meta_disable_footer":"","neve_meta_disable_title":"","_themeisle_gutenberg_block_has_review":false,"footnotes":""},"class_list":["post-23131","page","type-page","status-publish","has-post-thumbnail","hentry"],"acf":[],"yoast_head":"<!-- This site is optimized with the Yoast SEO plugin v28.3 - https:\/\/yoast.com\/product\/yoast-seo-wordpress\/ -->\n<title>Recht stadtlich! in Karlsruhe | Stiftung Forum Recht<\/title>\n<meta name=\"description\" content=\"Der kostenfreie Stadtrundgang mit der Stiftung Forum Recht findet ab 13. Juni 2024 jeden 2. Donnerstag im Monat um 17:00 Uhr statt und dauert rund zwei Stunden. Die F\u00fchrung ist auf Deutsch. Teilnehmende sollten Freude an einem ca. 2,8 km langen Spaziergang mitbringen. Die Wegstrecke ist barrierefrei konzipiert.\" \/>\n<meta name=\"robots\" content=\"index, follow, max-snippet:-1, max-image-preview:large, max-video-preview:-1\" \/>\n<link rel=\"canonical\" href=\"https:\/\/stiftung-forum-recht.de\/en\/education\/quite-urban-karlsruhe\/\" \/>\n<meta property=\"og:locale\" content=\"en_US\" \/>\n<meta property=\"og:type\" content=\"article\" \/>\n<meta property=\"og:title\" content=\"Recht stadtlich! in Karlsruhe | Stiftung Forum Recht\" \/>\n<meta property=\"og:description\" content=\"Der kostenfreie Stadtrundgang mit der Stiftung Forum Recht findet ab 13. Juni 2024 jeden 2. Donnerstag im Monat um 17:00 Uhr statt und dauert rund zwei Stunden. Die F\u00fchrung ist auf Deutsch. Teilnehmende sollten Freude an einem ca. 2,8 km langen Spaziergang mitbringen. Die Wegstrecke ist barrierefrei konzipiert.\" \/>\n<meta property=\"og:url\" content=\"https:\/\/stiftung-forum-recht.de\/en\/education\/quite-urban-karlsruhe\/\" \/>\n<meta property=\"og:site_name\" content=\"Stiftung Forum Recht\" \/>\n<meta property=\"article:modified_time\" content=\"2026-08-24T09:36:21+00:00\" \/>\n<meta property=\"og:image\" content=\"https:\/\/stiftung-forum-recht.de\/wp-content\/uploads\/2024\/06\/2024_06_06_Stadtrundgang_CharlotteGrossmann-278-scaled.jpg\" \/>\n\t<meta property=\"og:image:width\" content=\"2560\" \/>\n\t<meta property=\"og:image:height\" content=\"1707\" \/>\n\t<meta property=\"og:image:type\" content=\"image\/jpeg\" \/>\n<meta name=\"twitter:card\" content=\"summary_large_image\" \/>\n<meta name=\"twitter:label1\" content=\"Est. reading time\" \/>\n\t<meta name=\"twitter:data1\" content=\"9 minutes\" \/>\n<!-- \/ Yoast SEO plugin. -->","yoast_head_json":{"title":"\"Recht stadtlich!\" in Karlsruhe | Forum Recht Foundation","description":"Stiftung Forum Recht offers monthly a free city tour through Karlsruhe's role in legal history. The tour \"City of Law\" takes place every second Thursday of the month at 5 p.m. from June 13, 2024 and lasts around two hours. The tour is in German and a walk of approx. 2.8 km. The route is designed to be barrier-free.","robots":{"index":"index","follow":"follow","max-snippet":"max-snippet:-1","max-image-preview":"max-image-preview:large","max-video-preview":"max-video-preview:-1"},"canonical":"https:\/\/stiftung-forum-recht.de\/en\/education\/quite-urban-karlsruhe\/","og_locale":"en_US","og_type":"article","og_title":"Recht stadtlich! in Karlsruhe | Stiftung Forum Recht","og_description":"Der kostenfreie Stadtrundgang mit der Stiftung Forum Recht findet ab 13. Juni 2024 jeden 2. Donnerstag im Monat um 17:00 Uhr statt und dauert rund zwei Stunden. Die F\u00fchrung ist auf Deutsch. Teilnehmende sollten Freude an einem ca. 2,8 km langen Spaziergang mitbringen. Die Wegstrecke ist barrierefrei konzipiert.","og_url":"https:\/\/stiftung-forum-recht.de\/en\/education\/quite-urban-karlsruhe\/","og_site_name":"Stiftung Forum Recht","article_modified_time":"2026-08-24T09:36:21+00:00","og_image":[{"width":2560,"height":1707,"url":"https:\/\/stiftung-forum-recht.de\/wp-content\/uploads\/2024\/06\/2024_06_06_Stadtrundgang_CharlotteGrossmann-278-scaled.jpg","type":"image\/jpeg"}],"twitter_card":"summary_large_image","twitter_misc":{"Est. reading time":"9 minutes"},"schema":{"@context":"https:\/\/schema.org","@graph":[{"@type":"WebPage","@id":"https:\/\/stiftung-forum-recht.de\/vermittlung\/recht-stadtlich-karlsruhe\/","url":"https:\/\/stiftung-forum-recht.de\/vermittlung\/recht-stadtlich-karlsruhe\/","name":"\"Recht stadtlich!\" in Karlsruhe | Forum Recht Foundation","isPartOf":{"@id":"https:\/\/stiftung-forum-recht.de\/#website"},"primaryImageOfPage":{"@id":"https:\/\/stiftung-forum-recht.de\/vermittlung\/recht-stadtlich-karlsruhe\/#primaryimage"},"image":{"@id":"https:\/\/stiftung-forum-recht.de\/vermittlung\/recht-stadtlich-karlsruhe\/#primaryimage"},"thumbnailUrl":"https:\/\/stiftung-forum-recht.de\/wp-content\/uploads\/2024\/06\/2024_06_06_Stadtrundgang_CharlotteGrossmann-278-scaled.jpg","datePublished":"2024-05-07T08:32:34+00:00","dateModified":"2026-08-24T09:36:21+00:00","description":"Stiftung Forum Recht offers monthly a free city tour through Karlsruhe's role in legal history. The tour \"City of Law\" takes place every second Thursday of the month at 5 p.m. from June 13, 2024 and lasts around two hours. The tour is in German and a walk of approx. 2.8 km. The route is designed to be barrier-free.","breadcrumb":{"@id":"https:\/\/stiftung-forum-recht.de\/vermittlung\/recht-stadtlich-karlsruhe\/#breadcrumb"},"inLanguage":"en-US","potentialAction":[{"@type":"ReadAction","target":["https:\/\/stiftung-forum-recht.de\/vermittlung\/recht-stadtlich-karlsruhe\/"]}]},{"@type":"ImageObject","inLanguage":"en-US","@id":"https:\/\/stiftung-forum-recht.de\/vermittlung\/recht-stadtlich-karlsruhe\/#primaryimage","url":"https:\/\/stiftung-forum-recht.de\/wp-content\/uploads\/2024\/06\/2024_06_06_Stadtrundgang_CharlotteGrossmann-278-scaled.jpg","contentUrl":"https:\/\/stiftung-forum-recht.de\/wp-content\/uploads\/2024\/06\/2024_06_06_Stadtrundgang_CharlotteGrossmann-278-scaled.jpg","width":2560,"height":1707,"caption":"Bronze Model der Stadt Karlsruhe vor dem Karlsruher Schloss."},{"@type":"BreadcrumbList","@id":"https:\/\/stiftung-forum-recht.de\/vermittlung\/recht-stadtlich-karlsruhe\/#breadcrumb","itemListElement":[{"@type":"ListItem","position":1,"name":"Startseite","item":"https:\/\/stiftung-forum-recht.de\/"},{"@type":"ListItem","position":2,"name":"Vermittlung","item":"https:\/\/stiftung-forum-recht.de\/?page_id=11764"},{"@type":"ListItem","position":3,"name":"Recht stadtlich! in Karlsruhe"}]},{"@type":"WebSite","@id":"https:\/\/stiftung-forum-recht.de\/#website","url":"https:\/\/stiftung-forum-recht.de\/","name":"Stiftung Forum Recht","description":"THE LAW FORUM","publisher":{"@id":"https:\/\/stiftung-forum-recht.de\/#organization"},"potentialAction":[{"@type":"SearchAction","target":{"@type":"EntryPoint","urlTemplate":"https:\/\/stiftung-forum-recht.de\/?s={search_term_string}"},"query-input":{"@type":"PropertyValueSpecification","valueRequired":true,"valueName":"search_term_string"}}],"inLanguage":"en-US"},{"@type":"Organization","@id":"https:\/\/stiftung-forum-recht.de\/#organization","name":"Stiftung Forum Recht","url":"https:\/\/stiftung-forum-recht.de\/","logo":{"@type":"ImageObject","inLanguage":"en-US","@id":"https:\/\/stiftung-forum-recht.de\/#\/schema\/logo\/image\/","url":"https:\/\/stiftung-forum-recht.de\/wp-content\/uploads\/2020\/10\/sfr-logo-2023.png","contentUrl":"https:\/\/stiftung-forum-recht.de\/wp-content\/uploads\/2020\/10\/sfr-logo-2023.png","width":200,"height":200,"caption":"Stiftung Forum Recht"},"image":{"@id":"https:\/\/stiftung-forum-recht.de\/#\/schema\/logo\/image\/"}}]}},"meta_box":{"sfr_page_playing_rules":""},"_links":{"self":[{"href":"https:\/\/stiftung-forum-recht.de\/en\/wp-json\/wp\/v2\/pages\/23131","targetHints":{"allow":["GET"]}}],"collection":[{"href":"https:\/\/stiftung-forum-recht.de\/en\/wp-json\/wp\/v2\/pages"}],"about":[{"href":"https:\/\/stiftung-forum-recht.de\/en\/wp-json\/wp\/v2\/types\/page"}],"author":[{"embeddable":true,"href":"https:\/\/stiftung-forum-recht.de\/en\/wp-json\/wp\/v2\/users\/27"}],"replies":[{"embeddable":true,"href":"https:\/\/stiftung-forum-recht.de\/en\/wp-json\/wp\/v2\/comments?post=23131"}],"version-history":[{"count":10,"href":"https:\/\/stiftung-forum-recht.de\/en\/wp-json\/wp\/v2\/pages\/23131\/revisions"}],"predecessor-version":[{"id":47533,"href":"https:\/\/stiftung-forum-recht.de\/en\/wp-json\/wp\/v2\/pages\/23131\/revisions\/47533"}],"up":[{"embeddable":true,"href":"https:\/\/stiftung-forum-recht.de\/en\/wp-json\/wp\/v2\/pages\/11764"}],"wp:featuredmedia":[{"embeddable":true,"href":"https:\/\/stiftung-forum-recht.de\/en\/wp-json\/wp\/v2\/media\/24644"}],"wp:attachment":[{"href":"https:\/\/stiftung-forum-recht.de\/en\/wp-json\/wp\/v2\/media?parent=23131"}],"curies":[{"name":"wp","href":"https:\/\/api.w.org\/{rel}","templated":true}]}}