{"id":18688,"date":"2024-02-29T08:52:42","date_gmt":"2024-02-29T07:52:42","guid":{"rendered":"https:\/\/stiftung-forum-recht.de\/?page_id=18688"},"modified":"2026-06-19T09:33:42","modified_gmt":"2026-06-19T07:33:42","slug":"press","status":"publish","type":"page","link":"https:\/\/stiftung-forum-recht.de\/en\/presse\/","title":{"rendered":"Press"},"content":{"rendered":"\t\t<div data-elementor-type=\"wp-page\" data-elementor-id=\"18688\" class=\"elementor elementor-18688\" data-elementor-post-type=\"page\">\n\t\t\t\t<div data-particle_enable=\"false\" data-particle-mobile-disabled=\"false\" class=\"elementor-element elementor-element-21e0e4f e-con-full e-flex e-con e-parent\" data-id=\"21e0e4f\" data-element_type=\"container\" data-e-type=\"container\">\n\t\t\t\t<div class=\"elementor-element elementor-element-48a53a1 elementor-widget elementor-widget-template\" data-id=\"48a53a1\" data-element_type=\"widget\" data-e-type=\"widget\" data-widget_type=\"template.default\">\n\t\t\t\t<div class=\"elementor-widget-container\">\n\t\t\t\t\t\t\t<div class=\"elementor-template\">\n\t\t\t\t\t<div data-elementor-type=\"container\" data-elementor-id=\"15844\" class=\"elementor elementor-15844\" data-elementor-post-type=\"elementor_library\">\n\t\t\t\t<div data-particle_enable=\"false\" data-particle-mobile-disabled=\"false\" class=\"elementor-element elementor-element-9a7825a e-con-full slidercontainer e-transform e-flex e-con e-parent\" data-id=\"9a7825a\" data-element_type=\"container\" data-e-type=\"container\" data-settings=\"{&quot;background_background&quot;:&quot;classic&quot;,&quot;shape_divider_bottom&quot;:&quot;tilt&quot;,&quot;_transform_skewX_effect&quot;:{&quot;unit&quot;:&quot;px&quot;,&quot;size&quot;:&quot;&quot;,&quot;sizes&quot;:[]},&quot;_transform_skewX_effect_widescreen&quot;:{&quot;unit&quot;:&quot;deg&quot;,&quot;size&quot;:&quot;&quot;,&quot;sizes&quot;:[]},&quot;_transform_skewX_effect_laptop&quot;:{&quot;unit&quot;:&quot;deg&quot;,&quot;size&quot;:&quot;&quot;,&quot;sizes&quot;:[]},&quot;_transform_skewX_effect_tablet_extra&quot;:{&quot;unit&quot;:&quot;deg&quot;,&quot;size&quot;:&quot;&quot;,&quot;sizes&quot;:[]},&quot;_transform_skewX_effect_tablet&quot;:{&quot;unit&quot;:&quot;deg&quot;,&quot;size&quot;:&quot;&quot;,&quot;sizes&quot;:[]},&quot;_transform_skewX_effect_mobile&quot;:{&quot;unit&quot;:&quot;deg&quot;,&quot;size&quot;:&quot;&quot;,&quot;sizes&quot;:[]},&quot;_transform_skewY_effect&quot;:{&quot;unit&quot;:&quot;px&quot;,&quot;size&quot;:&quot;&quot;,&quot;sizes&quot;:[]},&quot;_transform_skewY_effect_widescreen&quot;:{&quot;unit&quot;:&quot;deg&quot;,&quot;size&quot;:&quot;&quot;,&quot;sizes&quot;:[]},&quot;_transform_skewY_effect_laptop&quot;:{&quot;unit&quot;:&quot;deg&quot;,&quot;size&quot;:&quot;&quot;,&quot;sizes&quot;:[]},&quot;_transform_skewY_effect_tablet_extra&quot;:{&quot;unit&quot;:&quot;deg&quot;,&quot;size&quot;:&quot;&quot;,&quot;sizes&quot;:[]},&quot;_transform_skewY_effect_tablet&quot;:{&quot;unit&quot;:&quot;deg&quot;,&quot;size&quot;:&quot;&quot;,&quot;sizes&quot;:[]},&quot;_transform_skewY_effect_mobile&quot;:{&quot;unit&quot;:&quot;deg&quot;,&quot;size&quot;:&quot;&quot;,&quot;sizes&quot;:[]}}\">\n\t\t\t\t<div class=\"elementor-shape elementor-shape-bottom\" aria-hidden=\"true\" data-negative=\"false\">\n\t\t\t<svg xmlns=\"http:\/\/www.w3.org\/2000\/svg\" viewBox=\"0 0 1000 100\" preserveAspectRatio=\"none\">\n\t<path class=\"elementor-shape-fill\" d=\"M0,6V0h1000v100L0,6z\"\/>\n<\/svg>\t\t<\/div>\n\t\t\t\t<\/div>\n\t\t\t\t<\/div>\n\t\t\t\t<\/div>\n\t\t\t\t\t\t<\/div>\n\t\t\t\t<\/div>\n\t\t\t\t<\/div>\n\t\t\t\t<section data-particle_enable=\"false\" data-particle-mobile-disabled=\"false\" class=\"elementor-section elementor-top-section elementor-element elementor-element-abe5e44 elementor-section-boxed elementor-section-height-default elementor-section-height-default\" data-id=\"abe5e44\" data-element_type=\"section\" data-e-type=\"section\">\n\t\t\t\t\t\t<div class=\"elementor-container elementor-column-gap-default\">\n\t\t\t\t\t<div class=\"elementor-column elementor-col-100 elementor-top-column elementor-element elementor-element-3b84b46\" data-id=\"3b84b46\" data-element_type=\"column\" data-e-type=\"column\">\n\t\t\t<div class=\"elementor-widget-wrap elementor-element-populated\">\n\t\t\t\t\t\t<div class=\"elementor-element elementor-element-a975564 elementor-widget elementor-widget-heading\" data-id=\"a975564\" data-element_type=\"widget\" data-e-type=\"widget\" data-widget_type=\"heading.default\">\n\t\t\t\t\t<h1 class=\"elementor-heading-title elementor-size-default\">Presse<\/h1>\t\t\t\t<\/div>\n\t\t\t\t\t<\/div>\n\t\t<\/div>\n\t\t\t\t\t<\/div>\n\t\t<\/section>\n\t\t\t\t<section data-particle_enable=\"false\" data-particle-mobile-disabled=\"false\" class=\"elementor-section elementor-top-section elementor-element elementor-element-33f5acbd elementor-section-boxed elementor-section-height-default elementor-section-height-default\" data-id=\"33f5acbd\" data-element_type=\"section\" data-e-type=\"section\">\n\t\t\t\t\t\t<div class=\"elementor-container elementor-column-gap-default\">\n\t\t\t\t\t<div class=\"elementor-column elementor-col-50 elementor-top-column elementor-element elementor-element-725fca12\" data-id=\"725fca12\" data-element_type=\"column\" data-e-type=\"column\">\n\t\t\t<div class=\"elementor-widget-wrap elementor-element-populated\">\n\t\t\t\t\t\t<div class=\"elementor-element elementor-element-628d1e1d elementor-widget elementor-widget-text-editor\" data-id=\"628d1e1d\" data-element_type=\"widget\" data-e-type=\"widget\" data-widget_type=\"text-editor.default\">\n\t\t\t\t\t\t\t\t\t<p>Herzlich willkommen im Pressebereich der Stiftung Forum Recht. Hier finden Sie aktuelle Pressemitteilungen und Pressebilder zu unseren Veranstaltungen, Angeboten und Projekten. Die Nutzung aller medienrelevanten Informationen ist im Rahmen einer aktuellen Berichterstattung kostenfrei. F\u00fcr weitere Ausk\u00fcnfte stehen wir Ihnen selbstverst\u00e4ndlich gerne pers\u00f6nlich zur Verf\u00fcgung.<\/p>\t\t\t\t\t\t\t\t<\/div>\n\t\t\t\t<div class=\"elementor-element elementor-element-169d48b elementor-widget elementor-widget-text-editor\" data-id=\"169d48b\" data-element_type=\"widget\" data-e-type=\"widget\" data-widget_type=\"text-editor.default\">\n\t\t\t\t\t\t\t\t\t<p><strong>Presseverteiler<\/strong> <br \/>Wenn Sie regelm\u00e4\u00dfig Presseinformationen von uns erhalten m\u00f6chten, senden Sie uns einfach eine kurze Nachricht mit Ihren Kontaktdaten an <strong><a href=\"mailto:presse@stiftung-forum-recht.de\">presse@stiftung-forum-recht.de<\/a><\/strong>.<\/p>\t\t\t\t\t\t\t\t<\/div>\n\t\t\t\t<div class=\"elementor-element elementor-element-877175b elementor-widget elementor-widget-text-editor\" data-id=\"877175b\" data-element_type=\"widget\" data-e-type=\"widget\" data-widget_type=\"text-editor.default\">\n\t\t\t\t\t\t\t\t\t<p><strong>Pressemitteilungen<\/strong><br \/>Hier k\u00f6nnen Sie <strong><span style=\"color: #e35a1d;\"><a style=\"color: #e35a1d;\" href=\"https:\/\/stiftung-forum-recht.de\/presse\">die aktuellen Pressemitteilungen in deutscher Sprache<\/a><\/span><\/strong> nachlesen.<\/p>\t\t\t\t\t\t\t\t<\/div>\n\t\t\t\t\t<\/div>\n\t\t<\/div>\n\t\t\t\t<div class=\"elementor-column elementor-col-50 elementor-top-column elementor-element elementor-element-2586a5f\" data-id=\"2586a5f\" data-element_type=\"column\" data-e-type=\"column\">\n\t\t\t<div class=\"elementor-widget-wrap elementor-element-populated\">\n\t\t\t\t\t\t<div class=\"elementor-element elementor-element-78c3993 elementor-widget-widescreen__width-initial elementor-widget-laptop__width-initial elementor-widget-tablet_extra__width-initial elementor-widget-mobile__width-initial elementor-hidden-tablet elementor-hidden-mobile elementor-widget elementor-widget-text-editor\" data-id=\"78c3993\" data-element_type=\"widget\" data-e-type=\"widget\" data-widget_type=\"text-editor.default\">\n\t\t\t\t\t\t\t\t\t<p><strong>Pressekontakt<\/strong><\/p><p>Dorothee Liebing<br \/>Pressesprecherin und Leiterin Presse- und \u00d6ffentlichkeitsarbeit<\/p><p>+49 (0) 155\u00a066 96 73 20<br \/>+49 (0) 721 78 80 35 80<br \/><a href=\"mailto:presse@stiftung-forum-recht.de\" target=\"_blank\" rel=\"noopener\">presse@stiftung-forum-recht.de<\/a><\/p>\t\t\t\t\t\t\t\t<\/div>\n\t\t\t\t<div class=\"elementor-element elementor-element-650941d elementor-widget-widescreen__width-initial elementor-widget-laptop__width-initial elementor-widget-tablet_extra__width-initial elementor-widget-mobile__width-initial elementor-hidden-widescreen elementor-hidden-desktop elementor-hidden-laptop elementor-hidden-tablet_extra elementor-widget elementor-widget-text-editor\" data-id=\"650941d\" data-element_type=\"widget\" data-e-type=\"widget\" data-widget_type=\"text-editor.default\">\n\t\t\t\t\t\t\t\t\t<p><strong>Pressekontakt<\/strong><\/p><p>Dorothee Liebing<br \/>Pressesprecherin und Leiterin Presse- und \u00d6ffentlichkeitsarbeit<\/p><p>+49 (0) 155\u00a066 96 73 20<br \/>+49 (0) 721 78 80 35 80<br \/><a href=\"mailto:presse@stiftung-forum-recht.de\" target=\"_blank\" rel=\"noopener\">presse@stiftung-forum-recht.de<\/a><\/p>\t\t\t\t\t\t\t\t<\/div>\n\t\t\t\t\t<\/div>\n\t\t<\/div>\n\t\t\t\t\t<\/div>\n\t\t<\/section>\n\t\t\t\t<section data-particle_enable=\"false\" data-particle-mobile-disabled=\"false\" class=\"elementor-section elementor-top-section elementor-element elementor-element-e5f2427 elementor-section-boxed elementor-section-height-default elementor-section-height-default\" data-id=\"e5f2427\" data-element_type=\"section\" data-e-type=\"section\">\n\t\t\t\t\t\t<div class=\"elementor-container elementor-column-gap-default\">\n\t\t\t\t\t<div class=\"elementor-column elementor-col-100 elementor-top-column elementor-element elementor-element-d62116a\" data-id=\"d62116a\" data-element_type=\"column\" data-e-type=\"column\">\n\t\t\t<div class=\"elementor-widget-wrap elementor-element-populated\">\n\t\t\t\t\t\t<div class=\"elementor-element elementor-element-bf92f2e elementor-widget elementor-widget-heading\" data-id=\"bf92f2e\" data-element_type=\"widget\" data-e-type=\"widget\" data-no-translation=\"\" data-widget_type=\"heading.default\">\n\t\t\t\t\t<style>.elementor-element-bf92f2e{display:none !important}<\/style>\t\t\t\t<\/div>\n\t\t\t\t\t<\/div>\n\t\t<\/div>\n\t\t\t\t\t<\/div>\n\t\t<\/section>\n\t\t<div data-particle_enable=\"false\" data-particle-mobile-disabled=\"false\" class=\"elementor-element elementor-element-8797030 e-flex e-con-boxed e-con e-parent\" data-id=\"8797030\" data-element_type=\"container\" data-e-type=\"container\">\n\t\t\t\t\t<div class=\"e-con-inner\">\n\t\t\t\t<div class=\"elementor-element elementor-element-608b7d5 elementor-grid-3 elementor-grid-tablet-2 elementor-grid-mobile-1 elementor-widget elementor-widget-loop-grid\" data-id=\"608b7d5\" data-element_type=\"widget\" data-e-type=\"widget\" data-settings=\"{&quot;pagination_type&quot;:&quot;numbers_and_prev_next&quot;,&quot;pagination_load_type&quot;:&quot;ajax&quot;,&quot;row_gap&quot;:{&quot;unit&quot;:&quot;px&quot;,&quot;size&quot;:35,&quot;sizes&quot;:[]},&quot;template_id&quot;:&quot;29617&quot;,&quot;_skin&quot;:&quot;post&quot;,&quot;columns&quot;:&quot;3&quot;,&quot;columns_tablet&quot;:&quot;2&quot;,&quot;columns_mobile&quot;:&quot;1&quot;,&quot;edit_handle_selector&quot;:&quot;[data-elementor-type=\\&quot;loop-item\\&quot;]&quot;,&quot;row_gap_widescreen&quot;:{&quot;unit&quot;:&quot;px&quot;,&quot;size&quot;:&quot;&quot;,&quot;sizes&quot;:[]},&quot;row_gap_laptop&quot;:{&quot;unit&quot;:&quot;px&quot;,&quot;size&quot;:&quot;&quot;,&quot;sizes&quot;:[]},&quot;row_gap_tablet_extra&quot;:{&quot;unit&quot;:&quot;px&quot;,&quot;size&quot;:&quot;&quot;,&quot;sizes&quot;:[]},&quot;row_gap_tablet&quot;:{&quot;unit&quot;:&quot;px&quot;,&quot;size&quot;:&quot;&quot;,&quot;sizes&quot;:[]},&quot;row_gap_mobile&quot;:{&quot;unit&quot;:&quot;px&quot;,&quot;size&quot;:&quot;&quot;,&quot;sizes&quot;:[]}}\" data-widget_type=\"loop-grid.post\">\n\t\t\t\t<div class=\"elementor-widget-container\">\n\t\t\t\t\t\t\t<div class=\"elementor-loop-container elementor-grid\" role=\"list\">\n\t\t<style id=\"loop-29617\">.elementor-29617 .elementor-element.elementor-element-3fc3176{--display:flex;--flex-direction:column;--container-widget-width:100%;--container-widget-height:initial;--container-widget-flex-grow:0;--container-widget-align-self:initial;--flex-wrap-mobile:wrap;--padding-top:0px;--padding-bottom:0px;--padding-left:0px;--padding-right:0px;}.elementor-29617 .elementor-element.elementor-element-79d5a2c img{width:100%;height:220px;object-fit:cover;object-position:center center;box-shadow:0px 10px 15px -5px rgba(0, 0, 0, 0.3);}.elementor-29617 .elementor-element.elementor-element-6960560{text-align:start;margin:20px 0px calc(var(--kit-widget-spacing, 0px) + 0px) 0px;}.elementor-29617 .elementor-element.elementor-element-6960560 .elementor-heading-title{font-family:\"Acumin\", Sans-serif;font-size:1.2rem;font-weight:500;color:var( --e-global-color-text );}.elementor-29617 .elementor-element.elementor-element-e520c7c .elementor-icon-list-icon i{color:var( --e-global-color-text );font-size:12px;}.elementor-29617 .elementor-element.elementor-element-e520c7c .elementor-icon-list-icon svg{fill:var( --e-global-color-text );--e-icon-list-icon-size:12px;}.elementor-29617 .elementor-element.elementor-element-e520c7c .elementor-icon-list-icon{width:12px;}.elementor-29617 .elementor-element.elementor-element-e520c7c .elementor-icon-list-text, .elementor-29617 .elementor-element.elementor-element-e520c7c .elementor-icon-list-text a{color:var( --e-global-color-text );}.elementor-29617 .elementor-element.elementor-element-e520c7c .elementor-icon-list-item{font-size:12px;}.elementor-29617 .elementor-element.elementor-element-e520c7c{margin:5px 0px calc(var(--kit-widget-spacing, 0px) + 0px) 0px;}.elementor-29617 .elementor-element.elementor-element-3433d4c{font-family:\"Acumin\", Sans-serif;font-size:1rem;font-weight:700;color:var( --e-global-color-text );margin:15px 0px calc(var(--kit-widget-spacing, 0px) + 0px) 0px;}.elementor-29617 .elementor-element.elementor-element-79df686 .elementor-icon-list-icon i{transition:color 0.3s;}.elementor-29617 .elementor-element.elementor-element-79df686 .elementor-icon-list-icon svg{transition:fill 0.3s;}.elementor-29617 .elementor-element.elementor-element-79df686{--e-icon-list-icon-size:0px;--icon-vertical-offset:0px;margin:20px 0px calc(var(--kit-widget-spacing, 0px) + 0px) 0px;}.elementor-29617 .elementor-element.elementor-element-79df686 .elementor-icon-list-item > .elementor-icon-list-text, .elementor-29617 .elementor-element.elementor-element-79df686 .elementor-icon-list-item > a{font-family:\"Arial\", Sans-serif;font-size:12px;font-weight:700;}.elementor-29617 .elementor-element.elementor-element-79df686 .elementor-icon-list-text{transition:color 0.3s;}<\/style>\t\t<div data-elementor-type=\"loop-item\" data-elementor-id=\"29617\" class=\"elementor elementor-29617 e-loop-item e-loop-item-47385 post-47385 post type-post status-publish format-standard has-post-thumbnail hentry category-news category-pressemitteilung category-pressemitteilungen-2026 tag-rechtsstaat tag-sfrnews\" data-elementor-post-type=\"elementor_library\" data-custom-edit-handle=\"1\">\n\t\t\t<div data-particle_enable=\"false\" data-particle-mobile-disabled=\"false\" class=\"elementor-element elementor-element-3fc3176 e-flex e-con-boxed e-con e-parent\" data-id=\"3fc3176\" data-element_type=\"container\" data-e-type=\"container\">\n\t\t\t\t\t<div class=\"e-con-inner\">\n\t\t\t\t<div class=\"elementor-element elementor-element-79d5a2c elementor-widget elementor-widget-theme-post-featured-image elementor-widget-image\" data-id=\"79d5a2c\" data-element_type=\"widget\" data-e-type=\"widget\" data-widget_type=\"theme-post-featured-image.default\">\n\t\t\t\t\t\t\t\t\t\t\t\t\t\t\t<img fetchpriority=\"high\" decoding=\"async\" width=\"1024\" height=\"682\" src=\"https:\/\/stiftung-forum-recht.de\/wp-content\/uploads\/2025\/06\/2025_09_17_AusstellungLeipzig_Foto_Tom_Schulze_SFR_lq0167-1024x682.jpg\" class=\"attachment-large size-large wp-image-38799\" alt=\"G\u00e4ste im Publikum l\u00e4chelnd\" srcset=\"https:\/\/stiftung-forum-recht.de\/wp-content\/uploads\/2025\/06\/2025_09_17_AusstellungLeipzig_Foto_Tom_Schulze_SFR_lq0167-1024x682.jpg 1024w, https:\/\/stiftung-forum-recht.de\/wp-content\/uploads\/2025\/06\/2025_09_17_AusstellungLeipzig_Foto_Tom_Schulze_SFR_lq0167-300x200.jpg 300w, https:\/\/stiftung-forum-recht.de\/wp-content\/uploads\/2025\/06\/2025_09_17_AusstellungLeipzig_Foto_Tom_Schulze_SFR_lq0167-768x511.jpg 768w, https:\/\/stiftung-forum-recht.de\/wp-content\/uploads\/2025\/06\/2025_09_17_AusstellungLeipzig_Foto_Tom_Schulze_SFR_lq0167-1536x1023.jpg 1536w, https:\/\/stiftung-forum-recht.de\/wp-content\/uploads\/2025\/06\/2025_09_17_AusstellungLeipzig_Foto_Tom_Schulze_SFR_lq0167-18x12.jpg 18w, https:\/\/stiftung-forum-recht.de\/wp-content\/uploads\/2025\/06\/2025_09_17_AusstellungLeipzig_Foto_Tom_Schulze_SFR_lq0167-930x620.jpg 930w, https:\/\/stiftung-forum-recht.de\/wp-content\/uploads\/2025\/06\/2025_09_17_AusstellungLeipzig_Foto_Tom_Schulze_SFR_lq0167.jpg 2000w\" sizes=\"(max-width: 1024px) 100vw, 1024px\" \/>\t\t\t\t\t\t\t\t\t\t\t\t\t\t\t<\/div>\n\t\t\t\t<div class=\"elementor-element elementor-element-6960560 elementor-widget elementor-widget-theme-post-title elementor-page-title elementor-widget-heading\" data-id=\"6960560\" data-element_type=\"widget\" data-e-type=\"widget\" data-widget_type=\"theme-post-title.default\">\n\t\t\t\t\t<h3 class=\"elementor-heading-title elementor-size-default\">B\u00fcrgeraustausch in Erfurt nimmt Mietrecht unter die Lupe<\/h3>\t\t\t\t<\/div>\n\t\t\t\t<div class=\"elementor-element elementor-element-e520c7c elementor-widget elementor-widget-post-info\" data-id=\"e520c7c\" data-element_type=\"widget\" data-e-type=\"widget\" data-widget_type=\"post-info.default\">\n\t\t\t\t\t\t\t<ul class=\"elementor-inline-items elementor-icon-list-items elementor-post-info\">\n\t\t\t\t\t\t\t\t<li class=\"elementor-icon-list-item elementor-repeater-item-b6db80c elementor-inline-item\" itemprop=\"datePublished\">\n\t\t\t\t\t\t\t\t\t\t<span class=\"elementor-icon-list-icon\">\n\t\t\t\t\t\t\t\t<svg aria-hidden=\"true\" class=\"e-font-icon-svg e-fas-calendar\" viewBox=\"0 0 448 512\" xmlns=\"http:\/\/www.w3.org\/2000\/svg\"><path d=\"M12 192h424c6.6 0 12 5.4 12 12v260c0 26.5-21.5 48-48 48H48c-26.5 0-48-21.5-48-48V204c0-6.6 5.4-12 12-12zm436-44v-36c0-26.5-21.5-48-48-48h-48V12c0-6.6-5.4-12-12-12h-40c-6.6 0-12 5.4-12 12v52H160V12c0-6.6-5.4-12-12-12h-40c-6.6 0-12 5.4-12 12v52H48C21.5 64 0 85.5 0 112v36c0 6.6 5.4 12 12 12h424c6.6 0 12-5.4 12-12z\"><\/path><\/svg>\t\t\t\t\t\t\t<\/span>\n\t\t\t\t\t\t\t\t\t<span class=\"elementor-icon-list-text elementor-post-info__item elementor-post-info__item--type-date\">\n\t\t\t\t\t\t\t\t\t\t<time>20. August 2026<\/time>\t\t\t\t\t<\/span>\n\t\t\t\t\t\t\t\t<\/li>\n\t\t\t\t<\/ul>\n\t\t\t\t\t\t<\/div>\n\t\t\t\t<div class=\"elementor-element elementor-element-3433d4c elementor-widget elementor-widget-theme-post-excerpt\" data-id=\"3433d4c\" data-element_type=\"widget\" data-e-type=\"widget\" data-widget_type=\"theme-post-excerpt.default\">\n\t\t\t\t\tWo st\u00f6\u00dft das Mietrecht im Alltag an seine Grenzen \u2013 und welche Ver\u00e4nderungen w\u00fcnschen sich B\u00fcrger und B\u00fcrgerinnen? Diesen Fragen widmet sich der B\u00fcrgeraustausch im AWO Innovationslabor in Erfurt....\t\t\t\t<\/div>\n\t\t\t\t<div class=\"elementor-element elementor-element-79df686 elementor-icon-list--layout-traditional elementor-list-item-link-full_width elementor-widget elementor-widget-icon-list\" data-id=\"79df686\" data-element_type=\"widget\" data-e-type=\"widget\" data-widget_type=\"icon-list.default\">\n\t\t\t\t\t\t\t<ul class=\"elementor-icon-list-items\">\n\t\t\t\t\t\t\t<li class=\"elementor-icon-list-item\">\n\t\t\t\t\t\t\t\t\t\t\t<a href=\"https:\/\/stiftung-forum-recht.de\/en\/pressemitteilung\/realitaetscheck-mietrecht-buergeraustausch-in-erfurt-nimmt-mietrecht-unter-die-lupe\/\">\n\n\t\t\t\t\t\t\t\t\t\t\t<span class=\"elementor-icon-list-text\">&gt;&gt;&gt; Zur Pressemitteilung<\/span>\n\t\t\t\t\t\t\t\t\t\t\t<\/a>\n\t\t\t\t\t\t\t\t\t<\/li>\n\t\t\t\t\t\t<\/ul>\n\t\t\t\t\t\t<\/div>\n\t\t\t\t\t<\/div>\n\t\t\t\t<\/div>\n\t\t\t\t<\/div>\n\t\t\t\t<div data-elementor-type=\"loop-item\" data-elementor-id=\"29617\" class=\"elementor elementor-29617 e-loop-item e-loop-item-47307 post-47307 post type-post status-publish format-standard has-post-thumbnail hentry category-news category-pressemitteilung category-pressemitteilungen-2026 tag-rechtsstaat tag-sfrnews\" data-elementor-post-type=\"elementor_library\" data-custom-edit-handle=\"1\">\n\t\t\t<div data-particle_enable=\"false\" data-particle-mobile-disabled=\"false\" class=\"elementor-element elementor-element-3fc3176 e-flex e-con-boxed e-con e-parent\" data-id=\"3fc3176\" data-element_type=\"container\" data-e-type=\"container\">\n\t\t\t\t\t<div class=\"e-con-inner\">\n\t\t\t\t<div class=\"elementor-element elementor-element-79d5a2c elementor-widget elementor-widget-theme-post-featured-image elementor-widget-image\" data-id=\"79d5a2c\" data-element_type=\"widget\" data-e-type=\"widget\" data-widget_type=\"theme-post-featured-image.default\">\n\t\t\t\t\t\t\t\t\t\t\t\t\t\t\t<img decoding=\"async\" width=\"1024\" height=\"683\" src=\"https:\/\/stiftung-forum-recht.de\/wp-content\/uploads\/2026\/04\/20260224_Indoor_Pop-Up-Ausstellung_Felix-Vatterodt_SFR-43-1024x683.jpg\" class=\"attachment-large size-large wp-image-43524\" alt=\"Leuchtstehlen der Indoor-Ausstellung &quot;Recht - Spielregeln des Alltags&quot; mit Menschen davor, die sie betrachten.\" srcset=\"https:\/\/stiftung-forum-recht.de\/wp-content\/uploads\/2026\/04\/20260224_Indoor_Pop-Up-Ausstellung_Felix-Vatterodt_SFR-43-1024x683.jpg 1024w, https:\/\/stiftung-forum-recht.de\/wp-content\/uploads\/2026\/04\/20260224_Indoor_Pop-Up-Ausstellung_Felix-Vatterodt_SFR-43-300x200.jpg 300w, https:\/\/stiftung-forum-recht.de\/wp-content\/uploads\/2026\/04\/20260224_Indoor_Pop-Up-Ausstellung_Felix-Vatterodt_SFR-43-768x512.jpg 768w, https:\/\/stiftung-forum-recht.de\/wp-content\/uploads\/2026\/04\/20260224_Indoor_Pop-Up-Ausstellung_Felix-Vatterodt_SFR-43-1536x1024.jpg 1536w, https:\/\/stiftung-forum-recht.de\/wp-content\/uploads\/2026\/04\/20260224_Indoor_Pop-Up-Ausstellung_Felix-Vatterodt_SFR-43-2048x1365.jpg 2048w, https:\/\/stiftung-forum-recht.de\/wp-content\/uploads\/2026\/04\/20260224_Indoor_Pop-Up-Ausstellung_Felix-Vatterodt_SFR-43-18x12.jpg 18w, https:\/\/stiftung-forum-recht.de\/wp-content\/uploads\/2026\/04\/20260224_Indoor_Pop-Up-Ausstellung_Felix-Vatterodt_SFR-43-930x620.jpg 930w\" sizes=\"(max-width: 1024px) 100vw, 1024px\" \/>\t\t\t\t\t\t\t\t\t\t\t\t\t\t\t<\/div>\n\t\t\t\t<div class=\"elementor-element elementor-element-6960560 elementor-widget elementor-widget-theme-post-title elementor-page-title elementor-widget-heading\" data-id=\"6960560\" data-element_type=\"widget\" data-e-type=\"widget\" data-widget_type=\"theme-post-title.default\">\n\t\t\t\t\t<h3 class=\"elementor-heading-title elementor-size-default\">Indoor-Ausstellung \u201eRecht \u2013 Spielregeln des Alltags\u201c kommt nach Berlin<\/h3>\t\t\t\t<\/div>\n\t\t\t\t<div class=\"elementor-element elementor-element-e520c7c elementor-widget elementor-widget-post-info\" data-id=\"e520c7c\" data-element_type=\"widget\" data-e-type=\"widget\" data-widget_type=\"post-info.default\">\n\t\t\t\t\t\t\t<ul class=\"elementor-inline-items elementor-icon-list-items elementor-post-info\">\n\t\t\t\t\t\t\t\t<li class=\"elementor-icon-list-item elementor-repeater-item-b6db80c elementor-inline-item\" itemprop=\"datePublished\">\n\t\t\t\t\t\t\t\t\t\t<span class=\"elementor-icon-list-icon\">\n\t\t\t\t\t\t\t\t<svg aria-hidden=\"true\" class=\"e-font-icon-svg e-fas-calendar\" viewBox=\"0 0 448 512\" xmlns=\"http:\/\/www.w3.org\/2000\/svg\"><path d=\"M12 192h424c6.6 0 12 5.4 12 12v260c0 26.5-21.5 48-48 48H48c-26.5 0-48-21.5-48-48V204c0-6.6 5.4-12 12-12zm436-44v-36c0-26.5-21.5-48-48-48h-48V12c0-6.6-5.4-12-12-12h-40c-6.6 0-12 5.4-12 12v52H160V12c0-6.6-5.4-12-12-12h-40c-6.6 0-12 5.4-12 12v52H48C21.5 64 0 85.5 0 112v36c0 6.6 5.4 12 12 12h424c6.6 0 12-5.4 12-12z\"><\/path><\/svg>\t\t\t\t\t\t\t<\/span>\n\t\t\t\t\t\t\t\t\t<span class=\"elementor-icon-list-text elementor-post-info__item elementor-post-info__item--type-date\">\n\t\t\t\t\t\t\t\t\t\t<time>19. August 2026<\/time>\t\t\t\t\t<\/span>\n\t\t\t\t\t\t\t\t<\/li>\n\t\t\t\t<\/ul>\n\t\t\t\t\t\t<\/div>\n\t\t\t\t<div class=\"elementor-element elementor-element-3433d4c elementor-widget elementor-widget-theme-post-excerpt\" data-id=\"3433d4c\" data-element_type=\"widget\" data-e-type=\"widget\" data-widget_type=\"theme-post-excerpt.default\">\n\t\t\t\t\tDie Ausstellung \u201eRecht \u2013 Spielregeln des Alltags\u201c der Stiftung Forum Recht macht auf ihrer Tour durch Deutschland Station in Berlin. In der Justizakademie Berlin l\u00e4dt die interaktive Ausstellung vom 02. bis 23. September...\t\t\t\t<\/div>\n\t\t\t\t<div class=\"elementor-element elementor-element-79df686 elementor-icon-list--layout-traditional elementor-list-item-link-full_width elementor-widget elementor-widget-icon-list\" data-id=\"79df686\" data-element_type=\"widget\" data-e-type=\"widget\" data-widget_type=\"icon-list.default\">\n\t\t\t\t\t\t\t<ul class=\"elementor-icon-list-items\">\n\t\t\t\t\t\t\t<li class=\"elementor-icon-list-item\">\n\t\t\t\t\t\t\t\t\t\t\t<a href=\"https:\/\/stiftung-forum-recht.de\/en\/pressemitteilung\/recht-im-alltag-entdecken-ausstellung-recht-spielregeln-des-alltags-kommt-nach-berlin\/\">\n\n\t\t\t\t\t\t\t\t\t\t\t<span class=\"elementor-icon-list-text\">&gt;&gt;&gt; Zur Pressemitteilung<\/span>\n\t\t\t\t\t\t\t\t\t\t\t<\/a>\n\t\t\t\t\t\t\t\t\t<\/li>\n\t\t\t\t\t\t<\/ul>\n\t\t\t\t\t\t<\/div>\n\t\t\t\t\t<\/div>\n\t\t\t\t<\/div>\n\t\t\t\t<\/div>\n\t\t\t\t<div data-elementor-type=\"loop-item\" data-elementor-id=\"29617\" class=\"elementor elementor-29617 e-loop-item e-loop-item-47310 post-47310 post type-post status-publish format-standard has-post-thumbnail hentry category-news category-pressemitteilung category-pressemitteilungen-2026 tag-rechtsstaat tag-sfrnews\" data-elementor-post-type=\"elementor_library\" data-custom-edit-handle=\"1\">\n\t\t\t<div data-particle_enable=\"false\" data-particle-mobile-disabled=\"false\" class=\"elementor-element elementor-element-3fc3176 e-flex e-con-boxed e-con e-parent\" data-id=\"3fc3176\" data-element_type=\"container\" data-e-type=\"container\">\n\t\t\t\t\t<div class=\"e-con-inner\">\n\t\t\t\t<div class=\"elementor-element elementor-element-79d5a2c elementor-widget elementor-widget-theme-post-featured-image elementor-widget-image\" data-id=\"79d5a2c\" data-element_type=\"widget\" data-e-type=\"widget\" data-widget_type=\"theme-post-featured-image.default\">\n\t\t\t\t\t\t\t\t\t\t\t\t\t\t\t<img decoding=\"async\" width=\"1024\" height=\"1024\" src=\"https:\/\/stiftung-forum-recht.de\/wp-content\/uploads\/2026\/08\/2026_07_16_Recht-stadtlich-Leipzig_Foto_Tom_Schulze_SFR_lq-4-e1786372549272-1024x1024.jpg\" class=\"attachment-large size-large wp-image-47211\" alt=\"\" srcset=\"https:\/\/stiftung-forum-recht.de\/wp-content\/uploads\/2026\/08\/2026_07_16_Recht-stadtlich-Leipzig_Foto_Tom_Schulze_SFR_lq-4-e1786372549272-1024x1024.jpg 1024w, https:\/\/stiftung-forum-recht.de\/wp-content\/uploads\/2026\/08\/2026_07_16_Recht-stadtlich-Leipzig_Foto_Tom_Schulze_SFR_lq-4-e1786372549272-300x300.jpg 300w, https:\/\/stiftung-forum-recht.de\/wp-content\/uploads\/2026\/08\/2026_07_16_Recht-stadtlich-Leipzig_Foto_Tom_Schulze_SFR_lq-4-e1786372549272-150x150.jpg 150w, https:\/\/stiftung-forum-recht.de\/wp-content\/uploads\/2026\/08\/2026_07_16_Recht-stadtlich-Leipzig_Foto_Tom_Schulze_SFR_lq-4-e1786372549272-768x769.jpg 768w, https:\/\/stiftung-forum-recht.de\/wp-content\/uploads\/2026\/08\/2026_07_16_Recht-stadtlich-Leipzig_Foto_Tom_Schulze_SFR_lq-4-e1786372549272-12x12.jpg 12w, https:\/\/stiftung-forum-recht.de\/wp-content\/uploads\/2026\/08\/2026_07_16_Recht-stadtlich-Leipzig_Foto_Tom_Schulze_SFR_lq-4-e1786372549272-400x400.jpg 400w, https:\/\/stiftung-forum-recht.de\/wp-content\/uploads\/2026\/08\/2026_07_16_Recht-stadtlich-Leipzig_Foto_Tom_Schulze_SFR_lq-4-e1786372549272-600x600.jpg 600w, https:\/\/stiftung-forum-recht.de\/wp-content\/uploads\/2026\/08\/2026_07_16_Recht-stadtlich-Leipzig_Foto_Tom_Schulze_SFR_lq-4-e1786372549272.jpg 1332w\" sizes=\"(max-width: 1024px) 100vw, 1024px\" \/>\t\t\t\t\t\t\t\t\t\t\t\t\t\t\t<\/div>\n\t\t\t\t<div class=\"elementor-element elementor-element-6960560 elementor-widget elementor-widget-theme-post-title elementor-page-title elementor-widget-heading\" data-id=\"6960560\" data-element_type=\"widget\" data-e-type=\"widget\" data-widget_type=\"theme-post-title.default\">\n\t\t\t\t\t<h3 class=\"elementor-heading-title elementor-size-default\">Recht im Alltag entdecken beim DIY-Stadtrundgang<\/h3>\t\t\t\t<\/div>\n\t\t\t\t<div class=\"elementor-element elementor-element-e520c7c elementor-widget elementor-widget-post-info\" data-id=\"e520c7c\" data-element_type=\"widget\" data-e-type=\"widget\" data-widget_type=\"post-info.default\">\n\t\t\t\t\t\t\t<ul class=\"elementor-inline-items elementor-icon-list-items elementor-post-info\">\n\t\t\t\t\t\t\t\t<li class=\"elementor-icon-list-item elementor-repeater-item-b6db80c elementor-inline-item\" itemprop=\"datePublished\">\n\t\t\t\t\t\t\t\t\t\t<span class=\"elementor-icon-list-icon\">\n\t\t\t\t\t\t\t\t<svg aria-hidden=\"true\" class=\"e-font-icon-svg e-fas-calendar\" viewBox=\"0 0 448 512\" xmlns=\"http:\/\/www.w3.org\/2000\/svg\"><path d=\"M12 192h424c6.6 0 12 5.4 12 12v260c0 26.5-21.5 48-48 48H48c-26.5 0-48-21.5-48-48V204c0-6.6 5.4-12 12-12zm436-44v-36c0-26.5-21.5-48-48-48h-48V12c0-6.6-5.4-12-12-12h-40c-6.6 0-12 5.4-12 12v52H160V12c0-6.6-5.4-12-12-12h-40c-6.6 0-12 5.4-12 12v52H48C21.5 64 0 85.5 0 112v36c0 6.6 5.4 12 12 12h424c6.6 0 12-5.4 12-12z\"><\/path><\/svg>\t\t\t\t\t\t\t<\/span>\n\t\t\t\t\t\t\t\t\t<span class=\"elementor-icon-list-text elementor-post-info__item elementor-post-info__item--type-date\">\n\t\t\t\t\t\t\t\t\t\t<time>14. August 2026<\/time>\t\t\t\t\t<\/span>\n\t\t\t\t\t\t\t\t<\/li>\n\t\t\t\t<\/ul>\n\t\t\t\t\t\t<\/div>\n\t\t\t\t<div class=\"elementor-element elementor-element-3433d4c elementor-widget elementor-widget-theme-post-excerpt\" data-id=\"3433d4c\" data-element_type=\"widget\" data-e-type=\"widget\" data-widget_type=\"theme-post-excerpt.default\">\n\t\t\t\t\tDie neue Handreichung \u201eRecht stadtlich! DIY\u201c der Stiftung Forum Recht bietet die M\u00f6glichkeit, ab sofort eigene Stadtrundg\u00e4nge mit dem Fokus auf Recht und Rechtsstaat in der eigenen Stadt durchzuf\u00fchren. Das Skript zum Rundgang...\t\t\t\t<\/div>\n\t\t\t\t<div class=\"elementor-element elementor-element-79df686 elementor-icon-list--layout-traditional elementor-list-item-link-full_width elementor-widget elementor-widget-icon-list\" data-id=\"79df686\" data-element_type=\"widget\" data-e-type=\"widget\" data-widget_type=\"icon-list.default\">\n\t\t\t\t\t\t\t<ul class=\"elementor-icon-list-items\">\n\t\t\t\t\t\t\t<li class=\"elementor-icon-list-item\">\n\t\t\t\t\t\t\t\t\t\t\t<a href=\"https:\/\/stiftung-forum-recht.de\/en\/pressemitteilung\/diy-stadtrundgang\/\">\n\n\t\t\t\t\t\t\t\t\t\t\t<span class=\"elementor-icon-list-text\">&gt;&gt;&gt; Zur Pressemitteilung<\/span>\n\t\t\t\t\t\t\t\t\t\t\t<\/a>\n\t\t\t\t\t\t\t\t\t<\/li>\n\t\t\t\t\t\t<\/ul>\n\t\t\t\t\t\t<\/div>\n\t\t\t\t\t<\/div>\n\t\t\t\t<\/div>\n\t\t\t\t<\/div>\n\t\t\t\t<\/div>\n\t\t\n\t\t\t\t<div class=\"e-load-more-anchor\" data-page=\"1\" data-max-page=\"15\" data-next-page=\"https:\/\/stiftung-forum-recht.de\/en\/?e-page-608b7d5=2\"><\/div>\n\t\t\t\t<nav class=\"elementor-pagination\" aria-label=\"Pagination\">\n\t\t\t<span class=\"page-numbers prev\">Zur\u00fcck<\/span>\n<span aria-current=\"page\" class=\"page-numbers current\"><span class=\"elementor-screen-only\">Page<\/span>1<\/span>\n<a class=\"page-numbers\" href=\"https:\/\/stiftung-forum-recht.de\/en\/wp-json\/wp\/v2\/pages\/18688\/?e-page-608b7d5=2\"><span class=\"elementor-screen-only\">Page<\/span>2<\/a>\n<a class=\"page-numbers\" href=\"https:\/\/stiftung-forum-recht.de\/en\/wp-json\/wp\/v2\/pages\/18688\/?e-page-608b7d5=3\"><span class=\"elementor-screen-only\">Page<\/span>3<\/a>\n<span class=\"page-numbers dots\">&hellip;<\/span>\n<a class=\"page-numbers\" href=\"https:\/\/stiftung-forum-recht.de\/en\/wp-json\/wp\/v2\/pages\/18688\/?e-page-608b7d5=15\"><span class=\"elementor-screen-only\">Page<\/span>15<\/a>\n<a class=\"page-numbers next\" href=\"https:\/\/stiftung-forum-recht.de\/en\/?e-page-608b7d5=2\">Weiter<\/a>\t\t<\/nav>\n\t\t\t\t\t\t<\/div>\n\t\t\t\t<\/div>\n\t\t\t\t\t<\/div>\n\t\t\t\t<\/div>\n\t\t<div data-particle_enable=\"false\" data-particle-mobile-disabled=\"false\" class=\"elementor-element elementor-element-b3c3cbf e-flex e-con-boxed e-con e-parent\" data-id=\"b3c3cbf\" data-element_type=\"container\" data-e-type=\"container\">\n\t\t\t\t\t<div class=\"e-con-inner\">\n\t\t\t\t<div class=\"elementor-element elementor-element-82b85d2 elementor-widget elementor-widget-heading\" data-id=\"82b85d2\" data-element_type=\"widget\" data-e-type=\"widget\" data-widget_type=\"heading.default\">\n\t\t\t\t\t<h2 class=\"elementor-heading-title elementor-size-default\">\u00dcber die Stiftung Forum recht<\/h2>\t\t\t\t<\/div>\n\t\t\t\t<div class=\"elementor-element elementor-element-5887e09 elementor-widget-widescreen__width-initial elementor-widget elementor-widget-text-editor\" data-id=\"5887e09\" data-element_type=\"widget\" data-e-type=\"widget\" data-widget_type=\"text-editor.default\">\n\t\t\t\t\t\t\t\t\t<p>Die Stiftung Forum Recht wurde 2019 als bundesunmittelbare Stiftung \u00f6ffentlichen Rechts durch ein Gesetz des Deutschen Bundestages mit Sitz in Karlsruhe und einem weiteren Standort in Leipzig gegr\u00fcndet. Sie gestaltet vielf\u00e4ltige analoge und digitale Ausstellungs-, Veranstaltungs- und Bildungsformate und schafft R\u00e4ume, in denen Menschen \u00fcber ihre Erfahrungen mit dem Recht und dem Rechtsstaat sprechen: in Karlsruhe, Leipzig, mobil in ganz Deutschland und digital. Mit Ausstellungen, Workshops und einem Live-Podcast bietet die Stiftung innovative Zug\u00e4nge zu den Themen Recht und Rechtsstaat.<\/p><p>Seit Juli 2024 ist der Jurist und Historiker <strong>Dr. Cord Br\u00fcgmann<\/strong> Direktor der Stiftung Forum Recht. <strong>Bettina Limperg<\/strong>, Pr\u00e4sidentin des Bundesgerichtshofs, leitet das <a href=\"https:\/\/stiftung-forum-recht.de\/stiftungsorgane\/kuratorium\/\" target=\"_blank\" rel=\"noopener\"><strong>Kuratorium<\/strong><\/a>, w\u00e4hrend <strong>Prof. Dr. Susanne Baer<\/strong>, Richterin des Bundesverfassungsgerichts a.D., dem <a href=\"https:\/\/stiftung-forum-recht.de\/stiftungsorgane\/stiftungsbeirat\/\" target=\"_blank\" rel=\"noopener\"><strong>Stiftungsbeirat<\/strong><\/a> vorsteht.<\/p>\t\t\t\t\t\t\t\t<\/div>\n\t\t\t\t<div class=\"elementor-element elementor-element-a82f932 elementor-widget elementor-widget-heading\" data-id=\"a82f932\" data-element_type=\"widget\" data-e-type=\"widget\" data-widget_type=\"heading.default\">\n\t\t\t\t\t<h2 class=\"elementor-heading-title elementor-size-default\">BildMaterial<\/h2>\t\t\t\t<\/div>\n\t\t\t\t<div class=\"elementor-element elementor-element-f289542 elementor-widget elementor-widget-text-editor\" data-id=\"f289542\" data-element_type=\"widget\" data-e-type=\"widget\" data-widget_type=\"text-editor.default\">\n\t\t\t\t\t\t\t\t\t<p>Die\u00a0<strong>Pressefotos<\/strong> stehen Ihnen zum Download und zur Verwendung f\u00fcr redaktionelle Zwecke in Verbindung mit der der Stiftung Forum Recht unter Angabe des Copyrights honorarfrei zur Verf\u00fcgung.<\/p><p>Weitere Bilder finden Sie themenspezifisch in den Beitr\u00e4gen zu den Pressemitteilungen. Sollten Sie weitere Bilder ben\u00f6tigen, kontaktieren Sie uns gerne!<\/p>\t\t\t\t\t\t\t\t<\/div>\n\t\t\t\t\t<\/div>\n\t\t\t\t<\/div>\n\t\t<div data-particle_enable=\"false\" data-particle-mobile-disabled=\"false\" class=\"elementor-element elementor-element-7fa507a e-flex e-con-boxed e-con e-parent\" data-id=\"7fa507a\" data-element_type=\"container\" data-e-type=\"container\">\n\t\t\t\t\t<div class=\"e-con-inner\">\n\t\t<div data-particle_enable=\"false\" data-particle-mobile-disabled=\"false\" class=\"elementor-element elementor-element-dab9fd3 e-con-full e-flex e-con e-child\" data-id=\"dab9fd3\" data-element_type=\"container\" data-e-type=\"container\">\n\t\t\t\t<div class=\"elementor-element elementor-element-3e783bd elementor-widget elementor-widget-image\" data-id=\"3e783bd\" data-element_type=\"widget\" data-e-type=\"widget\" data-widget_type=\"image.default\">\n\t\t\t\t\t\t\t\t\t\t\t\t<figure class=\"wp-caption\">\n\t\t\t\t\t\t\t\t\t\t\t<a href=\"https:\/\/stiftung-forum-recht.de\/wp-content\/uploads\/2024\/02\/2022_03_28_Stiftung_Forum_Recht_Felix_Gruenschloss_lq_K3A9562-scaled.jpg\" data-elementor-open-lightbox=\"yes\" data-elementor-lightbox-title=\"Veranstaltungsraum Stiftung Forum Recht Karlsruhe\" data-elementor-lightbox-description=\"Veranstaltungsraum der Stiftung Forum Recht in Karlsruhe, Foto: Felix Gr\u00fcnschlo\u00df\n2022_03_28_Stiftung_Forum_Recht_Felix_Gruenschloss_lq_K3A9562-scaled.jpg\" data-e-action-hash=\"#elementor-action%3Aaction%3Dlightbox%26settings%3DeyJpZCI6MjEzMzIsInVybCI6Imh0dHBzOlwvXC9zdGlmdHVuZy1mb3J1bS1yZWNodC5kZVwvd3AtY29udGVudFwvdXBsb2Fkc1wvMjAyNFwvMDJcLzIwMjJfMDNfMjhfU3RpZnR1bmdfRm9ydW1fUmVjaHRfRmVsaXhfR3J1ZW5zY2hsb3NzX2xxX0szQTk1NjItc2NhbGVkLmpwZyJ9\">\n\t\t\t\t\t\t\t<img loading=\"lazy\" decoding=\"async\" width=\"1024\" height=\"683\" src=\"https:\/\/stiftung-forum-recht.de\/wp-content\/uploads\/2024\/02\/2022_03_28_Stiftung_Forum_Recht_Felix_Gruenschloss_lq_K3A9562-1024x683.jpg\" class=\"attachment-large size-large wp-image-21332\" alt=\"Veranstaltungsraum der Stiftung Forum Recht in Karlsruhe, Eingangst\u00fcre mit Aufschrift: Eingang, Herzlich Willkommen\" srcset=\"https:\/\/stiftung-forum-recht.de\/wp-content\/uploads\/2024\/02\/2022_03_28_Stiftung_Forum_Recht_Felix_Gruenschloss_lq_K3A9562-1024x683.jpg 1024w, https:\/\/stiftung-forum-recht.de\/wp-content\/uploads\/2024\/02\/2022_03_28_Stiftung_Forum_Recht_Felix_Gruenschloss_lq_K3A9562-300x200.jpg 300w, https:\/\/stiftung-forum-recht.de\/wp-content\/uploads\/2024\/02\/2022_03_28_Stiftung_Forum_Recht_Felix_Gruenschloss_lq_K3A9562-768x512.jpg 768w, https:\/\/stiftung-forum-recht.de\/wp-content\/uploads\/2024\/02\/2022_03_28_Stiftung_Forum_Recht_Felix_Gruenschloss_lq_K3A9562-1536x1025.jpg 1536w, https:\/\/stiftung-forum-recht.de\/wp-content\/uploads\/2024\/02\/2022_03_28_Stiftung_Forum_Recht_Felix_Gruenschloss_lq_K3A9562-2048x1366.jpg 2048w, https:\/\/stiftung-forum-recht.de\/wp-content\/uploads\/2024\/02\/2022_03_28_Stiftung_Forum_Recht_Felix_Gruenschloss_lq_K3A9562-930x620.jpg 930w\" sizes=\"(max-width: 1024px) 100vw, 1024px\" \/>\t\t\t\t\t\t\t\t<\/a>\n\t\t\t\t\t\t\t\t\t\t\t<figcaption class=\"widget-image-caption wp-caption-text\">Veranstaltungsraum der Stiftung Forum Recht in Karlsruhe, Foto: Felix Gr\u00fcnschlo\u00df<\/figcaption>\n\t\t\t\t\t\t\t\t\t\t<\/figure>\n\t\t\t\t\t\t\t\t\t<\/div>\n\t\t\t\t<\/div>\n\t\t<div data-particle_enable=\"false\" data-particle-mobile-disabled=\"false\" class=\"elementor-element elementor-element-2a9bef1 e-con-full e-flex e-con e-child\" data-id=\"2a9bef1\" data-element_type=\"container\" data-e-type=\"container\">\n\t\t\t\t<div class=\"elementor-element elementor-element-7cd66d7 elementor-widget__width-initial elementor-widget elementor-widget-image\" data-id=\"7cd66d7\" data-element_type=\"widget\" data-e-type=\"widget\" data-widget_type=\"image.default\">\n\t\t\t\t\t\t\t\t\t\t\t\t<figure class=\"wp-caption\">\n\t\t\t\t\t\t\t\t\t\t\t<a href=\"https:\/\/stiftung-forum-recht.de\/wp-content\/uploads\/2024\/08\/UD7_0872-scaled.jpg\" data-elementor-open-lightbox=\"yes\" data-elementor-lightbox-title=\"Junge Verfassungsgespr\u00e4che auf dem Marktplatz Karlsruhe\" data-elementor-lightbox-description=\"Stiftung Forum Recht im \u00f6ffentlichen Raum: Veranstaltungen zu Recht und Rechtsstaat auf gro\u00dfer B\u00fchne in Karlsruhe. \" data-e-action-hash=\"#elementor-action%3Aaction%3Dlightbox%26settings%3DeyJpZCI6MjYwNzMsInVybCI6Imh0dHBzOlwvXC9zdGlmdHVuZy1mb3J1bS1yZWNodC5kZVwvd3AtY29udGVudFwvdXBsb2Fkc1wvMjAyNFwvMDhcL1VEN18wODcyLXNjYWxlZC5qcGcifQ%3D%3D\">\n\t\t\t\t\t\t\t<img loading=\"lazy\" decoding=\"async\" width=\"1024\" height=\"683\" src=\"https:\/\/stiftung-forum-recht.de\/wp-content\/uploads\/2024\/08\/UD7_0872-1024x683.jpg\" class=\"attachment-large size-large wp-image-26073\" alt=\"Stiftung Forum Recht im \u00f6ffentlichen Raum: Veranstaltungen zu Recht und Rechtsstaat auf gro\u00dfer B\u00fchne in Karlsruhe.\" srcset=\"https:\/\/stiftung-forum-recht.de\/wp-content\/uploads\/2024\/08\/UD7_0872-1024x683.jpg 1024w, https:\/\/stiftung-forum-recht.de\/wp-content\/uploads\/2024\/08\/UD7_0872-300x200.jpg 300w, https:\/\/stiftung-forum-recht.de\/wp-content\/uploads\/2024\/08\/UD7_0872-768x512.jpg 768w, https:\/\/stiftung-forum-recht.de\/wp-content\/uploads\/2024\/08\/UD7_0872-1536x1024.jpg 1536w, https:\/\/stiftung-forum-recht.de\/wp-content\/uploads\/2024\/08\/UD7_0872-2048x1365.jpg 2048w, https:\/\/stiftung-forum-recht.de\/wp-content\/uploads\/2024\/08\/UD7_0872-930x620.jpg 930w\" sizes=\"(max-width: 1024px) 100vw, 1024px\" \/>\t\t\t\t\t\t\t\t<\/a>\n\t\t\t\t\t\t\t\t\t\t\t<figcaption class=\"widget-image-caption wp-caption-text\">Die Stiftung Forum Recht im \u00f6ffentlichen Raum: Veranstaltungen zu Recht und Rechtsstaat auf gro\u00dfer B\u00fchne. Foto: ARTIS-Uli Deck<\/figcaption>\n\t\t\t\t\t\t\t\t\t\t<\/figure>\n\t\t\t\t\t\t\t\t\t<\/div>\n\t\t\t\t<\/div>\n\t\t<div data-particle_enable=\"false\" data-particle-mobile-disabled=\"false\" class=\"elementor-element elementor-element-9368aec e-con-full e-flex e-con e-child\" data-id=\"9368aec\" data-element_type=\"container\" data-e-type=\"container\">\n\t\t\t\t<div class=\"elementor-element elementor-element-d27346c elementor-widget elementor-widget-image\" data-id=\"d27346c\" data-element_type=\"widget\" data-e-type=\"widget\" data-widget_type=\"image.default\">\n\t\t\t\t\t\t\t\t\t\t\t\t<figure class=\"wp-caption\">\n\t\t\t\t\t\t\t\t\t\t\t<a href=\"https:\/\/stiftung-forum-recht.de\/wp-content\/uploads\/2024\/08\/2024_04_25_In-guter-Verfassung_Foto_Ina_Lebedjew-53-scaled.jpg\" data-elementor-open-lightbox=\"yes\" data-elementor-lightbox-title=\"Podcast Live-Event &quot;In guter Verfassung?&quot;\" data-elementor-lightbox-description=\"Podcast Live-Event &quot;In guter Verfassung?&quot;\" data-e-action-hash=\"#elementor-action%3Aaction%3Dlightbox%26settings%3DeyJpZCI6MjYyOTcsInVybCI6Imh0dHBzOlwvXC9zdGlmdHVuZy1mb3J1bS1yZWNodC5kZVwvd3AtY29udGVudFwvdXBsb2Fkc1wvMjAyNFwvMDhcLzIwMjRfMDRfMjVfSW4tZ3V0ZXItVmVyZmFzc3VuZ19Gb3RvX0luYV9MZWJlZGpldy01My1zY2FsZWQuanBnIn0%3D\">\n\t\t\t\t\t\t\t<img loading=\"lazy\" decoding=\"async\" width=\"1024\" height=\"683\" src=\"https:\/\/stiftung-forum-recht.de\/wp-content\/uploads\/2024\/08\/2024_04_25_In-guter-Verfassung_Foto_Ina_Lebedjew-53-1024x683.jpg\" class=\"attachment-large size-large wp-image-26297\" alt=\"Blick auf die B\u00fchne in der Stiftung Forum Recht. Moderatorin Rabea Schloz im Gespr\u00e4ch mit dem Journalisten und Aktivisten Arne Semsrott. Rechts dahinter ein Rollup mit dem orangenen Stiftungslogo.\" srcset=\"https:\/\/stiftung-forum-recht.de\/wp-content\/uploads\/2024\/08\/2024_04_25_In-guter-Verfassung_Foto_Ina_Lebedjew-53-1024x683.jpg 1024w, https:\/\/stiftung-forum-recht.de\/wp-content\/uploads\/2024\/08\/2024_04_25_In-guter-Verfassung_Foto_Ina_Lebedjew-53-300x200.jpg 300w, https:\/\/stiftung-forum-recht.de\/wp-content\/uploads\/2024\/08\/2024_04_25_In-guter-Verfassung_Foto_Ina_Lebedjew-53-768x512.jpg 768w, https:\/\/stiftung-forum-recht.de\/wp-content\/uploads\/2024\/08\/2024_04_25_In-guter-Verfassung_Foto_Ina_Lebedjew-53-1536x1024.jpg 1536w, https:\/\/stiftung-forum-recht.de\/wp-content\/uploads\/2024\/08\/2024_04_25_In-guter-Verfassung_Foto_Ina_Lebedjew-53-2048x1365.jpg 2048w, https:\/\/stiftung-forum-recht.de\/wp-content\/uploads\/2024\/08\/2024_04_25_In-guter-Verfassung_Foto_Ina_Lebedjew-53-930x620.jpg 930w\" sizes=\"(max-width: 1024px) 100vw, 1024px\" \/>\t\t\t\t\t\t\t\t<\/a>\n\t\t\t\t\t\t\t\t\t\t\t<figcaption class=\"widget-image-caption wp-caption-text\">Live-Podcast-Aufnahme in der Stiftung Forum Recht in Leipzig, Foto: Ina Lebedjew<\/figcaption>\n\t\t\t\t\t\t\t\t\t\t<\/figure>\n\t\t\t\t\t\t\t\t\t<\/div>\n\t\t\t\t<\/div>\n\t\t<div data-particle_enable=\"false\" data-particle-mobile-disabled=\"false\" class=\"elementor-element elementor-element-aef60a2 e-con-full e-flex e-con e-child\" data-id=\"aef60a2\" data-element_type=\"container\" data-e-type=\"container\">\n\t\t\t\t<div class=\"elementor-element elementor-element-a4991dc elementor-widget elementor-widget-image\" data-id=\"a4991dc\" data-element_type=\"widget\" data-e-type=\"widget\" data-widget_type=\"image.default\">\n\t\t\t\t\t\t\t\t\t\t\t\t<figure class=\"wp-caption\">\n\t\t\t\t\t\t\t\t\t\t\t<a href=\"https:\/\/stiftung-forum-recht.de\/wp-content\/uploads\/2024\/11\/2023_06_01_Workshop_StiftungForumRecht_-Foto_IonaDutz-0118-scaled.jpg\" data-elementor-open-lightbox=\"yes\" data-elementor-lightbox-title=\"Workshop: Stiftung Forum Recht Leipzig\" data-elementor-lightbox-description=\"Workshop des Vermittlungsbereichs in Leipzig \" data-e-action-hash=\"#elementor-action%3Aaction%3Dlightbox%26settings%3DeyJpZCI6MjgxNjIsInVybCI6Imh0dHBzOlwvXC9zdGlmdHVuZy1mb3J1bS1yZWNodC5kZVwvd3AtY29udGVudFwvdXBsb2Fkc1wvMjAyNFwvMTFcLzIwMjNfMDZfMDFfV29ya3Nob3BfU3RpZnR1bmdGb3J1bVJlY2h0Xy1Gb3RvX0lvbmFEdXR6LTAxMTgtc2NhbGVkLmpwZyJ9\">\n\t\t\t\t\t\t\t<img loading=\"lazy\" decoding=\"async\" width=\"1024\" height=\"768\" src=\"https:\/\/stiftung-forum-recht.de\/wp-content\/uploads\/2024\/11\/2023_06_01_Workshop_StiftungForumRecht_-Foto_IonaDutz-0118-1024x768.jpg\" class=\"attachment-large size-large wp-image-28162\" alt=\"Mehrere Personen sitzen in einem Stuhlkreis. In der Mitte liegen mehrere Fotos auf dem Boden. Eine Person steht in der Mitte und verteilt weitere Fotos.\" srcset=\"https:\/\/stiftung-forum-recht.de\/wp-content\/uploads\/2024\/11\/2023_06_01_Workshop_StiftungForumRecht_-Foto_IonaDutz-0118-1024x768.jpg 1024w, https:\/\/stiftung-forum-recht.de\/wp-content\/uploads\/2024\/11\/2023_06_01_Workshop_StiftungForumRecht_-Foto_IonaDutz-0118-300x225.jpg 300w, https:\/\/stiftung-forum-recht.de\/wp-content\/uploads\/2024\/11\/2023_06_01_Workshop_StiftungForumRecht_-Foto_IonaDutz-0118-768x576.jpg 768w, https:\/\/stiftung-forum-recht.de\/wp-content\/uploads\/2024\/11\/2023_06_01_Workshop_StiftungForumRecht_-Foto_IonaDutz-0118-1536x1152.jpg 1536w, https:\/\/stiftung-forum-recht.de\/wp-content\/uploads\/2024\/11\/2023_06_01_Workshop_StiftungForumRecht_-Foto_IonaDutz-0118-2048x1536.jpg 2048w, https:\/\/stiftung-forum-recht.de\/wp-content\/uploads\/2024\/11\/2023_06_01_Workshop_StiftungForumRecht_-Foto_IonaDutz-0118-16x12.jpg 16w\" sizes=\"(max-width: 1024px) 100vw, 1024px\" \/>\t\t\t\t\t\t\t\t<\/a>\n\t\t\t\t\t\t\t\t\t\t\t<figcaption class=\"widget-image-caption wp-caption-text\">Vermittlungs- und Vernetzungsangebote in der Stiftung Forum Recht (Leipzig). Foto: Iona Dutz<\/figcaption>\n\t\t\t\t\t\t\t\t\t\t<\/figure>\n\t\t\t\t\t\t\t\t\t<\/div>\n\t\t\t\t<\/div>\n\t\t<div data-particle_enable=\"false\" data-particle-mobile-disabled=\"false\" class=\"elementor-element elementor-element-fae0ab8 e-con-full e-flex e-con e-child\" data-id=\"fae0ab8\" data-element_type=\"container\" data-e-type=\"container\">\n\t\t\t\t<div class=\"elementor-element elementor-element-570b702 elementor-widget elementor-widget-image\" data-id=\"570b702\" data-element_type=\"widget\" data-e-type=\"widget\" data-widget_type=\"image.default\">\n\t\t\t\t\t\t\t\t\t\t\t\t<figure class=\"wp-caption\">\n\t\t\t\t\t\t\t\t\t\t\t<a href=\"https:\/\/stiftung-forum-recht.de\/wp-content\/uploads\/2023\/06\/20230601-StiftungForumRecht-\u00a9IonaDutz-0201-1.jpg\" data-elementor-open-lightbox=\"yes\" data-elementor-lightbox-title=\"Das Schaufenster der Stiftung Forum Recht in Leipzig\" data-elementor-lightbox-description=\"2023\nFoto: Iona Dutz\n20230601-StiftungForumRecht-\u00a9IonaDutz-0201\" data-e-action-hash=\"#elementor-action%3Aaction%3Dlightbox%26settings%3DeyJpZCI6MTk5ODUsInVybCI6Imh0dHBzOlwvXC9zdGlmdHVuZy1mb3J1bS1yZWNodC5kZVwvd3AtY29udGVudFwvdXBsb2Fkc1wvMjAyM1wvMDZcLzIwMjMwNjAxLVN0aWZ0dW5nRm9ydW1SZWNodC1cdTAwYTlJb25hRHV0ei0wMjAxLTEuanBnIn0%3D\">\n\t\t\t\t\t\t\t<img loading=\"lazy\" decoding=\"async\" width=\"1024\" height=\"768\" src=\"https:\/\/stiftung-forum-recht.de\/wp-content\/uploads\/2023\/06\/20230601-StiftungForumRecht-\u00a9IonaDutz-0201-1-1024x768.jpg\" class=\"attachment-large size-large wp-image-19985\" alt=\"Das Geb\u00e4ude der Stiftung Forum Recht in Leipzig. Im Schaufenster h\u00e4ngen orangene Plakate\" srcset=\"https:\/\/stiftung-forum-recht.de\/wp-content\/uploads\/2023\/06\/20230601-StiftungForumRecht-\u00a9IonaDutz-0201-1-1024x768.jpg 1024w, https:\/\/stiftung-forum-recht.de\/wp-content\/uploads\/2023\/06\/20230601-StiftungForumRecht-\u00a9IonaDutz-0201-1-300x225.jpg 300w, https:\/\/stiftung-forum-recht.de\/wp-content\/uploads\/2023\/06\/20230601-StiftungForumRecht-\u00a9IonaDutz-0201-1-768x576.jpg 768w, https:\/\/stiftung-forum-recht.de\/wp-content\/uploads\/2023\/06\/20230601-StiftungForumRecht-\u00a9IonaDutz-0201-1-1536x1152.jpg 1536w, https:\/\/stiftung-forum-recht.de\/wp-content\/uploads\/2023\/06\/20230601-StiftungForumRecht-\u00a9IonaDutz-0201-1.jpg 2000w\" sizes=\"(max-width: 1024px) 100vw, 1024px\" \/>\t\t\t\t\t\t\t\t<\/a>\n\t\t\t\t\t\t\t\t\t\t\t<figcaption class=\"widget-image-caption wp-caption-text\">Standort Leipzig (Au\u00dfenansicht), Foto: Iona Dutz<\/figcaption>\n\t\t\t\t\t\t\t\t\t\t<\/figure>\n\t\t\t\t\t\t\t\t\t<\/div>\n\t\t\t\t<\/div>\n\t\t<div data-particle_enable=\"false\" data-particle-mobile-disabled=\"false\" class=\"elementor-element elementor-element-d3227d0 e-con-full e-flex e-con e-child\" data-id=\"d3227d0\" data-element_type=\"container\" data-e-type=\"container\">\n\t\t\t\t<div class=\"elementor-element elementor-element-88e8781 elementor-widget elementor-widget-image\" data-id=\"88e8781\" data-element_type=\"widget\" data-e-type=\"widget\" data-widget_type=\"image.default\">\n\t\t\t\t\t\t\t\t\t\t\t\t<figure class=\"wp-caption\">\n\t\t\t\t\t\t\t\t\t\t\t<a href=\"https:\/\/stiftung-forum-recht.de\/wp-content\/uploads\/2024\/02\/20230601-StiftungForumRecht-Lesung-\u00a9IonaDutz-0112.jpg\" data-elementor-open-lightbox=\"yes\" data-elementor-lightbox-title=\"Preisverleihung Schreibwettbewerb 2023\" data-elementor-lightbox-description=\"Foto: Iona Dutz\n20230601-StiftungForumRecht-Lesung-\u00a9IonaDutz-0112.jpg\" data-e-action-hash=\"#elementor-action%3Aaction%3Dlightbox%26settings%3DeyJpZCI6MjE2MjIsInVybCI6Imh0dHBzOlwvXC9zdGlmdHVuZy1mb3J1bS1yZWNodC5kZVwvd3AtY29udGVudFwvdXBsb2Fkc1wvMjAyNFwvMDJcLzIwMjMwNjAxLVN0aWZ0dW5nRm9ydW1SZWNodC1MZXN1bmctXHUwMGE5SW9uYUR1dHotMDExMi5qcGcifQ%3D%3D\">\n\t\t\t\t\t\t\t<img loading=\"lazy\" decoding=\"async\" width=\"1024\" height=\"768\" src=\"https:\/\/stiftung-forum-recht.de\/wp-content\/uploads\/2024\/02\/20230601-StiftungForumRecht-Lesung-\u00a9IonaDutz-0112-1024x768.jpg\" class=\"attachment-large size-large wp-image-21622\" alt=\"Veranstaltungsraum der Stiftung Forum Recht in Leipzig, Publikum der Preisverleihung des Schreibwettbewerbs, von hinten fotografiert\" srcset=\"https:\/\/stiftung-forum-recht.de\/wp-content\/uploads\/2024\/02\/20230601-StiftungForumRecht-Lesung-\u00a9IonaDutz-0112-1024x768.jpg 1024w, https:\/\/stiftung-forum-recht.de\/wp-content\/uploads\/2024\/02\/20230601-StiftungForumRecht-Lesung-\u00a9IonaDutz-0112-300x225.jpg 300w, https:\/\/stiftung-forum-recht.de\/wp-content\/uploads\/2024\/02\/20230601-StiftungForumRecht-Lesung-\u00a9IonaDutz-0112-768x576.jpg 768w, https:\/\/stiftung-forum-recht.de\/wp-content\/uploads\/2024\/02\/20230601-StiftungForumRecht-Lesung-\u00a9IonaDutz-0112-1536x1152.jpg 1536w, https:\/\/stiftung-forum-recht.de\/wp-content\/uploads\/2024\/02\/20230601-StiftungForumRecht-Lesung-\u00a9IonaDutz-0112.jpg 2000w\" sizes=\"(max-width: 1024px) 100vw, 1024px\" \/>\t\t\t\t\t\t\t\t<\/a>\n\t\t\t\t\t\t\t\t\t\t\t<figcaption class=\"widget-image-caption wp-caption-text\">Lesung in der Stiftung Forum Recht in Leipzig, Foto: Iona Dutz<\/figcaption>\n\t\t\t\t\t\t\t\t\t\t<\/figure>\n\t\t\t\t\t\t\t\t\t<\/div>\n\t\t\t\t<\/div>\n\t\t\t\t\t<\/div>\n\t\t\t\t<\/div>\n\t\t<div data-particle_enable=\"false\" data-particle-mobile-disabled=\"false\" class=\"elementor-element elementor-element-8b07732 e-flex e-con-boxed e-con e-parent\" data-id=\"8b07732\" data-element_type=\"container\" data-e-type=\"container\">\n\t\t\t\t\t<div class=\"e-con-inner\">\n\t\t<div data-particle_enable=\"false\" data-particle-mobile-disabled=\"false\" class=\"elementor-element elementor-element-9d9ea47 e-con-full e-flex e-con e-child\" data-id=\"9d9ea47\" data-element_type=\"container\" data-e-type=\"container\">\n\t\t\t\t<div class=\"elementor-element elementor-element-b418ef9 elementor-widget elementor-widget-image\" data-id=\"b418ef9\" data-element_type=\"widget\" data-e-type=\"widget\" data-widget_type=\"image.default\">\n\t\t\t\t\t\t\t\t\t\t\t\t<figure class=\"wp-caption\">\n\t\t\t\t\t\t\t\t\t\t\t<a href=\"https:\/\/stiftung-forum-recht.de\/wp-content\/uploads\/2024\/08\/2024_04_25_In-guter-Verfassung_Foto_Ina_Lebedjew-73-scaled.jpg\" data-elementor-open-lightbox=\"yes\" data-elementor-lightbox-title=\"Podcast Live-Event &quot;In guter Verfassung?&quot;\" data-elementor-lightbox-description=\"Podcast Live-Event &quot;In guter Verfassung?&quot;\" data-e-action-hash=\"#elementor-action%3Aaction%3Dlightbox%26settings%3DeyJpZCI6MjYyOTksInVybCI6Imh0dHBzOlwvXC9zdGlmdHVuZy1mb3J1bS1yZWNodC5kZVwvd3AtY29udGVudFwvdXBsb2Fkc1wvMjAyNFwvMDhcLzIwMjRfMDRfMjVfSW4tZ3V0ZXItVmVyZmFzc3VuZ19Gb3RvX0luYV9MZWJlZGpldy03My1zY2FsZWQuanBnIn0%3D\">\n\t\t\t\t\t\t\t<img loading=\"lazy\" decoding=\"async\" width=\"1024\" height=\"683\" src=\"https:\/\/stiftung-forum-recht.de\/wp-content\/uploads\/2024\/08\/2024_04_25_In-guter-Verfassung_Foto_Ina_Lebedjew-73-1024x683.jpg\" class=\"attachment-large size-large wp-image-26299\" alt=\"Umfrage mit Abstimmung beim Podcast Live-Event. Die Zuschauer:innen stimmen mit orangenen Karten \u00fcber die Frage der Moderatorin ab.\" srcset=\"https:\/\/stiftung-forum-recht.de\/wp-content\/uploads\/2024\/08\/2024_04_25_In-guter-Verfassung_Foto_Ina_Lebedjew-73-1024x683.jpg 1024w, https:\/\/stiftung-forum-recht.de\/wp-content\/uploads\/2024\/08\/2024_04_25_In-guter-Verfassung_Foto_Ina_Lebedjew-73-300x200.jpg 300w, https:\/\/stiftung-forum-recht.de\/wp-content\/uploads\/2024\/08\/2024_04_25_In-guter-Verfassung_Foto_Ina_Lebedjew-73-768x512.jpg 768w, https:\/\/stiftung-forum-recht.de\/wp-content\/uploads\/2024\/08\/2024_04_25_In-guter-Verfassung_Foto_Ina_Lebedjew-73-1536x1024.jpg 1536w, https:\/\/stiftung-forum-recht.de\/wp-content\/uploads\/2024\/08\/2024_04_25_In-guter-Verfassung_Foto_Ina_Lebedjew-73-2048x1365.jpg 2048w, https:\/\/stiftung-forum-recht.de\/wp-content\/uploads\/2024\/08\/2024_04_25_In-guter-Verfassung_Foto_Ina_Lebedjew-73-930x620.jpg 930w\" sizes=\"(max-width: 1024px) 100vw, 1024px\" \/>\t\t\t\t\t\t\t\t<\/a>\n\t\t\t\t\t\t\t\t\t\t\t<figcaption class=\"widget-image-caption wp-caption-text\">Umfrage mit Abstimmung beim Podcast Live-Event 2024, Stiftung Forum Recht, Foto: Ina Lebedjew<\/figcaption>\n\t\t\t\t\t\t\t\t\t\t<\/figure>\n\t\t\t\t\t\t\t\t\t<\/div>\n\t\t\t\t<\/div>\n\t\t<div data-particle_enable=\"false\" data-particle-mobile-disabled=\"false\" class=\"elementor-element elementor-element-3aa9085 e-con-full e-flex e-con e-child\" data-id=\"3aa9085\" data-element_type=\"container\" data-e-type=\"container\">\n\t\t\t\t<div class=\"elementor-element elementor-element-0f28e7e elementor-widget elementor-widget-image\" data-id=\"0f28e7e\" data-element_type=\"widget\" data-e-type=\"widget\" data-widget_type=\"image.default\">\n\t\t\t\t\t\t\t\t\t\t\t\t<figure class=\"wp-caption\">\n\t\t\t\t\t\t\t\t\t\t\t<a href=\"https:\/\/stiftung-forum-recht.de\/wp-content\/uploads\/2024\/11\/K3A9947-scaled.jpg\" data-elementor-open-lightbox=\"yes\" data-elementor-lightbox-title=\"Junges Forum Recht 2022\" data-elementor-lightbox-description=\"Junges Forum Recht 2022\" data-e-action-hash=\"#elementor-action%3Aaction%3Dlightbox%26settings%3DeyJpZCI6Mjg4MTMsInVybCI6Imh0dHBzOlwvXC9zdGlmdHVuZy1mb3J1bS1yZWNodC5kZVwvd3AtY29udGVudFwvdXBsb2Fkc1wvMjAyNFwvMTFcL0szQTk5NDctc2NhbGVkLmpwZyJ9\">\n\t\t\t\t\t\t\t<img loading=\"lazy\" decoding=\"async\" width=\"1024\" height=\"683\" src=\"https:\/\/stiftung-forum-recht.de\/wp-content\/uploads\/2024\/11\/K3A9947-1024x683.jpg\" class=\"attachment-large size-large wp-image-28813\" alt=\"Partizipative Jugendformate der Stiftung Forum Recht. Eine Gruppe Jugendlichen f\u00fchrt vor Publikum eine Diskussion in der Karlsruher Stiftungsr\u00e4umen.\" srcset=\"https:\/\/stiftung-forum-recht.de\/wp-content\/uploads\/2024\/11\/K3A9947-1024x683.jpg 1024w, https:\/\/stiftung-forum-recht.de\/wp-content\/uploads\/2024\/11\/K3A9947-300x200.jpg 300w, https:\/\/stiftung-forum-recht.de\/wp-content\/uploads\/2024\/11\/K3A9947-768x512.jpg 768w, https:\/\/stiftung-forum-recht.de\/wp-content\/uploads\/2024\/11\/K3A9947-1536x1025.jpg 1536w, https:\/\/stiftung-forum-recht.de\/wp-content\/uploads\/2024\/11\/K3A9947-2048x1366.jpg 2048w, https:\/\/stiftung-forum-recht.de\/wp-content\/uploads\/2024\/11\/K3A9947-18x12.jpg 18w, https:\/\/stiftung-forum-recht.de\/wp-content\/uploads\/2024\/11\/K3A9947-930x620.jpg 930w\" sizes=\"(max-width: 1024px) 100vw, 1024px\" \/>\t\t\t\t\t\t\t\t<\/a>\n\t\t\t\t\t\t\t\t\t\t\t<figcaption class=\"widget-image-caption wp-caption-text\">Partizipative Jugendformate der Stiftung Forum Recht, Foto: Felix Gr\u00fcnschlo\u00df<\/figcaption>\n\t\t\t\t\t\t\t\t\t\t<\/figure>\n\t\t\t\t\t\t\t\t\t<\/div>\n\t\t\t\t<\/div>\n\t\t<div data-particle_enable=\"false\" data-particle-mobile-disabled=\"false\" class=\"elementor-element elementor-element-c5968ec e-con-full e-flex e-con e-child\" data-id=\"c5968ec\" data-element_type=\"container\" data-e-type=\"container\">\n\t\t\t\t<div class=\"elementor-element elementor-element-50958a6 elementor-widget elementor-widget-image\" data-id=\"50958a6\" data-element_type=\"widget\" data-e-type=\"widget\" data-widget_type=\"image.default\">\n\t\t\t\t\t\t\t\t\t\t\t\t<figure class=\"wp-caption\">\n\t\t\t\t\t\t\t\t\t\t\t<a href=\"https:\/\/stiftung-forum-recht.de\/wp-content\/uploads\/2024\/08\/K3A9587-scaled.jpg\" data-elementor-open-lightbox=\"yes\" data-elementor-lightbox-title=\"Standort der Stiftung Forum Recht in Karlsruhe\" data-elementor-lightbox-description=\"Standort der Stiftung Forum Recht in Karlsruhe\" data-e-action-hash=\"#elementor-action%3Aaction%3Dlightbox%26settings%3DeyJpZCI6MjYxMjYsInVybCI6Imh0dHBzOlwvXC9zdGlmdHVuZy1mb3J1bS1yZWNodC5kZVwvd3AtY29udGVudFwvdXBsb2Fkc1wvMjAyNFwvMDhcL0szQTk1ODctc2NhbGVkLmpwZyJ9\">\n\t\t\t\t\t\t\t<img loading=\"lazy\" decoding=\"async\" width=\"1024\" height=\"683\" src=\"https:\/\/stiftung-forum-recht.de\/wp-content\/uploads\/2024\/08\/K3A9587-1024x683.jpg\" class=\"attachment-large size-large wp-image-26126\" alt=\"Die Sonne scheint auf die verglaste Fensterfronten mit dem Logo der Stiftung Forum Recht in Karlsruhe.\" srcset=\"https:\/\/stiftung-forum-recht.de\/wp-content\/uploads\/2024\/08\/K3A9587-1024x683.jpg 1024w, https:\/\/stiftung-forum-recht.de\/wp-content\/uploads\/2024\/08\/K3A9587-300x200.jpg 300w, https:\/\/stiftung-forum-recht.de\/wp-content\/uploads\/2024\/08\/K3A9587-768x512.jpg 768w, https:\/\/stiftung-forum-recht.de\/wp-content\/uploads\/2024\/08\/K3A9587-1536x1025.jpg 1536w, https:\/\/stiftung-forum-recht.de\/wp-content\/uploads\/2024\/08\/K3A9587-2048x1366.jpg 2048w, https:\/\/stiftung-forum-recht.de\/wp-content\/uploads\/2024\/08\/K3A9587-930x620.jpg 930w\" sizes=\"(max-width: 1024px) 100vw, 1024px\" \/>\t\t\t\t\t\t\t\t<\/a>\n\t\t\t\t\t\t\t\t\t\t\t<figcaption class=\"widget-image-caption wp-caption-text\">Standort der Stiftung Forum Recht in der Karlsruher Karlstra\u00dfe 45 A. Foto: Felix Gr\u00fcnschlo\u00df<\/figcaption>\n\t\t\t\t\t\t\t\t\t\t<\/figure>\n\t\t\t\t\t\t\t\t\t<\/div>\n\t\t\t\t<\/div>\n\t\t\t\t\t<\/div>\n\t\t\t\t<\/div>\n\t\t<div data-particle_enable=\"false\" data-particle-mobile-disabled=\"false\" class=\"elementor-element elementor-element-752521e e-flex e-con-boxed e-con e-parent\" data-id=\"752521e\" data-element_type=\"container\" data-e-type=\"container\">\n\t\t\t\t\t<div class=\"e-con-inner\">\n\t\t<div data-particle_enable=\"false\" data-particle-mobile-disabled=\"false\" class=\"elementor-element elementor-element-3741cb9 e-con-full e-flex e-con e-child\" data-id=\"3741cb9\" data-element_type=\"container\" data-e-type=\"container\">\n\t\t\t\t<div class=\"elementor-element elementor-element-158f86c elementor-widget elementor-widget-image\" data-id=\"158f86c\" data-element_type=\"widget\" data-e-type=\"widget\" data-widget_type=\"image.default\">\n\t\t\t\t\t\t\t\t\t\t\t\t<figure class=\"wp-caption\">\n\t\t\t\t\t\t\t\t\t\t\t<a href=\"https:\/\/stiftung-forum-recht.de\/wp-content\/uploads\/2024\/11\/2024_08_27_CBruegmann_Foto_Felix-Gruenschloss-1-scaled.jpg\" data-elementor-open-lightbox=\"yes\" data-elementor-lightbox-title=\"Portr\u00e4t von Dr. Cord Br\u00fcgmann\" data-elementor-lightbox-description=\"Portr\u00e4t von Dr. Cord Br\u00fcgmann\" data-e-action-hash=\"#elementor-action%3Aaction%3Dlightbox%26settings%3DeyJpZCI6Mjg1MTIsInVybCI6Imh0dHBzOlwvXC9zdGlmdHVuZy1mb3J1bS1yZWNodC5kZVwvd3AtY29udGVudFwvdXBsb2Fkc1wvMjAyNFwvMTFcLzIwMjRfMDhfMjdfQ0JydWVnbWFubl9Gb3RvX0ZlbGl4LUdydWVuc2NobG9zcy0xLXNjYWxlZC5qcGcifQ%3D%3D\">\n\t\t\t\t\t\t\t<img loading=\"lazy\" decoding=\"async\" width=\"1024\" height=\"768\" src=\"https:\/\/stiftung-forum-recht.de\/wp-content\/uploads\/2024\/11\/2024_08_27_CBruegmann_Foto_Felix-Gruenschloss-1-1024x768.jpg\" class=\"attachment-large size-large wp-image-28512\" alt=\"Portr\u00e4t von Dr. Cord Br\u00fcgmann\" srcset=\"https:\/\/stiftung-forum-recht.de\/wp-content\/uploads\/2024\/11\/2024_08_27_CBruegmann_Foto_Felix-Gruenschloss-1-1024x768.jpg 1024w, https:\/\/stiftung-forum-recht.de\/wp-content\/uploads\/2024\/11\/2024_08_27_CBruegmann_Foto_Felix-Gruenschloss-1-300x225.jpg 300w, https:\/\/stiftung-forum-recht.de\/wp-content\/uploads\/2024\/11\/2024_08_27_CBruegmann_Foto_Felix-Gruenschloss-1-768x576.jpg 768w, https:\/\/stiftung-forum-recht.de\/wp-content\/uploads\/2024\/11\/2024_08_27_CBruegmann_Foto_Felix-Gruenschloss-1-1536x1152.jpg 1536w, https:\/\/stiftung-forum-recht.de\/wp-content\/uploads\/2024\/11\/2024_08_27_CBruegmann_Foto_Felix-Gruenschloss-1-2048x1536.jpg 2048w, https:\/\/stiftung-forum-recht.de\/wp-content\/uploads\/2024\/11\/2024_08_27_CBruegmann_Foto_Felix-Gruenschloss-1-16x12.jpg 16w\" sizes=\"(max-width: 1024px) 100vw, 1024px\" \/>\t\t\t\t\t\t\t\t<\/a>\n\t\t\t\t\t\t\t\t\t\t\t<figcaption class=\"widget-image-caption wp-caption-text\">Dr. Cord Br\u00fcgmann, Direktor der Stiftung Forum Recht Foto: Felix Gr\u00fcnschlo\u00df<\/figcaption>\n\t\t\t\t\t\t\t\t\t\t<\/figure>\n\t\t\t\t\t\t\t\t\t<\/div>\n\t\t\t\t<\/div>\n\t\t<div data-particle_enable=\"false\" data-particle-mobile-disabled=\"false\" class=\"elementor-element elementor-element-2890dab e-con-full e-flex e-con e-child\" data-id=\"2890dab\" data-element_type=\"container\" data-e-type=\"container\">\n\t\t\t\t<div class=\"elementor-element elementor-element-051d21f elementor-widget elementor-widget-image\" data-id=\"051d21f\" data-element_type=\"widget\" data-e-type=\"widget\" data-widget_type=\"image.default\">\n\t\t\t\t\t\t\t\t\t\t\t\t<figure class=\"wp-caption\">\n\t\t\t\t\t\t\t\t\t\t\t<a href=\"https:\/\/stiftung-forum-recht.de\/wp-content\/uploads\/2024\/10\/Cord-Bruegmann.png\" data-elementor-open-lightbox=\"yes\" data-elementor-lightbox-title=\"Portr\u00e4t von Cord Br\u00fcgmann\" data-elementor-lightbox-description=\"Portr\u00e4t von Cord Br\u00fcgmann\" data-e-action-hash=\"#elementor-action%3Aaction%3Dlightbox%26settings%3DeyJpZCI6Mjc0MzEsInVybCI6Imh0dHBzOlwvXC9zdGlmdHVuZy1mb3J1bS1yZWNodC5kZVwvd3AtY29udGVudFwvdXBsb2Fkc1wvMjAyNFwvMTBcL0NvcmQtQnJ1ZWdtYW5uLnBuZyJ9\">\n\t\t\t\t\t\t\t<img loading=\"lazy\" decoding=\"async\" width=\"885\" height=\"1024\" src=\"https:\/\/stiftung-forum-recht.de\/wp-content\/uploads\/2024\/10\/Cord-Bruegmann-885x1024.png\" class=\"attachment-large size-large wp-image-27431\" alt=\"Ein Mann mittleren Alters, kurzem Bart und dunkler Brille blickt aufmerksam in die Kamera.\" srcset=\"https:\/\/stiftung-forum-recht.de\/wp-content\/uploads\/2024\/10\/Cord-Bruegmann-885x1024.png 885w, https:\/\/stiftung-forum-recht.de\/wp-content\/uploads\/2024\/10\/Cord-Bruegmann-259x300.png 259w, https:\/\/stiftung-forum-recht.de\/wp-content\/uploads\/2024\/10\/Cord-Bruegmann-768x888.png 768w, https:\/\/stiftung-forum-recht.de\/wp-content\/uploads\/2024\/10\/Cord-Bruegmann.png 1181w\" sizes=\"(max-width: 885px) 100vw, 885px\" \/>\t\t\t\t\t\t\t\t<\/a>\n\t\t\t\t\t\t\t\t\t\t\t<figcaption class=\"widget-image-caption wp-caption-text\">Dr. Cord Br\u00fcgmann, Direktor der Stiftung Forum Recht Foto: Felix Gr\u00fcnschlo\u00df<\/figcaption>\n\t\t\t\t\t\t\t\t\t\t<\/figure>\n\t\t\t\t\t\t\t\t\t<\/div>\n\t\t\t\t<\/div>\n\t\t<div data-particle_enable=\"false\" data-particle-mobile-disabled=\"false\" class=\"elementor-element elementor-element-bf8bceb e-con-full e-flex e-con e-child\" data-id=\"bf8bceb\" data-element_type=\"container\" data-e-type=\"container\">\n\t\t\t\t<\/div>\n\t\t\t\t\t<\/div>\n\t\t\t\t<\/div>\n\t\t<div data-particle_enable=\"false\" data-particle-mobile-disabled=\"false\" class=\"elementor-element elementor-element-b9a7287 e-flex e-con-boxed e-con e-parent\" data-id=\"b9a7287\" data-element_type=\"container\" data-e-type=\"container\">\n\t\t\t\t\t<div class=\"e-con-inner\">\n\t\t\t\t<div class=\"elementor-element elementor-element-92c2f81 elementor-widget elementor-widget-heading\" data-id=\"92c2f81\" data-element_type=\"widget\" data-e-type=\"widget\" data-widget_type=\"heading.default\">\n\t\t\t\t\t<h2 class=\"elementor-heading-title elementor-size-default\">Hintergrund und R\u00fcckblicke<\/h2>\t\t\t\t<\/div>\n\t\t\t\t\t<\/div>\n\t\t\t\t<\/div>\n\t\t<div data-particle_enable=\"false\" data-particle-mobile-disabled=\"false\" class=\"elementor-element elementor-element-35ac9db e-flex e-con-boxed e-con e-parent\" data-id=\"35ac9db\" data-element_type=\"container\" data-e-type=\"container\">\n\t\t\t\t\t<div class=\"e-con-inner\">\n\t\t<div data-particle_enable=\"false\" data-particle-mobile-disabled=\"false\" class=\"elementor-element elementor-element-5e3b4c9 e-con-full e-flex e-con e-child\" data-id=\"5e3b4c9\" data-element_type=\"container\" data-e-type=\"container\">\n\t\t\t\t<div class=\"elementor-element elementor-element-8844bdc elementor-widget elementor-widget-text-editor\" data-id=\"8844bdc\" data-element_type=\"widget\" data-e-type=\"widget\" data-widget_type=\"text-editor.default\">\n\t\t\t\t\t\t\t\t\t<p><a href=\"https:\/\/stiftung-forum-recht.de\/wp-content\/uploads\/2020\/10\/Gesetz_ForumRecht.pdf\"><span style=\"color: #d95f18; text-decoration: underline;\"><strong>Forum Recht Gesetz (Stand Mai 2019) &#8211; auf deutsch<\/strong><\/span><\/a><\/p><p><a href=\"https:\/\/stiftung-forum-recht.de\/wp-content\/uploads\/2022\/10\/2022-10-18-Taetigkeitsbericht_StiftungForumRecht_Webseite.pdf\" target=\"_blank\" rel=\"noopener\"><span style=\"color: #d95f18; text-decoration: underline;\"><strong>T\u00e4tigkeitsbericht 2020 bis 2022 &#8211; auf deutsch<\/strong><\/span><\/a><\/p>\t\t\t\t\t\t\t\t<\/div>\n\t\t\t\t<\/div>\n\t\t<div data-particle_enable=\"false\" data-particle-mobile-disabled=\"false\" class=\"elementor-element elementor-element-1ca5319 e-con-full e-flex e-con e-child\" data-id=\"1ca5319\" data-element_type=\"container\" data-e-type=\"container\">\n\t\t\t\t<div class=\"elementor-element elementor-element-5392db8 elementor-widget elementor-widget-button\" data-id=\"5392db8\" data-element_type=\"widget\" data-e-type=\"widget\" data-widget_type=\"button.default\">\n\t\t\t\t\t\t\t\t\t\t<a class=\"elementor-button elementor-button-link elementor-size-sm\" href=\"https:\/\/stiftung-forum-recht.de\/die-stiftung\/entstehung-und-mission\/\">\n\t\t\t\t\t\t<span class=\"elementor-button-content-wrapper\">\n\t\t\t\t\t\t\t\t\t<span class=\"elementor-button-text\">Mehr zur Entstehung der Stiftung<\/span>\n\t\t\t\t\t<\/span>\n\t\t\t\t\t<\/a>\n\t\t\t\t\t\t\t\t<\/div>\n\t\t\t\t<\/div>\n\t\t\t\t\t<\/div>\n\t\t\t\t<\/div>\n\t\t<div data-particle_enable=\"false\" data-particle-mobile-disabled=\"false\" class=\"elementor-element elementor-element-46be3c6 e-flex e-con-boxed e-con e-parent\" data-id=\"46be3c6\" data-element_type=\"container\" data-e-type=\"container\">\n\t\t\t\t\t<div class=\"e-con-inner\">\n\t\t\t\t<div class=\"elementor-element elementor-element-c014815 elementor-widget elementor-widget-heading\" data-id=\"c014815\" data-element_type=\"widget\" data-e-type=\"widget\" data-widget_type=\"heading.default\">\n\t\t\t\t\t<h2 class=\"elementor-heading-title elementor-size-default\">Ansprechpartnerin<\/h2>\t\t\t\t<\/div>\n\t\t\t\t<div class=\"elementor-element elementor-element-a18962a elementor-widget elementor-widget-text-editor\" data-id=\"a18962a\" data-element_type=\"widget\" data-e-type=\"widget\" data-widget_type=\"text-editor.default\">\n\t\t\t\t\t\t\t\t\t<div class=\"elementor-column elementor-col-50 elementor-inner-column elementor-element elementor-element-43f34c5\" data-id=\"43f34c5\" data-element_type=\"column\"><div class=\"elementor-widget-wrap elementor-element-populated\"><div class=\"elementor-element elementor-element-931e011 elementor-widget elementor-widget-text-editor\" data-id=\"931e011\" data-element_type=\"widget\" data-widget_type=\"text-editor.default\"><div class=\"elementor-widget-container\"><p>Dorothee Liebing<br \/>Pressesprecherin und Leiterin Presse- und \u00d6ffentlichkeitsarbeit<\/p><p>+49 (0) 155\u00a066 96 73 20<br \/>+49 (0) 721 78 80 35 80<br \/><strong><a href=\"mailto:presse@stiftung-forum-recht.de\">presse@stiftung-forum-recht.de<\/a><\/strong><\/p><\/div><\/div><\/div><\/div>\t\t\t\t\t\t\t\t<\/div>\n\t\t\t\t\t<\/div>\n\t\t\t\t<\/div>\n\t\t\t\t<\/div>\n\t\t","protected":false},"excerpt":{"rendered":"<p>Press Welcome to the press section of the Forum Recht Foundation. Here you will find the latest press releases and press photos related to our events, programs, and projects. The use of all media-related information is permitted within the scope of\u2026&nbsp;<a href=\"https:\/\/stiftung-forum-recht.de\/en\/pressemitteilung\/impulse-zum-rechtsstaat-digitales-symposium-3-0\/\" class=\"\" rel=\"bookmark\">Read More \u00bb<span class=\"screen-reader-text\">Impetus for the rule of law: Digital Symposium 3.0<\/span><\/a><\/p>","protected":false},"author":27,"featured_media":21332,"parent":0,"menu_order":0,"comment_status":"closed","ping_status":"closed","template":"","meta":{"_acf_changed":false,"neve_meta_sidebar":"full-width","neve_meta_container":"","neve_meta_enable_content_width":"on","neve_meta_content_width":100,"neve_meta_title_alignment":"","neve_meta_author_avatar":"","neve_post_elements_order":"","neve_meta_disable_header":"","neve_meta_disable_footer":"","neve_meta_disable_title":"","_themeisle_gutenberg_block_has_review":false,"footnotes":""},"class_list":["post-18688","page","type-page","status-publish","has-post-thumbnail","hentry"],"acf":[],"yoast_head":"<!-- This site is optimized with the Yoast SEO plugin v28.3 - https:\/\/yoast.com\/product\/yoast-seo-wordpress\/ -->\n<title>Presse | Stiftung Forum Recht<\/title>\n<meta name=\"description\" content=\"Herzlich willkommen im Pressebereich der Stiftung Forum Recht. Hier finden Sie aktuelle Pressemitteilungen und Pressebilder zu unseren Veranstaltungen, Angeboten und Projekten.\" \/>\n<meta name=\"robots\" content=\"index, follow, max-snippet:-1, max-image-preview:large, max-video-preview:-1\" \/>\n<link rel=\"canonical\" href=\"https:\/\/stiftung-forum-recht.de\/en\/press\/\" \/>\n<meta property=\"og:locale\" content=\"en_US\" \/>\n<meta property=\"og:type\" content=\"article\" \/>\n<meta property=\"og:title\" content=\"Presse | Stiftung Forum Recht\" \/>\n<meta property=\"og:description\" content=\"Herzlich willkommen im Pressebereich der Stiftung Forum Recht. Hier finden Sie aktuelle Pressemitteilungen und Pressebilder zu unseren Veranstaltungen, Angeboten und Projekten.\" \/>\n<meta property=\"og:url\" content=\"https:\/\/stiftung-forum-recht.de\/en\/press\/\" \/>\n<meta property=\"og:site_name\" content=\"Stiftung Forum Recht\" \/>\n<meta property=\"article:modified_time\" content=\"2026-06-19T07:33:42+00:00\" \/>\n<meta property=\"og:image\" content=\"https:\/\/stiftung-forum-recht.de\/wp-content\/uploads\/2024\/02\/2022_03_28_Stiftung_Forum_Recht_Felix_Gruenschloss_lq_K3A9562-scaled.jpg\" \/>\n\t<meta property=\"og:image:width\" content=\"2560\" \/>\n\t<meta property=\"og:image:height\" content=\"1708\" \/>\n\t<meta property=\"og:image:type\" content=\"image\/jpeg\" \/>\n<meta name=\"twitter:card\" content=\"summary_large_image\" \/>\n<meta name=\"twitter:label1\" content=\"Est. reading time\" \/>\n\t<meta name=\"twitter:data1\" content=\"14 minutes\" \/>\n<!-- \/ Yoast SEO plugin. -->","yoast_head_json":{"title":"Press | Stiftung Forum Recht","description":"Welcome to the press section of the Forum Recht Foundation. Here you will find current press releases and press photos on our events, offers and projects.","robots":{"index":"index","follow":"follow","max-snippet":"max-snippet:-1","max-image-preview":"max-image-preview:large","max-video-preview":"max-video-preview:-1"},"canonical":"https:\/\/stiftung-forum-recht.de\/en\/press\/","og_locale":"en_US","og_type":"article","og_title":"Presse | Stiftung Forum Recht","og_description":"Herzlich willkommen im Pressebereich der Stiftung Forum Recht. Hier finden Sie aktuelle Pressemitteilungen und Pressebilder zu unseren Veranstaltungen, Angeboten und Projekten.","og_url":"https:\/\/stiftung-forum-recht.de\/en\/press\/","og_site_name":"Stiftung Forum Recht","article_modified_time":"2026-06-19T07:33:42+00:00","og_image":[{"width":2560,"height":1708,"url":"https:\/\/stiftung-forum-recht.de\/wp-content\/uploads\/2024\/02\/2022_03_28_Stiftung_Forum_Recht_Felix_Gruenschloss_lq_K3A9562-scaled.jpg","type":"image\/jpeg"}],"twitter_card":"summary_large_image","twitter_misc":{"Est. reading time":"14 minutes"},"schema":{"@context":"https:\/\/schema.org","@graph":[{"@type":"WebPage","@id":"https:\/\/stiftung-forum-recht.de\/presse\/","url":"https:\/\/stiftung-forum-recht.de\/presse\/","name":"Press | Stiftung Forum Recht","isPartOf":{"@id":"https:\/\/stiftung-forum-recht.de\/#website"},"primaryImageOfPage":{"@id":"https:\/\/stiftung-forum-recht.de\/presse\/#primaryimage"},"image":{"@id":"https:\/\/stiftung-forum-recht.de\/presse\/#primaryimage"},"thumbnailUrl":"https:\/\/stiftung-forum-recht.de\/wp-content\/uploads\/2024\/02\/2022_03_28_Stiftung_Forum_Recht_Felix_Gruenschloss_lq_K3A9562-scaled.jpg","datePublished":"2024-02-29T07:52:42+00:00","dateModified":"2026-06-19T07:33:42+00:00","description":"Welcome to the press section of the Forum Recht Foundation. Here you will find current press releases and press photos on our events, offers and projects.","breadcrumb":{"@id":"https:\/\/stiftung-forum-recht.de\/presse\/#breadcrumb"},"inLanguage":"en-US","potentialAction":[{"@type":"ReadAction","target":["https:\/\/stiftung-forum-recht.de\/presse\/"]}]},{"@type":"ImageObject","inLanguage":"en-US","@id":"https:\/\/stiftung-forum-recht.de\/presse\/#primaryimage","url":"https:\/\/stiftung-forum-recht.de\/wp-content\/uploads\/2024\/02\/2022_03_28_Stiftung_Forum_Recht_Felix_Gruenschloss_lq_K3A9562-scaled.jpg","contentUrl":"https:\/\/stiftung-forum-recht.de\/wp-content\/uploads\/2024\/02\/2022_03_28_Stiftung_Forum_Recht_Felix_Gruenschloss_lq_K3A9562-scaled.jpg","width":2560,"height":1708,"caption":"Veranstaltungsraum der Stiftung Forum Recht in Karlsruhe, Foto: Felix Gr\u00fcnschlo\u00df"},{"@type":"BreadcrumbList","@id":"https:\/\/stiftung-forum-recht.de\/presse\/#breadcrumb","itemListElement":[{"@type":"ListItem","position":1,"name":"Startseite","item":"https:\/\/stiftung-forum-recht.de\/"},{"@type":"ListItem","position":2,"name":"Presse"}]},{"@type":"WebSite","@id":"https:\/\/stiftung-forum-recht.de\/#website","url":"https:\/\/stiftung-forum-recht.de\/","name":"Stiftung Forum Recht","description":"THE LAW FORUM","publisher":{"@id":"https:\/\/stiftung-forum-recht.de\/#organization"},"potentialAction":[{"@type":"SearchAction","target":{"@type":"EntryPoint","urlTemplate":"https:\/\/stiftung-forum-recht.de\/?s={search_term_string}"},"query-input":{"@type":"PropertyValueSpecification","valueRequired":true,"valueName":"search_term_string"}}],"inLanguage":"en-US"},{"@type":"Organization","@id":"https:\/\/stiftung-forum-recht.de\/#organization","name":"Stiftung Forum Recht","url":"https:\/\/stiftung-forum-recht.de\/","logo":{"@type":"ImageObject","inLanguage":"en-US","@id":"https:\/\/stiftung-forum-recht.de\/#\/schema\/logo\/image\/","url":"https:\/\/stiftung-forum-recht.de\/wp-content\/uploads\/2020\/10\/sfr-logo-2023.png","contentUrl":"https:\/\/stiftung-forum-recht.de\/wp-content\/uploads\/2020\/10\/sfr-logo-2023.png","width":200,"height":200,"caption":"Stiftung Forum Recht"},"image":{"@id":"https:\/\/stiftung-forum-recht.de\/#\/schema\/logo\/image\/"}}]}},"meta_box":{"sfr_page_playing_rules":"0"},"_links":{"self":[{"href":"https:\/\/stiftung-forum-recht.de\/en\/wp-json\/wp\/v2\/pages\/18688","targetHints":{"allow":["GET"]}}],"collection":[{"href":"https:\/\/stiftung-forum-recht.de\/en\/wp-json\/wp\/v2\/pages"}],"about":[{"href":"https:\/\/stiftung-forum-recht.de\/en\/wp-json\/wp\/v2\/types\/page"}],"author":[{"embeddable":true,"href":"https:\/\/stiftung-forum-recht.de\/en\/wp-json\/wp\/v2\/users\/27"}],"replies":[{"embeddable":true,"href":"https:\/\/stiftung-forum-recht.de\/en\/wp-json\/wp\/v2\/comments?post=18688"}],"version-history":[{"count":6,"href":"https:\/\/stiftung-forum-recht.de\/en\/wp-json\/wp\/v2\/pages\/18688\/revisions"}],"predecessor-version":[{"id":46217,"href":"https:\/\/stiftung-forum-recht.de\/en\/wp-json\/wp\/v2\/pages\/18688\/revisions\/46217"}],"wp:featuredmedia":[{"embeddable":true,"href":"https:\/\/stiftung-forum-recht.de\/en\/wp-json\/wp\/v2\/media\/21332"}],"wp:attachment":[{"href":"https:\/\/stiftung-forum-recht.de\/en\/wp-json\/wp\/v2\/media?parent=18688"}],"curies":[{"name":"wp","href":"https:\/\/api.w.org\/{rel}","templated":true}]}}