{"id":1485,"date":"2021-02-16T11:15:21","date_gmt":"2021-02-16T10:15:21","guid":{"rendered":"https:\/\/project-6.codepoetry.de\/?page_id=1485"},"modified":"2026-02-03T14:13:56","modified_gmt":"2026-02-03T13:13:56","slug":"sponsoring-association","status":"publish","type":"page","link":"https:\/\/stiftung-forum-recht.de\/en\/die-stiftung\/foerderverein\/","title":{"rendered":"Support Association"},"content":{"rendered":"<div data-elementor-type=\"wp-page\" data-elementor-id=\"1485\" class=\"elementor elementor-1485\" data-elementor-post-type=\"page\">\n\t\t\t\t<div data-particle_enable=\"false\" data-particle-mobile-disabled=\"false\" class=\"elementor-element elementor-element-142cec9 e-con-full e-flex e-con e-parent\" data-id=\"142cec9\" data-element_type=\"container\" data-e-type=\"container\">\n\t\t\t\t<div class=\"elementor-element elementor-element-acc2166 elementor-widget elementor-widget-template\" data-id=\"acc2166\" data-element_type=\"widget\" data-e-type=\"widget\" data-widget_type=\"template.default\">\n\t\t\t\t<div class=\"elementor-widget-container\">\n\t\t\t\t\t\t\t<div class=\"elementor-template\">\n\t\t\t\t\t<div data-elementor-type=\"container\" data-elementor-id=\"15844\" class=\"elementor elementor-15844\" data-elementor-post-type=\"elementor_library\">\n\t\t\t\t<div data-particle_enable=\"false\" data-particle-mobile-disabled=\"false\" class=\"elementor-element elementor-element-9a7825a e-con-full slidercontainer e-transform e-flex e-con e-parent\" data-id=\"9a7825a\" data-element_type=\"container\" data-e-type=\"container\" data-settings=\"{&quot;background_background&quot;:&quot;classic&quot;,&quot;shape_divider_bottom&quot;:&quot;tilt&quot;,&quot;_transform_skewX_effect&quot;:{&quot;unit&quot;:&quot;px&quot;,&quot;size&quot;:&quot;&quot;,&quot;sizes&quot;:[]},&quot;_transform_skewX_effect_widescreen&quot;:{&quot;unit&quot;:&quot;deg&quot;,&quot;size&quot;:&quot;&quot;,&quot;sizes&quot;:[]},&quot;_transform_skewX_effect_laptop&quot;:{&quot;unit&quot;:&quot;deg&quot;,&quot;size&quot;:&quot;&quot;,&quot;sizes&quot;:[]},&quot;_transform_skewX_effect_tablet_extra&quot;:{&quot;unit&quot;:&quot;deg&quot;,&quot;size&quot;:&quot;&quot;,&quot;sizes&quot;:[]},&quot;_transform_skewX_effect_tablet&quot;:{&quot;unit&quot;:&quot;deg&quot;,&quot;size&quot;:&quot;&quot;,&quot;sizes&quot;:[]},&quot;_transform_skewX_effect_mobile&quot;:{&quot;unit&quot;:&quot;deg&quot;,&quot;size&quot;:&quot;&quot;,&quot;sizes&quot;:[]},&quot;_transform_skewY_effect&quot;:{&quot;unit&quot;:&quot;px&quot;,&quot;size&quot;:&quot;&quot;,&quot;sizes&quot;:[]},&quot;_transform_skewY_effect_widescreen&quot;:{&quot;unit&quot;:&quot;deg&quot;,&quot;size&quot;:&quot;&quot;,&quot;sizes&quot;:[]},&quot;_transform_skewY_effect_laptop&quot;:{&quot;unit&quot;:&quot;deg&quot;,&quot;size&quot;:&quot;&quot;,&quot;sizes&quot;:[]},&quot;_transform_skewY_effect_tablet_extra&quot;:{&quot;unit&quot;:&quot;deg&quot;,&quot;size&quot;:&quot;&quot;,&quot;sizes&quot;:[]},&quot;_transform_skewY_effect_tablet&quot;:{&quot;unit&quot;:&quot;deg&quot;,&quot;size&quot;:&quot;&quot;,&quot;sizes&quot;:[]},&quot;_transform_skewY_effect_mobile&quot;:{&quot;unit&quot;:&quot;deg&quot;,&quot;size&quot;:&quot;&quot;,&quot;sizes&quot;:[]}}\">\n\t\t\t\t<div class=\"elementor-shape elementor-shape-bottom\" aria-hidden=\"true\" data-negative=\"false\">\n\t\t\t<svg xmlns=\"http:\/\/www.w3.org\/2000\/svg\" viewbox=\"0 0 1000 100\" preserveaspectratio=\"none\">\n\t<path class=\"elementor-shape-fill\" d=\"M0,6V0h1000v100L0,6z\"\/>\n<\/svg>\t\t<\/div>\n\t\t\t\t<\/div>\n\t\t\t\t<\/div>\n\t\t\t\t<\/div>\n\t\t\t\t\t\t<\/div>\n\t\t\t\t<\/div>\n\t\t\t\t<\/div>\n\t\t\t\t<section data-particle_enable=\"false\" data-particle-mobile-disabled=\"false\" class=\"elementor-section elementor-top-section elementor-element elementor-element-7783875f elementor-section-boxed elementor-section-height-default elementor-section-height-default\" data-id=\"7783875f\" data-element_type=\"section\" data-e-type=\"section\">\n\t\t\t\t\t\t<div class=\"elementor-container elementor-column-gap-default\">\n\t\t\t\t\t<div class=\"elementor-column elementor-col-100 elementor-top-column elementor-element elementor-element-4555b492\" data-id=\"4555b492\" data-element_type=\"column\" data-e-type=\"column\">\n\t\t\t<div class=\"elementor-widget-wrap elementor-element-populated\">\n\t\t\t\t\t\t<div class=\"elementor-element elementor-element-5c93f9c elementor-widget elementor-widget-heading\" data-id=\"5c93f9c\" data-element_type=\"widget\" data-e-type=\"widget\" data-widget_type=\"heading.default\">\n\t\t\t\t\t<h1 class=\"elementor-heading-title elementor-size-default\">Support Association<\/h1>\t\t\t\t<\/div>\n\t\t\t\t<div class=\"elementor-element elementor-element-6be3c18 elementor-widget elementor-widget-spacer\" data-id=\"6be3c18\" data-element_type=\"widget\" data-e-type=\"widget\" data-widget_type=\"spacer.default\">\n\t\t\t\t\t\t\t<div class=\"elementor-spacer\">\n\t\t\t<div class=\"elementor-spacer-inner\"><\/div>\n\t\t<\/div>\n\t\t\t\t\t\t<\/div>\n\t\t\t\t<div class=\"elementor-element elementor-element-5e378a8 elementor-widget elementor-widget-heading\" data-id=\"5e378a8\" data-element_type=\"widget\" data-e-type=\"widget\" data-widget_type=\"heading.default\">\n\t\t\t\t\t<h2 class=\"elementor-heading-title elementor-size-default\">The rule of law depends on public participation<\/h2>\t\t\t\t<\/div>\n\t\t\t\t<div class=\"elementor-element elementor-element-e212c1b elementor-widget elementor-widget-spacer\" data-id=\"e212c1b\" data-element_type=\"widget\" data-e-type=\"widget\" data-widget_type=\"spacer.default\">\n\t\t\t\t\t\t\t<div class=\"elementor-spacer\">\n\t\t\t<div class=\"elementor-spacer-inner\"><\/div>\n\t\t<\/div>\n\t\t\t\t\t\t<\/div>\n\t\t\t\t<div class=\"elementor-element elementor-element-5c14c2c elementor-widget elementor-widget-text-editor\" data-id=\"5c14c2c\" data-element_type=\"widget\" data-e-type=\"widget\" data-widget_type=\"text-editor.default\">\n\t\t\t\t\t\t\t\t\t<p>The FORUM RECHT Support Association brings together people who want to promote democracy, the rule of law, and open social dialogue. It supports the Forum Recht Foundation in creating spaces where the law can be understood, experienced, and discussed\u2014in a critical, lively, and down-to-earth way.<\/p><p>Become part of this network, get involved in our support association to promote a strong, free, and democratic state governed by the rule of law, and enjoy exclusive invitations to events!<\/p><p>For more information about the Friends Association and membership, please visit the association's separate website:\u00a0<a href=\"https:\/\/forum-recht-foerderverein.de\/\" target=\"_blank\" rel=\"noopener\">www.foerderverein-forum-recht.de<\/a><\/p>\t\t\t\t\t\t\t\t<\/div>\n\t\t\t\t\t<\/div>\n\t\t<\/div>\n\t\t\t\t\t<\/div>\n\t\t<\/section>\n\t\t\t\t<\/div>","protected":false},"excerpt":{"rendered":"<p>Support Association: The Rule of Law Thrives on Participation The FORUM RECHT Support Association brings together people who want to advocate for democracy, the rule of law, and open social dialogue. It supports the Forum Foundation\u2026&nbsp;<a href=\"https:\/\/stiftung-forum-recht.de\/en\/die-stiftung\/foerderverein\/\" class=\"\" rel=\"bookmark\">Read More \u00bb<span class=\"screen-reader-text\">Support Association<\/span><\/a><\/p>","protected":false},"author":8,"featured_media":12635,"parent":11,"menu_order":0,"comment_status":"closed","ping_status":"closed","template":"","meta":{"_acf_changed":false,"neve_meta_sidebar":"full-width","neve_meta_container":"","neve_meta_enable_content_width":"on","neve_meta_content_width":100,"neve_meta_title_alignment":"","neve_meta_author_avatar":"","neve_post_elements_order":"","neve_meta_disable_header":"","neve_meta_disable_footer":"","neve_meta_disable_title":"","_themeisle_gutenberg_block_has_review":false,"footnotes":""},"class_list":["post-1485","page","type-page","status-publish","has-post-thumbnail","hentry"],"acf":[],"yoast_head":"<!-- This site is optimized with the Yoast SEO plugin v28.3 - https:\/\/yoast.com\/product\/yoast-seo-wordpress\/ -->\n<title>F\u00f6rderverein | Stiftung Forum Recht<\/title>\n<meta name=\"description\" content=\"Der 2018 in Karlsruhe gegr\u00fcndete F\u00f6rderverein FORUM RECHT e. V. sowie der Leipziger Initiativkreis haben es sich zur Aufgabe gemacht, die Stiftung Forum Recht als Ausstellungs-, Begegnungs- und Kommunikationszentrum an beiden Standorten zu begleiten und nach Kr\u00e4ften zu f\u00f6rdern.\" \/>\n<meta name=\"robots\" content=\"index, follow, max-snippet:-1, max-image-preview:large, max-video-preview:-1\" \/>\n<link rel=\"canonical\" href=\"https:\/\/stiftung-forum-recht.de\/en\/the-foundation\/sponsoring-association\/\" \/>\n<meta property=\"og:locale\" content=\"en_US\" \/>\n<meta property=\"og:type\" content=\"article\" \/>\n<meta property=\"og:title\" content=\"F\u00f6rderverein | Stiftung Forum Recht\" \/>\n<meta property=\"og:description\" content=\"Der 2018 in Karlsruhe gegr\u00fcndete F\u00f6rderverein FORUM RECHT e. V. sowie der Leipziger Initiativkreis haben es sich zur Aufgabe gemacht, die Stiftung Forum Recht als Ausstellungs-, Begegnungs- und Kommunikationszentrum an beiden Standorten zu begleiten und nach Kr\u00e4ften zu f\u00f6rdern.\" \/>\n<meta property=\"og:url\" content=\"https:\/\/stiftung-forum-recht.de\/en\/the-foundation\/sponsoring-association\/\" \/>\n<meta property=\"og:site_name\" content=\"Stiftung Forum Recht\" \/>\n<meta property=\"article:modified_time\" content=\"2026-02-03T13:13:56+00:00\" \/>\n<meta property=\"og:image\" content=\"https:\/\/stiftung-forum-recht.de\/wp-content\/uploads\/2023\/06\/2023_06_03_Tag_der_offenen_Tuer_Leipzig_Publikum_Stiftung-Forum-Recht-24-scaled.jpg\" \/>\n\t<meta property=\"og:image:width\" content=\"2560\" \/>\n\t<meta property=\"og:image:height\" content=\"1707\" \/>\n\t<meta property=\"og:image:type\" content=\"image\/jpeg\" \/>\n<meta name=\"twitter:card\" content=\"summary_large_image\" \/>\n<meta name=\"twitter:label1\" content=\"Est. reading time\" \/>\n\t<meta name=\"twitter:data1\" content=\"1 minute\" \/>\n<!-- \/ Yoast SEO plugin. -->","yoast_head_json":{"title":"Support Association | Forum Law Foundation","description":"The FORUM RECHT e. V. support association founded in Karlsruhe in 2018 and the Leipzig Initiativkreis have set themselves the task of supporting and promoting the Stiftung Forum Recht as an exhibition, meeting and communication center at both locations to the best of their ability.","robots":{"index":"index","follow":"follow","max-snippet":"max-snippet:-1","max-image-preview":"max-image-preview:large","max-video-preview":"max-video-preview:-1"},"canonical":"https:\/\/stiftung-forum-recht.de\/en\/the-foundation\/sponsoring-association\/","og_locale":"en_US","og_type":"article","og_title":"F\u00f6rderverein | Stiftung Forum Recht","og_description":"Der 2018 in Karlsruhe gegr\u00fcndete F\u00f6rderverein FORUM RECHT e. V. sowie der Leipziger Initiativkreis haben es sich zur Aufgabe gemacht, die Stiftung Forum Recht als Ausstellungs-, Begegnungs- und Kommunikationszentrum an beiden Standorten zu begleiten und nach Kr\u00e4ften zu f\u00f6rdern.","og_url":"https:\/\/stiftung-forum-recht.de\/en\/the-foundation\/sponsoring-association\/","og_site_name":"Stiftung Forum Recht","article_modified_time":"2026-02-03T13:13:56+00:00","og_image":[{"width":2560,"height":1707,"url":"https:\/\/stiftung-forum-recht.de\/wp-content\/uploads\/2023\/06\/2023_06_03_Tag_der_offenen_Tuer_Leipzig_Publikum_Stiftung-Forum-Recht-24-scaled.jpg","type":"image\/jpeg"}],"twitter_card":"summary_large_image","twitter_misc":{"Est. reading time":"1 minute"},"schema":{"@context":"https:\/\/schema.org","@graph":[{"@type":"WebPage","@id":"https:\/\/stiftung-forum-recht.de\/die-stiftung\/foerderverein\/","url":"https:\/\/stiftung-forum-recht.de\/die-stiftung\/foerderverein\/","name":"Support Association | Forum Law Foundation","isPartOf":{"@id":"https:\/\/stiftung-forum-recht.de\/#website"},"primaryImageOfPage":{"@id":"https:\/\/stiftung-forum-recht.de\/die-stiftung\/foerderverein\/#primaryimage"},"image":{"@id":"https:\/\/stiftung-forum-recht.de\/die-stiftung\/foerderverein\/#primaryimage"},"thumbnailUrl":"https:\/\/stiftung-forum-recht.de\/wp-content\/uploads\/2023\/06\/2023_06_03_Tag_der_offenen_Tuer_Leipzig_Publikum_Stiftung-Forum-Recht-24-scaled.jpg","datePublished":"2021-02-16T10:15:21+00:00","dateModified":"2026-02-03T13:13:56+00:00","description":"The FORUM RECHT e. V. support association founded in Karlsruhe in 2018 and the Leipzig Initiativkreis have set themselves the task of supporting and promoting the Stiftung Forum Recht as an exhibition, meeting and communication center at both locations to the best of their ability.","breadcrumb":{"@id":"https:\/\/stiftung-forum-recht.de\/die-stiftung\/foerderverein\/#breadcrumb"},"inLanguage":"en-US","potentialAction":[{"@type":"ReadAction","target":["https:\/\/stiftung-forum-recht.de\/die-stiftung\/foerderverein\/"]}]},{"@type":"ImageObject","inLanguage":"en-US","@id":"https:\/\/stiftung-forum-recht.de\/die-stiftung\/foerderverein\/#primaryimage","url":"https:\/\/stiftung-forum-recht.de\/wp-content\/uploads\/2023\/06\/2023_06_03_Tag_der_offenen_Tuer_Leipzig_Publikum_Stiftung-Forum-Recht-24-scaled.jpg","contentUrl":"https:\/\/stiftung-forum-recht.de\/wp-content\/uploads\/2023\/06\/2023_06_03_Tag_der_offenen_Tuer_Leipzig_Publikum_Stiftung-Forum-Recht-24-scaled.jpg","width":2560,"height":1707,"caption":"Foto: Stiftung Forum Recht"},{"@type":"BreadcrumbList","@id":"https:\/\/stiftung-forum-recht.de\/die-stiftung\/foerderverein\/#breadcrumb","itemListElement":[{"@type":"ListItem","position":1,"name":"Startseite","item":"https:\/\/stiftung-forum-recht.de\/"},{"@type":"ListItem","position":2,"name":"Die Stiftung","item":"https:\/\/stiftung-forum-recht.de\/?page_id=11"},{"@type":"ListItem","position":3,"name":"F\u00f6rderverein"}]},{"@type":"WebSite","@id":"https:\/\/stiftung-forum-recht.de\/#website","url":"https:\/\/stiftung-forum-recht.de\/","name":"Stiftung Forum Recht","description":"THE LAW FORUM","publisher":{"@id":"https:\/\/stiftung-forum-recht.de\/#organization"},"potentialAction":[{"@type":"SearchAction","target":{"@type":"EntryPoint","urlTemplate":"https:\/\/stiftung-forum-recht.de\/?s={search_term_string}"},"query-input":{"@type":"PropertyValueSpecification","valueRequired":true,"valueName":"search_term_string"}}],"inLanguage":"en-US"},{"@type":"Organization","@id":"https:\/\/stiftung-forum-recht.de\/#organization","name":"Stiftung Forum Recht","url":"https:\/\/stiftung-forum-recht.de\/","logo":{"@type":"ImageObject","inLanguage":"en-US","@id":"https:\/\/stiftung-forum-recht.de\/#\/schema\/logo\/image\/","url":"https:\/\/stiftung-forum-recht.de\/wp-content\/uploads\/2020\/10\/sfr-logo-2023.png","contentUrl":"https:\/\/stiftung-forum-recht.de\/wp-content\/uploads\/2020\/10\/sfr-logo-2023.png","width":200,"height":200,"caption":"Stiftung Forum Recht"},"image":{"@id":"https:\/\/stiftung-forum-recht.de\/#\/schema\/logo\/image\/"}}]}},"meta_box":{"sfr_page_playing_rules":"0"},"_links":{"self":[{"href":"https:\/\/stiftung-forum-recht.de\/en\/wp-json\/wp\/v2\/pages\/1485","targetHints":{"allow":["GET"]}}],"collection":[{"href":"https:\/\/stiftung-forum-recht.de\/en\/wp-json\/wp\/v2\/pages"}],"about":[{"href":"https:\/\/stiftung-forum-recht.de\/en\/wp-json\/wp\/v2\/types\/page"}],"author":[{"embeddable":true,"href":"https:\/\/stiftung-forum-recht.de\/en\/wp-json\/wp\/v2\/users\/8"}],"replies":[{"embeddable":true,"href":"https:\/\/stiftung-forum-recht.de\/en\/wp-json\/wp\/v2\/comments?post=1485"}],"version-history":[{"count":0,"href":"https:\/\/stiftung-forum-recht.de\/en\/wp-json\/wp\/v2\/pages\/1485\/revisions"}],"up":[{"embeddable":true,"href":"https:\/\/stiftung-forum-recht.de\/en\/wp-json\/wp\/v2\/pages\/11"}],"wp:featuredmedia":[{"embeddable":true,"href":"https:\/\/stiftung-forum-recht.de\/en\/wp-json\/wp\/v2\/media\/12635"}],"wp:attachment":[{"href":"https:\/\/stiftung-forum-recht.de\/en\/wp-json\/wp\/v2\/media?parent=1485"}],"curies":[{"name":"wp","href":"https:\/\/api.w.org\/{rel}","templated":true}]}}